{"id":19459,"date":"2023-06-08T22:57:54","date_gmt":"2023-06-09T05:57:54","guid":{"rendered":"https:\/\/www.columbiaskylights.com\/products\/fakro-dxw-flat-walkable-skylights\/"},"modified":"2024-03-29T09:53:48","modified_gmt":"2024-03-29T16:53:48","slug":"fakro-dxw-fenetre-praticable-pour-toit-plat","status":"publish","type":"products","link":"https:\/\/www.columbiaskylights.com\/fr\/produits\/fakro-dxw-fenetre-praticable-pour-toit-plat\/","title":{"rendered":"FAKRO DXW Fen\u00eatre praticable pour toit plat"},"content":{"rendered":"<section id=\"block_7971eb3a28caff650a2174d759add28e\" class=\" columbia-block relative overflow-hidden wp-block-page-hero block-w-full text-dark bg-white  p-top-default p-bottom-default\" >\n          <div class=\" carousel carousel--hero  carousel--hero--dots--\">\n                      <div class=\"hero-slide w-full flex relative  is-selected \">\n          <div class=\"hero-slide__content text-black w-full z-10 pt-22 md:pt-32 lg:pt-40 pb-12 md:pb-20 xl:pt-[180px]\">\n            <div class=\"inner container h-full grid grid-cols-1 lg:grid-cols-2 gap-6 lg:gap-x-22 xxl:gap-x-60 w-full\">\n                              <text class=\"block hero-slide__content__wysiwyg position-left   font-semibold col-span-2 lg:col-span-1  wp-editor spaced\">\n                  <div class=\"inner \">\n                    <p><img decoding=\"async\" class=\" wp-image-3092 alignnone\" src=\"https:\/\/www.columbiaskylights.com\/wp-content\/uploads\/2023\/03\/hero-fakro.png\" alt=\"\" width=\"356\" height=\"56\" srcset=\"https:\/\/www.columbiaskylights.com\/wp-content\/uploads\/2023\/03\/hero-fakro.png 611w, https:\/\/www.columbiaskylights.com\/wp-content\/uploads\/2023\/03\/hero-fakro-300x47.png 300w\" sizes=\"(max-width: 356px) 100vw, 356px\" title=\"\"><\/p>\n<h1>FEN\u00caTRE DE TOIT<br \/>\nPI\u00c9TONNI\u00c8RE<br \/>\nUNIQUE<\/h1>\n<p>DXW Fen\u00eatre praticable pour toit plat.<\/p>\n\n                  <\/div>\n                <\/text>\n                                        <\/div>\n          <\/div>\n          <div class=\"hero-slide-bg absolute h-full w-full inset-0  hero-slide-bg--left hero-slide-bg-color--white \">\n            <img decoding=\"async\" src=\"https:\/\/www.columbiaskylights.com\/wp-content\/uploads\/2023\/06\/dxw-flat-walkable-skylight-hero-1-scaled.jpg\" class=\"hero-slide__image absolute z-0 inset-0 w-full h-full object-cover\" alt=\"Dxw flat walkable skylight hero\" height=\"1440\" width=\"2560\" title=\"\">\n    \t          <\/div>\n        <\/div>\n                              <div class=\"hero-slide w-full flex relative \">\n          <div class=\"hero-slide__content text-black w-full z-10 pt-22 md:pt-32 lg:pt-40 pb-12 md:pb-20 xl:pt-[180px]\">\n            <div class=\"inner container h-full grid grid-cols-1 lg:grid-cols-2 gap-6 lg:gap-x-22 xxl:gap-x-60 w-full\">\n                                        <\/div>\n          <\/div>\n          <div class=\"hero-slide-bg absolute h-full w-full inset-0 \">\n            <img decoding=\"async\" src=\"https:\/\/www.columbiaskylights.com\/wp-content\/uploads\/2023\/06\/dxw-skylight-wood-deck-hero-scaled.jpg\" class=\"hero-slide__image absolute z-0 inset-0 w-full h-full object-cover\" alt=\"Dxw skylight wood deck hero\" height=\"1440\" width=\"2560\" title=\"\">\n    \t          <\/div>\n        <\/div>\n                              <div class=\"hero-slide w-full flex relative \">\n          <div class=\"hero-slide__content text-black w-full z-10 pt-22 md:pt-32 lg:pt-40 pb-12 md:pb-20 xl:pt-[180px]\">\n            <div class=\"inner container h-full grid grid-cols-1 lg:grid-cols-2 gap-6 lg:gap-x-22 xxl:gap-x-60 w-full\">\n                                        <\/div>\n          <\/div>\n          <div class=\"hero-slide-bg absolute h-full w-full inset-0 \">\n            <img decoding=\"async\" src=\"https:\/\/www.columbiaskylights.com\/wp-content\/uploads\/2023\/06\/dxw-skylight-wooden-deck-hero-scaled.jpg\" class=\"hero-slide__image absolute z-0 inset-0 w-full h-full object-cover\" alt=\"Dxw skylight wooden deck hero\" height=\"1440\" width=\"2560\" title=\"\">\n    \t          <\/div>\n        <\/div>\n                              <div class=\"hero-slide w-full flex relative \">\n          <div class=\"hero-slide__content text-black w-full z-10 pt-22 md:pt-32 lg:pt-40 pb-12 md:pb-20 xl:pt-[180px]\">\n            <div class=\"inner container h-full grid grid-cols-1 lg:grid-cols-2 gap-6 lg:gap-x-22 xxl:gap-x-60 w-full\">\n                                        <\/div>\n          <\/div>\n          <div class=\"hero-slide-bg absolute h-full w-full inset-0 \">\n            <img decoding=\"async\" src=\"https:\/\/www.columbiaskylights.com\/wp-content\/uploads\/2023\/06\/dxw-skylight-dancing-on-skylight-hero-scaled.jpg\" class=\"hero-slide__image absolute z-0 inset-0 w-full h-full object-cover\" alt=\"Dxw skylight dancing on skylight hero\" height=\"1440\" width=\"2560\" title=\"\">\n    \t          <\/div>\n        <\/div>\n                  <\/div>\n              <\/section>\n  <div class=\"block-breadcrumbs text-breadcrumb text-black-500 pt-7 mdd:hidden \">\n    <div class=\"container\">\n              \n                  <a href=\"https:\/\/www.columbiaskylights.com\/fr\/\" class=\"text-black-700 !no-underline hover:!underline\">Accueil<\/a>\n                       \/ \n                  FAKRO DXW Fen\u00eatre praticable pour toit plat\n                  <\/div>\n  <\/div>\n\n\n<section id=\"block_75184ab682381bcdac327af7d27b785d\" class=\" columbia-block relative overflow-hidden wp-block-product-intro-gallery block-w-full text-dark bg-white  p-top-default p-bottom-default\" >\n          <div class=\"container--disable-mobile block-inner relative container mx-auto\" >\n        <div class=\"block-intro-wrap z-0 relative  pb-11 lg:pb-22 last:pb-0\">\n    \n        <div class=\"block-title grow  mx-auto max-w-6xl\">\n            <h2 class=\" text-center\">DXW Fen\u00eatre praticable pour toit plat<\/h2>\n    <\/div>\n    \n    \n          <\/div>\n    <div class=\"row lg:flex lg:flex-row\">\n\n              <div class=\"product-grid w-full mdd:mb-12 lg:w-1\/2 lg:pr-8 xl:pr-10\">\n          <div\n    id=\"carousel--69f52c38759d5\"\n    style=\"--productcode: 'DXW';\"\n    class=\"relative  carousel--has-overlay-text   carousel carousel--no-dots carousel--no-arrows   lightbox-gallery   equal-height  lg:overflow-hidden\" data-slides-to-show=\"1\">\n                      <div class=\"carousel__slide\">\n        <div class=\"carousel__slide__inner\">\n                      <a href=\"https:\/\/www.columbiaskylights.com\/wp-content\/uploads\/2023\/06\/dxw-flat-walkable-skylight-thumb.jpg\" data-lightbox=\"carousel--69f52c38759d5_gallery\" data-title=\"DXW\">\n              <img decoding=\"async\" src=\"https:\/\/www.columbiaskylights.com\/wp-content\/uploads\/2023\/06\/dxw-flat-walkable-skylight-thumb.jpg\" alt=\"\" title=\"\">\n            <\/a>\n                  <\/div>\n      <\/div>\n                            <div class=\"carousel__slide\">\n        <div class=\"carousel__slide__inner\">\n                      <a href=\"https:\/\/www.columbiaskylights.com\/wp-content\/uploads\/2023\/06\/dxw-skylight-wooden-roof-thumb.jpg\" data-lightbox=\"carousel--69f52c38759d5_gallery\" data-title=\"DXW\">\n              <img decoding=\"async\" src=\"https:\/\/www.columbiaskylights.com\/wp-content\/uploads\/2023\/06\/dxw-skylight-wooden-roof-thumb.jpg\" alt=\"\" title=\"\">\n            <\/a>\n                  <\/div>\n      <\/div>\n                            <div class=\"carousel__slide\">\n        <div class=\"carousel__slide__inner\">\n                      <a href=\"https:\/\/www.columbiaskylights.com\/wp-content\/uploads\/2023\/06\/dxw-standing-on-skylight-thumb.jpg\" data-lightbox=\"carousel--69f52c38759d5_gallery\" data-title=\"DXW\">\n              <img decoding=\"async\" src=\"https:\/\/www.columbiaskylights.com\/wp-content\/uploads\/2023\/06\/dxw-standing-on-skylight-thumb.jpg\" alt=\"\" title=\"\">\n            <\/a>\n                  <\/div>\n      <\/div>\n                            <div class=\"carousel__slide\">\n        <div class=\"carousel__slide__inner\">\n                      <a href=\"https:\/\/www.columbiaskylights.com\/wp-content\/uploads\/2023\/06\/dxw-skylight-cross-section-thumb.jpg\" data-lightbox=\"carousel--69f52c38759d5_gallery\" data-title=\"DXW\">\n              <img decoding=\"async\" src=\"https:\/\/www.columbiaskylights.com\/wp-content\/uploads\/2023\/06\/dxw-skylight-cross-section-thumb.jpg\" alt=\"\" title=\"\">\n            <\/a>\n                  <\/div>\n      <\/div>\n                            <div class=\"carousel__slide\">\n        <div class=\"carousel__slide__inner\">\n                      <a href=\"https:\/\/www.columbiaskylights.com\/wp-content\/uploads\/2023\/06\/dxw-skylight-from-below-thumb.jpg\" data-lightbox=\"carousel--69f52c38759d5_gallery\" data-title=\"DXW\">\n              <img decoding=\"async\" src=\"https:\/\/www.columbiaskylights.com\/wp-content\/uploads\/2023\/06\/dxw-skylight-from-below-thumb.jpg\" alt=\"\" title=\"\">\n            <\/a>\n                  <\/div>\n      <\/div>\n            <\/div>\n\n          <div id=\"carousel--69f52c38759d5-nav\" class=\"carousel-nav relative overflow-hidden\" data-asnavfor=\"#carousel--69f52c38759d5\">\n                        <button data-slide=\"0\">\n                      <img decoding=\"async\" src=\"https:\/\/www.columbiaskylights.com\/wp-content\/uploads\/2023\/06\/dxw-flat-walkable-skylight-thumb.jpg\" class=\"\" alt=\"Dxw flat walkable skylight thumb\" height=\"1156\" width=\"1572\" title=\"\">\n    \t                    <\/button>\n                                <button data-slide=\"1\">\n                      <img decoding=\"async\" src=\"https:\/\/www.columbiaskylights.com\/wp-content\/uploads\/2023\/06\/dxw-skylight-wooden-roof-thumb.jpg\" class=\"\" alt=\"Dxw skylight wooden roof thumb\" height=\"1156\" width=\"1572\" title=\"\">\n    \t                    <\/button>\n                                <button data-slide=\"2\">\n                      <img decoding=\"async\" src=\"https:\/\/www.columbiaskylights.com\/wp-content\/uploads\/2023\/06\/dxw-standing-on-skylight-thumb.jpg\" class=\"\" alt=\"Dxw standing on skylight thumb\" height=\"1156\" width=\"1572\" title=\"\">\n    \t                    <\/button>\n                                <button data-slide=\"3\">\n                      <img decoding=\"async\" src=\"https:\/\/www.columbiaskylights.com\/wp-content\/uploads\/2023\/06\/dxw-skylight-cross-section-thumb.jpg\" class=\"\" alt=\"Dxw skylight cross section thumb\" height=\"1157\" width=\"1572\" title=\"\">\n    \t                    <\/button>\n                                <button data-slide=\"4\">\n                      <img decoding=\"async\" src=\"https:\/\/www.columbiaskylights.com\/wp-content\/uploads\/2023\/06\/dxw-skylight-from-below-thumb.jpg\" class=\"\" alt=\"Dxw skylight from below thumb\" height=\"1156\" width=\"1572\" title=\"\">\n    \t                    <\/button>\n                  <\/div>\n              <\/div>\n      \n      <div class=\"product-intro_content flex flex-col-reverse px-4 lg:px-0 lg:flex-col w-full lg:w-1\/2 lg:pl-8 xl:pl-10\">\n        <text class=\"wp-editor block\">\n          <ul>\n<li>Le puits de lumi\u00e8re praticable DXW est un autre exemple du d\u00e9veloppement de produit de pointe de FAKRO. Id\u00e9al pour un toit plat accessible, cr\u00e9ant une surface praticable incroyablement solide, tout en laissant entrer la lumi\u00e8re naturelle dans la pi\u00e8ce au-dessous.<\/li>\n<li>Sa conception moderne, sa finition de qualit\u00e9 et son ing\u00e9nierie \u00e9liminent le risque de chute : ce puits de lumi\u00e8re est au m\u00eame niveau que la surface du toit et poss\u00e8de une surface antid\u00e9rapante durable.<\/li>\n<\/ul>\n<div class=\"icon-feature my-8 mb-12 flex flex-col text-lg font-semibold mdd:text-center lg:flex-row justify-center\">\n      <div class=\"icon-feature-image mdd:pb-8  flex-shrink-0\">\n              <img decoding=\"async\" src=\"https:\/\/www.columbiaskylights.com\/wp-content\/uploads\/2023\/05\/fakro-20-ans-garantie.png\" class=\"inline-block w-[142px] min-w-[142px]\" alt=\"20 Year Warranty\" title=\"\">\n    \t          <\/div>\n        <div class=\"image-feature-content  lg:pl-8 xl:pl-11  mdd:leading-tight\">\n      <strong>Le puits de lumi\u00e8re haut de gamme de FAKRO avec cadre int\u00e9gr\u00e9 est couvert par une garantie de 20 ans en cas de d\u00e9faillance de l\u2019unit\u00e9. 10 ans sur les pi\u00e8ces, et 5 ans sur les stores et les commandes.<\/strong>\n    <\/div>\n  <\/div>\n\n\n        <\/text>\n        <div class=\"my-8 lg:mt-12 lg:hidden flex flex-col gap-2 md:gap-6 items-center text-center lg:text-left lg:items-start lg:flex-row lg:flex-wrap lg:justify-center\">\n          <div class=\"inline-block mb-4 \">\n        <a href=\"#sizes\" class=\"last:mr-0 lg:whitespace-nowrap btn-green\"  target=\"\">ALLER AUX TAILLES<\/a>\n              <\/div>\n          <div class=\"inline-block mb-4 \">\n        <a href=\"#glass\" class=\"last:mr-0 lg:whitespace-nowrap btn-green\"  target=\"\">JUMP TO GLASS<\/a>\n              <\/div>\n      <\/div>\n      <\/div>\n\n    <\/div>\n      <\/div>\n              <\/section>\n\n\n<section id=\"block_b2013c5546fe8d3efced0241491976b4\" class=\" columbia-block relative overflow-hidden wp-block-multi-column block-w-full text-dark bg-teal bg-top-shadow p-top-default p-bottom-default\" >\n          <div class=\" block-inner relative container mx-auto\" >\n        <div class=\"block-intro-wrap z-0 relative  pb-12 lg:pb-16 last:pb-0\">\n    \n        <div class=\"block-title grow  mx-auto\">\n            <h2 class=\" h5 text-center border-heading\"><span>CARACT\u00c9RISTIQUES<\/span><\/h2>\n    <\/div>\n    \n    \n          <\/div>\n        <div class=\"col-wrapper col-gutter-lg row-gutter-sm  mx-auto w-wide\">\n      <div class=\"col-wrapper-inner flex flex-wrap   \">\n                            <div class=\"column w-full corners- md:w-6\/12  1 tab-group\">\n                                                            <div class=\"column-inner      \">\n              <div class=\"column-content match-col-height wp-editor \">\n                                                  <ul>\n<li>R\u00e9sistance accrue aux tentatives d\u2019effraction gr\u00e2ce \u00e0 une conception renforc\u00e9e.<\/li>\n<li>Capacit\u00e9 de charge am\u00e9lior\u00e9e de 1 100 lb\/pi\u00b2. Triple vitrage.<\/li>\n<li>Rev\u00eatement sp\u00e9cial antid\u00e9rapant pour assurer une s\u00e9curit\u00e9 totale lorsqu\u2019on marche dessus.<\/li>\n<li>Installation simple et rapide avec des profil\u00e9s qui serrent le mat\u00e9riau de rev\u00eatement et facilitent le lien de la fen\u00eatre avec le mat\u00e9riau de couverture inclus en standard.<\/li>\n<\/ul>\n\n                                \n                \n                \n                              <\/div>\n            <\/div>\n                      <\/div>\n                            <div class=\"column w-full corners- md:w-6\/12  2 tab-group\">\n                                                            <div class=\"column-inner      \">\n              <div class=\"column-content match-col-height wp-editor \">\n                                                  <ul>\n<li>La surface int\u00e9rieure du cadre est blanche.<\/li>\n<li>Le cadre est constitu\u00e9 de profil\u00e9s en PVC \u00e0 plusieurs cavit\u00e9s avec une isolation haute performance. Le triple vitrage passif et robuste DW6 \u00e0 double cavit\u00e9 offre un facteur-U de 0,22 BTU\/h pi\u00b2 \u00b0F.<\/li>\n<li>Adapt\u00e9 aux pentes de toit de 0 \u00e0 15 degr\u00e9s.<\/li>\n<li>Con\u00e7u pour les toits plats utilisables afin de cr\u00e9er une surface enti\u00e8rement praticable, tandis que la pi\u00e8ce au-dessous est baign\u00e9e de lumi\u00e8re naturelle.<\/li>\n<li>Gamme d\u2019accessoires internes.<\/li>\n<\/ul>\n\n                                \n                \n                \n                              <\/div>\n            <\/div>\n                      <\/div>\n              <\/div>\n    <\/div>\n      <\/div>\n              <\/section>\n\n\n<section id=\"block_a8fd4e90aa88ded5a143e994da0dd708\" class=\" columbia-block relative overflow-hidden wp-block-cards block-w-full text-dark bg-white  p-top-default p-bottom-default\" >\n          <div class=\" block-inner relative container mx-auto\" >\n        <div class=\"block-intro-wrap z-0 relative narrow pb-11 lg:pb-22 last:pb-0\">\n    \n        <div class=\"block-title grow  mx-auto max-w-6xl\">\n            <h2 class=\" h3 text-center\">Points forts des fen\u00eatres de toit plats DXW pi\u00e9tonni\u00e8res<\/h2>\n    <\/div>\n    \n    \n          <\/div>\n                              <div class=\"grid match-heading-heights lg:grid-cols-2 xl:grid-cols-3 gap-6 lg:gap-8 w-full\">\n                  <div\n                                                            x-data=\"{ open: true }\"\n                                x-on:click=\"open = !open\"\n                x-bind:class=\"{ 'card--open': open, 'card--closed': !open }\"\n                                      class=\"col item flex card--collapsible card--collapsible-standard\">\n            <div class=\"card p-0 match-heading-heights w-full h-100 flex flex-col bg-text-dark bg-teal-100  shadow\">\n                                                        <div class=\"image-wrap !mt-0 relative\">\n                                <img decoding=\"async\" src=\"https:\/\/www.columbiaskylights.com\/wp-content\/uploads\/2023\/06\/dxw-architectual-design.jpg\" class=\"w-full h-auto pt-6 md:pt-8 px-6 md:px-8\" alt=\"Dxw architectual design\" height=\"796\" width=\"944\" title=\"\">\n    \t              <\/div>\n                            <div class=\"feature-body-wrap flex flex-col flex-grow px-2 py-5 sm:p-4.5 sm:py-7 sm:pb-8 md:pb-12 md:px-8 \">\n                <div class=\"feature-body flex-grow\">\n                                      <h5 class=\"h6 card-title text-left !font-semibold text-black-700 mb-0\">Conception Architecturale<\/h5>\n                                    <text class=\"card__content wp-editor block text-dark\">\n                    <div class=\"inner  pt-3 sm:pt-6 \">\n                      <ul>\n<li>Le DXW se distingue comme une verri\u00e8re architecturalement innovante, avec son verre infini ultra r\u00e9sistant et marchable, sans joint.<\/li>\n<li>Cette verri\u00e8re innovante est encastr\u00e9e dans le toit, au m\u00eame niveau que la terrasse. Le bord sans joint cr\u00e9e une caract\u00e9ristique visuellement impressionnante.<\/li>\n<\/ul>\n\n                    <\/div>\n                  <\/text>\n                <\/div>\n                              <\/div>\n            <\/div>\n          <\/div>\n                  <div\n                                                            x-data=\"{ open: false }\"\n                                x-on:click=\"open = !open\"\n                x-bind:class=\"{ 'card--open': open, 'card--closed': !open }\"\n                                      class=\"col item flex card--collapsible card--collapsible-standard\">\n            <div class=\"card p-0 match-heading-heights w-full h-100 flex flex-col bg-text-dark bg-teal-100  shadow\">\n                                                        <div class=\"image-wrap !mt-0 relative\">\n                                <img decoding=\"async\" src=\"https:\/\/www.columbiaskylights.com\/wp-content\/uploads\/2023\/06\/dxw-anti-slip-coating.jpg\" class=\"w-full h-auto pt-6 md:pt-8 px-6 md:px-8\" alt=\"Dxw anti slip coating\" height=\"796\" width=\"944\" title=\"\">\n    \t              <\/div>\n                            <div class=\"feature-body-wrap flex flex-col flex-grow px-2 py-5 sm:p-4.5 sm:py-7 sm:pb-8 md:pb-12 md:px-8 \">\n                <div class=\"feature-body flex-grow\">\n                                      <h5 class=\"h6 card-title text-left !font-semibold text-black-700 mb-0\">Rev\u00eatement Antid\u00e9rapant<\/h5>\n                                    <text class=\"card__content wp-editor block text-dark\">\n                    <div class=\"inner  pt-3 sm:pt-6 \">\n                      <ul>\n<li>Ne vous inqui\u00e9tez pas de glisser, m\u00eame quand il pleut. Le DXF est dot\u00e9 d\u2019un rev\u00eatement sp\u00e9cial antid\u00e9rapant pour garantir une s\u00e9curit\u00e9 totale lors de la marche.<\/li>\n<li>Finition \u00e9l\u00e9gante givr\u00e9e. La lumi\u00e8re passe \u00e0 travers la fen\u00eatre de toit et la surface en verre est givr\u00e9e pour plus d\u2019intimit\u00e9.<\/li>\n<\/ul>\n\n                    <\/div>\n                  <\/text>\n                <\/div>\n                              <\/div>\n            <\/div>\n          <\/div>\n                  <div\n                                                            x-data=\"{ open: false }\"\n                                x-on:click=\"open = !open\"\n                x-bind:class=\"{ 'card--open': open, 'card--closed': !open }\"\n                                      class=\"col item flex card--collapsible card--collapsible-standard\">\n            <div class=\"card p-0 match-heading-heights w-full h-100 flex flex-col bg-text-dark bg-teal-100  shadow\">\n                                                        <div class=\"image-wrap !mt-0 relative\">\n                                <img decoding=\"async\" src=\"https:\/\/www.columbiaskylights.com\/wp-content\/uploads\/2023\/06\/dxw-advanced-design-cross-section.jpg\" class=\"w-full h-auto pt-6 md:pt-8 px-6 md:px-8\" alt=\"Dxw advanced design cross section\" height=\"796\" width=\"944\" title=\"\">\n    \t              <\/div>\n                            <div class=\"feature-body-wrap flex flex-col flex-grow px-2 py-5 sm:p-4.5 sm:py-7 sm:pb-8 md:pb-12 md:px-8 \">\n                <div class=\"feature-body flex-grow\">\n                                      <h5 class=\"h6 card-title text-left !font-semibold text-black-700 mb-0\">Conception Et Isolation Avanc\u00e9es<\/h5>\n                                    <text class=\"card__content wp-editor block text-dark\">\n                    <div class=\"inner  pt-3 sm:pt-6 \">\n                      <ol class=\"ol--circles ol--circles--green\">\n<li>Rev\u00eatement antid\u00e9rapant.<\/li>\n<li>Triple vitrage passif avec capacit\u00e9 de charge de 1 100 lb\/pi\u00b2. Finition de vitrage blanc givr\u00e9 pour plus d\u2019intimit\u00e9.<\/li>\n<li>Profils PVC \u00e0 plusieurs chambres remplis de mat\u00e9riau isolant.<\/li>\n<\/ol>\n\n                    <\/div>\n                  <\/text>\n                <\/div>\n                              <\/div>\n            <\/div>\n          <\/div>\n                  <div\n                                                            x-data=\"{ open: false }\"\n                                x-on:click=\"open = !open\"\n                x-bind:class=\"{ 'card--open': open, 'card--closed': !open }\"\n                                      class=\"col item flex card--collapsible card--collapsible-standard\">\n            <div class=\"card p-0 match-heading-heights w-full h-100 flex flex-col bg-text-dark bg-teal-100  shadow\">\n                                                        <div class=\"image-wrap !mt-0 relative\">\n                                <img decoding=\"async\" src=\"https:\/\/www.columbiaskylights.com\/wp-content\/uploads\/2023\/06\/dxw-strong-insulation-cross-section.jpg\" class=\"w-full h-auto pt-6 md:pt-8 px-6 md:px-8\" alt=\"Dxw strong insulation cross section\" height=\"796\" width=\"944\" title=\"\">\n    \t              <\/div>\n                            <div class=\"feature-body-wrap flex flex-col flex-grow px-2 py-5 sm:p-4.5 sm:py-7 sm:pb-8 md:pb-12 md:px-8 \">\n                <div class=\"feature-body flex-grow\">\n                                      <h5 class=\"h6 card-title text-left !font-semibold text-black-700 mb-0\">Vitrage Isolant Ultra R\u00e9sistant<\/h5>\n                                    <text class=\"card__content wp-editor block text-dark\">\n                    <div class=\"inner  pt-3 sm:pt-6 \">\n                      <p>Aucun autre vitrage n\u2019\u00e9gale le DW6 en termes de r\u00e9sistance \u00e0 la marche et d\u2019isolation thermique exceptionnelle.<\/p>\n<ol class=\"ol--circles ol--circles--green\">\n<li>Trois couches de verre lamin\u00e9 (la couche ext\u00e9rieure est antid\u00e9rapante), avec la premi\u00e8re chambre remplie de gaz argon.<\/li>\n<li>Une seule plaque de verre centrale stabilisante.<\/li>\n<li>Une deuxi\u00e8me chambre remplie de gaz argon.<\/li>\n<li>Enfin, une autre couche de verre lamin\u00e9.<\/li>\n<\/ol>\n\n                    <\/div>\n                  <\/text>\n                <\/div>\n                              <\/div>\n            <\/div>\n          <\/div>\n                  <div\n                                                            x-data=\"{ open: false }\"\n                                x-on:click=\"open = !open\"\n                x-bind:class=\"{ 'card--open': open, 'card--closed': !open }\"\n                                      class=\"col item flex card--collapsible card--collapsible-standard\">\n            <div class=\"card p-0 match-heading-heights w-full h-100 flex flex-col bg-text-dark bg-teal-100  shadow\">\n                                                        <div class=\"image-wrap !mt-0 relative\">\n                                <img decoding=\"async\" src=\"https:\/\/www.columbiaskylights.com\/wp-content\/uploads\/2023\/06\/dxw-sleek-design.jpg\" class=\"w-full h-auto pt-6 md:pt-8 px-6 md:px-8\" alt=\"Dxw sleek design\" height=\"796\" width=\"944\" title=\"\">\n    \t              <\/div>\n                            <div class=\"feature-body-wrap flex flex-col flex-grow px-2 py-5 sm:p-4.5 sm:py-7 sm:pb-8 md:pb-12 md:px-8 \">\n                <div class=\"feature-body flex-grow\">\n                                      <h5 class=\"h6 card-title text-left !font-semibold text-black-700 mb-0\">Design Architectural \u00e9l\u00e9gant<\/h5>\n                                    <text class=\"card__content wp-editor block text-dark\">\n                    <div class=\"inner  pt-3 sm:pt-6 \">\n                      <ul>\n<li>Les puits de lumi\u00e8re \u00e0 toit plat de FAKRO sont con\u00e7us pour \u00eatre une caract\u00e9ristique architecturale spectaculaire, \u00e9l\u00e9gante et moderne. En utilisant les derni\u00e8res technologies et mat\u00e9riaux pour faire progresser leur conception.<\/li>\n<li>Cr\u00e9ez un effet \u00ab wow \u00bb architectural qui attirera l&rsquo;attention. Le design compl\u00e8te le style esth\u00e9tique des architectes et des designers modernes.<\/li>\n<li>La s\u00e9rie de puits de lumi\u00e8re \u00e0 toit plat de FAKRO (\u00e0 triple et double vitrage) peut \u00eatre install\u00e9e individuellement, en rang\u00e9e ou en groupe. Discutez des exigences structurelles n\u00e9cessaires avec votre architecte et votre ing\u00e9nieur.<\/li>\n<\/ul>\n\n                    <\/div>\n                  <\/text>\n                <\/div>\n                              <\/div>\n            <\/div>\n          <\/div>\n                  <div\n                                                            x-data=\"{ open: false }\"\n                                x-on:click=\"open = !open\"\n                x-bind:class=\"{ 'card--open': open, 'card--closed': !open }\"\n                                      class=\"col item flex card--collapsible card--collapsible-standard\">\n            <div class=\"card p-0 match-heading-heights w-full h-100 flex flex-col bg-text-dark bg-teal-100  shadow\">\n                                                        <div class=\"image-wrap !mt-0 relative\">\n                                <img decoding=\"async\" src=\"https:\/\/www.columbiaskylights.com\/wp-content\/uploads\/2023\/06\/dxw-sound-insulation.jpg\" class=\"w-full h-auto pt-6 md:pt-8 px-6 md:px-8\" alt=\"Dxw sound insulation\" height=\"796\" width=\"944\" title=\"\">\n    \t              <\/div>\n                            <div class=\"feature-body-wrap flex flex-col flex-grow px-2 py-5 sm:p-4.5 sm:py-7 sm:pb-8 md:pb-12 md:px-8 \">\n                <div class=\"feature-body flex-grow\">\n                                      <h5 class=\"h6 card-title text-left !font-semibold text-black-700 mb-0\">Isolation Acoustique Sup\u00e9rieure<\/h5>\n                                    <text class=\"card__content wp-editor block text-dark\">\n                    <div class=\"inner  pt-3 sm:pt-6 \">\n                      <ul>\n<li>Un environnement domestique calme et paisible est essentiel pour les familles modernes. Le DXW offre une isolation acoustique exceptionnelle gr\u00e2ce \u00e0 son vitrage de pointe.<\/li>\n<li>Un environnement de travail silencieux est crucial pour de nombreuses entreprises modernes, am\u00e9liorant consid\u00e9rablement la productivit\u00e9 et permettant aux employ\u00e9s de se concentrer, de discuter et de r\u00e9fl\u00e9chir tranquillement.<\/li>\n<li>Le puits de lumi\u00e8re plat et praticable DXW est dot\u00e9 d&rsquo;une unit\u00e9 vitr\u00e9e \u00e0 double chambre DW6 qui a \u00e9t\u00e9 test\u00e9e pour son isolation acoustique pendant les fortes pluies.<\/li>\n<\/ul>\n\n                    <\/div>\n                  <\/text>\n                <\/div>\n                              <\/div>\n            <\/div>\n          <\/div>\n              <\/div>\n      <\/div>\n              <\/section>\n\n\n<section id=\"block_3110a6641fae15075f3a326a3419c015\" class=\" columbia-block relative overflow-hidden wp-block-multi-column block-w-full text-dark bg-white  p-top-default p-bottom-default\" >\n          <div class=\" block-inner relative container mx-auto\" >\n        <div class=\"block-intro-wrap z-0 relative  pb-12 lg:pb-16 last:pb-0 border-current border-t pt-6 md:pt-16\">\n    \n        <div class=\"block-title grow  mx-auto max-w-6xl\">\n            <h2 class=\" h3 text-center\">Unit\u00e9 vitr\u00e9e haut de gamme DW6 de FAKRO<\/h2>\n    <\/div>\n    \n    \n          <\/div>\n        <div class=\"col-wrapper col-gutter-lg row-gutter-sm \">\n      <div class=\"col-wrapper-inner flex flex-wrap   justify-center\">\n                            <div class=\"column w-full corners- md:w-6\/12  1 tab-group\">\n                                                            <div class=\"column-inner      \">\n              <div class=\"column-content match-col-height wp-editor \">\n                                                  <p><img decoding=\"async\" class=\"wp-image-21713 aligncenter\" src=\"https:\/\/www.columbiaskylights.com\/wp-content\/uploads\/2023\/06\/dw6-specs-fr.png\" alt=\"Dw6 Specs Fr\" width=\"850\" height=\"415\" srcset=\"https:\/\/www.columbiaskylights.com\/wp-content\/uploads\/2023\/06\/dw6-specs-fr.png 1694w, https:\/\/www.columbiaskylights.com\/wp-content\/uploads\/2023\/06\/dw6-specs-fr-300x146.png 300w, https:\/\/www.columbiaskylights.com\/wp-content\/uploads\/2023\/06\/dw6-specs-fr-1024x500.png 1024w, https:\/\/www.columbiaskylights.com\/wp-content\/uploads\/2023\/06\/dw6-specs-fr-768x375.png 768w, https:\/\/www.columbiaskylights.com\/wp-content\/uploads\/2023\/06\/dw6-specs-fr-1536x750.png 1536w\" sizes=\"(max-width: 850px) 100vw, 850px\" title=\"\"><\/p>\n\n                                \n                \n                \n                              <\/div>\n            <\/div>\n                      <\/div>\n              <\/div>\n    <\/div>\n      <\/div>\n              <\/section>\n\n\n<section id=\"block_125dd257fabac0c789291d5ac038fe49\" class=\" columbia-block relative overflow-hidden wp-block-image-features block-w-full text-dark bg-teal-100  p-top-default p-bottom-default\" >\n          <div class=\" block-inner relative container mx-auto\" >\n        <div class=\"block-intro-wrap z-0 relative narrow pb-11 lg:pb-22 last:pb-0\">\n    \n        <div class=\"block-title grow  mx-auto max-w-6xl\">\n            <h3 class=\" text-center\">LES CARACT\u00c9RISTIQUES DU VERRE FEUILLET\u00c9 DE FAKRO<\/h3>\n    <\/div>\n    \n    \n          <div class=\"mt-6 lg:mt-12 relative z-0 block-intro  mx-auto max-w-6xl lg:max-w-6xxl text-xl\">FAKRO propose du verre feuillet\u00e9 sur tous ses puits de lumi\u00e8re et fen\u00eatres de toit. FAKRO utilise plusieurs configurations de vitrage diff\u00e9rentes en fonction des exigences du puits de lumi\u00e8re ou de la fen\u00eatre de toit. Cela inclut le double vitrage, le triple vitrage et maintenant le premier quadruple vitrage au Canada. Le verre feuillet\u00e9 pr\u00e9sente de nombreux avantages.<\/div>\n          <\/div>\n      <div class=\"image-features grid md:grid-cols-2 xl:grid-cols-4 items-start gap-8 md:gap-11 lg:gap-10 xxl:gap-22\">\n                  <div class=\"image-feature item flex flex-col md:flex-col items-center justify-center md:items-start md:justify-start\">\n                          <div class=\"feature-image flex grow-0 shrink-0 mdd:justify-center align-end match-height max-w-60 sm:max-w-70 md:max-w-80 xl:max-w-full   max-w-full mb-4 md:mb-8 w-[200px] md:w-auto\">\n                                <picture>\n        <source media=\"(max-width: 767.9px)\" srcset=\"https:\/\/www.columbiaskylights.com\/wp-content\/uploads\/2023\/12\/superior-sound-production-mobile-pad.svg\">\n        <source media=\"(min-width: 768px)\" srcset=\"https:\/\/www.columbiaskylights.com\/wp-content\/uploads\/2022\/02\/sound-reduction-airplane-2.svg\">\n        <img decoding=\"async\" src=\"https:\/\/www.columbiaskylights.com\/wp-content\/uploads\/2022\/02\/sound-reduction-airplane-2.svg\" class=\" max-w-full smd:max-w-[160px]\" alt=\"Sound reduction airplane\" title=\"\">\n      <\/picture>\n    \t              <\/div>\n                                      <div class=\"image-feature-content\">\n                                  <h5 class=\"image-feature-title mb-2 md:mb-4 text-black-800 font-semibold text-left tracking-normal normal-case\">R\u00e9duction sonore sup\u00e9rieure<\/h5>\n                                                  <div class=\"image-feature-text wp-editor\"><p>R\u00e9duit les effets du bruit jusqu\u2019\u00e0 30 % par rapport au double vitrage standard, et jusqu\u2019\u00e0 50 % de moins qu\u2019un puits de lumi\u00e8re en plastique. Laissez entrer la lumi\u00e8re naturelle sans les bruits suppl\u00e9mentaires, dus par exemple \u00e0 circulation routi\u00e8re ou a\u00e9rienne.<\/p>\n<\/div>\n                              <\/div>\n                      <\/div>\n                  <div class=\"image-feature item flex flex-col md:flex-col items-center justify-center md:items-start md:justify-start\">\n                          <div class=\"feature-image flex grow-0 shrink-0 mdd:justify-center align-end match-height max-w-60 sm:max-w-70 md:max-w-80 xl:max-w-full   max-w-full mb-4 md:mb-8 w-[200px] md:w-auto\">\n                                <picture>\n        <source media=\"(max-width: 767.9px)\" srcset=\"https:\/\/www.columbiaskylights.com\/wp-content\/uploads\/2023\/12\/additional-security-mobile-pad.svg\">\n        <source media=\"(min-width: 768px)\" srcset=\"https:\/\/www.columbiaskylights.com\/wp-content\/uploads\/2022\/02\/hammer-resistant-security-glass-1.svg\">\n        <img decoding=\"async\" src=\"https:\/\/www.columbiaskylights.com\/wp-content\/uploads\/2022\/02\/hammer-resistant-security-glass-1.svg\" class=\" max-w-full smd:max-w-[160px]\" alt=\"Hammer resistant security glass\" title=\"\">\n      <\/picture>\n    \t              <\/div>\n                                      <div class=\"image-feature-content\">\n                                  <h5 class=\"image-feature-title mb-2 md:mb-4 text-black-800 font-semibold text-left tracking-normal normal-case\">Plus de s\u00e9curit\u00e9<\/h5>\n                                                  <div class=\"image-feature-text wp-editor\"><p>Le verre feuillet\u00e9 est plus difficile \u00e0 briser et \u00e0 p\u00e9n\u00e9trer. D\u00e8s lors, si vous \u00eates pr\u00e9occup\u00e9 par la s\u00e9curit\u00e9, cela vaut la peine d\u2019y r\u00e9fl\u00e9chir. La couche interm\u00e9diaire en vinyle maintient le verre en cas de bris.<\/p>\n<\/div>\n                              <\/div>\n                      <\/div>\n                  <div class=\"image-feature item flex flex-col md:flex-col items-center justify-center md:items-start md:justify-start\">\n                          <div class=\"feature-image flex grow-0 shrink-0 mdd:justify-center align-end match-height max-w-60 sm:max-w-70 md:max-w-80 xl:max-w-full   max-w-full mb-4 md:mb-8 w-[200px] md:w-auto\">\n                                <picture>\n        <source media=\"(max-width: 767.9px)\" srcset=\"https:\/\/www.columbiaskylights.com\/wp-content\/uploads\/2023\/12\/uv-protection-mobile-pad.svg\">\n        <source media=\"(min-width: 768px)\" srcset=\"https:\/\/www.columbiaskylights.com\/wp-content\/uploads\/2022\/02\/uv-protected-glass-1.svg\">\n        <img decoding=\"async\" src=\"https:\/\/www.columbiaskylights.com\/wp-content\/uploads\/2022\/02\/uv-protected-glass-1.svg\" class=\" max-w-full smd:max-w-[160px]\" alt=\"Uv protected glass\" title=\"\">\n      <\/picture>\n    \t              <\/div>\n                                      <div class=\"image-feature-content\">\n                                  <h5 class=\"image-feature-title mb-2 md:mb-4 text-black-800 font-semibold text-left tracking-normal normal-case\">Meilleure protection UV de sa cat\u00e9gorie<\/h5>\n                                                  <div class=\"image-feature-text wp-editor\"><p>Le verre feuillet\u00e9 laisse entrer la lumi\u00e8re, mais prot\u00e8ge votre maison des rayons UV. Le choix id\u00e9al pour \u00e9viter la d\u00e9coloration de vos sols, meubles et \u0153uvres d\u2019art.<\/p>\n<\/div>\n                              <\/div>\n                      <\/div>\n                  <div class=\"image-feature item flex flex-col md:flex-col items-center justify-center md:items-start md:justify-start\">\n                          <div class=\"feature-image flex grow-0 shrink-0 mdd:justify-center align-end match-height max-w-60 sm:max-w-70 md:max-w-80 xl:max-w-full   max-w-full mb-4 md:mb-8 w-[200px] md:w-auto\">\n                                <picture>\n        <source media=\"(max-width: 767.9px)\" srcset=\"https:\/\/www.columbiaskylights.com\/wp-content\/uploads\/2023\/12\/increased-safety-mobile-pad.svg\">\n        <source media=\"(min-width: 768px)\" srcset=\"https:\/\/www.columbiaskylights.com\/wp-content\/uploads\/2023\/11\/increased-safety.svg\">\n        <img decoding=\"async\" src=\"https:\/\/www.columbiaskylights.com\/wp-content\/uploads\/2023\/11\/increased-safety.svg\" class=\" max-w-full smd:max-w-[160px]\" alt=\"increased-safety\" title=\"\">\n      <\/picture>\n    \t              <\/div>\n                                      <div class=\"image-feature-content\">\n                                  <h5 class=\"image-feature-title mb-2 md:mb-4 text-black-800 font-semibold text-left tracking-normal normal-case\">Plus de s\u00e9curit\u00e9<\/h5>\n                                                  <div class=\"image-feature-text wp-editor\"><p>Le verre feuillet\u00e9 offre plus de s\u00e9curit\u00e9. M\u00eame lorsqu\u2019il est cass\u00e9, il ne se disperse pas, car les deux couches int\u00e9rieures de verre sont coll\u00e9es \u00e0 une fine membrane en plastique.<\/p>\n<p>De nombreux codes du b\u00e2timent exigent du verre feuillet\u00e9 pour les endroits difficilement accessibles.<\/p>\n<\/div>\n                              <\/div>\n                      <\/div>\n              <\/div>\n      <\/div>\n              <\/section>\n\n\n<section id=\"block_0a59a286695c28a9a18e93bb39fe38e9\" class=\" columbia-block relative overflow-hidden wp-block-product-sizing-charts block-w-full text-dark bg-teal bg-top-shadow p-top-default p-bottom-default\" >\n          <div class=\" block-inner relative container mx-auto\"  x-data=\"sizingChart\">\n        <div class=\"block-intro-wrap z-0 relative  pb-11 lg:pb-22 last:pb-0\">\n    \n        <div class=\"block-title grow  mx-auto max-w-6xl\">\n            <h2 class=\" h3 text-center\">Taille pour &#8211; LES FEN\u00caTRES DE TOIT PLATES PI\u00c9TONNI\u00c8RES DXW<\/h2>\n    <\/div>\n    \n    \n          <\/div>\n          <div class=\"grid mb-12 grid-cols-1 md:grid-cols-2 lg:grid-cols-3 text-center max-w-[1140px] gap-12 lg:gap-30 mx-auto\">\n      <div class=\"mdd:hidden\">\n              <\/div>\n      <div>\n        <div class=\"flex flex-row justify-center\">\n          <button x-on:click=\"toggleUnits()\" :class=\"isImperial ? 'btn-green-800' : 'btn-grey'\">UNIT\u00c9S IMP\u00c9RIALES<\/button>\n          <button x-on:click=\"toggleUnits()\" :class=\"!isImperial ? 'btn-green-800' : 'btn-grey'\">UNIT\u00c9S M\u00c9TRIQUES<\/button>\n        <\/div>\n              <\/div>\n          <\/div>\n    \n    \n          <table class=\"hidden font-narrow lg:block sizing-chart w-full mx-auto mt-30 pl-8 xxxl:pl-0\" style=\"max-width: 1235.4230769231px; width: clamp(768, 772.13942307692%, 100%) ;\">\n        <tr>\n                    <th width=\"1%\" class=\"p-3 leading-tight text-left\">Ouverture brute<\/th>\n                                <th data-imperialvalue=\"21&#8542;\" data-metricvalue=\"556\"><span class=\"data-value whitespace-nowrap\">21&#8542;<\/span><\/th>\n                      <th data-imperialvalue=\"29&#8542;\" data-metricvalue=\"759\"><span class=\"data-value whitespace-nowrap\">29&#8542;<\/span><\/th>\n                      <th data-imperialvalue=\"34&frac34;\" data-metricvalue=\"886\"><span class=\"data-value whitespace-nowrap\">34&frac34;<\/span><\/th>\n                      <th data-imperialvalue=\"46&#8541;\" data-metricvalue=\"1186\"><span class=\"data-value whitespace-nowrap\">46&#8541;<\/span><\/th>\n                  <\/tr>\n        \n                            <tr>\n            <th data-imperialvalue=\"21&#8542;\" data-metricvalue=\"556\"><span class=\"data-value whitespace-nowrap inline-block\">21&#8542;<\/span><\/th>\n\n                                        <td x-data=\"\" class=\"relative  text-white bg-fakro-medium hover:bg-green-800\" width=\"13.747054202671%\">\n                                  <template x-ref=\"imperial_template\">\n                    <div class=\"h6 mb-2\">Mod\u00e8le 22\/22<\/div>\n                                                                                            <div class=\"text-lg mt-2\"><strong>Ouverture brute (l x h)<\/strong><br\/>21&#8542;\u00a0\u00bb x 21&#8542;&rdquo;<\/div>\n                                                                                                <div class=\"text-lg mt-2\"><strong>Ext\u00e9rieur du cadre (l x h)<\/strong><br\/>31&#8539;\u00a0\u00bb x 31&#8539;&rdquo;<\/div>\n                                                                  \n                                          <div class=\"text-lg mt-2\"><strong>Surface vitr\u00e9e<\/strong><br\/>2.16 sq.ft.<\/div>\n                                      <\/template>\n                  <template x-ref=\"metric_template\">\n                    <div class=\"h6 mb-2\">Mod\u00e8le 22\/22<\/div>\n                                                                                            <div class=\"text-lg mt-2\"><strong>Ouverture brute (l x h)<\/strong><br\/>556mm x 556mm<\/div>\n                                                                                                <div class=\"text-lg mt-2\"><strong>Ext\u00e9rieur du cadre (l x h)<\/strong><br\/>792mm x 792mm<\/div>\n                                                                  \n                                          <div class=\"text-lg mt-2\"><strong>Surface vitr\u00e9e<\/strong><br\/>0.29 m<sup>2<\/sup><\/div>\n                                      <\/template>\n                                    <button class=\"size-md\" style=\"aspect-ratio: 556 \/ 556\"  x-tooltip=\"{\n                      content: (!isImperial ? $refs.metric_template.innerHTML : $refs.imperial_template.innerHTML),\n                      allowHTML: true,\n                      appendTo: $root,\n                  }\">\n                    Mod\u00e8le<br\/>22\/22\n\n                                      <\/button>\n                              <\/td>\n                                        <td  class=\"relative \" width=\"0%\">\n                              <\/td>\n                                        <td  class=\"relative \" width=\"0%\">\n                              <\/td>\n                                        <td  class=\"relative \" width=\"0%\">\n                              <\/td>\n                      <\/tr>\n                            <tr>\n            <th data-imperialvalue=\"29&#8542;\" data-metricvalue=\"759\"><span class=\"data-value whitespace-nowrap inline-block\">29&#8542;<\/span><\/th>\n\n                                        <td x-data=\"\" class=\"relative  text-white bg-fakro-medium hover:bg-green-800\" width=\"13.747054202671%\">\n                                  <template x-ref=\"imperial_template\">\n                    <div class=\"h6 mb-2\">Mod\u00e8le 22\/30<\/div>\n                                                                                            <div class=\"text-lg mt-2\"><strong>Ouverture brute (l x h)<\/strong><br\/>21&#8542;\u00a0\u00bb x 29&#8542;&rdquo;<\/div>\n                                                                                                <div class=\"text-lg mt-2\"><strong>Ext\u00e9rieur du cadre (l x h)<\/strong><br\/>31&#8539;\u00a0\u00bb x 39&frac14;&rdquo;<\/div>\n                                                                  \n                                          <div class=\"text-lg mt-2\"><strong>Surface vitr\u00e9e<\/strong><br\/>3.14 sq.ft.<\/div>\n                                      <\/template>\n                  <template x-ref=\"metric_template\">\n                    <div class=\"h6 mb-2\">Mod\u00e8le 22\/30<\/div>\n                                                                                            <div class=\"text-lg mt-2\"><strong>Ouverture brute (l x h)<\/strong><br\/>556mm x 759mm<\/div>\n                                                                                                <div class=\"text-lg mt-2\"><strong>Ext\u00e9rieur du cadre (l x h)<\/strong><br\/>792mm x 995mm<\/div>\n                                                                  \n                                          <div class=\"text-lg mt-2\"><strong>Surface vitr\u00e9e<\/strong><br\/>0.43 m<sup>2<\/sup><\/div>\n                                      <\/template>\n                                    <button class=\"size-md\" style=\"aspect-ratio: 556 \/ 759\"  x-tooltip=\"{\n                      content: (!isImperial ? $refs.metric_template.innerHTML : $refs.imperial_template.innerHTML),\n                      allowHTML: true,\n                      appendTo: $root,\n                  }\">\n                    Mod\u00e8le<br\/>22\/30\n\n                                      <\/button>\n                              <\/td>\n                                        <td x-data=\"\" class=\"relative  text-white bg-fakro-medium hover:bg-green-800\" width=\"18.774548311076%\">\n                                  <template x-ref=\"imperial_template\">\n                    <div class=\"h6 mb-2\">Mod\u00e8le 30\/30<\/div>\n                                                                                            <div class=\"text-lg mt-2\"><strong>Ouverture brute (l x h)<\/strong><br\/>29&#8542;\u00a0\u00bb x 29&#8542;&rdquo;<\/div>\n                                                                                                <div class=\"text-lg mt-2\"><strong>Ext\u00e9rieur du cadre (l x h)<\/strong><br\/>39&frac14;\u00a0\u00bb x 39&frac14;&rdquo;<\/div>\n                                                                  \n                                          <div class=\"text-lg mt-2\"><strong>Surface vitr\u00e9e<\/strong><br\/>4.52 sq.ft.<\/div>\n                                      <\/template>\n                  <template x-ref=\"metric_template\">\n                    <div class=\"h6 mb-2\">Mod\u00e8le 30\/30<\/div>\n                                                                                            <div class=\"text-lg mt-2\"><strong>Ouverture brute (l x h)<\/strong><br\/>759mm x 759mm<\/div>\n                                                                                                <div class=\"text-lg mt-2\"><strong>Ext\u00e9rieur du cadre (l x h)<\/strong><br\/>995mm x 995mm<\/div>\n                                                                  \n                                          <div class=\"text-lg mt-2\"><strong>Surface vitr\u00e9e<\/strong><br\/>0.42 m<sup>2<\/sup><\/div>\n                                      <\/template>\n                                    <button class=\"size-md\" style=\"aspect-ratio: 759 \/ 759\"  x-tooltip=\"{\n                      content: (!isImperial ? $refs.metric_template.innerHTML : $refs.imperial_template.innerHTML),\n                      allowHTML: true,\n                      appendTo: $root,\n                  }\">\n                    Mod\u00e8le<br\/>30\/30\n\n                                      <\/button>\n                              <\/td>\n                                        <td  class=\"relative \" width=\"0%\">\n                              <\/td>\n                                        <td  class=\"relative \" width=\"0%\">\n                              <\/td>\n                      <\/tr>\n                            <tr>\n            <th data-imperialvalue=\"34&frac34;\" data-metricvalue=\"886\"><span class=\"data-value whitespace-nowrap inline-block\">34&frac34;<\/span><\/th>\n\n                                        <td  class=\"relative \" width=\"0%\">\n                              <\/td>\n                                        <td x-data=\"\" class=\"relative  text-white bg-fakro-medium hover:bg-green-800\" width=\"18.774548311076%\">\n                                  <template x-ref=\"imperial_template\">\n                    <div class=\"h6 mb-2\">Mod\u00e8le 30\/36<\/div>\n                                                                                            <div class=\"text-lg mt-2\"><strong>Ouverture brute (l x h)<\/strong><br\/>29&#8542;\u00a0\u00bb x 34&frac34;&rdquo;<\/div>\n                                                                                                <div class=\"text-lg mt-2\"><strong>Ext\u00e9rieur du cadre (l x h)<\/strong><br\/>39&frac14;\u00a0\u00bb x 44&#8539;&rdquo;<\/div>\n                                                                  \n                                          <div class=\"text-lg mt-2\"><strong>Surface vitr\u00e9e<\/strong><br\/>5.43 sq.ft.<\/div>\n                                      <\/template>\n                  <template x-ref=\"metric_template\">\n                    <div class=\"h6 mb-2\">Mod\u00e8le 30\/36<\/div>\n                                                                                            <div class=\"text-lg mt-2\"><strong>Ouverture brute (l x h)<\/strong><br\/>759mm x 886mm<\/div>\n                                                                                                <div class=\"text-lg mt-2\"><strong>Ext\u00e9rieur du cadre (l x h)<\/strong><br\/>995mm x 1120mm<\/div>\n                                                                  \n                                          <div class=\"text-lg mt-2\"><strong>Surface vitr\u00e9e<\/strong><br\/>0.5 m<sup>2<\/sup><\/div>\n                                      <\/template>\n                                    <button class=\"size-md\" style=\"aspect-ratio: 759 \/ 886\"  x-tooltip=\"{\n                      content: (!isImperial ? $refs.metric_template.innerHTML : $refs.imperial_template.innerHTML),\n                      allowHTML: true,\n                      appendTo: $root,\n                  }\">\n                    Mod\u00e8le<br\/>30\/36\n\n                                      <\/button>\n                              <\/td>\n                                        <td x-data=\"\" class=\"relative  text-white bg-fakro-medium hover:bg-green-800\" width=\"21.838177533386%\">\n                                  <template x-ref=\"imperial_template\">\n                    <div class=\"h6 mb-2\">Mod\u00e8le 36\/36<\/div>\n                                                                                            <div class=\"text-lg mt-2\"><strong>Ouverture brute (l x h)<\/strong><br\/>34&frac34;\u00a0\u00bb x 34&frac34;&rdquo;<\/div>\n                                                                                                <div class=\"text-lg mt-2\"><strong>Ext\u00e9rieur du cadre (l x h)<\/strong><br\/>44&#8539;\u00a0\u00bb x 44&#8539;&rdquo;<\/div>\n                                                                  \n                                          <div class=\"text-lg mt-2\"><strong>Surface vitr\u00e9e<\/strong><br\/>6.46 sq.ft.<\/div>\n                                      <\/template>\n                  <template x-ref=\"metric_template\">\n                    <div class=\"h6 mb-2\">Mod\u00e8le 36\/36<\/div>\n                                                                                            <div class=\"text-lg mt-2\"><strong>Ouverture brute (l x h)<\/strong><br\/>886mm x 886mm<\/div>\n                                                                                                <div class=\"text-lg mt-2\"><strong>Ext\u00e9rieur du cadre (l x h)<\/strong><br\/>1120mm x 1120mm<\/div>\n                                                                  \n                                          <div class=\"text-lg mt-2\"><strong>Surface vitr\u00e9e<\/strong><br\/>0.6 m<sup>2<\/sup><\/div>\n                                      <\/template>\n                                    <button class=\"size-md\" style=\"aspect-ratio: 886 \/ 886\"  x-tooltip=\"{\n                      content: (!isImperial ? $refs.metric_template.innerHTML : $refs.imperial_template.innerHTML),\n                      allowHTML: true,\n                      appendTo: $root,\n                  }\">\n                    Mod\u00e8le<br\/>36\/36\n\n                                      <\/button>\n                              <\/td>\n                                        <td  class=\"relative \" width=\"0%\">\n                              <\/td>\n                      <\/tr>\n                            <tr>\n            <th data-imperialvalue=\"45&#8542;\" data-metricvalue=\"1165\"><span class=\"data-value whitespace-nowrap inline-block\">45&#8542;<\/span><\/th>\n\n                                        <td x-data=\"\" class=\"relative  text-white bg-fakro-medium hover:bg-green-800\" width=\"13.747054202671%\">\n                                  <template x-ref=\"imperial_template\">\n                    <div class=\"h6 mb-2\">Mod\u00e8le 22\/46<\/div>\n                                                                                            <div class=\"text-lg mt-2\"><strong>Ouverture brute (l x h)<\/strong><br\/>21&#8542;\u00a0\u00bb x 45&#8542;&rdquo;<\/div>\n                                                                                                <div class=\"text-lg mt-2\"><strong>Ext\u00e9rieur du cadre (l x h)<\/strong><br\/>31&#8539;\u00a0\u00bb x 55&#8539;&rdquo;<\/div>\n                                                                  \n                                          <div class=\"text-lg mt-2\"><strong>Surface vitr\u00e9e<\/strong><br\/>5.06 sq.ft.<\/div>\n                                      <\/template>\n                  <template x-ref=\"metric_template\">\n                    <div class=\"h6 mb-2\">Mod\u00e8le 22\/46<\/div>\n                                                                                            <div class=\"text-lg mt-2\"><strong>Ouverture brute (l x h)<\/strong><br\/>556mm x 1165mm<\/div>\n                                                                                                <div class=\"text-lg mt-2\"><strong>Ext\u00e9rieur du cadre (l x h)<\/strong><br\/>792mm x 1401mm<\/div>\n                                                                  \n                                          <div class=\"text-lg mt-2\"><strong>Surface vitr\u00e9e<\/strong><br\/>0.47 m<sup>2<\/sup><\/div>\n                                      <\/template>\n                                    <button class=\"size-md\" style=\"aspect-ratio: 556 \/ 1165\"  x-tooltip=\"{\n                      content: (!isImperial ? $refs.metric_template.innerHTML : $refs.imperial_template.innerHTML),\n                      allowHTML: true,\n                      appendTo: $root,\n                  }\">\n                    Mod\u00e8le<br\/>22\/46\n\n                                      <\/button>\n                              <\/td>\n                                        <td  class=\"relative \" width=\"0%\">\n                              <\/td>\n                                        <td  class=\"relative \" width=\"0%\">\n                              <\/td>\n                                        <td  class=\"relative \" width=\"0%\">\n                              <\/td>\n                      <\/tr>\n                            <tr>\n            <th data-imperialvalue=\"46&#8541;\" data-metricvalue=\"1186\"><span class=\"data-value whitespace-nowrap inline-block\">46&#8541;<\/span><\/th>\n\n                                        <td  class=\"relative \" width=\"0%\">\n                              <\/td>\n                                        <td  class=\"relative \" width=\"0%\">\n                              <\/td>\n                                        <td x-data=\"\" class=\"relative  text-white bg-fakro-medium hover:bg-green-800\" width=\"21.838177533386%\">\n                                  <template x-ref=\"imperial_template\">\n                    <div class=\"h6 mb-2\">Mod\u00e8le 36\/48<\/div>\n                                                                                            <div class=\"text-lg mt-2\"><strong>Ouverture brute (l x h)<\/strong><br\/>34&frac34;\u00a0\u00bb x 46&#8541;&rdquo;<\/div>\n                                                                                                <div class=\"text-lg mt-2\"><strong>Ext\u00e9rieur du cadre (l x h)<\/strong><br\/>44&#8539;\u00a0\u00bb x 55&#8542;&rdquo;<\/div>\n                                                                  \n                                          <div class=\"text-lg mt-2\"><strong>Surface vitr\u00e9e<\/strong><br\/>8.93 sq.ft.<\/div>\n                                      <\/template>\n                  <template x-ref=\"metric_template\">\n                    <div class=\"h6 mb-2\">Mod\u00e8le 36\/48<\/div>\n                                                                                            <div class=\"text-lg mt-2\"><strong>Ouverture brute (l x h)<\/strong><br\/>886mm x 1186mm<\/div>\n                                                                                                <div class=\"text-lg mt-2\"><strong>Ext\u00e9rieur du cadre (l x h)<\/strong><br\/>1120mm x 1420mm<\/div>\n                                                                  \n                                          <div class=\"text-lg mt-2\"><strong>Surface vitr\u00e9e<\/strong><br\/>0.83 m<sup>2<\/sup><\/div>\n                                      <\/template>\n                                    <button class=\"size-md\" style=\"aspect-ratio: 886 \/ 1186\"  x-tooltip=\"{\n                      content: (!isImperial ? $refs.metric_template.innerHTML : $refs.imperial_template.innerHTML),\n                      allowHTML: true,\n                      appendTo: $root,\n                  }\">\n                    Mod\u00e8le<br\/>36\/48\n\n                                      <\/button>\n                              <\/td>\n                                        <td x-data=\"\" class=\"relative  text-white bg-fakro-medium hover:bg-green-800\" width=\"29.30086410055%\">\n                                  <template x-ref=\"imperial_template\">\n                    <div class=\"h6 mb-2\">Mod\u00e8le 48\/48<\/div>\n                                                                                            <div class=\"text-lg mt-2\"><strong>Ouverture brute (l x h)<\/strong><br\/>46&#8541;\u00a0\u00bb x 46&#8541;&rdquo;<\/div>\n                                                                                                <div class=\"text-lg mt-2\"><strong>Ext\u00e9rieur du cadre (l x h)<\/strong><br\/>55&#8542;\u00a0\u00bb x 55&#8542;&rdquo;<\/div>\n                                                                  \n                                          <div class=\"text-lg mt-2\"><strong>Surface vitr\u00e9e<\/strong><br\/>12.49 sq.ft.<\/div>\n                                      <\/template>\n                  <template x-ref=\"metric_template\">\n                    <div class=\"h6 mb-2\">Mod\u00e8le 48\/48<\/div>\n                                                                                            <div class=\"text-lg mt-2\"><strong>Ouverture brute (l x h)<\/strong><br\/>1186mm x 1186mm<\/div>\n                                                                                                <div class=\"text-lg mt-2\"><strong>Ext\u00e9rieur du cadre (l x h)<\/strong><br\/>1420mm x 1420mm<\/div>\n                                                                  \n                                          <div class=\"text-lg mt-2\"><strong>Surface vitr\u00e9e<\/strong><br\/>1.16 m<sup>2<\/sup><\/div>\n                                      <\/template>\n                                    <button class=\"size-md\" style=\"aspect-ratio: 1186 \/ 1186\"  x-tooltip=\"{\n                      content: (!isImperial ? $refs.metric_template.innerHTML : $refs.imperial_template.innerHTML),\n                      allowHTML: true,\n                      appendTo: $root,\n                  }\">\n                    Mod\u00e8le<br\/>48\/48\n\n                                      <\/button>\n                              <\/td>\n                      <\/tr>\n                      <\/table>\n              <hr class=\"mdd:hidden mt-12 lg:mt-28 pb-12\" \/>\n      \n      <div class=\"summary-sizing-charts mb-4 md:mb-8 lg:mb-12 xl:mb-16\">\n                      <div class=\"block-intro-wrap z-0 relative mdd:hidden pb-11 lg:pb-22 last:pb-0\">\n    \n        <div class=\"block-title grow self-center mx-auto max-w-6xl\">\n            <h2 class=\"md:pt-8 lg:pt-0 h5 text-center\">Tableau des dimensions \u2013 R\u00e9capitulatif<\/h2>\n    <\/div>\n    \n    \n          <\/div>\n        <div class=\"chart-images mb-8\" style=\"max-width: 1660.7893485497px;\">\n          <div x-show=\"!isImperial\">\n            <img decoding=\"async\" src=\"https:\/\/www.columbiaskylights.com\/wp-content\/uploads\/2023\/06\/dxw-size-chart-summary-metric-fr.png\" class=\"\" alt=\"Dxw Size Chart Summary Metric Fr\" height=\"757\" width=\"4208\" title=\"\">\n    \t          <\/div>\n          <div x-show=\"isImperial\">\n            <img decoding=\"async\" src=\"https:\/\/www.columbiaskylights.com\/wp-content\/uploads\/2023\/06\/dxw-size-chart-summary-imperial-fr.png\" class=\"\" alt=\"Dxw Size Chart Summary Imperial Fr\" height=\"757\" width=\"4208\" title=\"\">\n    \t          <\/div>\n          <div class=\"chart-footer mt-2 text-left\">\n          <\/div>\n        <\/div>\n            <p class=\"text-sm md:hidden mt-4 mb-8\">Pincer pour agrandir.<\/p>\n                <\/div>\n    <hr class=\"mb-20\" \/>\n<div class=\"mx-auto max-w-7xl\">\n  <div class=\"text-center mb-11 mx-auto max-w-5xl\">\n    <h3 class=\"mb-11\">Informations techniques<\/h3>\n    <p>Chaque mod\u00e8le est accompagn\u00e9 d\u2019un ensemble d\u2019informations t\u00e9l\u00e9chargeables pour vous guider dans le choix, les caract\u00e9ristiques et l\u2019installation de notre produit. Si vous ne trouvez pas ce dont vous avez besoin, n\u2019h\u00e9sitez pas \u00e0 contacter l\u2019\u00e9quipe du service client de Columbia au <span class=\"whitespace-nowrap\">604-437-3377<\/span> (sans frais : <span class=\"whitespace-nowrap\">1-888-437-5557<\/span>) ou par courriel \u00e0 <a href=\"mailto:info@columbiaskylights.com\">info@columbiaskylights.com<\/a>.<\/p>\n\n  <\/div>\n  <div class=\"flex flex-col md:flex-row justify-center gap-6 md:grid-cols-2 lg:gap-8\">\n                <div class=\"match-col-height product-cta-wrapper h-full card flex flex-col bg-white basis-1\/2 xl:basis-1\/5\">\n        <div class=\"match-height h6 text-white text-center !uppercase py-3 md:py-5 px-4 bg-green\">T\u00c9L\u00c9CHARGER LE TABLEAU DES DIMENSIONS<\/div>\n        <img decoding=\"async\" src=\"https:\/\/www.columbiaskylights.com\/wp-content\/uploads\/2023\/05\/download-size-chart-cta.jpg\" class=\"w-full h-auto\" alt=\"Download size chart cta\" height=\"684\" width=\"832\" title=\"\">\n    \t        <div class=\"flex flex-col grow p-6 lg:pt-6 lg:pb-12\">\n          <div class=\"grow mb-8 lg:mb-12\">\n            T\u00e9l\u00e9chargez une version PDF du tableau des dimensions pour ce mod\u00e8le comme r\u00e9f\u00e9rence.<br \/>\r\n<br \/>\r\nLe tableau des dimensions est en unit\u00e9s imp\u00e9riales et m\u00e9triques.\n          <\/div>\n          <div class=\"text-center\" x-show=\"!isImperial\"><a href=\"https:\/\/www.columbiaskylights.com\/wp-content\/uploads\/2023\/06\/dxw-size-chart-summary-print-metric-fr.pdf\" class=\" btn-green\"  rel=\"noreferer noopener nofollow\" target=\"_blank\">T\u00e9l\u00e9charger<\/a>\n<\/div>\n          <div class=\"text-center\" x-show=\"isImperial\"><a href=\"https:\/\/www.columbiaskylights.com\/wp-content\/uploads\/2023\/06\/dxw-size-chart-summary-print-imperial-fr.pdf\" class=\" btn-green\"  rel=\"noreferer noopener nofollow\" target=\"_blank\">T\u00e9l\u00e9charger<\/a>\n<\/div>\n        <\/div>\n      <\/div>\n                        <div class=\"match-col-height product-cta-wrapper h-full card flex flex-col bg-white basis-1\/2 xl:basis-1\/5\" x-data=\"ajaxModal('https:\/\/www.columbiaskylights.com\/fr\/produits\/fakro-dxw-fenetre-praticable-pour-toit-plat\/specifications')\" x-on:keydown.escape=\"showModal = false\" class=\"cta-has-modal\">\n        <div class=\"match-height h6 text-white text-center !uppercase py-3 md:py-5 px-4 bg-green\">DESSINS ET <br\/>CARACT\u00c9RISTIQUES<\/div>\n        <img decoding=\"async\" src=\"https:\/\/www.columbiaskylights.com\/wp-content\/uploads\/2023\/05\/drawings-and-specs-cta.jpg\" class=\"w-full h-auto\" alt=\"Drawings and specs cta\" height=\"684\" width=\"832\" title=\"\">\n    \t        <div class=\"flex flex-col grow p-6 lg:pt-6 lg:pb-12\">\n          <div class=\"grow mb-8 lg:mb-12\">\n            T\u00e9l\u00e9chargez un dessin 3D (fichier CAO .dwg), un mod\u00e8le BIM (.rfa) et des coupes transversales au format .dwg et PDF. <br \/>\r\n<br \/>\r\nCaract\u00e9ristiques du produit sous forme de document Word ou PDF. <br \/>\r\n<br \/>\r\nPour plusieurs mod\u00e8les, acc\u00e9dez \u00e0 <a href=\"\/fr\/informations-techniques\/dessins-et-caracteristiques\/\">la page Biblioth\u00e8que des dessins et des caract\u00e9ristiques<\/a>.\n          <\/div>\n          <div class=\"text-center\"><button class=\"btn-green\" x-on:click=\"loadModal('')\">VOIR LES FICHIERS<\/button><\/div>\n                      <div\n  x-show=\"showModal\"\n  x.transition\n  tabindex=\"-1\"\n  aria-hidden=\"true\"\n  @click.self=\"showModal = false\"\n  @keyup.escape.window=\"showModal = false\"\n  class=\"w-full h-full fixed top-[60px] right-0 bottom-[60px] left-0 pb-16 overflow-x-hidden overflow-y-auto z-50 bg-white\/50\">\n  <div :class=\"modalWidth == 'wide' ? 'lg:max-w-8xl' : ''\" class=\"relative w-full h-full max-w-2xl md:h-auto mx-auto p-4 md:py-8 lg:py-12 xl:py-16 flex flex-col justify-center items-center\">\n    <div class=\"w-full relative bg-teal rounded-md overflow-hidden p-4 md:p-8 xl:p-18 shadow\">\n      <button x-on:click=\"showModal = false\" class=\"w-4 h-4 md:w-5 md:h-5 absolute top-4 md:top-8 right-4 md:right-8\">\n        <img decoding=\"async\" src=\"https:\/\/www.columbiaskylights.com\/wp-content\/themes\/columbiawp\/public\/images\/icon-close-modal.669df4.svg\" alt=\"Close modal\" class=\"w-full max-w-full h-auto\" title=\"\">\n      <\/button>\n      <div\n        x-show=\"showLoading\"\n        x-transition:leave=\"transition ease-out duration-200\"\n        x-transition:leave-start=\"opacity-100\"\n        x-transition:leave-end=\"opacity-0\"\n        class=\"absolute h-full w-full inset-0 z-20 flex flex-col justify-center items-center text-gray-600 bg-white\"\n      >\n        <svg version=\"1.1\" id=\"L9\" xmlns=\"http:\/\/www.w3.org\/2000\/svg\" xmlns:xlink=\"http:\/\/www.w3.org\/1999\/xlink\" x=\"0px\" y=\"0px\"\n          viewBox=\"0 0 100 100\" enable-background=\"new 0 0 0 0\" xml:space=\"preserve\" class=\"w-16 h-16 fill-current\">\n            <path d=\"M73,50c0-12.7-10.3-23-23-23S27,37.3,27,50 M30.9,50c0-10.5,8.5-19.1,19.1-19.1S69.1,39.5,69.1,50\">\n            <animateTransform attributeName=\"transform\" attributeType=\"XML\" type=\"rotate\" dur=\"1s\" from=\"0 50 50\" to=\"360 50 50\" repeatCount=\"indefinite\" \/>\n          <\/path>\n        <\/svg>\n        Loading&hellip;\n      <\/div>\n      <div x-html=\"html\" class=\"max-h-full overflow-y-auto\"><\/div>\n    <\/div>\n  <\/div>\n<\/div>\n                  <\/div>\n      <\/div>\n                          <div class=\"match-col-height product-cta-wrapper h-full card flex flex-col bg-white basis-1\/2 xl:basis-1\/5\">\n        <div class=\"match-height h6 text-white text-center !uppercase py-3 md:py-5 px-4 bg-green\">FILTRE DE LUMI\u00c8RE ET STORES OCCULTANTS<\/div>\n        <img decoding=\"async\" src=\"https:\/\/www.columbiaskylights.com\/wp-content\/uploads\/2023\/05\/light-filtering-and-blackout-blinds-cta.jpg\" class=\"w-full h-auto\" alt=\"Light filtering and blackout blinds cta\" height=\"684\" width=\"832\" title=\"\">\n    \t        <div class=\"flex flex-col grow p-6 lg:pt-6 lg:pb-12\">\n          <div class=\"grow mb-8 lg:mb-12\">\n            FAKRO produit une vaste gamme de filtres de lumi\u00e8re et de stores occultants de haute qualit\u00e9 dans une gamme de tissus et de couleurs de cr\u00e9ateurs.<br \/>\r\n<br \/>\r\nCon\u00e7u pour compl\u00e9ter la vision de votre architecte d\u2019int\u00e9rieur.\n          <\/div>\n          <div class=\"text-center\">\n            <a class=\"btn-green\" href=\"https:\/\/www.columbiaskylights.com\/fr\/produits\/stores-de-fakro\/\">En savoir plus<\/a>          <\/div>\n        <\/div>\n      <\/div>\n      <\/div>\n<\/div>\n      <\/div>\n              <\/section>\n\n\n<section id=\"block_669b729c445cd54d357d9a47d448e27f\" class=\" columbia-block relative overflow-hidden wp-block-video-embed aligncenter block-w-wide text-dark bg-white  p-top-default p-bottom-default\" >\n          <div class=\" block-inner relative container mx-auto\" >\n        <div class=\"block-intro-wrap z-0 relative  pb-11 lg:pb-22 last:pb-0\">\n    \n        <div class=\"block-title grow  mx-auto max-w-6xl\">\n            <h2 class=\" h3 text-center\">Regardez les vid\u00e9os produit de FAKRO<\/h2>\n    <\/div>\n    \n    \n          <\/div>\n    <div class=\"video-embed__videos grid lg:grid-cols-1 videos-per-row-1 gap-8 lg:gap-22 max-w-7xl mx-auto\">\n              <div class=\"video\">\n          <div id=\"block_669b729c445cd54d357d9a47d448e27f--1\" class=\"video-embed-wrapper relative w-full\">\n                          <div class=\"video-poster z-[1] cursor-pointer absolute inset-0 w-full h-full block !bg-cover\" data-id=\"#block_669b729c445cd54d357d9a47d448e27f--1\" data-type=\"youtube\" style=\"background-image:url(https:\/\/www.columbiaskylights.com\/wp-content\/uploads\/2023\/06\/dxw-video-du-produit.jpg)\"><\/div>\n              <svg class=\"video-play transition-all -translate-y-1\/2 -translate-x-1\/2 top-1\/2 left-1\/2 absolute z-[2] pointer-events-none w-[12%] h-auto\" xmlns=\"http:\/\/www.w3.org\/2000\/svg\" width=\"170.721\" height=\"170.722\" viewBox=\"0 0 170.721 170.722\">\n  <g id=\"Group_73802\" data-name=\"Group 73802\" transform=\"translate(-874.639 -14479.636)\">\n    <ellipse id=\"Ellipse_81\" data-name=\"Ellipse 81\" cx=\"81.221\" cy=\"81.221\" rx=\"81.221\" ry=\"81.221\" transform=\"translate(874.639 14488.138) rotate(-3)\" fill=\"#fff\"\/>\n    <path id=\"Polygon_32\" data-name=\"Polygon 32\" d=\"M39.63,0l39.63,49.969H0Z\" transform=\"translate(989.806 14525.507) rotate(90)\" fill=\"#012169\"\/>\n  <\/g>\n<\/svg>            \n                          <div class=\"embed-container\">\n                <iframe title=\"Walkable Skylights\" width=\"640\" height=\"360\" src=\"https:\/\/www.youtube.com\/embed\/_SaRXBsrEl0?feature=oembed\" frameborder=\"0\" allow=\"accelerometer; autoplay; clipboard-write; encrypted-media; gyroscope; picture-in-picture; web-share\" referrerpolicy=\"strict-origin-when-cross-origin\" allowfullscreen><\/iframe>\n              <\/div>\n                      <\/div>\n\n                      <div class=\"mt-4 text-sm font-normal text-dark\">\n              Vid\u00e9o du produit DXW\n            <\/div>\n                  <\/div>\n          <\/div>\n      <\/div>\n              <\/section>\n\n\n<section id=\"block_ab0710da4aff03f99604116bd5a41e55\" class=\" columbia-block relative overflow-hidden wp-block-video-embed aligncenter block-w-wide text-dark bg-white  p-top-default p-bottom-default\" >\n          <div class=\" block-inner relative container mx-auto\" >\n        <div class=\"block-intro-wrap z-0 relative  pb-11 lg:pb-22 last:pb-0\">\n    \n        <div class=\"block-title grow  mx-auto max-w-6xl\">\n            <h2 class=\" h3 text-center\">Regardez les vid\u00e9os d\u2019installation de FAKRO<\/h2>\n    <\/div>\n    \n    \n          <\/div>\n    <div class=\"video-embed__videos grid lg:grid-cols-1 videos-per-row-1 gap-8 lg:gap-22 max-w-7xl mx-auto\">\n              <div class=\"video\">\n          <div id=\"block_ab0710da4aff03f99604116bd5a41e55--1\" class=\"video-embed-wrapper relative w-full\">\n                          <div class=\"video-poster z-[1] cursor-pointer absolute inset-0 w-full h-full block !bg-cover\" data-id=\"#block_ab0710da4aff03f99604116bd5a41e55--1\" data-type=\"youtube\" style=\"background-image:url(https:\/\/www.columbiaskylights.com\/wp-content\/uploads\/2023\/06\/dxw-video-d-installation.jpg)\"><\/div>\n              <svg class=\"video-play transition-all -translate-y-1\/2 -translate-x-1\/2 top-1\/2 left-1\/2 absolute z-[2] pointer-events-none w-[12%] h-auto\" xmlns=\"http:\/\/www.w3.org\/2000\/svg\" width=\"170.721\" height=\"170.722\" viewBox=\"0 0 170.721 170.722\">\n  <g id=\"Group_73802\" data-name=\"Group 73802\" transform=\"translate(-874.639 -14479.636)\">\n    <ellipse id=\"Ellipse_81\" data-name=\"Ellipse 81\" cx=\"81.221\" cy=\"81.221\" rx=\"81.221\" ry=\"81.221\" transform=\"translate(874.639 14488.138) rotate(-3)\" fill=\"#fff\"\/>\n    <path id=\"Polygon_32\" data-name=\"Polygon 32\" d=\"M39.63,0l39.63,49.969H0Z\" transform=\"translate(989.806 14525.507) rotate(90)\" fill=\"#012169\"\/>\n  <\/g>\n<\/svg>            \n                          <div class=\"embed-container\">\n                <iframe title=\"FAKRO roof windows - DXW\" width=\"640\" height=\"360\" src=\"https:\/\/www.youtube.com\/embed\/5JCyKmnOwxM?feature=oembed\" frameborder=\"0\" allow=\"accelerometer; autoplay; clipboard-write; encrypted-media; gyroscope; picture-in-picture; web-share\" referrerpolicy=\"strict-origin-when-cross-origin\" allowfullscreen><\/iframe>\n              <\/div>\n                      <\/div>\n\n                      <div class=\"mt-4 text-sm font-normal text-dark\">\n              Vid\u00e9o d&rsquo;installation DXG\n            <\/div>\n                  <\/div>\n          <\/div>\n      <\/div>\n              <\/section>\n\n\n<section id=\"block_0d38868206a4e93ec4ec26485dbc5463\" class=\" columbia-block relative overflow-hidden wp-block-related-products text-dark bg-white  p-top-default p-bottom-default\" >\n          <div class=\" block-inner relative container mx-auto\" >\n        <div class=\"block-intro-wrap z-0 relative  pb-11 lg:pb-22 last:pb-0\">\n      <div class=\"block-title grow  mx-auto max-w-6xl\">\n        <h2 class=\"!text-blue h4 text-center\">Vous pourriez aussi \u00eatre int\u00e9ress\u00e9 par\u2026<\/h2>\n      <\/div>\n    <\/div>\n    <div class=\"product-grid grid grid-cols-2 lg:grid-cols-4 gap-6 lg:gap-8 xl:gap-20\">\n            <div class=\"product-grid__product mb-12\">\n        <a href=\"https:\/\/www.columbiaskylights.com\/fr\/produits\/fakro-drf-puits-de-lumiere-dacces-au-toit-plat\/\"  class=\" link-no-underline no-hover \">          <img decoding=\"async\" src=\"https:\/\/www.columbiaskylights.com\/wp-content\/uploads\/2023\/06\/fakro-drf-flat-roof-skylight-thumb.jpg\" class=\"w-full h-auto mb-4 md:mb-8\" alt=\"Fakro drf flat roof skylight thumb\" title=\"\">\n    \t<\/a>        <h5 class=\"font-semibold !text-blue mb-4\"><a href=\"https:\/\/www.columbiaskylights.com\/fr\/produits\/fakro-drf-puits-de-lumiere-dacces-au-toit-plat\/\">FAKRO DRF \u2013 Puits De Lumi\u00e8re D\u2019acc\u00e8s Au Toit Plat<\/a><\/h5>\n                  <p class=\"smd:text-sm\">Un nouveau produit innovant, le puits de lumi\u00e8re isol\u00e9 d\u2019acc\u00e8s au toit DRF s\u2019ajoute \u00e0 la gamme existante de produits FAKRO pour toit plat. En plus d\u2019\u00eatre un puits de\u2026<\/p>\n                <a href=\"https:\/\/www.columbiaskylights.com\/fr\/produits\/fakro-drf-puits-de-lumiere-dacces-au-toit-plat\/\" class=\"!font-normal !pl-0 uppercase btn-arrow mt-4 lg:mt-6\">En savoir plus<\/a>\n      <\/div>\n            <div class=\"product-grid__product mb-12\">\n        <a href=\"https:\/\/www.columbiaskylights.com\/fr\/produits\/dmf-puits-de-lumiere-avec-cadre-integre-pour-toit-plat-a-ouverture-manuelle\/\"  class=\" link-no-underline no-hover \">          <img decoding=\"async\" src=\"https:\/\/www.columbiaskylights.com\/wp-content\/uploads\/2023\/06\/fakro-dmf-skylight-feature-image.jpg\" class=\"w-full h-auto mb-4 md:mb-8\" alt=\"Fakro dmf skylight feature image\" title=\"\">\n    \t<\/a>        <h5 class=\"font-semibold !text-blue mb-4\"><a href=\"https:\/\/www.columbiaskylights.com\/fr\/produits\/dmf-puits-de-lumiere-avec-cadre-integre-pour-toit-plat-a-ouverture-manuelle\/\">DMF \u2013 Puits De Lumi\u00e8re Avec Cadre Int\u00e9gr\u00e9 Pour Toit Plat \u00c0 Ouverture Manuelle<\/a><\/h5>\n                  <p class=\"smd:text-sm\">Le puits de lumi\u00e8re pour toit plat DMF exceptionnel apporte lumi\u00e8re naturelle et ventilation \u00e0 l\u2019air frais. Con\u00e7u pour les emplacements faciles d\u2019acc\u00e8s \u2013 \u00e0 commande manuelle.<\/p>\n                <a href=\"https:\/\/www.columbiaskylights.com\/fr\/produits\/dmf-puits-de-lumiere-avec-cadre-integre-pour-toit-plat-a-ouverture-manuelle\/\" class=\"!font-normal !pl-0 uppercase btn-arrow mt-4 lg:mt-6\">En savoir plus<\/a>\n      <\/div>\n            <div class=\"product-grid__product mb-12\">\n        <a href=\"https:\/\/www.columbiaskylights.com\/fr\/produits\/fakro-def-solaire-ou-electrique-puits-de-lumiere-ouvrant-avec-cadre-integre-pour-toit-plat\/\"  class=\" link-no-underline no-hover \">          <img decoding=\"async\" src=\"https:\/\/www.columbiaskylights.com\/wp-content\/uploads\/2023\/06\/fakro-def-skylight-feature-image.jpg\" class=\"w-full h-auto mb-4 md:mb-8\" alt=\"Fakro def skylight feature image\" title=\"\">\n    \t<\/a>        <h5 class=\"font-semibold !text-blue mb-4\"><a href=\"https:\/\/www.columbiaskylights.com\/fr\/produits\/fakro-def-solaire-ou-electrique-puits-de-lumiere-ouvrant-avec-cadre-integre-pour-toit-plat\/\">FAKRO DEF \u2013 (Solaire Ou \u00c9lectrique) Puits De Lumi\u00e8re Ouvrant Avec Cadre Int\u00e9gr\u00e9 Pour Toit Plat<\/a><\/h5>\n                  <p class=\"smd:text-sm\">Ce puits de lumi\u00e8re pour toit plat \u00e0 la pointe de l\u2019industrie apporte lumi\u00e8re naturelle et ventilation \u00e0 l\u2019air frais. Il est disponible en versions \u00e9lectrique ou solaire. Avec la\u2026<\/p>\n                <a href=\"https:\/\/www.columbiaskylights.com\/fr\/produits\/fakro-def-solaire-ou-electrique-puits-de-lumiere-ouvrant-avec-cadre-integre-pour-toit-plat\/\" class=\"!font-normal !pl-0 uppercase btn-arrow mt-4 lg:mt-6\">En savoir plus<\/a>\n      <\/div>\n            <div class=\"product-grid__product mb-12\">\n        <a href=\"https:\/\/www.columbiaskylights.com\/fr\/produits\/les-stores-occultants-fakro-arf-d-pour-puits-de-lumiere-a-toit-plat\/\"  class=\" link-no-underline no-hover \">          <img decoding=\"async\" src=\"https:\/\/www.columbiaskylights.com\/wp-content\/uploads\/2023\/06\/fakro-arf-d-blackout-blinds.jpg\" class=\"w-full h-auto mb-4 md:mb-8\" alt=\"Fakro arf d blackout blinds\" title=\"\">\n    \t<\/a>        <h5 class=\"font-semibold !text-blue mb-4\"><a href=\"https:\/\/www.columbiaskylights.com\/fr\/produits\/les-stores-occultants-fakro-arf-d-pour-puits-de-lumiere-a-toit-plat\/\">Les stores occultants FAKRO ARF-D pour puits de lumi\u00e8re \u00e0 toit plat<\/a><\/h5>\n                  <p class=\"smd:text-sm\">R\u00e9duction progressive de la lumi\u00e8re entrante jusqu&rsquo;\u00e0 l&rsquo;occultation totale. Protection partielle contre la chaleur du soleil. Possibilit\u00e9 de verrouiller le store dans n&rsquo;importe quelle position. R\u00e9duction des pertes de chaleur\u2026<\/p>\n                <a href=\"https:\/\/www.columbiaskylights.com\/fr\/produits\/stores-de-fakro\/\" class=\"!font-normal !pl-0 uppercase btn-arrow mt-4 lg:mt-6\">En savoir plus<\/a>\n      <\/div>\n          <\/div>\n      <\/div>\n              <\/section>\n","protected":false},"excerpt":{"rendered":"Le puits de lumi\u00e8re praticable DXW est un autre exemple du d\u00e9veloppement de produit de pointe de FAKRO. Id\u00e9al pour un toit plat accessible, cr\u00e9ant une surface praticable incroyablement solide,\u2026","protected":false},"featured_media":6822,"parent":0,"menu_order":29,"template":"","product_line":[41],"product_tags":[],"product_model":[205],"dimension_type":[],"class_list":["post-19459","products","type-products","status-publish","has-post-thumbnail","hentry"],"acf":[],"_links":{"self":[{"href":"https:\/\/www.columbiaskylights.com\/fr\/wp-json\/wp\/v2\/products\/19459","targetHints":{"allow":["GET"]}}],"collection":[{"href":"https:\/\/www.columbiaskylights.com\/fr\/wp-json\/wp\/v2\/products"}],"about":[{"href":"https:\/\/www.columbiaskylights.com\/fr\/wp-json\/wp\/v2\/types\/products"}],"wp:featuredmedia":[{"embeddable":true,"href":"https:\/\/www.columbiaskylights.com\/fr\/wp-json\/wp\/v2\/media\/6822"}],"wp:attachment":[{"href":"https:\/\/www.columbiaskylights.com\/fr\/wp-json\/wp\/v2\/media?parent=19459"}],"wp:term":[{"taxonomy":"product_line","embeddable":true,"href":"https:\/\/www.columbiaskylights.com\/fr\/wp-json\/wp\/v2\/product_line?post=19459"},{"taxonomy":"product_tags","embeddable":true,"href":"https:\/\/www.columbiaskylights.com\/fr\/wp-json\/wp\/v2\/product_tags?post=19459"},{"taxonomy":"product_model","embeddable":true,"href":"https:\/\/www.columbiaskylights.com\/fr\/wp-json\/wp\/v2\/product_model?post=19459"},{"taxonomy":"dimension_type","embeddable":true,"href":"https:\/\/www.columbiaskylights.com\/fr\/wp-json\/wp\/v2\/dimension_type?post=19459"}],"curies":[{"name":"wp","href":"https:\/\/api.w.org\/{rel}","templated":true}]}}