{"id":19458,"date":"2023-06-08T22:11:31","date_gmt":"2023-06-09T05:11:31","guid":{"rendered":"https:\/\/www.columbiaskylights.com\/products\/fakro-drf-flat-roof-access-skylight\/"},"modified":"2024-04-15T20:29:11","modified_gmt":"2024-04-16T03:29:11","slug":"fakro-drf-puits-de-lumiere-dacces-au-toit-plat","status":"publish","type":"products","link":"https:\/\/www.columbiaskylights.com\/fr\/produits\/fakro-drf-puits-de-lumiere-dacces-au-toit-plat\/","title":{"rendered":"FAKRO DRF \u2013 Puits De Lumi\u00e8re D\u2019acc\u00e8s Au Toit Plat"},"content":{"rendered":"<section id=\"block_ab1fe3adf115639538ae4c2851f5cc88\" class=\" columbia-block relative overflow-hidden wp-block-page-hero block-w-full text-dark bg-white  p-top-default p-bottom-default\" >\n          <div class=\" carousel carousel--hero  carousel--hero--dots--\">\n                      <div class=\"hero-slide w-full flex relative  is-selected \">\n          <div class=\"hero-slide__content text-black w-full z-10 pt-22 md:pt-32 lg:pt-40 pb-12 md:pb-20 xl:pt-[180px]\">\n            <div class=\"inner container h-full grid grid-cols-1 lg:grid-cols-2 gap-6 lg:gap-x-22 xxl:gap-x-60 w-full\">\n                              <text class=\"block hero-slide__content__wysiwyg position-left   font-semibold col-span-2 lg:col-span-1  wp-editor spaced\">\n                  <div class=\"inner \">\n                    <p><img decoding=\"async\" class=\" wp-image-3092 alignnone\" src=\"https:\/\/www.columbiaskylights.com\/wp-content\/uploads\/2023\/03\/hero-fakro.png\" alt=\"\" width=\"356\" height=\"56\" srcset=\"https:\/\/www.columbiaskylights.com\/wp-content\/uploads\/2023\/03\/hero-fakro.png 611w, https:\/\/www.columbiaskylights.com\/wp-content\/uploads\/2023\/03\/hero-fakro-300x47.png 300w\" sizes=\"(max-width: 356px) 100vw, 356px\" title=\"\"><\/p>\n<h1>S\u00e9curis\u00e9,<br \/>\nS\u00fbr, Acc\u00e8s<br \/>\nau Toit<\/h1>\n<p>DRF &#8211; Puits de lumi\u00e8re pour acc\u00e8s s\u00e9curis\u00e9 au toit plat.<\/p>\n\n                  <\/div>\n                <\/text>\n                                        <\/div>\n          <\/div>\n          <div class=\"hero-slide-bg absolute h-full w-full inset-0  hero-slide-bg--left hero-slide-bg-color--white \">\n            <img decoding=\"async\" src=\"https:\/\/www.columbiaskylights.com\/wp-content\/uploads\/2023\/06\/drf-flat-roof-access-skylight-open-solar-panels-hero-scaled.jpg\" class=\"hero-slide__image absolute z-0 inset-0 w-full h-full object-cover\" alt=\"Drf flat roof access skylight open solar panels hero\" height=\"1438\" width=\"2560\" title=\"\">\n    \t          <\/div>\n        <\/div>\n                              <div class=\"hero-slide w-full flex relative \">\n          <div class=\"hero-slide__content text-black w-full z-10 pt-22 md:pt-32 lg:pt-40 pb-12 md:pb-20 xl:pt-[180px]\">\n            <div class=\"inner container h-full grid grid-cols-1 lg:grid-cols-2 gap-6 lg:gap-x-22 xxl:gap-x-60 w-full\">\n                                        <\/div>\n          <\/div>\n          <div class=\"hero-slide-bg absolute h-full w-full inset-0 \">\n            <img decoding=\"async\" src=\"https:\/\/www.columbiaskylights.com\/wp-content\/uploads\/2023\/06\/drf-flat-roof-access-skylight-hero-scaled.jpg\" class=\"hero-slide__image absolute z-0 inset-0 w-full h-full object-cover\" alt=\"Drf flat roof access skylight hero\" height=\"1440\" width=\"2560\" title=\"\">\n    \t          <\/div>\n        <\/div>\n                              <div class=\"hero-slide w-full flex relative \">\n          <div class=\"hero-slide__content text-black w-full z-10 pt-22 md:pt-32 lg:pt-40 pb-12 md:pb-20 xl:pt-[180px]\">\n            <div class=\"inner container h-full grid grid-cols-1 lg:grid-cols-2 gap-6 lg:gap-x-22 xxl:gap-x-60 w-full\">\n                                        <\/div>\n          <\/div>\n          <div class=\"hero-slide-bg absolute h-full w-full inset-0 \">\n            <img decoding=\"async\" src=\"https:\/\/www.columbiaskylights.com\/wp-content\/uploads\/2023\/06\/drf-flat-roof-access-skylight-open-rendering-hero-scaled.jpg\" class=\"hero-slide__image absolute z-0 inset-0 w-full h-full object-cover\" alt=\"Drf flat roof access skylight open rendering hero\" height=\"1440\" width=\"2560\" title=\"\">\n    \t          <\/div>\n        <\/div>\n                              <div class=\"hero-slide w-full flex relative \">\n          <div class=\"hero-slide__content text-black w-full z-10 pt-22 md:pt-32 lg:pt-40 pb-12 md:pb-20 xl:pt-[180px]\">\n            <div class=\"inner container h-full grid grid-cols-1 lg:grid-cols-2 gap-6 lg:gap-x-22 xxl:gap-x-60 w-full\">\n                                        <\/div>\n          <\/div>\n          <div class=\"hero-slide-bg absolute h-full w-full inset-0 \">\n            <img decoding=\"async\" src=\"https:\/\/www.columbiaskylights.com\/wp-content\/uploads\/2023\/06\/drf-flat-roof-access-skylight-solar-panels-hero-scaled.jpg\" class=\"hero-slide__image absolute z-0 inset-0 w-full h-full object-cover\" alt=\"Drf flat roof access skylight solar panels hero\" height=\"1440\" width=\"2560\" title=\"\">\n    \t          <\/div>\n        <\/div>\n                  <\/div>\n              <\/section>\n  <div class=\"block-breadcrumbs text-breadcrumb text-black-500 pt-7 mdd:hidden \">\n    <div class=\"container\">\n              \n                  <a href=\"https:\/\/www.columbiaskylights.com\/fr\/\" class=\"text-black-700 !no-underline hover:!underline\">Accueil<\/a>\n                       \/ \n                  FAKRO DRF \u2013 Puits De Lumi\u00e8re D\u2019acc\u00e8s Au Toit Plat\n                  <\/div>\n  <\/div>\n\n\n<section id=\"block_c7f038899da1dc5512646cf2e7cb9f20\" class=\" columbia-block relative overflow-hidden wp-block-product-intro-gallery block-w-full text-dark bg-white  p-top-default p-bottom-default\" >\n          <div class=\"container--disable-mobile block-inner relative container mx-auto\" >\n        <div class=\"block-intro-wrap z-0 relative  pb-11 lg:pb-22 last:pb-0\">\n    \n        <div class=\"block-title grow  mx-auto max-w-6xl\">\n            <h2 class=\" text-center\">DRF \u2013 PUITS DE LUMI\u00c8RE D\u2019ACC\u00c8S AU TOIT PLAT<\/h2>\n    <\/div>\n    \n    \n          <\/div>\n    <div class=\"row lg:flex lg:flex-row\">\n\n              <div class=\"product-grid w-full mdd:mb-12 lg:w-1\/2 lg:pr-8 xl:pr-10\">\n          <div\n    id=\"carousel--69efb81a3f5e6\"\n    style=\"--productcode: 'DRF';\"\n    class=\"relative  carousel--has-overlay-text   carousel carousel--no-dots carousel--no-arrows   lightbox-gallery   equal-height  lg:overflow-hidden\" data-slides-to-show=\"1\">\n                      <div class=\"carousel__slide\">\n        <div class=\"carousel__slide__inner\">\n                      <a href=\"https:\/\/www.columbiaskylights.com\/wp-content\/uploads\/2023\/06\/drf-flat-roof-access-skylight-thumb.jpg\" data-lightbox=\"carousel--69efb81a3f5e6_gallery\" data-title=\"DRF\">\n              <img decoding=\"async\" src=\"https:\/\/www.columbiaskylights.com\/wp-content\/uploads\/2023\/06\/drf-flat-roof-access-skylight-thumb.jpg\" alt=\"\" title=\"\">\n            <\/a>\n                  <\/div>\n      <\/div>\n                            <div class=\"carousel__slide\">\n        <div class=\"carousel__slide__inner\">\n                      <a href=\"https:\/\/www.columbiaskylights.com\/wp-content\/uploads\/2023\/06\/drf-flat-roof-access-skylight-open-thumb.jpg\" data-lightbox=\"carousel--69efb81a3f5e6_gallery\" data-title=\"DRF\">\n              <img decoding=\"async\" src=\"https:\/\/www.columbiaskylights.com\/wp-content\/uploads\/2023\/06\/drf-flat-roof-access-skylight-open-thumb.jpg\" alt=\"\" title=\"\">\n            <\/a>\n                  <\/div>\n      <\/div>\n                            <div class=\"carousel__slide\">\n        <div class=\"carousel__slide__inner\">\n                      <a href=\"https:\/\/www.columbiaskylights.com\/wp-content\/uploads\/2023\/06\/drf-flat-roof-access-skylight-man-thumb.jpg\" data-lightbox=\"carousel--69efb81a3f5e6_gallery\" data-title=\"DRF\">\n              <img decoding=\"async\" src=\"https:\/\/www.columbiaskylights.com\/wp-content\/uploads\/2023\/06\/drf-flat-roof-access-skylight-man-thumb.jpg\" alt=\"\" title=\"\">\n            <\/a>\n                  <\/div>\n      <\/div>\n                            <div class=\"carousel__slide\">\n        <div class=\"carousel__slide__inner\">\n                      <a href=\"https:\/\/www.columbiaskylights.com\/wp-content\/uploads\/2023\/06\/drf-flat-roof-access-skylight-solar-panels-open-thumb.jpg\" data-lightbox=\"carousel--69efb81a3f5e6_gallery\" data-title=\"DRF\">\n              <img decoding=\"async\" src=\"https:\/\/www.columbiaskylights.com\/wp-content\/uploads\/2023\/06\/drf-flat-roof-access-skylight-solar-panels-open-thumb.jpg\" alt=\"\" title=\"\">\n            <\/a>\n                  <\/div>\n      <\/div>\n                            <div class=\"carousel__slide\">\n        <div class=\"carousel__slide__inner\">\n                      <a href=\"https:\/\/www.columbiaskylights.com\/wp-content\/uploads\/2023\/06\/two-drf-flat-roof-access-skylights-open-thumb.jpg\" data-lightbox=\"carousel--69efb81a3f5e6_gallery\" data-title=\"DRF\">\n              <img decoding=\"async\" src=\"https:\/\/www.columbiaskylights.com\/wp-content\/uploads\/2023\/06\/two-drf-flat-roof-access-skylights-open-thumb.jpg\" alt=\"\" title=\"\">\n            <\/a>\n                  <\/div>\n      <\/div>\n            <\/div>\n\n          <div id=\"carousel--69efb81a3f5e6-nav\" class=\"carousel-nav relative overflow-hidden\" data-asnavfor=\"#carousel--69efb81a3f5e6\">\n                        <button data-slide=\"0\">\n                      <img decoding=\"async\" src=\"https:\/\/www.columbiaskylights.com\/wp-content\/uploads\/2023\/06\/drf-flat-roof-access-skylight-thumb.jpg\" class=\"\" alt=\"Drf flat roof access skylight thumb\" height=\"1156\" width=\"1572\" title=\"\">\n    \t                    <\/button>\n                                <button data-slide=\"1\">\n                      <img decoding=\"async\" src=\"https:\/\/www.columbiaskylights.com\/wp-content\/uploads\/2023\/06\/drf-flat-roof-access-skylight-open-thumb.jpg\" class=\"\" alt=\"Drf flat roof access skylight open thumb\" height=\"1156\" width=\"1572\" title=\"\">\n    \t                    <\/button>\n                                <button data-slide=\"2\">\n                      <img decoding=\"async\" src=\"https:\/\/www.columbiaskylights.com\/wp-content\/uploads\/2023\/06\/drf-flat-roof-access-skylight-man-thumb.jpg\" class=\"\" alt=\"Drf flat roof access skylight man thumb\" height=\"1156\" width=\"1572\" title=\"\">\n    \t                    <\/button>\n                                <button data-slide=\"3\">\n                      <img decoding=\"async\" src=\"https:\/\/www.columbiaskylights.com\/wp-content\/uploads\/2023\/06\/drf-flat-roof-access-skylight-solar-panels-open-thumb.jpg\" class=\"\" alt=\"Drf flat roof access skylight solar panels open thumb\" height=\"1156\" width=\"1572\" title=\"\">\n    \t                    <\/button>\n                                <button data-slide=\"4\">\n                      <img decoding=\"async\" src=\"https:\/\/www.columbiaskylights.com\/wp-content\/uploads\/2023\/06\/two-drf-flat-roof-access-skylights-open-thumb.jpg\" class=\"\" alt=\"Two drf flat roof access skylights open thumb\" height=\"1156\" width=\"1572\" title=\"\">\n    \t                    <\/button>\n                  <\/div>\n              <\/div>\n      \n      <div class=\"product-intro_content flex flex-col-reverse px-4 lg:px-0 lg:flex-col w-full lg:w-1\/2 lg:pl-8 xl:pl-10\">\n        <text class=\"wp-editor block\">\n          <ul>\n<li>Nous sommes fiers d\u2019offrir ce nouveau produit innovant, le puits de lumi\u00e8re isol\u00e9 d\u2019acc\u00e8s au toit DRF, qui s\u2019ajoute \u00e0 la gamme existante de produits FAKRO pour toit plat. En plus d\u2019\u00eatre un puits de lumi\u00e8re, il a l\u2019avantage suppl\u00e9mentaire de fournir un acc\u00e8s s\u00fbr et pratique \u00e0 un toit plat.<\/li>\n<li>Des charni\u00e8res et un syst\u00e8me d\u2019ouverture sp\u00e9cialement con\u00e7us permettent une ouverture facile du battant jusqu\u2019\u00e0 80\u00b0. Les ressorts \u00e0 gaz facilitent l\u2019ouverture et maintiennent le battant dans une position ouverte s\u00e9curis\u00e9e tout en \u00e9liminant le risque de fermeture accidentelle.<\/li>\n<li>Le DRF peut \u00eatre adapt\u00e9 avec un deuxi\u00e8me ch\u00e2ssis XRD\/W pour une installation sur un toit vert ou une toiture v\u00e9g\u00e9tale, ou un cadre de puits de lumi\u00e8re plus \u00e9lev\u00e9.<\/li>\n<\/ul>\n<div class=\"icon-feature my-8 mb-12 flex flex-col text-lg font-semibold mdd:text-center lg:flex-row justify-center\">\n      <div class=\"icon-feature-image mdd:pb-8  flex-shrink-0\">\n              <img decoding=\"async\" src=\"https:\/\/www.columbiaskylights.com\/wp-content\/uploads\/2023\/05\/fakro-20-ans-garantie.png\" class=\"inline-block w-[142px] min-w-[142px]\" alt=\"20 Year Warranty\" title=\"\">\n    \t          <\/div>\n        <div class=\"image-feature-content  lg:pl-8 xl:pl-11  mdd:leading-tight\">\n      <strong>Le puits de lumi\u00e8re haut de gamme de FAKRO avec cadre int\u00e9gr\u00e9 est couvert par une garantie de 20 ans en cas de d\u00e9faillance de l\u2019unit\u00e9. 10 ans sur les pi\u00e8ces, et 5 ans sur les stores et les commandes.<\/strong>\n    <\/div>\n  <\/div>\n\n\n        <\/text>\n        <div class=\"my-8 lg:mt-12 lg:hidden flex flex-col gap-2 md:gap-6 items-center text-center lg:text-left lg:items-start lg:flex-row lg:flex-wrap lg:justify-center\">\n          <div class=\"inline-block mb-4 \">\n        <a href=\"#sizes\" class=\"last:mr-0 lg:whitespace-nowrap btn-green\"  target=\"\">ALLER AUX TAILLES<\/a>\n              <\/div>\n          <div class=\"inline-block mb-4 \">\n        <a href=\"#glass\" class=\"last:mr-0 lg:whitespace-nowrap btn-green\"  target=\"\">JUMP TO GLASS<\/a>\n              <\/div>\n      <\/div>\n      <\/div>\n\n    <\/div>\n      <\/div>\n              <\/section>\n\n\n<section id=\"block_142db681d267b597a7ad60b06874440b\" class=\" columbia-block relative overflow-hidden wp-block-multi-column block-w-full text-dark bg-teal bg-top-shadow p-top-default p-bottom-default\" >\n          <div class=\" block-inner relative container mx-auto\" >\n        <div class=\"block-intro-wrap z-0 relative  pb-12 lg:pb-16 last:pb-0\">\n    \n        <div class=\"block-title grow  mx-auto\">\n            <h2 class=\" h5 text-center border-heading\"><span>CARACT\u00c9RISTIQUES<\/span><\/h2>\n    <\/div>\n    \n    \n          <\/div>\n        <div class=\"col-wrapper col-gutter-lg row-gutter-sm  mx-auto w-wide\">\n      <div class=\"col-wrapper-inner flex flex-wrap   \">\n                            <div class=\"column w-full corners- md:w-6\/12  1 tab-group\">\n                                                            <div class=\"column-inner      \">\n              <div class=\"column-content match-col-height wp-editor \">\n                                                  <ul>\n<li>Une solution id\u00e9ale pour acc\u00e9der facilement et en toute s\u00e9curit\u00e9 \u00e0 un toit plat, tout en b\u00e9n\u00e9ficiant de la lumi\u00e8re naturelle.<\/li>\n<li>La porte d\u2019acc\u00e8s au toit s\u2019ouvre \u00e0 80\u00b0 avec un syst\u00e8me hydraulique \u00e0 gaz gardant la porte stable en position ouverte.<\/li>\n<li>Le cadre du puits de lumi\u00e8re pour toit plat est constitu\u00e9 de profil\u00e9s en PVC \u00e0 plusieurs cavit\u00e9s, remplies d\u2019une isolation de haute qualit\u00e9. La partie sup\u00e9rieure du puits de lumi\u00e8re d\u2019acc\u00e8s au toit DRF est faite d\u2019un vitrage plat innovant.<\/li>\n<li>Le vitrage DU6 est un triple vitrage herm\u00e9tiquement scell\u00e9 et non un double vitrage avec un haut en verre incurv\u00e9.<\/li>\n<li>Disponible avec deux options de vitrage : DU6 (triple vitrage) et DU8 (quadruple vitrage). Les deux unit\u00e9s sont herm\u00e9tiquement scell\u00e9es.<\/li>\n<\/ul>\n\n                                \n                \n                \n                              <\/div>\n            <\/div>\n                      <\/div>\n                            <div class=\"column w-full corners- md:w-6\/12  2 tab-group\">\n                                                            <div class=\"column-inner      \">\n              <div class=\"column-content match-col-height wp-editor \">\n                                                  <ul>\n<li>Les fen\u00eatres peuvent \u00eatre mont\u00e9es sur un ch\u00e2ssis XRD\/W suppl\u00e9mentaire, offrant une hauteur suppl\u00e9mentaire de 5 \u215e po (15 cm) adapt\u00e9e \u00e0 l\u2019installation sur un toit vert ou une toiture v\u00e9g\u00e9tale, et un cadre de puits de lumi\u00e8re plus \u00e9lev\u00e9.<\/li>\n<li>Le puits de lumi\u00e8re d\u2019acc\u00e8s au toit DRF est con\u00e7u pour des pentes comprises entre 2 et 15 degr\u00e9s.<\/li>\n<li>La conception de la surface sup\u00e9rieure en verre infini offre jusqu\u2019\u00e0 16 % de surface vitr\u00e9e en plus par rapport aux produits concurrents.<\/li>\n<li>Peut \u00eatre utilis\u00e9 avec des mat\u00e9riaux de toiture tels que TPO, PVC, EPDM monocouche ou des membranes soud\u00e9es au chalumeau.<\/li>\n<li>Des stores occultants (ARF\/D) sont disponibles.<\/li>\n<\/ul>\n\n                                \n                \n                \n                              <\/div>\n            <\/div>\n                      <\/div>\n              <\/div>\n    <\/div>\n      <\/div>\n              <\/section>\n\n\n<section id=\"block_cb62c6fd6f868d3f1eb887061d3af9c8\" class=\" columbia-block relative overflow-hidden wp-block-cards block-w-full text-dark bg-white  p-top-default p-bottom-default\" >\n          <div class=\" block-inner relative container mx-auto\" >\n        <div class=\"block-intro-wrap z-0 relative narrow pb-11 lg:pb-22 last:pb-0\">\n    \n        <div class=\"block-title grow  mx-auto max-w-6xl\">\n            <h2 class=\" h3 text-center\">Points forts du DRF &#8211; Puits de lumi\u00e8re d\u2019acc\u00e8s au toit plat<\/h2>\n    <\/div>\n    \n    \n          <\/div>\n                              <div class=\"grid match-heading-heights lg:grid-cols-2 xl:grid-cols-3 gap-6 lg:gap-8 w-full\">\n                  <div\n                                                            x-data=\"{ open: true }\"\n                                x-on:click=\"open = !open\"\n                x-bind:class=\"{ 'card--open': open, 'card--closed': !open }\"\n                                      class=\"col item flex card--collapsible card--collapsible-standard\">\n            <div class=\"card p-0 match-heading-heights w-full h-100 flex flex-col bg-text-dark bg-teal-100  shadow\">\n                                                        <div class=\"image-wrap !mt-0 relative\">\n                                <img decoding=\"async\" src=\"https:\/\/www.columbiaskylights.com\/wp-content\/uploads\/2023\/06\/four-fakro-drf-flat-roof-skylights.jpg\" class=\"w-full h-auto pt-6 md:pt-8 px-6 md:px-8\" alt=\"Four fakro drf flat roof skylights\" height=\"796\" width=\"944\" title=\"\">\n    \t              <\/div>\n                            <div class=\"feature-body-wrap flex flex-col flex-grow px-2 py-5 sm:p-4.5 sm:py-7 sm:pb-8 md:pb-12 md:px-8 \">\n                <div class=\"feature-body flex-grow\">\n                                      <h5 class=\"h6 card-title text-left !font-semibold text-black-700 mb-0\">Puits De Lumi\u00e8re Avec Type De Verre Infini<\/h5>\n                                    <text class=\"card__content wp-editor block text-dark\">\n                    <div class=\"inner  pt-3 sm:pt-6 \">\n                      <ul>\n<li>Le style \u00e9l\u00e9gant d\u2019un verre infini sans joints, d\u2019un <strong>bord \u00e0 l\u2019autre<\/strong>. Jusqu\u2019\u00e0 16 % de surface vitr\u00e9e en plus par rapport aux produits concurrents. Cr\u00e9ez un style architectural saisissant, particuli\u00e8rement adapt\u00e9 lorsque le puits de lumi\u00e8re est visible depuis le dessus.<\/li>\n<li>Les b\u00e2timents avec des toits plats excluent souvent les puits de lumi\u00e8re naturelle et passent \u00e0 c\u00f4t\u00e9 de leurs avantages, mais le DRF a \u00e9t\u00e9 sp\u00e9cialement con\u00e7u pour les toits plats.<\/li>\n<\/ul>\n\n                    <\/div>\n                  <\/text>\n                <\/div>\n                              <\/div>\n            <\/div>\n          <\/div>\n                  <div\n                                                            x-data=\"{ open: false }\"\n                                x-on:click=\"open = !open\"\n                x-bind:class=\"{ 'card--open': open, 'card--closed': !open }\"\n                                      class=\"col item flex card--collapsible card--collapsible-standard\">\n            <div class=\"card p-0 match-heading-heights w-full h-100 flex flex-col bg-text-dark bg-teal-100  shadow\">\n                                                        <div class=\"image-wrap !mt-0 relative\">\n                                <img decoding=\"async\" src=\"https:\/\/www.columbiaskylights.com\/wp-content\/uploads\/2023\/06\/fakro-drf-cross-section.jpg\" class=\"w-full h-auto pt-6 md:pt-8 px-6 md:px-8\" alt=\"Fakro drf cross section\" height=\"796\" width=\"944\" title=\"\">\n    \t              <\/div>\n                            <div class=\"feature-body-wrap flex flex-col flex-grow px-2 py-5 sm:p-4.5 sm:py-7 sm:pb-8 md:pb-12 md:px-8 \">\n                <div class=\"feature-body flex-grow\">\n                                      <h5 class=\"h6 card-title text-left !font-semibold text-black-700 mb-0\">Conception Et Isolation Sup\u00e9rieures<\/h5>\n                                    <text class=\"card__content wp-editor block text-dark\">\n                    <div class=\"inner  pt-3 sm:pt-6 \">\n                      <ul>\n<li>La conception innovante du vitrage et du cadre du DRF offre une surface vitr\u00e9e plus grande par rapport \u00e0 la largeur de son cadre, permettant d\u2019introduire plus de lumi\u00e8re. Le profil de surface sup\u00e9rieure offre une surface vitr\u00e9e 16 % plus grande par rapport aux conceptions de cadre standard.<\/li>\n<li>Le cadre de la fen\u00eatre de toit plat est constitu\u00e9 de profils PVC \u00e0 plusieurs chambres remplis d\u2019une isolation tr\u00e8s performante.<\/li>\n<\/ul>\n\n                    <\/div>\n                  <\/text>\n                <\/div>\n                              <\/div>\n            <\/div>\n          <\/div>\n                  <div\n                                                            x-data=\"{ open: false }\"\n                                x-on:click=\"open = !open\"\n                x-bind:class=\"{ 'card--open': open, 'card--closed': !open }\"\n                                      class=\"col item flex card--collapsible card--collapsible-standard\">\n            <div class=\"card p-0 match-heading-heights w-full h-100 flex flex-col bg-text-dark bg-teal-100  shadow\">\n                                                        <div class=\"image-wrap !mt-0 relative\">\n                                <img decoding=\"async\" src=\"https:\/\/www.columbiaskylights.com\/wp-content\/uploads\/2023\/06\/open-fakro-drf-flat-roof-skylight.jpg\" class=\"w-full h-auto pt-6 md:pt-8 px-6 md:px-8\" alt=\"Open fakro drf flat roof skylight\" height=\"796\" width=\"944\" title=\"\">\n    \t              <\/div>\n                            <div class=\"feature-body-wrap flex flex-col flex-grow px-2 py-5 sm:p-4.5 sm:py-7 sm:pb-8 md:pb-12 md:px-8 \">\n                <div class=\"feature-body flex-grow\">\n                                      <h5 class=\"h6 card-title text-left !font-semibold text-black-700 mb-0\">Ouverture Verrouill\u00e9e Pour Plus De S\u00e9curit\u00e9<\/h5>\n                                    <text class=\"card__content wp-editor block text-dark\">\n                    <div class=\"inner  pt-3 sm:pt-6 \">\n                      <ul>\n<li>Le puits de lumi\u00e8re d\u2019acc\u00e8s au toit DRF s\u2019ouvre \u00e0 80\u00b0, facilitant grandement l\u2019ascension \u00e0 travers l\u2019ouverture.<\/li>\n<li>La porte se verrouille dans une position rigide et stable lorsqu\u2019elle est ouverte, ce qui vous permet d\u2019utiliser la poign\u00e9e en toute s\u00e9curit\u00e9 pour vous soutenir. Syst\u00e8me hydraulique \u00e0 gaz haute performance, maintenant la porte solidement ouverte, vous offrant un acc\u00e8s s\u00e9curis\u00e9 au toit.<\/li>\n<\/ul>\n\n                    <\/div>\n                  <\/text>\n                <\/div>\n                              <\/div>\n            <\/div>\n          <\/div>\n                  <div\n                                                            x-data=\"{ open: false }\"\n                                x-on:click=\"open = !open\"\n                x-bind:class=\"{ 'card--open': open, 'card--closed': !open }\"\n                                      class=\"col item flex card--collapsible card--collapsible-standard\">\n            <div class=\"card p-0 match-heading-heights w-full h-100 flex flex-col bg-text-dark bg-teal-100  shadow\">\n                                                        <div class=\"image-wrap !mt-0 relative\">\n                                <img decoding=\"async\" src=\"https:\/\/www.columbiaskylights.com\/wp-content\/uploads\/2023\/06\/fakro-drf-cross-section-roof-install.jpg\" class=\"w-full h-auto pt-6 md:pt-8 px-6 md:px-8\" alt=\"Fakro drf cross section roof install\" height=\"796\" width=\"944\" title=\"\">\n    \t              <\/div>\n                            <div class=\"feature-body-wrap flex flex-col flex-grow px-2 py-5 sm:p-4.5 sm:py-7 sm:pb-8 md:pb-12 md:px-8 \">\n                <div class=\"feature-body flex-grow\">\n                                      <h5 class=\"h6 card-title text-left !font-semibold text-black-700 mb-0\">Efficacit\u00e9 \u00e9nerg\u00e9tique Avanc\u00e9e Pour Toit Plat<\/h5>\n                                    <text class=\"card__content wp-editor block text-dark\">\n                    <div class=\"inner  pt-3 sm:pt-6 \">\n                      <ol class=\"ol--circles ol--circles--green\">\n<li>Triple vitrage DU6 isolant<\/li>\n<li>Profil\u00e9s en PVC \u00e0 cavit\u00e9s multiples avec le mat\u00e9riau isolant le plus \u00e9co\u00e9nerg\u00e9tique<\/li>\n<li>Ch\u00e2ssis XRD\/W suppl\u00e9mentaires disponibles pour une installation sur un toit vert ou une toiture v\u00e9g\u00e9tale.<br \/>\n<img decoding=\"async\" class=\"alignnone size-full wp-image-6739\" src=\"https:\/\/www.columbiaskylights.com\/wp-content\/uploads\/2023\/06\/fakro-drf-skylight-drawing-cross-section.jpg\" alt=\"Fakro Drf Skylight Drawing Cross Section\" width=\"768\" height=\"530\" srcset=\"https:\/\/www.columbiaskylights.com\/wp-content\/uploads\/2023\/06\/fakro-drf-skylight-drawing-cross-section.jpg 768w, https:\/\/www.columbiaskylights.com\/wp-content\/uploads\/2023\/06\/fakro-drf-skylight-drawing-cross-section-300x207.jpg 300w\" sizes=\"(max-width: 768px) 100vw, 768px\" title=\"\"><img decoding=\"async\" class=\"alignnone size-full wp-image-6743\" src=\"https:\/\/www.columbiaskylights.com\/wp-content\/uploads\/2023\/06\/fakro-drf-xrd-base-dimensions.jpg\" alt=\"Fakro Drf Xrd Base Dimensions\" width=\"768\" height=\"530\" srcset=\"https:\/\/www.columbiaskylights.com\/wp-content\/uploads\/2023\/06\/fakro-drf-xrd-base-dimensions.jpg 768w, https:\/\/www.columbiaskylights.com\/wp-content\/uploads\/2023\/06\/fakro-drf-xrd-base-dimensions-300x207.jpg 300w\" sizes=\"(max-width: 768px) 100vw, 768px\" title=\"\"><\/li>\n<\/ol>\n\n                    <\/div>\n                  <\/text>\n                <\/div>\n                              <\/div>\n            <\/div>\n          <\/div>\n                  <div\n                                                            x-data=\"{ open: false }\"\n                                x-on:click=\"open = !open\"\n                x-bind:class=\"{ 'card--open': open, 'card--closed': !open }\"\n                                      class=\"col item flex card--collapsible card--collapsible-standard\">\n            <div class=\"card p-0 match-heading-heights w-full h-100 flex flex-col bg-text-dark bg-teal-100  shadow\">\n                                                        <div class=\"image-wrap !mt-0 relative\">\n                                <img decoding=\"async\" src=\"https:\/\/www.columbiaskylights.com\/wp-content\/uploads\/2023\/06\/fakro-drf-skylight-grass-roof.jpg\" class=\"w-full h-auto pt-6 md:pt-8 px-6 md:px-8\" alt=\"Fakro drf skylight grass roof\" height=\"796\" width=\"944\" title=\"\">\n    \t              <\/div>\n                            <div class=\"feature-body-wrap flex flex-col flex-grow px-2 py-5 sm:p-4.5 sm:py-7 sm:pb-8 md:pb-12 md:px-8 \">\n                <div class=\"feature-body flex-grow\">\n                                      <h5 class=\"h6 card-title text-left !font-semibold text-black-700 mb-0\">Installation De Toiture Verte Avec Base Suppl\u00e9mentaire XRD\/W<\/h5>\n                                    <text class=\"card__content wp-editor block text-dark\">\n                    <div class=\"inner  pt-3 sm:pt-6 \">\n                      <ul>\n<li>Les puits de lumi\u00e8re en verre pour toits plats peuvent \u00e9galement \u00eatre mont\u00e9s sur une base suppl\u00e9mentaire XRD\/W d\u2019une hauteur de 5\u215e\u201d pour une installation sur des toits verts ou v\u00e9g\u00e9talis\u00e9s.<br \/>\n<img decoding=\"async\" class=\"alignnone size-full wp-image-21602\" src=\"https:\/\/www.columbiaskylights.com\/wp-content\/uploads\/2023\/06\/base-xrd.jpg\" alt=\"Base Xrd\" width=\"768\" height=\"530\" srcset=\"https:\/\/www.columbiaskylights.com\/wp-content\/uploads\/2023\/06\/base-xrd.jpg 768w, https:\/\/www.columbiaskylights.com\/wp-content\/uploads\/2023\/06\/base-xrd-300x207.jpg 300w\" sizes=\"(max-width: 768px) 100vw, 768px\" title=\"\"><\/li>\n<li>Deux bases XRD peuvent \u00eatre install\u00e9es l\u2019une sur l\u2019autre pour des applications n\u00e9cessitant une hauteur suppl\u00e9mentaire, comme un toit \u201cvert\u201d.<br \/>\n<a href=\"https:\/\/youtu.be\/a42b78BJZBk\" data-lity=\"\" rel=\"noopener\">Voir les instructions d\u2019installation.<\/a><\/li>\n<\/ul>\n<p><img decoding=\"async\" class=\"alignnone size-full wp-image-6737\" src=\"https:\/\/www.columbiaskylights.com\/wp-content\/uploads\/2023\/06\/fakro-drf-skylight-dimensions.jpg\" alt=\"Fakro Drf Skylight Dimensions\" width=\"931\" height=\"417\" srcset=\"https:\/\/www.columbiaskylights.com\/wp-content\/uploads\/2023\/06\/fakro-drf-skylight-dimensions.jpg 931w, https:\/\/www.columbiaskylights.com\/wp-content\/uploads\/2023\/06\/fakro-drf-skylight-dimensions-300x134.jpg 300w, https:\/\/www.columbiaskylights.com\/wp-content\/uploads\/2023\/06\/fakro-drf-skylight-dimensions-768x344.jpg 768w\" sizes=\"(max-width: 931px) 100vw, 931px\" title=\"\"><\/p>\n\n                    <\/div>\n                  <\/text>\n                <\/div>\n                              <\/div>\n            <\/div>\n          <\/div>\n                  <div\n                                                            x-data=\"{ open: false }\"\n                                x-on:click=\"open = !open\"\n                x-bind:class=\"{ 'card--open': open, 'card--closed': !open }\"\n                                      class=\"col item flex card--collapsible card--collapsible-standard\">\n            <div class=\"card p-0 match-heading-heights w-full h-100 flex flex-col bg-text-dark bg-teal-100  shadow\">\n                                                        <div class=\"image-wrap !mt-0 relative\">\n                                <img decoding=\"async\" src=\"https:\/\/www.columbiaskylights.com\/wp-content\/uploads\/2023\/06\/fakro-drf-flat-roof-skylights-hotel.jpg\" class=\"w-full h-auto pt-6 md:pt-8 px-6 md:px-8\" alt=\"Fakro drf flat roof skylights hotel\" height=\"796\" width=\"944\" title=\"\">\n    \t              <\/div>\n                            <div class=\"feature-body-wrap flex flex-col flex-grow px-2 py-5 sm:p-4.5 sm:py-7 sm:pb-8 md:pb-12 md:px-8 \">\n                <div class=\"feature-body flex-grow\">\n                                      <h5 class=\"h6 card-title text-left !font-semibold text-black-700 mb-0\">Design Architectural \u00e9l\u00e9gant<\/h5>\n                                    <text class=\"card__content wp-editor block text-dark\">\n                    <div class=\"inner  pt-3 sm:pt-6 \">\n                      <ul>\n<li>Les puits de lumi\u00e8re \u00e0 toit plat de FAKRO sont con\u00e7us pour \u00eatre une caract\u00e9ristique architecturale spectaculaire, \u00e9l\u00e9gante et moderne. En utilisant les derni\u00e8res technologies et mat\u00e9riaux pour faire progresser leur conception.<\/li>\n<li>Cr\u00e9ez un effet \u00ab wow \u00bb architectural qui attirera l&rsquo;attention. Le design compl\u00e8te le style esth\u00e9tique des architectes et des designers modernes.<\/li>\n<li>La s\u00e9rie de puits de lumi\u00e8re \u00e0 toit plat de FAKRO (\u00e0 triple et double vitrage) peut \u00eatre install\u00e9e individuellement, en rang\u00e9e ou en groupe. Discutez des exigences structurelles n\u00e9cessaires avec votre architecte et votre ing\u00e9nieur.<\/li>\n<\/ul>\n\n                    <\/div>\n                  <\/text>\n                <\/div>\n                              <\/div>\n            <\/div>\n          <\/div>\n              <\/div>\n      <\/div>\n              <\/section>\n\n\n<section id=\"block_d046b195ce206e71b0d5679745adde4b\" class=\" columbia-block relative overflow-hidden wp-block-multi-column block-w-full text-dark bg-white  p-top-default p-bottom-default\" >\n          <div class=\" block-inner relative container mx-auto\" >\n        <div class=\"block-intro-wrap z-0 relative  pb-12 lg:pb-16 last:pb-0 border-current border-t pt-6 md:pt-16\">\n    \n        <div class=\"block-title grow  mx-auto max-w-6xl\">\n            <h2 class=\" h3 text-center\">Unit\u00e9 de vitrage Premium DU6 et DU8 de FAKRO<\/h2>\n    <\/div>\n    \n    \n          <\/div>\n        <div class=\"col-wrapper col-gutter-lg row-gutter-lg \">\n      <div class=\"col-wrapper-inner flex flex-wrap   \">\n                            <div class=\"column w-full corners- md:w-6\/12  1 tab-group\">\n                                                            <div class=\"column-inner      \">\n              <div class=\"column-content match-col-height wp-editor \">\n                                                  <p><img decoding=\"async\" class=\"alignnone size-full wp-image-21952\" src=\"https:\/\/www.columbiaskylights.com\/wp-content\/uploads\/2023\/06\/du6-advantages-fr-1.png\" alt=\"Du6 Advantages Fr\" width=\"1526\" height=\"869\" srcset=\"https:\/\/www.columbiaskylights.com\/wp-content\/uploads\/2023\/06\/du6-advantages-fr-1.png 1526w, https:\/\/www.columbiaskylights.com\/wp-content\/uploads\/2023\/06\/du6-advantages-fr-1-300x171.png 300w, https:\/\/www.columbiaskylights.com\/wp-content\/uploads\/2023\/06\/du6-advantages-fr-1-1024x583.png 1024w, https:\/\/www.columbiaskylights.com\/wp-content\/uploads\/2023\/06\/du6-advantages-fr-1-768x437.png 768w\" sizes=\"(max-width: 1526px) 100vw, 1526px\" title=\"\"><\/p>\n<p><span class=\"text-sm\">Une version plus \u00e9conomique D_G-P2 (Temp\u00e9r\u00e9\/Lamin\u00e9) est \u00e9galement disponible sur commande sp\u00e9ciale.<\/span><\/p>\n\n                                \n                \n                \n                              <\/div>\n            <\/div>\n                      <\/div>\n                            <div class=\"column w-full corners- md:w-6\/12  2 tab-group\">\n                                                            <div class=\"column-inner      \">\n              <div class=\"column-content match-col-height wp-editor \">\n                                                  <p><img decoding=\"async\" class=\"alignnone size-full wp-image-21588\" src=\"https:\/\/www.columbiaskylights.com\/wp-content\/uploads\/2023\/06\/du8-specs-fr.svg\" alt=\"Du8 Specs Fr\" width=\"763\" height=\"434\" title=\"\"><\/p>\n\n                                \n                \n                \n                              <\/div>\n            <\/div>\n                      <\/div>\n              <\/div>\n    <\/div>\n      <\/div>\n              <\/section>\n\n\n<section id=\"block_ac4165d57db417dc65d224c4af10731c\" class=\" columbia-block relative overflow-hidden wp-block-image-features block-w-full text-dark bg-teal-100  p-top-default p-bottom-default\" >\n          <div class=\" block-inner relative container mx-auto\" >\n        <div class=\"block-intro-wrap z-0 relative narrow pb-11 lg:pb-22 last:pb-0\">\n    \n        <div class=\"block-title grow  mx-auto max-w-6xl\">\n            <h3 class=\" text-center\">LES CARACT\u00c9RISTIQUES DU VERRE FEUILLET\u00c9 DE FAKRO<\/h3>\n    <\/div>\n    \n    \n          <div class=\"mt-6 lg:mt-12 relative z-0 block-intro  mx-auto max-w-6xl lg:max-w-6xxl text-xl\">FAKRO propose du verre feuillet\u00e9 sur tous ses puits de lumi\u00e8re et fen\u00eatres de toit. FAKRO utilise plusieurs configurations de vitrage diff\u00e9rentes en fonction des exigences du puits de lumi\u00e8re ou de la fen\u00eatre de toit. Cela inclut le double vitrage, le triple vitrage et maintenant le premier quadruple vitrage au Canada. Le verre feuillet\u00e9 pr\u00e9sente de nombreux avantages.<\/div>\n          <\/div>\n      <div class=\"image-features grid md:grid-cols-2 xl:grid-cols-4 items-start gap-8 md:gap-11 lg:gap-10 xxl:gap-22\">\n                  <div class=\"image-feature item flex flex-col md:flex-col items-center justify-center md:items-start md:justify-start\">\n                          <div class=\"feature-image flex grow-0 shrink-0 mdd:justify-center align-end match-height max-w-60 sm:max-w-70 md:max-w-80 xl:max-w-full   max-w-full mb-4 md:mb-8 w-[200px] md:w-auto\">\n                                <picture>\n        <source media=\"(max-width: 767.9px)\" srcset=\"https:\/\/www.columbiaskylights.com\/wp-content\/uploads\/2023\/12\/superior-sound-production-mobile-pad.svg\">\n        <source media=\"(min-width: 768px)\" srcset=\"https:\/\/www.columbiaskylights.com\/wp-content\/uploads\/2022\/02\/sound-reduction-airplane-2.svg\">\n        <img decoding=\"async\" src=\"https:\/\/www.columbiaskylights.com\/wp-content\/uploads\/2022\/02\/sound-reduction-airplane-2.svg\" class=\" max-w-full smd:max-w-[160px]\" alt=\"Sound reduction airplane\" title=\"\">\n      <\/picture>\n    \t              <\/div>\n                                      <div class=\"image-feature-content\">\n                                  <h5 class=\"image-feature-title mb-2 md:mb-4 text-black-800 font-semibold text-left tracking-normal normal-case\">R\u00e9duction sonore sup\u00e9rieure<\/h5>\n                                                  <div class=\"image-feature-text wp-editor\"><p>R\u00e9duit les effets du bruit jusqu\u2019\u00e0 30 % par rapport au double vitrage standard, et jusqu\u2019\u00e0 50 % de moins qu\u2019un puits de lumi\u00e8re en plastique. Laissez entrer la lumi\u00e8re naturelle sans les bruits suppl\u00e9mentaires, dus par exemple \u00e0 circulation routi\u00e8re ou a\u00e9rienne.<\/p>\n<\/div>\n                              <\/div>\n                      <\/div>\n                  <div class=\"image-feature item flex flex-col md:flex-col items-center justify-center md:items-start md:justify-start\">\n                          <div class=\"feature-image flex grow-0 shrink-0 mdd:justify-center align-end match-height max-w-60 sm:max-w-70 md:max-w-80 xl:max-w-full   max-w-full mb-4 md:mb-8 w-[200px] md:w-auto\">\n                                <picture>\n        <source media=\"(max-width: 767.9px)\" srcset=\"https:\/\/www.columbiaskylights.com\/wp-content\/uploads\/2023\/12\/additional-security-mobile-pad.svg\">\n        <source media=\"(min-width: 768px)\" srcset=\"https:\/\/www.columbiaskylights.com\/wp-content\/uploads\/2022\/02\/hammer-resistant-security-glass-1.svg\">\n        <img decoding=\"async\" src=\"https:\/\/www.columbiaskylights.com\/wp-content\/uploads\/2022\/02\/hammer-resistant-security-glass-1.svg\" class=\" max-w-full smd:max-w-[160px]\" alt=\"Hammer resistant security glass\" title=\"\">\n      <\/picture>\n    \t              <\/div>\n                                      <div class=\"image-feature-content\">\n                                  <h5 class=\"image-feature-title mb-2 md:mb-4 text-black-800 font-semibold text-left tracking-normal normal-case\">Plus de s\u00e9curit\u00e9<\/h5>\n                                                  <div class=\"image-feature-text wp-editor\"><p>Le verre feuillet\u00e9 est plus difficile \u00e0 briser et \u00e0 p\u00e9n\u00e9trer. D\u00e8s lors, si vous \u00eates pr\u00e9occup\u00e9 par la s\u00e9curit\u00e9, cela vaut la peine d\u2019y r\u00e9fl\u00e9chir. La couche interm\u00e9diaire en vinyle maintient le verre en cas de bris.<\/p>\n<\/div>\n                              <\/div>\n                      <\/div>\n                  <div class=\"image-feature item flex flex-col md:flex-col items-center justify-center md:items-start md:justify-start\">\n                          <div class=\"feature-image flex grow-0 shrink-0 mdd:justify-center align-end match-height max-w-60 sm:max-w-70 md:max-w-80 xl:max-w-full   max-w-full mb-4 md:mb-8 w-[200px] md:w-auto\">\n                                <picture>\n        <source media=\"(max-width: 767.9px)\" srcset=\"https:\/\/www.columbiaskylights.com\/wp-content\/uploads\/2023\/12\/uv-protection-mobile-pad.svg\">\n        <source media=\"(min-width: 768px)\" srcset=\"https:\/\/www.columbiaskylights.com\/wp-content\/uploads\/2022\/02\/uv-protected-glass-1.svg\">\n        <img decoding=\"async\" src=\"https:\/\/www.columbiaskylights.com\/wp-content\/uploads\/2022\/02\/uv-protected-glass-1.svg\" class=\" max-w-full smd:max-w-[160px]\" alt=\"Uv protected glass\" title=\"\">\n      <\/picture>\n    \t              <\/div>\n                                      <div class=\"image-feature-content\">\n                                  <h5 class=\"image-feature-title mb-2 md:mb-4 text-black-800 font-semibold text-left tracking-normal normal-case\">Meilleure protection UV de sa cat\u00e9gorie<\/h5>\n                                                  <div class=\"image-feature-text wp-editor\"><p>Le verre feuillet\u00e9 laisse entrer la lumi\u00e8re, mais prot\u00e8ge votre maison des rayons UV. Le choix id\u00e9al pour \u00e9viter la d\u00e9coloration de vos sols, meubles et \u0153uvres d\u2019art.<\/p>\n<\/div>\n                              <\/div>\n                      <\/div>\n                  <div class=\"image-feature item flex flex-col md:flex-col items-center justify-center md:items-start md:justify-start\">\n                          <div class=\"feature-image flex grow-0 shrink-0 mdd:justify-center align-end match-height max-w-60 sm:max-w-70 md:max-w-80 xl:max-w-full   max-w-full mb-4 md:mb-8 w-[200px] md:w-auto\">\n                                <picture>\n        <source media=\"(max-width: 767.9px)\" srcset=\"https:\/\/www.columbiaskylights.com\/wp-content\/uploads\/2023\/12\/increased-safety-mobile-pad.svg\">\n        <source media=\"(min-width: 768px)\" srcset=\"https:\/\/www.columbiaskylights.com\/wp-content\/uploads\/2023\/11\/increased-safety.svg\">\n        <img decoding=\"async\" src=\"https:\/\/www.columbiaskylights.com\/wp-content\/uploads\/2023\/11\/increased-safety.svg\" class=\" max-w-full smd:max-w-[160px]\" alt=\"increased-safety\" title=\"\">\n      <\/picture>\n    \t              <\/div>\n                                      <div class=\"image-feature-content\">\n                                  <h5 class=\"image-feature-title mb-2 md:mb-4 text-black-800 font-semibold text-left tracking-normal normal-case\">Plus de s\u00e9curit\u00e9<\/h5>\n                                                  <div class=\"image-feature-text wp-editor\"><p>Le verre feuillet\u00e9 offre plus de s\u00e9curit\u00e9. M\u00eame lorsqu\u2019il est cass\u00e9, il ne se disperse pas, car les deux couches int\u00e9rieures de verre sont coll\u00e9es \u00e0 une fine membrane en plastique.<\/p>\n<p>De nombreux codes du b\u00e2timent exigent du verre feuillet\u00e9 pour les endroits difficilement accessibles.<\/p>\n<\/div>\n                              <\/div>\n                      <\/div>\n              <\/div>\n      <\/div>\n              <\/section>\n\n\n<section id=\"block_844779ccd0fb62a4b39af0319cd4bd16\" class=\" columbia-block relative overflow-hidden wp-block-product-sizing-charts block-w-full text-dark bg-teal bg-top-shadow p-top-default p-bottom-default\" >\n          <div class=\" block-inner relative container mx-auto\"  x-data=\"sizingChart\">\n        <div class=\"block-intro-wrap z-0 relative  pb-11 lg:pb-22 last:pb-0\">\n    \n        <div class=\"block-title grow  mx-auto max-w-6xl\">\n            <h2 class=\" h3 text-center\">Tailles pour le puits de lumi\u00e8re d\u2019acc\u00e8s au toit plat DRF<\/h2>\n    <\/div>\n    \n    \n          <\/div>\n          <div class=\"grid mb-12 grid-cols-1 md:grid-cols-2 lg:grid-cols-3 text-center max-w-[1140px] gap-12 lg:gap-30 mx-auto\">\n      <div class=\"mdd:hidden\">\n              <\/div>\n      <div>\n        <div class=\"flex flex-row justify-center\">\n          <button x-on:click=\"toggleUnits()\" :class=\"isImperial ? 'btn-green-800' : 'btn-grey'\">UNIT\u00c9S IMP\u00c9RIALES<\/button>\n          <button x-on:click=\"toggleUnits()\" :class=\"!isImperial ? 'btn-green-800' : 'btn-grey'\">UNIT\u00c9S M\u00c9TRIQUES<\/button>\n        <\/div>\n              <\/div>\n          <\/div>\n    \n    \n          <table class=\"hidden font-narrow lg:block sizing-chart w-full mx-auto mt-30 pl-8 xxxl:pl-0\" style=\"max-width: 1049.2051282051px; width: clamp(768, 655.75320512821%, 100%) ;\">\n        <tr>\n                    <th width=\"1%\" class=\"p-3 leading-tight text-left\">Ouverture brute<\/th>\n                                <th data-imperialvalue=\"29&#8542;\" data-metricvalue=\"759\"><span class=\"data-value whitespace-nowrap\">29&#8542;<\/span><\/th>\n                      <th data-imperialvalue=\"34&frac34;\" data-metricvalue=\"886\"><span class=\"data-value whitespace-nowrap\">34&frac34;<\/span><\/th>\n                      <th data-imperialvalue=\"46&#8541;\" data-metricvalue=\"1186\"><span class=\"data-value whitespace-nowrap\">46&#8541;<\/span><\/th>\n                  <\/tr>\n        \n                            <tr>\n            <th data-imperialvalue=\"29&#8542;\" data-metricvalue=\"759\"><span class=\"data-value whitespace-nowrap inline-block\">29&#8542;<\/span><\/th>\n\n                                        <td x-data=\"\" class=\"relative  text-white bg-fakro-medium hover:bg-green-800\" width=\"21.766848816029%\">\n                                  <template x-ref=\"imperial_template\">\n                    <div class=\"h6 mb-2\">Mod\u00e8le 30\/30<\/div>\n                                                                                            <div class=\"text-lg mt-2\"><strong>Ouverture brute (l x h)<\/strong><br\/>29&#8542;\u00a0\u00bb x 29&#8542;&rdquo;<\/div>\n                                                                                                <div class=\"text-lg mt-2\"><strong>Ext\u00e9rieur du cadre (l x h)<\/strong><br\/>39&frac14;\u00a0\u00bb x 39&frac14;&rdquo;<\/div>\n                                                                  \n                                          <div class=\"text-lg mt-2\"><strong>Surface vitr\u00e9e<\/strong><br\/>4.52 sq.ft.<\/div>\n                                      <\/template>\n                  <template x-ref=\"metric_template\">\n                    <div class=\"h6 mb-2\">Mod\u00e8le 30\/30<\/div>\n                                                                                            <div class=\"text-lg mt-2\"><strong>Ouverture brute (l x h)<\/strong><br\/>759mm x 759mm<\/div>\n                                                                                                <div class=\"text-lg mt-2\"><strong>Ext\u00e9rieur du cadre (l x h)<\/strong><br\/>995mm x 995mm<\/div>\n                                                                  \n                                          <div class=\"text-lg mt-2\"><strong>Surface vitr\u00e9e<\/strong><br\/>0.42 m<sup>2<\/sup><\/div>\n                                      <\/template>\n                                    <button class=\"size-md\" style=\"aspect-ratio: 759 \/ 759\"  x-tooltip=\"{\n                      content: (!isImperial ? $refs.metric_template.innerHTML : $refs.imperial_template.innerHTML),\n                      allowHTML: true,\n                      appendTo: $root,\n                  }\">\n                    Mod\u00e8le<br\/>30\/30\n\n                                      <\/button>\n                              <\/td>\n                                        <td  class=\"relative \" width=\"0%\">\n                              <\/td>\n                                        <td  class=\"relative \" width=\"0%\">\n                              <\/td>\n                      <\/tr>\n                            <tr>\n            <th data-imperialvalue=\"34&frac34;\" data-metricvalue=\"886\"><span class=\"data-value whitespace-nowrap inline-block\">34&frac34;<\/span><\/th>\n\n                                        <td x-data=\"\" class=\"relative  text-white bg-fakro-medium hover:bg-green-800\" width=\"21.766848816029%\">\n                                  <template x-ref=\"imperial_template\">\n                    <div class=\"h6 mb-2\">Mod\u00e8le 30\/36<\/div>\n                                                                                            <div class=\"text-lg mt-2\"><strong>Ouverture brute (l x h)<\/strong><br\/>29&#8542;\u00a0\u00bb x 34&frac34;&rdquo;<\/div>\n                                                                                                <div class=\"text-lg mt-2\"><strong>Ext\u00e9rieur du cadre (l x h)<\/strong><br\/>39&frac14;\u00a0\u00bb x 44&#8539;&rdquo;<\/div>\n                                                                  \n                                          <div class=\"text-lg mt-2\"><strong>Surface vitr\u00e9e<\/strong><br\/>5.43 sq.ft.<\/div>\n                                      <\/template>\n                  <template x-ref=\"metric_template\">\n                    <div class=\"h6 mb-2\">Mod\u00e8le 30\/36<\/div>\n                                                                                            <div class=\"text-lg mt-2\"><strong>Ouverture brute (l x h)<\/strong><br\/>759mm x 886mm<\/div>\n                                                                                                <div class=\"text-lg mt-2\"><strong>Ext\u00e9rieur du cadre (l x h)<\/strong><br\/>995mm x 1120mm<\/div>\n                                                                  \n                                          <div class=\"text-lg mt-2\"><strong>Surface vitr\u00e9e<\/strong><br\/>0.5 m<sup>2<\/sup><\/div>\n                                      <\/template>\n                                    <button class=\"size-md\" style=\"aspect-ratio: 759 \/ 886\"  x-tooltip=\"{\n                      content: (!isImperial ? $refs.metric_template.innerHTML : $refs.imperial_template.innerHTML),\n                      allowHTML: true,\n                      appendTo: $root,\n                  }\">\n                    Mod\u00e8le<br\/>30\/36\n\n                                      <\/button>\n                              <\/td>\n                                        <td x-data=\"\" class=\"relative  text-white bg-fakro-medium hover:bg-green-800\" width=\"25.318761384335%\">\n                                  <template x-ref=\"imperial_template\">\n                    <div class=\"h6 mb-2\">Mod\u00e8le 36\/36<\/div>\n                                                                                            <div class=\"text-lg mt-2\"><strong>Ouverture brute (l x h)<\/strong><br\/>34&frac34;\u00a0\u00bb x 34&frac34;&rdquo;<\/div>\n                                                                                                <div class=\"text-lg mt-2\"><strong>Ext\u00e9rieur du cadre (l x h)<\/strong><br\/>44&#8539;\u00a0\u00bb x 44&#8539;&rdquo;<\/div>\n                                                                  \n                                          <div class=\"text-lg mt-2\"><strong>Surface vitr\u00e9e<\/strong><br\/>6.46 sq.ft.<\/div>\n                                      <\/template>\n                  <template x-ref=\"metric_template\">\n                    <div class=\"h6 mb-2\">Mod\u00e8le 36\/36<\/div>\n                                                                                            <div class=\"text-lg mt-2\"><strong>Ouverture brute (l x h)<\/strong><br\/>886mm x 886mm<\/div>\n                                                                                                <div class=\"text-lg mt-2\"><strong>Ext\u00e9rieur du cadre (l x h)<\/strong><br\/>1120mm x 1120mm<\/div>\n                                                                  \n                                          <div class=\"text-lg mt-2\"><strong>Surface vitr\u00e9e<\/strong><br\/>0.6 m<sup>2<\/sup><\/div>\n                                      <\/template>\n                                    <button class=\"size-md\" style=\"aspect-ratio: 886 \/ 886\"  x-tooltip=\"{\n                      content: (!isImperial ? $refs.metric_template.innerHTML : $refs.imperial_template.innerHTML),\n                      allowHTML: true,\n                      appendTo: $root,\n                  }\">\n                    Mod\u00e8le<br\/>36\/36\n\n                                      <\/button>\n                              <\/td>\n                                        <td  class=\"relative \" width=\"0%\">\n                              <\/td>\n                      <\/tr>\n                            <tr>\n            <th data-imperialvalue=\"46&#8541;\" data-metricvalue=\"1186\"><span class=\"data-value whitespace-nowrap inline-block\">46&#8541;<\/span><\/th>\n\n                                        <td  class=\"relative \" width=\"0%\">\n                              <\/td>\n                                        <td x-data=\"\" class=\"relative  text-white bg-fakro-medium hover:bg-green-800\" width=\"25.318761384335%\">\n                                  <template x-ref=\"imperial_template\">\n                    <div class=\"h6 mb-2\">Mod\u00e8le 36\/48<\/div>\n                                                                                            <div class=\"text-lg mt-2\"><strong>Ouverture brute (l x h)<\/strong><br\/>34&frac34;\u00a0\u00bb x 46&#8541;&rdquo;<\/div>\n                                                                                                <div class=\"text-lg mt-2\"><strong>Ext\u00e9rieur du cadre (l x h)<\/strong><br\/>44&frac14;\u00a0\u00bb x 55&#8542;&rdquo;<\/div>\n                                                                  \n                                          <div class=\"text-lg mt-2\"><strong>Surface vitr\u00e9e<\/strong><br\/>8.93 sq.ft.<\/div>\n                                      <\/template>\n                  <template x-ref=\"metric_template\">\n                    <div class=\"h6 mb-2\">Mod\u00e8le 36\/48<\/div>\n                                                                                            <div class=\"text-lg mt-2\"><strong>Ouverture brute (l x h)<\/strong><br\/>886mm x 1186mm<\/div>\n                                                                                                <div class=\"text-lg mt-2\"><strong>Ext\u00e9rieur du cadre (l x h)<\/strong><br\/>1120mm x 1420mm<\/div>\n                                                                  \n                                          <div class=\"text-lg mt-2\"><strong>Surface vitr\u00e9e<\/strong><br\/>0.83 m<sup>2<\/sup><\/div>\n                                      <\/template>\n                                    <button class=\"size-md\" style=\"aspect-ratio: 886 \/ 1186\"  x-tooltip=\"{\n                      content: (!isImperial ? $refs.metric_template.innerHTML : $refs.imperial_template.innerHTML),\n                      allowHTML: true,\n                      appendTo: $root,\n                  }\">\n                    Mod\u00e8le<br\/>36\/48\n\n                                      <\/button>\n                              <\/td>\n                                        <td x-data=\"\" class=\"relative  text-white bg-fakro-medium hover:bg-green-800\" width=\"33.970856102004%\">\n                                  <template x-ref=\"imperial_template\">\n                    <div class=\"h6 mb-2\">Mod\u00e8le 48\/48<\/div>\n                                                                                            <div class=\"text-lg mt-2\"><strong>Ouverture brute (l x h)<\/strong><br\/>46&#8541;\u00a0\u00bb x 46&#8541;&rdquo;<\/div>\n                                                                                                <div class=\"text-lg mt-2\"><strong>Ext\u00e9rieur du cadre (l x h)<\/strong><br\/>55&#8542;\u00a0\u00bb x 55&#8542;&rdquo;<\/div>\n                                                                  \n                                          <div class=\"text-lg mt-2\"><strong>Surface vitr\u00e9e<\/strong><br\/>12.49 sq.ft.<\/div>\n                                      <\/template>\n                  <template x-ref=\"metric_template\">\n                    <div class=\"h6 mb-2\">Mod\u00e8le 48\/48<\/div>\n                                                                                            <div class=\"text-lg mt-2\"><strong>Ouverture brute (l x h)<\/strong><br\/>1186mm x 1186mm<\/div>\n                                                                                                <div class=\"text-lg mt-2\"><strong>Ext\u00e9rieur du cadre (l x h)<\/strong><br\/>1420mm x 1420mm<\/div>\n                                                                  \n                                          <div class=\"text-lg mt-2\"><strong>Surface vitr\u00e9e<\/strong><br\/>1.16 m<sup>2<\/sup><\/div>\n                                      <\/template>\n                                    <button class=\"size-md\" style=\"aspect-ratio: 1186 \/ 1186\"  x-tooltip=\"{\n                      content: (!isImperial ? $refs.metric_template.innerHTML : $refs.imperial_template.innerHTML),\n                      allowHTML: true,\n                      appendTo: $root,\n                  }\">\n                    Mod\u00e8le<br\/>48\/48\n\n                                      <\/button>\n                              <\/td>\n                      <\/tr>\n                      <\/table>\n              <hr class=\"mdd:hidden mt-12 lg:mt-28 pb-12\" \/>\n      \n      <div class=\"summary-sizing-charts mb-4 md:mb-8 lg:mb-12 xl:mb-16\">\n                      <div class=\"block-intro-wrap z-0 relative mdd:hidden pb-11 lg:pb-22 last:pb-0\">\n    \n        <div class=\"block-title grow self-center mx-auto max-w-6xl\">\n            <h2 class=\"md:pt-8 lg:pt-0 h5 text-center\">Tableau des dimensions \u2013 R\u00e9capitulatif<\/h2>\n    <\/div>\n    \n    \n          <\/div>\n        <div class=\"chart-images mb-8\" style=\"max-width: 1206.1245839277px;\">\n          <div x-show=\"!isImperial\">\n            <img decoding=\"async\" src=\"https:\/\/www.columbiaskylights.com\/wp-content\/uploads\/2023\/06\/drf-size-chart-summary-metric-fr.png\" class=\"\" alt=\"Drf Size Chart Summary Metric Fr\" height=\"757\" width=\"3056\" title=\"\">\n    \t          <\/div>\n          <div x-show=\"isImperial\">\n            <img decoding=\"async\" src=\"https:\/\/www.columbiaskylights.com\/wp-content\/uploads\/2023\/06\/drf-size-chart-summary-imperial-fr.png\" class=\"\" alt=\"Drf Size Chart Summary Imperial Fr\" height=\"757\" width=\"3056\" title=\"\">\n    \t          <\/div>\n          <div class=\"chart-footer mt-2 text-left\">\n          <\/div>\n        <\/div>\n            <p class=\"text-sm md:hidden mt-4 mb-8\">Pincer pour agrandir.<\/p>\n                <\/div>\n    <hr class=\"mb-20\" \/>\n<div class=\"mx-auto max-w-7xl\">\n  <div class=\"text-center mb-11 mx-auto max-w-5xl\">\n    <h3 class=\"mb-11\">Informations techniques<\/h3>\n    <p>Chaque mod\u00e8le est accompagn\u00e9 d\u2019un ensemble d\u2019informations t\u00e9l\u00e9chargeables pour vous guider dans le choix, les caract\u00e9ristiques et l\u2019installation de notre produit. Si vous ne trouvez pas ce dont vous avez besoin, n\u2019h\u00e9sitez pas \u00e0 contacter l\u2019\u00e9quipe du service client de Columbia au <span class=\"whitespace-nowrap\">604-437-3377<\/span> (sans frais : <span class=\"whitespace-nowrap\">1-888-437-5557<\/span>) ou par courriel \u00e0 <a href=\"mailto:info@columbiaskylights.com\">info@columbiaskylights.com<\/a>.<\/p>\n\n  <\/div>\n  <div class=\"flex flex-col md:flex-row justify-center gap-6 md:grid-cols-2 lg:gap-8\">\n                <div class=\"match-col-height product-cta-wrapper h-full card flex flex-col bg-white basis-1\/2 xl:basis-1\/5\">\n        <div class=\"match-height h6 text-white text-center !uppercase py-3 md:py-5 px-4 bg-green\">T\u00c9L\u00c9CHARGER LE TABLEAU DES DIMENSIONS<\/div>\n        <img decoding=\"async\" src=\"https:\/\/www.columbiaskylights.com\/wp-content\/uploads\/2023\/05\/download-size-chart-cta.jpg\" class=\"w-full h-auto\" alt=\"Download size chart cta\" height=\"684\" width=\"832\" title=\"\">\n    \t        <div class=\"flex flex-col grow p-6 lg:pt-6 lg:pb-12\">\n          <div class=\"grow mb-8 lg:mb-12\">\n            T\u00e9l\u00e9chargez une version PDF du tableau des dimensions pour ce mod\u00e8le comme r\u00e9f\u00e9rence.<br \/>\r\n<br \/>\r\nLe tableau des dimensions est en unit\u00e9s imp\u00e9riales et m\u00e9triques.\n          <\/div>\n          <div class=\"text-center\" x-show=\"!isImperial\"><a href=\"https:\/\/www.columbiaskylights.com\/wp-content\/uploads\/2023\/06\/drf-size-chart-summary-print-metric-fr.pdf\" class=\" btn-green\" rel=\"noreferer noopener nofollow\" target=\"_blank\">T\u00e9l\u00e9charger<\/a>\n<\/div>\n          <div class=\"text-center\" x-show=\"isImperial\"><a href=\"https:\/\/www.columbiaskylights.com\/wp-content\/uploads\/2023\/06\/drf-size-chart-summary-print-imperial-fr.pdf\" class=\" btn-green\" rel=\"noreferer noopener nofollow\" target=\"_blank\">T\u00e9l\u00e9charger<\/a>\n<\/div>\n        <\/div>\n      <\/div>\n                        <div class=\"match-col-height product-cta-wrapper h-full card flex flex-col bg-white basis-1\/2 xl:basis-1\/5\" x-data=\"ajaxModal('https:\/\/www.columbiaskylights.com\/fr\/produits\/fakro-drf-puits-de-lumiere-dacces-au-toit-plat\/specifications')\" x-on:keydown.escape=\"showModal = false\" class=\"cta-has-modal\">\n        <div class=\"match-height h6 text-white text-center !uppercase py-3 md:py-5 px-4 bg-green\">DESSINS ET <br\/>CARACT\u00c9RISTIQUES<\/div>\n        <img decoding=\"async\" src=\"https:\/\/www.columbiaskylights.com\/wp-content\/uploads\/2023\/05\/drawings-and-specs-cta.jpg\" class=\"w-full h-auto\" alt=\"Drawings and specs cta\" height=\"684\" width=\"832\" title=\"\">\n    \t        <div class=\"flex flex-col grow p-6 lg:pt-6 lg:pb-12\">\n          <div class=\"grow mb-8 lg:mb-12\">\n            T\u00e9l\u00e9chargez un dessin 3D (fichier CAO .dwg), un mod\u00e8le BIM (.rfa) et des coupes transversales au format .dwg et PDF. <br \/>\r\n<br \/>\r\nCaract\u00e9ristiques du produit sous forme de document Word ou PDF. <br \/>\r\n<br \/>\r\nPour plusieurs mod\u00e8les, acc\u00e9dez \u00e0 <a href=\"\/fr\/informations-techniques\/dessins-et-caracteristiques\/\">la page Biblioth\u00e8que des dessins et des caract\u00e9ristiques<\/a>.\n          <\/div>\n          <div class=\"text-center\"><button class=\"btn-green\" x-on:click=\"loadModal('')\">VOIR LES FICHIERS<\/button><\/div>\n                      <div\n  x-show=\"showModal\"\n  x.transition\n  tabindex=\"-1\"\n  aria-hidden=\"true\"\n  @click.self=\"showModal = false\"\n  @keyup.escape.window=\"showModal = false\"\n  class=\"w-full h-full fixed top-[60px] right-0 bottom-[60px] left-0 pb-16 overflow-x-hidden overflow-y-auto z-50 bg-white\/50\">\n  <div :class=\"modalWidth == 'wide' ? 'lg:max-w-8xl' : ''\" class=\"relative w-full h-full max-w-2xl md:h-auto mx-auto p-4 md:py-8 lg:py-12 xl:py-16 flex flex-col justify-center items-center\">\n    <div class=\"w-full relative bg-teal rounded-md overflow-hidden p-4 md:p-8 xl:p-18 shadow\">\n      <button x-on:click=\"showModal = false\" class=\"w-4 h-4 md:w-5 md:h-5 absolute top-4 md:top-8 right-4 md:right-8\">\n        <img decoding=\"async\" src=\"https:\/\/www.columbiaskylights.com\/wp-content\/themes\/columbiawp\/public\/images\/icon-close-modal.669df4.svg\" alt=\"Close modal\" class=\"w-full max-w-full h-auto\" title=\"\">\n      <\/button>\n      <div\n        x-show=\"showLoading\"\n        x-transition:leave=\"transition ease-out duration-200\"\n        x-transition:leave-start=\"opacity-100\"\n        x-transition:leave-end=\"opacity-0\"\n        class=\"absolute h-full w-full inset-0 z-20 flex flex-col justify-center items-center text-gray-600 bg-white\"\n      >\n        <svg version=\"1.1\" id=\"L9\" xmlns=\"http:\/\/www.w3.org\/2000\/svg\" xmlns:xlink=\"http:\/\/www.w3.org\/1999\/xlink\" x=\"0px\" y=\"0px\"\n          viewBox=\"0 0 100 100\" enable-background=\"new 0 0 0 0\" xml:space=\"preserve\" class=\"w-16 h-16 fill-current\">\n            <path d=\"M73,50c0-12.7-10.3-23-23-23S27,37.3,27,50 M30.9,50c0-10.5,8.5-19.1,19.1-19.1S69.1,39.5,69.1,50\">\n            <animateTransform attributeName=\"transform\" attributeType=\"XML\" type=\"rotate\" dur=\"1s\" from=\"0 50 50\" to=\"360 50 50\" repeatCount=\"indefinite\" \/>\n          <\/path>\n        <\/svg>\n        Loading&hellip;\n      <\/div>\n      <div x-html=\"html\" class=\"max-h-full overflow-y-auto\"><\/div>\n    <\/div>\n  <\/div>\n<\/div>\n                  <\/div>\n      <\/div>\n                          <div class=\"match-col-height product-cta-wrapper h-full card flex flex-col bg-white basis-1\/2 xl:basis-1\/5\">\n        <div class=\"match-height h6 text-white text-center !uppercase py-3 md:py-5 px-4 bg-green\">FILTRE DE LUMI\u00c8RE ET STORES OCCULTANTS<\/div>\n        <img decoding=\"async\" src=\"https:\/\/www.columbiaskylights.com\/wp-content\/uploads\/2023\/05\/light-filtering-and-blackout-blinds-cta.jpg\" class=\"w-full h-auto\" alt=\"Light filtering and blackout blinds cta\" height=\"684\" width=\"832\" title=\"\">\n    \t        <div class=\"flex flex-col grow p-6 lg:pt-6 lg:pb-12\">\n          <div class=\"grow mb-8 lg:mb-12\">\n            FAKRO produit une vaste gamme de filtres de lumi\u00e8re et de stores occultants de haute qualit\u00e9 dans une gamme de tissus et de couleurs de cr\u00e9ateurs.<br \/>\r\n<br \/>\r\nCon\u00e7u pour compl\u00e9ter la vision de votre architecte d\u2019int\u00e9rieur.\n          <\/div>\n          <div class=\"text-center\">\n            <a class=\"btn-green\" href=\"https:\/\/www.columbiaskylights.com\/fr\/produits\/stores-de-fakro\/\">En savoir plus<\/a>          <\/div>\n        <\/div>\n      <\/div>\n      <\/div>\n<\/div>\n      <\/div>\n              <\/section>\n\n\n<section id=\"block_f50716d0068f9de1f812a6a6f6dd741a\" class=\" columbia-block relative overflow-hidden wp-block-video-embed aligncenter block-w-wide text-dark bg-white  p-top-default p-bottom-default\" >\n          <div class=\" block-inner relative container mx-auto\" >\n        <div class=\"block-intro-wrap z-0 relative  pb-11 lg:pb-22 last:pb-0\">\n    \n        <div class=\"block-title grow  mx-auto max-w-6xl\">\n            <h2 class=\" h3 text-center\">Regardez les vid\u00e9os produit de FAKRO<\/h2>\n    <\/div>\n    \n    \n          <\/div>\n    <div class=\"video-embed__videos grid lg:grid-cols-1 videos-per-row-1 gap-8 lg:gap-22 max-w-7xl mx-auto\">\n              <div class=\"video\">\n          <div id=\"block_f50716d0068f9de1f812a6a6f6dd741a--1\" class=\"video-embed-wrapper relative w-full\">\n                          <div class=\"video-poster z-[1] cursor-pointer absolute inset-0 w-full h-full block !bg-cover\" data-id=\"#block_f50716d0068f9de1f812a6a6f6dd741a--1\" data-type=\"youtube\" style=\"background-image:url(https:\/\/www.columbiaskylights.com\/wp-content\/uploads\/2023\/06\/drf-video-du-produit.jpg)\"><\/div>\n              <svg class=\"video-play transition-all -translate-y-1\/2 -translate-x-1\/2 top-1\/2 left-1\/2 absolute z-[2] pointer-events-none w-[12%] h-auto\" xmlns=\"http:\/\/www.w3.org\/2000\/svg\" width=\"170.721\" height=\"170.722\" viewBox=\"0 0 170.721 170.722\">\n  <g id=\"Group_73802\" data-name=\"Group 73802\" transform=\"translate(-874.639 -14479.636)\">\n    <ellipse id=\"Ellipse_81\" data-name=\"Ellipse 81\" cx=\"81.221\" cy=\"81.221\" rx=\"81.221\" ry=\"81.221\" transform=\"translate(874.639 14488.138) rotate(-3)\" fill=\"#fff\"\/>\n    <path id=\"Polygon_32\" data-name=\"Polygon 32\" d=\"M39.63,0l39.63,49.969H0Z\" transform=\"translate(989.806 14525.507) rotate(90)\" fill=\"#012169\"\/>\n  <\/g>\n<\/svg>            \n                          <div class=\"embed-container\">\n                <iframe title=\"Flat Roof Access Skylight DRF by FAKRO\" width=\"640\" height=\"360\" src=\"https:\/\/www.youtube.com\/embed\/j_ALV_x7KVo?feature=oembed\" frameborder=\"0\" allow=\"accelerometer; autoplay; clipboard-write; encrypted-media; gyroscope; picture-in-picture; web-share\" referrerpolicy=\"strict-origin-when-cross-origin\" allowfullscreen><\/iframe>\n              <\/div>\n                      <\/div>\n\n                      <div class=\"mt-4 text-sm font-normal text-dark\">\n              Vid\u00e9o produit DRF\n            <\/div>\n                  <\/div>\n          <\/div>\n      <\/div>\n              <\/section>\n\n\n<section id=\"block_287b418e09762e5daaee1212e97e4cdf\" class=\" columbia-block relative overflow-hidden wp-block-video-embed aligncenter block-w-wide text-dark bg-white  p-top-default p-bottom-default\" >\n          <div class=\" block-inner relative container mx-auto\" >\n        <div class=\"block-intro-wrap z-0 relative  pb-11 lg:pb-22 last:pb-0\">\n    \n        <div class=\"block-title grow  mx-auto max-w-6xl\">\n            <h2 class=\" h3 text-center\">Regardez les vid\u00e9os d\u2019installation de FAKRO<\/h2>\n    <\/div>\n    \n    \n          <\/div>\n    <div class=\"video-embed__videos grid lg:grid-cols-1 videos-per-row-1 gap-8 lg:gap-22 max-w-7xl mx-auto\">\n              <div class=\"video\">\n          <div id=\"block_287b418e09762e5daaee1212e97e4cdf--1\" class=\"video-embed-wrapper relative w-full\">\n                          <div class=\"video-poster z-[1] cursor-pointer absolute inset-0 w-full h-full block !bg-cover\" data-id=\"#block_287b418e09762e5daaee1212e97e4cdf--1\" data-type=\"youtube\" style=\"background-image:url(https:\/\/www.columbiaskylights.com\/wp-content\/uploads\/2023\/06\/drf-video-d-installation.jpg)\"><\/div>\n              <svg class=\"video-play transition-all -translate-y-1\/2 -translate-x-1\/2 top-1\/2 left-1\/2 absolute z-[2] pointer-events-none w-[12%] h-auto\" xmlns=\"http:\/\/www.w3.org\/2000\/svg\" width=\"170.721\" height=\"170.722\" viewBox=\"0 0 170.721 170.722\">\n  <g id=\"Group_73802\" data-name=\"Group 73802\" transform=\"translate(-874.639 -14479.636)\">\n    <ellipse id=\"Ellipse_81\" data-name=\"Ellipse 81\" cx=\"81.221\" cy=\"81.221\" rx=\"81.221\" ry=\"81.221\" transform=\"translate(874.639 14488.138) rotate(-3)\" fill=\"#fff\"\/>\n    <path id=\"Polygon_32\" data-name=\"Polygon 32\" d=\"M39.63,0l39.63,49.969H0Z\" transform=\"translate(989.806 14525.507) rotate(90)\" fill=\"#012169\"\/>\n  <\/g>\n<\/svg>            \n                          <div class=\"embed-container\">\n                <iframe title=\"FAKRO roof windows - DRF\" width=\"640\" height=\"360\" src=\"https:\/\/www.youtube.com\/embed\/ZqSrr_UHAvI?feature=oembed\" frameborder=\"0\" allow=\"accelerometer; autoplay; clipboard-write; encrypted-media; gyroscope; picture-in-picture; web-share\" referrerpolicy=\"strict-origin-when-cross-origin\" allowfullscreen><\/iframe>\n              <\/div>\n                      <\/div>\n\n                      <div class=\"mt-4 text-sm font-normal text-dark\">\n              Vid\u00e9o d\u2019installation DRF\n            <\/div>\n                  <\/div>\n          <\/div>\n      <\/div>\n              <\/section>\n\n\n<section id=\"block_ecccdd04b720262041999a09374d9908\" class=\" columbia-block relative overflow-hidden wp-block-related-products text-dark bg-white  p-top-default p-bottom-default\" >\n          <div class=\" block-inner relative container mx-auto\" >\n        <div class=\"block-intro-wrap z-0 relative  pb-11 lg:pb-22 last:pb-0\">\n      <div class=\"block-title grow  mx-auto max-w-6xl\">\n        <h2 class=\"!text-blue h4 text-center\">Vous pourriez aussi \u00eatre int\u00e9ress\u00e9 par\u2026<\/h2>\n      <\/div>\n    <\/div>\n    <div class=\"product-grid grid grid-cols-2 lg:grid-cols-4 gap-6 lg:gap-8 xl:gap-20\">\n            <div class=\"product-grid__product mb-12\">\n        <a href=\"https:\/\/www.columbiaskylights.com\/fr\/produits\/gl-ras-porte-dacces-au-toit-verre\/\" class=\" link-no-underline no-hover \">          <img decoding=\"async\" src=\"https:\/\/www.columbiaskylights.com\/wp-content\/uploads\/2023\/05\/columbia-ras-roof-window-feature.jpg\" class=\"w-full h-auto mb-4 md:mb-8\" alt=\"Columbia ras roof window feature\" title=\"\">\n    \t<\/a>        <h5 class=\"font-semibold !text-blue mb-4\"><a href=\"https:\/\/www.columbiaskylights.com\/fr\/produits\/gl-ras-porte-dacces-au-toit-verre\/\">Columbia GL RAS \u2013 Porte d\u2019acc\u00e8s au toit \u2013 Verre<\/a><\/h5>\n                  <p class=\"smd:text-sm\">Id\u00e9ale pour transformer un toit en terrasse ou toute autre application n\u00e9cessitant une \u00e9vacuation, tout en laissant p\u00e9n\u00e9trer une abondante lumi\u00e8re naturelle.<\/p>\n                <a href=\"https:\/\/www.columbiaskylights.com\/fr\/produits\/gl-ras-porte-dacces-au-toit-verre\/\" class=\"!font-normal !pl-0 uppercase btn-arrow mt-4 lg:mt-6\">En savoir plus<\/a>\n      <\/div>\n            <div class=\"product-grid__product mb-12\">\n        <a href=\"https:\/\/www.columbiaskylights.com\/fr\/produits\/fakro-dxw-fenetre-praticable-pour-toit-plat\/\" class=\" link-no-underline no-hover \">          <img decoding=\"async\" src=\"https:\/\/www.columbiaskylights.com\/wp-content\/uploads\/2023\/06\/fakro-dxw-skylight-feature-image.jpg\" class=\"w-full h-auto mb-4 md:mb-8\" alt=\"Fakro dxw skylight feature image\" title=\"\">\n    \t<\/a>        <h5 class=\"font-semibold !text-blue mb-4\"><a href=\"https:\/\/www.columbiaskylights.com\/fr\/produits\/fakro-dxw-fenetre-praticable-pour-toit-plat\/\">FAKRO DXW Fen\u00eatre praticable pour toit plat<\/a><\/h5>\n                  <p class=\"smd:text-sm\">Le puits de lumi\u00e8re praticable DXW est un autre exemple du d\u00e9veloppement de produit de pointe de FAKRO. Id\u00e9al pour un toit plat accessible, cr\u00e9ant une surface praticable incroyablement solide,\u2026<\/p>\n                <a href=\"https:\/\/www.columbiaskylights.com\/fr\/produits\/fakro-dxw-fenetre-praticable-pour-toit-plat\/\" class=\"!font-normal !pl-0 uppercase btn-arrow mt-4 lg:mt-6\">En savoir plus<\/a>\n      <\/div>\n            <div class=\"product-grid__product mb-12\">\n        <a href=\"https:\/\/www.columbiaskylights.com\/fr\/produits\/dmf-puits-de-lumiere-avec-cadre-integre-pour-toit-plat-a-ouverture-manuelle\/\" class=\" link-no-underline no-hover \">          <img decoding=\"async\" src=\"https:\/\/www.columbiaskylights.com\/wp-content\/uploads\/2023\/06\/fakro-dmf-skylight-feature-image.jpg\" class=\"w-full h-auto mb-4 md:mb-8\" alt=\"Fakro dmf skylight feature image\" title=\"\">\n    \t<\/a>        <h5 class=\"font-semibold !text-blue mb-4\"><a href=\"https:\/\/www.columbiaskylights.com\/fr\/produits\/dmf-puits-de-lumiere-avec-cadre-integre-pour-toit-plat-a-ouverture-manuelle\/\">DMF \u2013 Puits De Lumi\u00e8re Avec Cadre Int\u00e9gr\u00e9 Pour Toit Plat \u00c0 Ouverture Manuelle<\/a><\/h5>\n                  <p class=\"smd:text-sm\">Le puits de lumi\u00e8re pour toit plat DMF exceptionnel apporte lumi\u00e8re naturelle et ventilation \u00e0 l\u2019air frais. Con\u00e7u pour les emplacements faciles d\u2019acc\u00e8s \u2013 \u00e0 commande manuelle.<\/p>\n                <a href=\"https:\/\/www.columbiaskylights.com\/fr\/produits\/dmf-puits-de-lumiere-avec-cadre-integre-pour-toit-plat-a-ouverture-manuelle\/\" class=\"!font-normal !pl-0 uppercase btn-arrow mt-4 lg:mt-6\">En savoir plus<\/a>\n      <\/div>\n            <div class=\"product-grid__product mb-12\">\n        <a href=\"https:\/\/www.columbiaskylights.com\/fr\/produits\/les-stores-occultants-fakro-arf-d-pour-puits-de-lumiere-a-toit-plat\/\" class=\" link-no-underline no-hover \">          <img decoding=\"async\" src=\"https:\/\/www.columbiaskylights.com\/wp-content\/uploads\/2023\/06\/fakro-arf-d-blackout-blinds.jpg\" class=\"w-full h-auto mb-4 md:mb-8\" alt=\"Fakro arf d blackout blinds\" title=\"\">\n    \t<\/a>        <h5 class=\"font-semibold !text-blue mb-4\"><a href=\"https:\/\/www.columbiaskylights.com\/fr\/produits\/les-stores-occultants-fakro-arf-d-pour-puits-de-lumiere-a-toit-plat\/\">Les stores occultants FAKRO ARF-D pour puits de lumi\u00e8re \u00e0 toit plat<\/a><\/h5>\n                  <p class=\"smd:text-sm\">R\u00e9duction progressive de la lumi\u00e8re entrante jusqu&rsquo;\u00e0 l&rsquo;occultation totale. Protection partielle contre la chaleur du soleil. Possibilit\u00e9 de verrouiller le store dans n&rsquo;importe quelle position. R\u00e9duction des pertes de chaleur\u2026<\/p>\n                <a href=\"https:\/\/www.columbiaskylights.com\/fr\/produits\/stores-de-fakro\/\" class=\"!font-normal !pl-0 uppercase btn-arrow mt-4 lg:mt-6\">En savoir plus<\/a>\n      <\/div>\n          <\/div>\n      <\/div>\n              <\/section>\n","protected":false},"excerpt":{"rendered":"Un nouveau produit innovant, le puits de lumi\u00e8re isol\u00e9 d\u2019acc\u00e8s au toit DRF s\u2019ajoute \u00e0 la gamme existante de produits FAKRO pour toit plat. En plus d\u2019\u00eatre un puits de\u2026","protected":false},"featured_media":6778,"parent":0,"menu_order":28,"template":"","product_line":[41],"product_tags":[],"product_model":[207],"dimension_type":[],"class_list":["post-19458","products","type-products","status-publish","has-post-thumbnail","hentry"],"acf":[],"_links":{"self":[{"href":"https:\/\/www.columbiaskylights.com\/fr\/wp-json\/wp\/v2\/products\/19458","targetHints":{"allow":["GET"]}}],"collection":[{"href":"https:\/\/www.columbiaskylights.com\/fr\/wp-json\/wp\/v2\/products"}],"about":[{"href":"https:\/\/www.columbiaskylights.com\/fr\/wp-json\/wp\/v2\/types\/products"}],"wp:featuredmedia":[{"embeddable":true,"href":"https:\/\/www.columbiaskylights.com\/fr\/wp-json\/wp\/v2\/media\/6778"}],"wp:attachment":[{"href":"https:\/\/www.columbiaskylights.com\/fr\/wp-json\/wp\/v2\/media?parent=19458"}],"wp:term":[{"taxonomy":"product_line","embeddable":true,"href":"https:\/\/www.columbiaskylights.com\/fr\/wp-json\/wp\/v2\/product_line?post=19458"},{"taxonomy":"product_tags","embeddable":true,"href":"https:\/\/www.columbiaskylights.com\/fr\/wp-json\/wp\/v2\/product_tags?post=19458"},{"taxonomy":"product_model","embeddable":true,"href":"https:\/\/www.columbiaskylights.com\/fr\/wp-json\/wp\/v2\/product_model?post=19458"},{"taxonomy":"dimension_type","embeddable":true,"href":"https:\/\/www.columbiaskylights.com\/fr\/wp-json\/wp\/v2\/dimension_type?post=19458"}],"curies":[{"name":"wp","href":"https:\/\/api.w.org\/{rel}","templated":true}]}}