{"id":19453,"date":"2023-05-23T11:03:57","date_gmt":"2023-05-23T18:03:57","guid":{"rendered":"https:\/\/www.columbiaskylights.com\/products\/columbia-gl-ras-roof-access-door-glass\/"},"modified":"2025-05-14T12:09:04","modified_gmt":"2025-05-14T19:09:04","slug":"gl-ras-porte-dacces-au-toit-verre","status":"publish","type":"products","link":"https:\/\/www.columbiaskylights.com\/fr\/produits\/gl-ras-porte-dacces-au-toit-verre\/","title":{"rendered":"Columbia GL RAS \u2013 Porte d\u2019acc\u00e8s au toit \u2013 Verre"},"content":{"rendered":"<section id=\"block_76fe6cb2e817c350d878e43063b20e7c\" class=\" columbia-block relative overflow-hidden wp-block-page-hero block-w-full text-dark bg-white  p-top-default p-bottom-default\" >\n          <div class=\" carousel carousel--hero  carousel--hero--dots--white\">\n                      <div class=\"hero-slide w-full flex relative  is-selected \">\n          <div class=\"hero-slide__content text-white w-full z-10 pt-22 md:pt-32 lg:pt-40 pb-12 md:pb-20 xl:pt-[180px]\">\n            <div class=\"inner container h-full grid grid-cols-1 lg:grid-cols-2 gap-6 lg:gap-x-22 xxl:gap-x-60 w-full\">\n                              <text class=\"block hero-slide__content__wysiwyg position-left   font-semibold col-span-2 lg:col-span-1  wp-editor spaced\">\n                  <div class=\"inner \">\n                    <h1>Transformez votre toit en terrasse utilisable<\/h1>\n<p>RAS \u2013 Porte d\u2019acc\u00e8s au toit \u2013 Verre.<\/p>\n\n                  <\/div>\n                <\/text>\n                                        <\/div>\n          <\/div>\n          <div class=\"hero-slide-bg absolute h-full w-full inset-0  hero-slide-bg--left hero-slide-bg-color--black \">\n            <img decoding=\"async\" src=\"https:\/\/www.columbiaskylights.com\/wp-content\/uploads\/2023\/05\/gl-ras-hero_1-scaled.jpg\" class=\"hero-slide__image absolute z-0 inset-0 w-full h-full object-cover\" alt=\"Glass glazed RAS Roof Access Door skylight. Canadain made. Economical way to gain access to a roof top.\" height=\"1440\" width=\"2560\" title=\"\">\n    \t          <\/div>\n        <\/div>\n                              <div class=\"hero-slide w-full flex relative \">\n          <div class=\"hero-slide__content text-black w-full z-10 pt-22 md:pt-32 lg:pt-40 pb-12 md:pb-20 xl:pt-[180px]\">\n            <div class=\"inner container h-full grid grid-cols-1 lg:grid-cols-2 gap-6 lg:gap-x-22 xxl:gap-x-60 w-full\">\n                                        <\/div>\n          <\/div>\n          <div class=\"hero-slide-bg absolute h-full w-full inset-0 \">\n            <img decoding=\"async\" src=\"https:\/\/www.columbiaskylights.com\/wp-content\/uploads\/2023\/05\/gl-ras-hero_4-scaled.jpg\" class=\"hero-slide__image absolute z-0 inset-0 w-full h-full object-cover\" alt=\"Acrylic glazed RAS Roof Access Door skylight, gas cylinder. Canadain made. Economical way to gain access to a roof top.\" height=\"1440\" width=\"2560\" title=\"\">\n    \t          <\/div>\n        <\/div>\n                              <div class=\"hero-slide w-full flex relative \">\n          <div class=\"hero-slide__content text-black w-full z-10 pt-22 md:pt-32 lg:pt-40 pb-12 md:pb-20 xl:pt-[180px]\">\n            <div class=\"inner container h-full grid grid-cols-1 lg:grid-cols-2 gap-6 lg:gap-x-22 xxl:gap-x-60 w-full\">\n                                        <\/div>\n          <\/div>\n          <div class=\"hero-slide-bg absolute h-full w-full inset-0 \">\n            <img decoding=\"async\" src=\"https:\/\/www.columbiaskylights.com\/wp-content\/uploads\/2023\/05\/gl-ras-hero_3-scaled.jpg\" class=\"hero-slide__image absolute z-0 inset-0 w-full h-full object-cover\" alt=\"Acrylic glazed RAS Roof Access Door skylight on rooftop. Canadain made. Economical way to gain access to a roof top.\" height=\"1440\" width=\"2560\" title=\"\">\n    \t          <\/div>\n        <\/div>\n                              <div class=\"hero-slide w-full flex relative \">\n          <div class=\"hero-slide__content text-black w-full z-10 pt-22 md:pt-32 lg:pt-40 pb-12 md:pb-20 xl:pt-[180px]\">\n            <div class=\"inner container h-full grid grid-cols-1 lg:grid-cols-2 gap-6 lg:gap-x-22 xxl:gap-x-60 w-full\">\n                                        <\/div>\n          <\/div>\n          <div class=\"hero-slide-bg absolute h-full w-full inset-0 \">\n            <img decoding=\"async\" src=\"https:\/\/www.columbiaskylights.com\/wp-content\/uploads\/2023\/05\/gl-ras-hero_2-scaled.jpg\" class=\"hero-slide__image absolute z-0 inset-0 w-full h-full object-cover\" alt=\"Gl ras hero_2\" height=\"1440\" width=\"2560\" title=\"\">\n    \t          <\/div>\n        <\/div>\n                  <\/div>\n              <\/section>\n  <div class=\"block-breadcrumbs text-breadcrumb text-black-500 pt-7 mdd:hidden \">\n    <div class=\"container\">\n              \n                  <a href=\"https:\/\/www.columbiaskylights.com\/fr\/\" class=\"text-black-700 !no-underline hover:!underline\">Accueil<\/a>\n                       \/ \n                  Columbia GL RAS \u2013 Porte d\u2019acc\u00e8s au toit \u2013 Verre\n                  <\/div>\n  <\/div>\n\n\n<section id=\"block_ced42e1136030f36ac680b43ad8efc46\" class=\"pb-0 border-b border-black-600 mb-12 md:mb-28 columbia-block relative overflow-hidden wp-block-product-tabs text-dark bg-white \" >\n          <div class=\"!pb-0 block-inner relative container mx-auto\" >\n        <div class=\"product-tabs flex flex-row\">\n                          <a href=\"https:\/\/www.columbiaskylights.com\/fr\/produits\/gl-ras-porte-dacces-au-toit-verre\/\" class=\"product-tab no-underline relative flex items-center justify-center flex-1 lg:text-h5 leading-none rounded-t-xs lg:rounded-t-md p-4 lg:py-5 lg:px-8 lg:-mx-3 text-center first:ml-0 product-tab--active font-semibold z-20 bg-blue text-yellow\">\n          Verre\n        <\/a>\n                      <a href=\"https:\/\/www.columbiaskylights.com\/fr\/produits\/gl-ras-porte-dacces-au-toit-verre\/dome-en-acrylique\/\" class=\"product-tab no-underline relative flex items-center justify-center flex-1 lg:text-h5 leading-none rounded-t-xs lg:rounded-t-md p-4 lg:py-5 lg:px-8 lg:-mx-3 text-center first:ml-0 text-white hover:bg-yellow hover:before:bg-yellow bg-black-400 before:bg-black-400 hover:text-blue\">\n          D\u00f4me en Acrylique\n        <\/a>\n            <\/div>\n      <\/div>\n              <\/section>\n\n\n<section id=\"block_884276229d789151a14820b02c68a877\" class=\" columbia-block relative overflow-hidden wp-block-product-intro-gallery block-w-full text-dark bg-white  p-top-default p-bottom-default\" >\n          <div class=\"container--disable-mobile block-inner relative container mx-auto\" >\n        <div class=\"block-intro-wrap z-0 relative  pb-11 lg:pb-22 last:pb-0\">\n    \n        <div class=\"block-title grow  mx-auto max-w-6xl\">\n            <h2 class=\" h2 text-center\">GL RAS \u2013 Porte d\u2019acc\u00e8s au toit \u2013 Verre<\/h2>\n    <\/div>\n    \n    \n          <\/div>\n    <div class=\"row lg:flex lg:flex-row\">\n\n              <div class=\"product-grid w-full mdd:mb-12 lg:w-1\/2 lg:pr-8 xl:pr-10\">\n          <div\n    id=\"carousel--69efb8e053127\"\n    style=\"--productcode: 'GL RAS';\"\n    class=\"relative  carousel--has-overlay-text   carousel carousel--no-dots carousel--no-arrows   lightbox-gallery   equal-height  lg:overflow-hidden\" data-slides-to-show=\"1\">\n                      <div class=\"carousel__slide\">\n        <div class=\"carousel__slide__inner\">\n                      <a href=\"https:\/\/www.columbiaskylights.com\/wp-content\/uploads\/2025\/05\/RAS-1-FR-GL.png\" data-lightbox=\"carousel--69efb8e053127_gallery\" data-title=\"GL RAS\">\n              <img decoding=\"async\" src=\"https:\/\/www.columbiaskylights.com\/wp-content\/uploads\/2025\/05\/RAS-1-FR-GL.png\" alt=\"RAS 1 FR GL\" title=\"\">\n            <\/a>\n                  <\/div>\n      <\/div>\n                            <div class=\"carousel__slide\">\n        <div class=\"carousel__slide__inner\">\n                      <a href=\"https:\/\/www.columbiaskylights.com\/wp-content\/uploads\/2023\/05\/gl_ras_intro-2.jpg\" data-lightbox=\"carousel--69efb8e053127_gallery\" data-title=\"GL RAS\">\n              <img decoding=\"async\" src=\"https:\/\/www.columbiaskylights.com\/wp-content\/uploads\/2023\/05\/gl_ras_intro-2.jpg\" alt=\"\" title=\"\">\n            <\/a>\n                  <\/div>\n      <\/div>\n                            <div class=\"carousel__slide\">\n        <div class=\"carousel__slide__inner\">\n                      <a href=\"https:\/\/www.columbiaskylights.com\/wp-content\/uploads\/2023\/05\/gl_ras_intro-3.jpg\" data-lightbox=\"carousel--69efb8e053127_gallery\" data-title=\"GL RAS\">\n              <img decoding=\"async\" src=\"https:\/\/www.columbiaskylights.com\/wp-content\/uploads\/2023\/05\/gl_ras_intro-3.jpg\" alt=\"\" title=\"\">\n            <\/a>\n                  <\/div>\n      <\/div>\n                            <div class=\"carousel__slide\">\n        <div class=\"carousel__slide__inner\">\n                      <a href=\"https:\/\/www.columbiaskylights.com\/wp-content\/uploads\/2023\/05\/gl_ras_intro-4.jpg\" data-lightbox=\"carousel--69efb8e053127_gallery\" data-title=\"GL RAS\">\n              <img decoding=\"async\" src=\"https:\/\/www.columbiaskylights.com\/wp-content\/uploads\/2023\/05\/gl_ras_intro-4.jpg\" alt=\"\" title=\"\">\n            <\/a>\n                  <\/div>\n      <\/div>\n                            <div class=\"carousel__slide\">\n        <div class=\"carousel__slide__inner\">\n                      <a href=\"https:\/\/www.columbiaskylights.com\/wp-content\/uploads\/2023\/05\/gl_ras_intro-5.jpg\" data-lightbox=\"carousel--69efb8e053127_gallery\" data-title=\"GL RAS\">\n              <img decoding=\"async\" src=\"https:\/\/www.columbiaskylights.com\/wp-content\/uploads\/2023\/05\/gl_ras_intro-5.jpg\" alt=\"\" title=\"\">\n            <\/a>\n                  <\/div>\n      <\/div>\n            <\/div>\n\n          <div id=\"carousel--69efb8e053127-nav\" class=\"carousel-nav relative overflow-hidden\" data-asnavfor=\"#carousel--69efb8e053127\">\n                        <button data-slide=\"0\">\n                      <img decoding=\"async\" src=\"https:\/\/www.columbiaskylights.com\/wp-content\/uploads\/2025\/05\/RAS-1-FR-GL.png\" class=\"\" alt=\"RAS 1 FR GL\" height=\"1156\" width=\"1572\" title=\"\">\n    \t                    <\/button>\n                                <button data-slide=\"1\">\n                      <img decoding=\"async\" src=\"https:\/\/www.columbiaskylights.com\/wp-content\/uploads\/2023\/05\/gl_ras_intro-2.jpg\" class=\"\" alt=\"gl_ras_intro-2\" height=\"1156\" width=\"1572\" title=\"\">\n    \t                    <\/button>\n                                <button data-slide=\"2\">\n                      <img decoding=\"async\" src=\"https:\/\/www.columbiaskylights.com\/wp-content\/uploads\/2023\/05\/gl_ras_intro-3.jpg\" class=\"\" alt=\"gl_ras_intro-3\" height=\"1156\" width=\"1572\" title=\"\">\n    \t                    <\/button>\n                                <button data-slide=\"3\">\n                      <img decoding=\"async\" src=\"https:\/\/www.columbiaskylights.com\/wp-content\/uploads\/2023\/05\/gl_ras_intro-4.jpg\" class=\"\" alt=\"gl_ras_intro-4\" height=\"1156\" width=\"1572\" title=\"\">\n    \t                    <\/button>\n                                <button data-slide=\"4\">\n                      <img decoding=\"async\" src=\"https:\/\/www.columbiaskylights.com\/wp-content\/uploads\/2023\/05\/gl_ras_intro-5.jpg\" class=\"\" alt=\"gl_ras_intro-5\" height=\"1156\" width=\"1572\" title=\"\">\n    \t                    <\/button>\n                  <\/div>\n              <\/div>\n      \n      <div class=\"product-intro_content flex flex-col-reverse px-4 lg:px-0 lg:flex-col w-full lg:w-1\/2 lg:pl-8 xl:pl-10\">\n        <text class=\"wp-editor block\">\n          <ul>\n<li>Id\u00e9ale pour transformer un toit en terrasse ou toute autre application n\u00e9cessitant une \u00e9vacuation, tout en laissant p\u00e9n\u00e9trer une abondante lumi\u00e8re naturelle.<\/li>\n<li>La porte d\u2019acc\u00e8s au toit RAS est indispensable pour les toits commerciaux ou r\u00e9sidentiels difficiles d\u2019acc\u00e8s par une \u00e9chelle ext\u00e9rieure, ou si vous envisagez d\u2019utiliser le toit comme une terrasse. Fabriqu\u00e9s avec des mat\u00e9riaux de haute qualit\u00e9 provenant d\u2019Am\u00e9rique du Nord, ces puits de lumi\u00e8re sont con\u00e7us pour r\u00e9sister aux climats les plus rudes.<\/li>\n<li>Le RAS permet un acc\u00e8s facile gr\u00e2ce \u00e0 son ouverture \u00e0 85\u00b0. Peut \u00eatre install\u00e9 sur un toit plat ou en pente, en fonction des exigences de votre application (une inclinaison minimale de 2:12 est n\u00e9cessaire pour le vitrage).<\/li>\n<li>Les pistons \u00e0 gaz et la barre de levage plac\u00e9e de mani\u00e8re ergonomique facilitent l\u2019ouverture de la porte. Les pistons \u00e0 gaz maintiennent la porte ouverte en toute s\u00e9curit\u00e9.<\/li>\n<li>Le loquet de toit verrouillable assure la s\u00e9curit\u00e9 et l\u2019\u00e9tanch\u00e9it\u00e9.<\/li>\n<li><strong>Bordure non incluse.<\/strong> Bordure fournie par votre entrepreneur ou artisan. La largeur de la bordure finie <strong>RAS ne peut pas d\u00e9passer 1,75<\/strong> po pour une installation correcte.<\/li>\n<\/ul>\n<p><small>*Remarque : le puits de lumi\u00e8re RAS n\u2019est pas con\u00e7u et ne doit pas \u00eatre utilis\u00e9 comme un puits de lumi\u00e8re ouvrant. Veuillez consulter nos pages de produits de puits de lumi\u00e8re ouvrants. <a href=\"https:\/\/www.columbiaskylights.com\/fr\/produits\/gl-ocm-puits-de-lumiere-en-verre-monte-sur-cadre-a-ouverture-manuelle\/\">GL OCM<\/a>, <a href=\"https:\/\/www.columbiaskylights.com\/fr\/produits\/gl-ocm\/ac-ocm\/\">AC OCM<\/a>, <a href=\"https:\/\/www.columbiaskylights.com\/fr\/produits\/gl-ocm-e\/\">GL OCM E<\/a>, <a href=\"https:\/\/www.columbiaskylights.com\/fr\/produits\/gl-ocm-e\/ac-ocm-e\/\">AC OCM E<\/a> et <a href=\"https:\/\/www.columbiaskylights.com\/fr\/produits\/gl-osf-puits-de-lumiere-en-verre-a-ouverture-manuelle-avec-solin-integre-en-vinyle\/\">GL OSF<\/a>, <a href=\"https:\/\/www.columbiaskylights.com\/fr\/produits\/gl-osf-puits-de-lumiere-en-verre-a-ouverture-manuelle-avec-solin-integre-en-vinyle\/vinyle\/\">AC OSF<\/a>, <a href=\"https:\/\/www.columbiaskylights.com\/fr\/produits\/gl-osf-e-puits-de-lumiere-en-verre-a-ouverture-electrique-avec-solin-integre-en-vinyle\/\">GL OSF E<\/a>, <a href=\"https:\/\/www.columbiaskylights.com\/fr\/produits\/gl-osf-e-puits-de-lumiere-en-verre-a-ouverture-electrique-avec-solin-integre-en-vinyle\/vinyle\/\">AC OSF E<\/a><\/small><\/p>\n<div class=\"icon-feature my-8 mb-12 flex flex-col text-lg font-semibold mdd:text-center lg:flex-row justify-center\">\n      <div class=\"icon-feature-image mdd:pb-8  flex-shrink-0\">\n              <img decoding=\"async\" src=\"\/wp-content\/uploads\/2024\/02\/20-ans-garantie.svg\" class=\"inline-block w-[142px] min-w-[142px]\" alt=\"20 Year Warranty\" title=\"\">\n    \t          <\/div>\n        <div class=\"image-feature-content  lg:pl-8 xl:pl-11  mdd:leading-tight\">\n      Les unit\u00e9s scell\u00e9es en verre sont garanties pour une p\u00e9riode de vingt ans \u00e0 compter de la date d\u2019achat (condensation entre les vitrages).\n    <\/div>\n  <\/div>\n\n\n        <\/text>\n              <\/div>\n\n    <\/div>\n      <\/div>\n              <\/section>\n\n\n<section id=\"block_24d5dd7a218043ef662638075fe68345\" class=\" columbia-block relative overflow-hidden wp-block-multi-column block-w-full text-dark bg-teal bg-top-shadow p-top-default p-bottom-small\" >\n          <div class=\" block-inner relative container mx-auto\" >\n        <div class=\"block-intro-wrap z-0 relative  pb-12 lg:pb-16 last:pb-0\">\n    \n        <div class=\"block-title grow  mx-auto\">\n            <h2 class=\" h5 text-center border-heading\"><span>CARACT\u00c9RISTIQUES<\/span><\/h2>\n    <\/div>\n    \n    \n          <\/div>\n        <div class=\"col-wrapper col-gutter-lg row-gutter-sm  mx-auto w-wide\">\n      <div class=\"col-wrapper-inner flex flex-wrap   justify-center\">\n                            <div class=\"column w-full corners- md:w-5\/12  1 tab-group\">\n                                                            <div class=\"column-inner      \">\n              <div class=\"column-content match-col-height wp-editor \">\n                                                  <ul>\n<li style=\"list-style-type: none;\">\n<ul>\n<li>Un large choix d\u2019options de double vitrage disponibles.<\/li>\n<li>Une pente minimale de 2:12 est requise pour le verre.<\/li>\n<li>Id\u00e9al pour l\u2019acc\u00e8s au toit pour les services (c.-\u00e0-d. syst\u00e8me CVC) ou pour les activit\u00e9s ext\u00e9rieures.<\/li>\n<li>Cadre int\u00e9rieur monobloc soud\u00e9, en aluminium blanc \u00e0 barri\u00e8re thermique, avec poign\u00e9e rabattable.<\/li>\n<li>Loquet de toit verrouillable unique.<\/li>\n<li>Bordure non incluse.<\/li>\n<\/ul>\n<\/li>\n<\/ul>\n<p>&nbsp;<\/p>\n\n                                \n                \n                \n                              <\/div>\n            <\/div>\n                      <\/div>\n                            <div class=\"column w-full corners- md:w-5\/12  2 tab-group\">\n                                                            <div class=\"column-inner      \">\n              <div class=\"column-content match-col-height wp-editor \">\n                                                  <ul>\n<li>Pour une efficacit\u00e9 thermale optimale, toutes les portes d\u2019acc\u00e8s au toit sont con\u00e7ues avec un ch\u00e2ssis en aluminium \u00e0 barri\u00e8re thermique. Ch\u00e2ssis int\u00e9rieur en une seule pi\u00e8ce et en aluminium soud\u00e9 \u00e0 l\u2019h\u00e9liarc, avec barre d\u2019acc\u00e8s.<\/li>\n<li>Cadre ext\u00e9rieur en aluminium couleur brun standard. Cadre noir, gris, blanc, bois de santal, ou finition mate \u00e9galement disponible.<\/li>\n<li>15 dimensions standard de d\u00f4me en acrylique et 10 dimensions en verre. Dimensions personnalis\u00e9es aussi disponibles.<\/li>\n<li><strong>Remarque : La largeur de la bordure du RAS ne peut d\u00e9passer 1,75 po.<\/strong><\/li>\n<\/ul>\n\n                                \n                \n                \n                              <\/div>\n            <\/div>\n                      <\/div>\n              <\/div>\n    <\/div>\n      <\/div>\n              <\/section>\n\n\n<section id=\"block_9dbb3da5ba4fa3a188d2324f8a2a0a23\" class=\" columbia-block relative overflow-hidden wp-block-divider text-dark bg-teal  p-top-default p-bottom-small\" >\n          <div class=\" block-inner relative container mx-auto\" >\n        <hr class=\"border-t md:w-12\/12 mx-auto\" \/>\n      <\/div>\n              <\/section>\n\n\n<section id=\"block_b411ceaa614166b0746c13be32309f3b\" class=\" columbia-block relative overflow-hidden wp-block-multi-column block-w-full text-dark bg-teal  p-top-default p-bottom-default\" >\n          <div class=\" block-inner relative container mx-auto\" >\n        <div class=\"col-wrapper col-gutter-md row-gutter-lg  mx-auto w-wide match-heading-heights add-column-dividers\">\n      <div class=\"col-wrapper-inner flex flex-wrap   justify-center\">\n                            <div class=\"column w-full corners- md:w-6\/12 xl:w-3\/12  1 tab-group\">\n                                                            <div class=\"column-inner      \">\n              <div class=\"column-content match-col-height wp-editor before:hidden after:block before:md:hidden after:md:hidden before:xl:hidden after:xl:hidden\">\n                                                  <h6 class=\"!text-dark\">Type de toit<br \/>\nrecommand\u00e9<\/h6>\n<p><img decoding=\"async\" class=\"alignnone size-full wp-image-8330\" src=\"https:\/\/www.columbiaskylights.com\/wp-content\/uploads\/2023\/10\/sloped-shingle-sloped-curb-roof-feature.svg\" alt=\"Sloped Shingle Sloped Curb Roof Feature\" width=\"334\" height=\"140\" title=\"\"><\/p>\n<p>Toit en pente ou plat, avec bordure inclin\u00e9e<\/p>\n\n                                \n                \n                \n                              <\/div>\n            <\/div>\n                      <\/div>\n                            <div class=\"column w-full corners- md:w-6\/12 xl:w-3\/12  2 tab-group\">\n                                                            <div class=\"column-inner      \">\n              <div class=\"column-content match-col-height wp-editor before:hidden after:block before:md:block after:md:hidden before:xl:block after:xl:hidden\">\n                                                  <h6 class=\"!text-dark\">Pente de toit minimale de 2:12<\/h6>\n<p><img decoding=\"async\" class=\"alignnone size-full wp-image-12196\" src=\"https:\/\/www.columbiaskylights.com\/wp-content\/uploads\/2023\/05\/pente-minimale-2-12.svg\" alt=\"Min 2 12 Roof Pitch\" width=\"334\" height=\"140\" title=\"\"><\/p>\n<p><a class=\"btn-arrow btn-arrow--left\" href=\"https:\/\/www.columbiaskylights.com\/fr\/pourquoi-les-puits-de-lumiere\/types-de-toitures-et-pentes\/\">EN SAVOIR PLUS<\/a><\/p>\n\n                                \n                \n                \n                              <\/div>\n            <\/div>\n                      <\/div>\n                            <div class=\"column w-full corners- md:w-6\/12 xl:w-3\/12  3 tab-group\">\n                                                            <div class=\"column-inner      \">\n              <div class=\"column-content match-col-height wp-editor before:hidden after:block before:md:hidden after:md:block before:xl:block after:xl:hidden\">\n                                                  <h6 class=\"!text-dark\">Emplacement<br \/>\nrecommand\u00e9<\/h6>\n<ul>\n<li>Immeuble commercial, acc\u00e8s au toit<\/li>\n<li>Copropri\u00e9t\u00e9 ou maison de ville<\/li>\n<li>Lofts au dernier \u00e9tage<\/li>\n<li>Terrasses sur le toit<\/li>\n<li>Exigences en mati\u00e8re d&rsquo;entretien du toit<\/li>\n<\/ul>\n\n                                \n                \n                \n                              <\/div>\n            <\/div>\n                      <\/div>\n              <\/div>\n    <\/div>\n      <\/div>\n              <\/section>\n\n\n<section id=\"block_33df04a0fe3ebf689f0248a82cb947ac\" class=\" columbia-block relative overflow-hidden wp-block-multi-column aligncenter block-w-narrow text-dark bg-white bg-top-shadow p-top-default p-bottom-default\" >\n          <div class=\" block-inner relative container mx-auto\" >\n        <div class=\"block-intro-wrap z-0 relative  pb-12 lg:pb-16 last:pb-0\">\n    \n        <div class=\"block-title grow  mx-auto max-w-6xl\">\n            <h2 class=\" h3 text-center\">COLUMBIA PROPOSE UNE LARGE GAMME D\u2019OPTIONS DE VERRE HAUTE PERFORMANCE<\/h2>\n    <\/div>\n    \n    \n          <\/div>\n        <div class=\"col-wrapper col-gutter-lg row-gutter-sm \">\n      <div class=\"col-wrapper-inner flex flex-wrap   \">\n                            <div class=\"column w-full corners- md:w-6\/12  1 tab-group\">\n                                                            <div class=\"column-inner      \">\n              <div class=\"column-content match-col-height wp-editor \">\n                                                  <ul>\n<li>Columbia propose une large gamme d&rsquo;options de double vitrage pour le GL RAS.<\/li>\n<\/ul>\n\n                                \n                \n                \n                              <\/div>\n            <\/div>\n                      <\/div>\n                            <div class=\"column w-full corners- md:w-6\/12  2 tab-group\">\n                                                            <div class=\"column-inner      \">\n              <div class=\"column-content match-col-height wp-editor \">\n                                                  <ul>\n<li>Toutes les options de vitrage sont disponibles avec le rev\u00eatement L<span class=\"lowercase\">o<\/span>E<sup>3<\/sup> et Neat.<\/li>\n<\/ul>\n\n                                \n                \n                \n                              <\/div>\n            <\/div>\n                      <\/div>\n              <\/div>\n    <\/div>\n      <\/div>\n              <\/section>\n\n\n<section id=\"block_cc6fdebbc5d1dcba4cb876e55cdd6bfc\" class=\" columbia-block relative overflow-hidden wp-block-divider block-w-narrow text-dark bg-white \" >\n          <div class=\" block-inner relative container mx-auto\" >\n        <hr class=\"border-t md:w-12\/12 mx-auto\" \/>\n      <\/div>\n              <\/section>\n\n\n<section id=\"block_defdafdeadb78bab392755bd79f758ad\" class=\" columbia-block relative overflow-hidden wp-block-multi-column block-w-narrow text-dark bg-white  p-top-default p-bottom-default\" >\n          <div class=\" block-inner relative container mx-auto\" >\n        <div class=\"col-wrapper col-gutter-sm row-gutter-sm \">\n      <div class=\"col-wrapper-inner flex flex-wrap   \">\n                            <div class=\"column w-full corners- md:w-4\/12  1 tab-group\">\n                                                            <div class=\"column-inner      \">\n              <div class=\"column-content match-col-height wp-editor \">\n                                                  <p><img decoding=\"async\" class=\"alignnone size-full wp-image-3309\" src=\"https:\/\/www.columbiaskylights.com\/wp-content\/uploads\/2022\/02\/cardinal-ig-logo.svg\" alt=\"\" width=\"314\" height=\"33\" title=\"\"><\/p>\n\n                                \n                \n                \n                              <\/div>\n            <\/div>\n                      <\/div>\n                            <div class=\"column w-full corners- md:w-8\/12  2 tab-group\">\n                                                            <div class=\"column-inner      \">\n              <div class=\"column-content match-col-height wp-editor \">\n                                                  <p>Cardinal Glass Industries est le fournisseur de verre de Columbia et occupe une position de leader mondial dans la technologie de verre haute performance. Cardinal maintient une vision claire : concevoir et fabriquer les produits en verre r\u00e9sidentiel les plus avanc\u00e9s de l\u2019industrie.<\/p>\n\n                                \n                \n                \n                              <\/div>\n            <\/div>\n                      <\/div>\n              <\/div>\n    <\/div>\n      <\/div>\n              <\/section>\n\n\n<section id=\"block_5d7dc9d7fe491257d96f012413d607fd\" class=\" columbia-block relative overflow-hidden wp-block-glazing-option-cards block-w-full text-dark bg-white  p-top-default p-bottom-default\" >\n          <div class=\"mdd:!px-0 block-inner relative container mx-auto\" >\n        <div class=\"grid mdd:bg-teal-100 mdd:py-3 lg:grid-cols-2 xl:grid-cols-3 gap-0 lg:gap-8 w-full\">\n              <div class=\"glazing-option group h-full\">\n          <div class=\"content-toggle relative h-full\">\n    <button class=\"lg:hidden z-10 absolute !right-5 -top-1.5 transition-transform\"  x-data=\"window.columbia.mobile_toggle('.feature-body-wrap', true)\" x-ref=\"toggle\" ><svg xmlns=\"http:\/\/www.w3.org\/2000\/svg\" xml:space=\"preserve\" width=\"30\" height=\"31\" viewBox=\"0 0 29.4 29.4\"><circle cx=\"14.7\" cy=\"14.7\" r=\"14.7\" fill=\"#ffd110\"\/><path fill=\"#17346c\" d=\"M22.3 10.9c-.6-.6-1.5-.6-2.1 0l-5.8 5.8-5.8-5.8c-.6-.6-1.5-.6-2.1 0-.6.6-.6 1.5 0 2.1l6.9 6.9c.3.3.7.4 1.1.4.4 0 .8-.1 1.1-.4l6.9-6.9c.4-.6.4-1.6-.2-2.1z\"\/><\/svg><\/button>\n    <div class=\"mdd:px-6 bg-teal-100 lg:shadow h-full flex flex-col\">\n              <div class=\"flex flex-row border-t group-first:border-t-0 py-3 md:px-3 lg:hidden\">\n                <div class=\"toggle-thumb w-16 min-w-[64px] md:w-24 md:min-w-[96px] relative\">\n                  <img decoding=\"async\" width=\"660\" height=\"640\" src=\"https:\/\/www.columbiaskylights.com\/wp-content\/uploads\/2023\/04\/double-glazed-loe3-366-clear.jpg\" class=\"w-full h-auto wp-post-image\" alt=\"\" srcset=\"https:\/\/www.columbiaskylights.com\/wp-content\/uploads\/2023\/04\/double-glazed-loe3-366-clear.jpg 660w, https:\/\/www.columbiaskylights.com\/wp-content\/uploads\/2023\/04\/double-glazed-loe3-366-clear-300x291.jpg 300w\" sizes=\"(max-width: 660px) 100vw, 660px\" title=\"\">\n                <\/div>\n                <div class=\"mdd:text-h6-m h6 !font-semibold pl-4 pr-8\">Double vitrage L<span class=\"lowercase\">o<\/span>E<sup>3<\/sup> 366 transparent (tremp\u00e9<wbr>\/tremp\u00e9)<\/div>\n              <\/div>\n              <div class=\"feature-body-wrap flex flex-col grow md:px-6 pb-8 lg:p-8 lg:pb-10\">\n                <div class=\"image-wrap relative\">\n                                      <div class=\"title-overlay absolute p-3 bottom-0 left-0 h6 card-title\">DGLEA<\/div>\n                                                                          <img decoding=\"async\" src=\"https:\/\/www.columbiaskylights.com\/wp-content\/uploads\/2023\/04\/loe3-366-icon.png\" class=\"product-icon absolute max-w-[64px] md:w-1\/4 md:max-w-[82px] h-auto top-3 right-3\" alt=\"Loe3 366 icon\" height=\"160\" width=\"165\" title=\"\">\n    \t                                    <img decoding=\"async\" width=\"660\" height=\"640\" src=\"https:\/\/www.columbiaskylights.com\/wp-content\/uploads\/2023\/04\/double-glazed-loe3-366-clear.jpg\" class=\"w-full h-auto wp-post-image\" alt=\"\" srcset=\"https:\/\/www.columbiaskylights.com\/wp-content\/uploads\/2023\/04\/double-glazed-loe3-366-clear.jpg 660w, https:\/\/www.columbiaskylights.com\/wp-content\/uploads\/2023\/04\/double-glazed-loe3-366-clear-300x291.jpg 300w\" sizes=\"(max-width: 660px) 100vw, 660px\" title=\"\">\n                <\/div>\n                                  <div class=\"text-white bg-blue text-center text-sm font-semibold py-3 px-2\">\n                    La r\u00e9f\u00e9rence de l\u2019industrie\n                  <\/div>\n                                <text class=\"card__content wp-editor flex flex-col grow pt-3 md:pt-6\">\n                  <div class=\"h5 mb-6 card-title\">Double vitrage L<span class=\"lowercase\">o<\/span>E<sup>3<\/sup> 366 transparent (tremp\u00e9<wbr>\/tremp\u00e9)<\/div>\n                  <div class=\"content grow spacing-tight\"><ul>\n<li>Double vitrage avec gaz argon.<\/li>\n<li>Le triple rev\u00eatement L<span class=\"lowercase\">o<\/span>E<sup>3<\/sup> sup\u00e9rieur est pratiquement invisible.<\/li>\n<li>Bloque 95 % des rayons ultraviolets.<\/li>\n<li>R\u00e9sistance sup\u00e9rieure \u00e0 la condensation.<\/li>\n<li><strong>Conforme aux normes de l\u2019industrie, notre rev\u00eatement L<span class=\"lowercase\">o<\/span>E<sup>3<\/sup> est identique \u00e0 celui de la concurrence, provenant du m\u00eame fournisseur.<\/strong><\/li>\n<\/ul>\n<\/div>\n                                  <\/text>\n              <\/div>\n            <\/div>\n  <\/div>\n        <\/div>\n              <div class=\"glazing-option group h-full\">\n          <div class=\"content-toggle relative h-full\">\n    <button class=\"lg:hidden z-10 absolute !right-5 -top-1.5 transition-transform\"  x-data=\"window.columbia.mobile_toggle('.feature-body-wrap', false)\" x-ref=\"toggle\" ><svg xmlns=\"http:\/\/www.w3.org\/2000\/svg\" xml:space=\"preserve\" width=\"30\" height=\"31\" viewBox=\"0 0 29.4 29.4\"><circle cx=\"14.7\" cy=\"14.7\" r=\"14.7\" fill=\"#ffd110\"\/><path fill=\"#17346c\" d=\"M22.3 10.9c-.6-.6-1.5-.6-2.1 0l-5.8 5.8-5.8-5.8c-.6-.6-1.5-.6-2.1 0-.6.6-.6 1.5 0 2.1l6.9 6.9c.3.3.7.4 1.1.4.4 0 .8-.1 1.1-.4l6.9-6.9c.4-.6.4-1.6-.2-2.1z\"\/><\/svg><\/button>\n    <div class=\"mdd:px-6 bg-teal-100 lg:shadow h-full flex flex-col\">\n              <div class=\"flex flex-row border-t group-first:border-t-0 py-3 md:px-3 lg:hidden\">\n                <div class=\"toggle-thumb w-16 min-w-[64px] md:w-24 md:min-w-[96px] relative\">\n                  <img decoding=\"async\" width=\"660\" height=\"640\" src=\"https:\/\/www.columbiaskylights.com\/wp-content\/uploads\/2023\/04\/double-glazed-loe3-366-tempered-laminated.jpg\" class=\"w-full h-auto wp-post-image\" alt=\"\" srcset=\"https:\/\/www.columbiaskylights.com\/wp-content\/uploads\/2023\/04\/double-glazed-loe3-366-tempered-laminated.jpg 660w, https:\/\/www.columbiaskylights.com\/wp-content\/uploads\/2023\/04\/double-glazed-loe3-366-tempered-laminated-300x291.jpg 300w\" sizes=\"(max-width: 660px) 100vw, 660px\" title=\"\">\n                <\/div>\n                <div class=\"mdd:text-h6-m h6 !font-semibold pl-4 pr-8\">Double vitrage L<span class=\"lowercase\">o<\/span>E<sup>3<\/sup> 366 tremp\u00e9<wbr>\/feuillet\u00e9<\/div>\n              <\/div>\n              <div class=\"feature-body-wrap flex flex-col grow md:px-6 pb-8 lg:p-8 lg:pb-10\">\n                <div class=\"image-wrap relative\">\n                                      <div class=\"title-overlay absolute p-3 bottom-0 left-0 h6 card-title\">TLLEA<\/div>\n                                                                          <img decoding=\"async\" src=\"https:\/\/www.columbiaskylights.com\/wp-content\/uploads\/2023\/04\/loe3-366-icon.png\" class=\"product-icon absolute max-w-[64px] md:w-1\/4 md:max-w-[82px] h-auto top-3 right-3\" alt=\"Loe3 366 icon\" height=\"160\" width=\"165\" title=\"\">\n    \t                                    <img decoding=\"async\" width=\"660\" height=\"640\" src=\"https:\/\/www.columbiaskylights.com\/wp-content\/uploads\/2023\/04\/double-glazed-loe3-366-tempered-laminated.jpg\" class=\"w-full h-auto wp-post-image\" alt=\"\" srcset=\"https:\/\/www.columbiaskylights.com\/wp-content\/uploads\/2023\/04\/double-glazed-loe3-366-tempered-laminated.jpg 660w, https:\/\/www.columbiaskylights.com\/wp-content\/uploads\/2023\/04\/double-glazed-loe3-366-tempered-laminated-300x291.jpg 300w\" sizes=\"(max-width: 660px) 100vw, 660px\" title=\"\">\n                <\/div>\n                                  <div class=\"text-white bg-blue text-center text-sm font-semibold py-3 px-2\">\n                    Verre feuillet\u00e9 robuste\n                  <\/div>\n                                <text class=\"card__content wp-editor flex flex-col grow pt-3 md:pt-6\">\n                  <div class=\"h5 mb-6 card-title\">Double vitrage L<span class=\"lowercase\">o<\/span>E<sup>3<\/sup> 366 tremp\u00e9<wbr>\/feuillet\u00e9<\/div>\n                  <div class=\"content grow spacing-tight\"><ul>\n<li>Double vitrage avec gaz argon.<\/li>\n<li>Le triple rev\u00eatement LoE\u00b3 sup\u00e9rieur est pratiquement invisible.<\/li>\n<li>R\u00e9duit les effets du bruit jusqu\u2019\u00e0 30 %.<\/li>\n<li>Plus de s\u00e9curit\u00e9 : La couche interm\u00e9diaire la plus interne maintient le verre en cas de bris.<\/li>\n<li>Du verre feuillet\u00e9 transparent ou blanc translucide est disponible.<\/li>\n<li>Jusqu\u2019\u00e0 95 % de protection UV, r\u00e9duit la d\u00e9coloration des meubles.<\/li>\n<li><strong>Garantie gr\u00eale de 10 ans sur les fissures ou bris dus \u00e0 un \u00e9pisode de gr\u00eale.<\/strong><\/li>\n<\/ul>\n<\/div>\n                                      <div class=\"warranty-logo-wrap text-center pt-3 sm:pt-6\">\n                      <img decoding=\"async\" src=\"https:\/\/www.columbiaskylights.com\/wp-content\/uploads\/2023\/04\/grele-garantie.png\" class=\"inline-block\" alt=\"Grele Garantie\" height=\"107\" width=\"136\" title=\"\">\n    \t                    <\/div>\n                                  <\/text>\n              <\/div>\n            <\/div>\n  <\/div>\n        <\/div>\n              <div class=\"glazing-option group h-full\">\n          <div class=\"content-toggle relative h-full\">\n    <button class=\"lg:hidden z-10 absolute !right-5 -top-1.5 transition-transform\"  x-data=\"window.columbia.mobile_toggle('.feature-body-wrap', false)\" x-ref=\"toggle\" ><svg xmlns=\"http:\/\/www.w3.org\/2000\/svg\" xml:space=\"preserve\" width=\"30\" height=\"31\" viewBox=\"0 0 29.4 29.4\"><circle cx=\"14.7\" cy=\"14.7\" r=\"14.7\" fill=\"#ffd110\"\/><path fill=\"#17346c\" d=\"M22.3 10.9c-.6-.6-1.5-.6-2.1 0l-5.8 5.8-5.8-5.8c-.6-.6-1.5-.6-2.1 0-.6.6-.6 1.5 0 2.1l6.9 6.9c.3.3.7.4 1.1.4.4 0 .8-.1 1.1-.4l6.9-6.9c.4-.6.4-1.6-.2-2.1z\"\/><\/svg><\/button>\n    <div class=\"mdd:px-6 bg-teal-100 lg:shadow h-full flex flex-col\">\n              <div class=\"flex flex-row border-t group-first:border-t-0 py-3 md:px-3 lg:hidden\">\n                <div class=\"toggle-thumb w-16 min-w-[64px] md:w-24 md:min-w-[96px] relative\">\n                  <img decoding=\"async\" width=\"660\" height=\"640\" src=\"https:\/\/www.columbiaskylights.com\/wp-content\/uploads\/2023\/04\/double-glazed-loe3-366-neat.jpg\" class=\"w-full h-auto wp-post-image\" alt=\"\" srcset=\"https:\/\/www.columbiaskylights.com\/wp-content\/uploads\/2023\/04\/double-glazed-loe3-366-neat.jpg 660w, https:\/\/www.columbiaskylights.com\/wp-content\/uploads\/2023\/04\/double-glazed-loe3-366-neat-300x291.jpg 300w\" sizes=\"(max-width: 660px) 100vw, 660px\" title=\"\">\n                <\/div>\n                <div class=\"mdd:text-h6-m h6 !font-semibold pl-4 pr-8\">Double Vitrage L<span class=\"lowercase\">o<\/span>E<sup>3<\/sup> 366 Neat<\/div>\n              <\/div>\n              <div class=\"feature-body-wrap flex flex-col grow md:px-6 pb-8 lg:p-8 lg:pb-10\">\n                <div class=\"image-wrap relative\">\n                                      <div class=\"title-overlay absolute p-3 bottom-0 left-0 h6 card-title\">NEAT<\/div>\n                                                                          <img decoding=\"async\" src=\"https:\/\/www.columbiaskylights.com\/wp-content\/uploads\/2023\/04\/neat-glass-icon.png\" class=\"product-icon absolute max-w-[64px] md:w-1\/4 md:max-w-[82px] h-auto top-3 right-3\" alt=\"Neat glass icon\" height=\"172\" width=\"166\" title=\"\">\n    \t                                    <img decoding=\"async\" width=\"660\" height=\"640\" src=\"https:\/\/www.columbiaskylights.com\/wp-content\/uploads\/2023\/04\/double-glazed-loe3-366-neat.jpg\" class=\"w-full h-auto wp-post-image\" alt=\"\" srcset=\"https:\/\/www.columbiaskylights.com\/wp-content\/uploads\/2023\/04\/double-glazed-loe3-366-neat.jpg 660w, https:\/\/www.columbiaskylights.com\/wp-content\/uploads\/2023\/04\/double-glazed-loe3-366-neat-300x291.jpg 300w\" sizes=\"(max-width: 660px) 100vw, 660px\" title=\"\">\n                <\/div>\n                                  <div class=\"text-white bg-blue text-center text-sm font-semibold py-3 px-2\">\n                    Peu d\u2019entretien\n                  <\/div>\n                                <text class=\"card__content wp-editor flex flex-col grow pt-3 md:pt-6\">\n                  <div class=\"h5 mb-6 card-title\">Double Vitrage L<span class=\"lowercase\">o<\/span>E<sup>3<\/sup> 366 Neat<\/div>\n                  <div class=\"content grow spacing-tight\"><ul>\n<li>Double vitrage avec gaz argon.<\/li>\n<li>Le triple rev\u00eatement LoE\u00b3 sup\u00e9rieur est pratiquement invisible.<\/li>\n<li>La couche Neat permet de d\u00e9compose les mati\u00e8res organiques pr\u00e9sentes sur le verre.<\/li>\n<li>R\u00e9duit les taches d\u2019eau et disperse l\u2019eau uniform\u00e9ment.<\/li>\n<li>Bloque 95 % des rayons ultraviolets.<\/li>\n<li><strong>Couche Neat disponible en suppl\u00e9ment sur toutes les options de vitrage.<\/strong><\/li>\n<\/ul>\n<\/div>\n                                  <\/text>\n              <\/div>\n            <\/div>\n  <\/div>\n        <\/div>\n              <div class=\"glazing-option group h-full\">\n          <div class=\"content-toggle relative h-full\">\n    <button class=\"lg:hidden z-10 absolute !right-5 -top-1.5 transition-transform\"  x-data=\"window.columbia.mobile_toggle('.feature-body-wrap', false)\" x-ref=\"toggle\" ><svg xmlns=\"http:\/\/www.w3.org\/2000\/svg\" xml:space=\"preserve\" width=\"30\" height=\"31\" viewBox=\"0 0 29.4 29.4\"><circle cx=\"14.7\" cy=\"14.7\" r=\"14.7\" fill=\"#ffd110\"\/><path fill=\"#17346c\" d=\"M22.3 10.9c-.6-.6-1.5-.6-2.1 0l-5.8 5.8-5.8-5.8c-.6-.6-1.5-.6-2.1 0-.6.6-.6 1.5 0 2.1l6.9 6.9c.3.3.7.4 1.1.4.4 0 .8-.1 1.1-.4l6.9-6.9c.4-.6.4-1.6-.2-2.1z\"\/><\/svg><\/button>\n    <div class=\"mdd:px-6 bg-teal-100 lg:shadow h-full flex flex-col\">\n              <div class=\"flex flex-row border-t group-first:border-t-0 py-3 md:px-3 lg:hidden\">\n                <div class=\"toggle-thumb w-16 min-w-[64px] md:w-24 md:min-w-[96px] relative\">\n                  <img decoding=\"async\" width=\"660\" height=\"640\" src=\"https:\/\/www.columbiaskylights.com\/wp-content\/uploads\/2023\/04\/double-glazed-loe3-i89.jpg\" class=\"w-full h-auto wp-post-image\" alt=\"\" srcset=\"https:\/\/www.columbiaskylights.com\/wp-content\/uploads\/2023\/04\/double-glazed-loe3-i89.jpg 660w, https:\/\/www.columbiaskylights.com\/wp-content\/uploads\/2023\/04\/double-glazed-loe3-i89-300x291.jpg 300w\" sizes=\"(max-width: 660px) 100vw, 660px\" title=\"\">\n                <\/div>\n                <div class=\"mdd:text-h6-m h6 !font-semibold pl-4 pr-8\">Double Vitrage L<span class=\"lowercase\">o<\/span>E<sup>3<\/sup> i89<\/div>\n              <\/div>\n              <div class=\"feature-body-wrap flex flex-col grow md:px-6 pb-8 lg:p-8 lg:pb-10\">\n                <div class=\"image-wrap relative\">\n                                      <div class=\"title-overlay absolute p-3 bottom-0 left-0 h6 card-title\">i89<\/div>\n                                                                          <img decoding=\"async\" src=\"https:\/\/www.columbiaskylights.com\/wp-content\/uploads\/2023\/04\/loe3-i89-icon.png\" class=\"product-icon absolute max-w-[64px] md:w-1\/4 md:max-w-[82px] h-auto top-3 right-3\" alt=\"Loe3 i89 icon\" height=\"170\" width=\"164\" title=\"\">\n    \t                                    <img decoding=\"async\" width=\"660\" height=\"640\" src=\"https:\/\/www.columbiaskylights.com\/wp-content\/uploads\/2023\/04\/double-glazed-loe3-i89.jpg\" class=\"w-full h-auto wp-post-image\" alt=\"\" srcset=\"https:\/\/www.columbiaskylights.com\/wp-content\/uploads\/2023\/04\/double-glazed-loe3-i89.jpg 660w, https:\/\/www.columbiaskylights.com\/wp-content\/uploads\/2023\/04\/double-glazed-loe3-i89-300x291.jpg 300w\" sizes=\"(max-width: 660px) 100vw, 660px\" title=\"\">\n                <\/div>\n                                  <div class=\"text-white bg-blue text-center text-sm font-semibold py-3 px-2\">\n                    Protection proche d\u2019un triple vitrage\n                  <\/div>\n                                <text class=\"card__content wp-editor flex flex-col grow pt-3 md:pt-6\">\n                  <div class=\"h5 mb-6 card-title\">Double Vitrage L<span class=\"lowercase\">o<\/span>E<sup>3<\/sup> i89<\/div>\n                  <div class=\"content grow spacing-tight\"><ul>\n<li>Double vitrage avec gaz argon. Le triple rev\u00eatement LoE\u00b3 sup\u00e9rieur est pratiquement invisible.<\/li>\n<li>Rev\u00eatements L<span class=\"lowercase\">o<\/span>E<sup>3<\/sup> appliqu\u00e9s sur deux surfaces pour une efficacit\u00e9 \u00e9nerg\u00e9tique renforc\u00e9e.<\/li>\n<li>Performance proche d\u2019un triple vitrage.<\/li>\n<li>Bloque 95 % des rayons ultraviolets.<\/li>\n<li><strong>Disponible dans tous les mod\u00e8les de dimensions standard et personnalis\u00e9es depuis 2011.<\/strong><\/li>\n<\/ul>\n<\/div>\n                                  <\/text>\n              <\/div>\n            <\/div>\n  <\/div>\n        <\/div>\n              <div class=\"glazing-option group h-full\">\n          <div class=\"content-toggle relative h-full\">\n    <button class=\"lg:hidden z-10 absolute !right-5 -top-1.5 transition-transform\"  x-data=\"window.columbia.mobile_toggle('.feature-body-wrap', false)\" x-ref=\"toggle\" ><svg xmlns=\"http:\/\/www.w3.org\/2000\/svg\" xml:space=\"preserve\" width=\"30\" height=\"31\" viewBox=\"0 0 29.4 29.4\"><circle cx=\"14.7\" cy=\"14.7\" r=\"14.7\" fill=\"#ffd110\"\/><path fill=\"#17346c\" d=\"M22.3 10.9c-.6-.6-1.5-.6-2.1 0l-5.8 5.8-5.8-5.8c-.6-.6-1.5-.6-2.1 0-.6.6-.6 1.5 0 2.1l6.9 6.9c.3.3.7.4 1.1.4.4 0 .8-.1 1.1-.4l6.9-6.9c.4-.6.4-1.6-.2-2.1z\"\/><\/svg><\/button>\n    <div class=\"mdd:px-6 bg-teal-100 lg:shadow h-full flex flex-col\">\n              <div class=\"flex flex-row border-t group-first:border-t-0 py-3 md:px-3 lg:hidden\">\n                <div class=\"toggle-thumb w-16 min-w-[64px] md:w-24 md:min-w-[96px] relative\">\n                  <img decoding=\"async\" width=\"660\" height=\"640\" src=\"https:\/\/www.columbiaskylights.com\/wp-content\/uploads\/2023\/04\/double-glazed-loe3-366-tinted-bronze-grey.jpg\" class=\"w-full h-auto wp-post-image\" alt=\"\" srcset=\"https:\/\/www.columbiaskylights.com\/wp-content\/uploads\/2023\/04\/double-glazed-loe3-366-tinted-bronze-grey.jpg 660w, https:\/\/www.columbiaskylights.com\/wp-content\/uploads\/2023\/04\/double-glazed-loe3-366-tinted-bronze-grey-300x291.jpg 300w\" sizes=\"(max-width: 660px) 100vw, 660px\" title=\"\">\n                <\/div>\n                <div class=\"mdd:text-h6-m h6 !font-semibold pl-4 pr-8\">Double vitrage L<span class=\"lowercase\">o<\/span>E<sup>3<\/sup> 366 en teintes bronze ou grise<\/div>\n              <\/div>\n              <div class=\"feature-body-wrap flex flex-col grow md:px-6 pb-8 lg:p-8 lg:pb-10\">\n                <div class=\"image-wrap relative\">\n                                      <div class=\"title-overlay absolute p-3 bottom-0 left-0 h6 card-title\">BLEA \/ GLEA<\/div>\n                                                                          <img decoding=\"async\" src=\"https:\/\/www.columbiaskylights.com\/wp-content\/uploads\/2023\/04\/loe3-366-icon.png\" class=\"product-icon absolute max-w-[64px] md:w-1\/4 md:max-w-[82px] h-auto top-3 right-3\" alt=\"Loe3 366 icon\" height=\"160\" width=\"165\" title=\"\">\n    \t                                    <img decoding=\"async\" width=\"660\" height=\"640\" src=\"https:\/\/www.columbiaskylights.com\/wp-content\/uploads\/2023\/04\/double-glazed-loe3-366-tinted-bronze-grey.jpg\" class=\"w-full h-auto wp-post-image\" alt=\"\" srcset=\"https:\/\/www.columbiaskylights.com\/wp-content\/uploads\/2023\/04\/double-glazed-loe3-366-tinted-bronze-grey.jpg 660w, https:\/\/www.columbiaskylights.com\/wp-content\/uploads\/2023\/04\/double-glazed-loe3-366-tinted-bronze-grey-300x291.jpg 300w\" sizes=\"(max-width: 660px) 100vw, 660px\" title=\"\">\n                <\/div>\n                                  <div class=\"text-white bg-blue text-center text-sm font-semibold py-3 px-2\">\n                    Pour une lumi\u00e8re plus douce\n                  <\/div>\n                                <text class=\"card__content wp-editor flex flex-col grow pt-3 md:pt-6\">\n                  <div class=\"h5 mb-6 card-title\">Double vitrage L<span class=\"lowercase\">o<\/span>E<sup>3<\/sup> 366 en teintes bronze ou grise<\/div>\n                  <div class=\"content grow spacing-tight\"><ul>\n<li>Double vitrage avec gaz argon.<\/li>\n<li>Le triple rev\u00eatement LoE\u00b3 sup\u00e9rieur est pratiquement invisible.<\/li>\n<li>R\u00e9duction de l\u2019\u00e9blouissement.<\/li>\n<li>Id\u00e9al pour les pi\u00e8ces n\u00e9cessitant une lumi\u00e8re plus douce.<\/li>\n<li>R\u00e9duction du gain de chaleur solaire.<\/li>\n<li>Bloque 95 % des rayons ultraviolets.<\/li>\n<li>Disponible en teintes bronze ou grise.<\/li>\n<\/ul>\n<\/div>\n                                  <\/text>\n              <\/div>\n            <\/div>\n  <\/div>\n        <\/div>\n          <\/div>\n      <\/div>\n              <\/section>\n\n\n<section id=\"block_17242044c965193770deed174e0b91d9\" class=\" columbia-block relative overflow-hidden wp-block-divider text-dark bg-white \" >\n          <div class=\" block-inner relative container mx-auto\" >\n        <hr class=\"border-t md:w-12\/12 mx-auto\" \/>\n      <\/div>\n              <\/section>\n\n\n<section id=\"block_4fd4e097228a9cf00a686affd006cfd3\" class=\" columbia-block relative overflow-hidden wp-block-photo-gallery aligncenter block-w-wide text-dark bg-white  p-top-default p-bottom-default\" >\n          <div class=\" block-inner relative container mx-auto\" >\n        <div class=\"block-intro-wrap z-0 relative  pb-11 lg:pb-22 last:pb-0\">\n    \n        <div class=\"block-title grow  mx-auto max-w-6xl\">\n            <h2 class=\" h3 text-center\">COLUMBIA OFFRE LE PLUS GRAND CHOIX DE COULEURS DE CADRES DE PUITS DE LUMI\u00c8RE EN AM\u00c9RIQUE DU NORD<\/h2>\n    <\/div>\n    \n    \n          <div class=\"mt-6 lg:mt-12 relative z-0 block-intro  mx-auto max-w-6xl lg:max-w-6xxl text-xl\">Avec la s\u00e9lection croissante d\u2019options de couleur pour les bardeaux d\u2019asphalte et les toits m\u00e9talliques, Columbia vous permet d\u2019assortir la couleur du cadre de votre puits de lumi\u00e8re \u00e0 la teinte de votre mat\u00e9riau de toiture ou de vos fen\u00eatres. Columbia propose sept couleurs standard et un nombre illimit\u00e9 de couleurs personnalis\u00e9es assorties. \u00c9conomisez du temps et de l\u2019argent en optant pour une couleur standard, ou fournissez un \u00e9chantillon de couleur \u00e0 votre distributeur et nous produirons une teinte assortie.<\/div>\n          <\/div>\n        <div class=\"gallery grid grid-cols-2 md:grid-cols-4 gap-4 md:gap-6 lg:gap-8 \" >\n              <div class=\"gallery__image\">\n          <img decoding=\"async\" src=\"https:\/\/www.columbiaskylights.com\/wp-content\/uploads\/2023\/05\/noir.svg\" class=\"max-w-full\" alt=\"Noir\" height=\"180\" width=\"306\" title=\"\">\n    \t                  <\/div>\n              <div class=\"gallery__image\">\n          <img decoding=\"async\" src=\"https:\/\/www.columbiaskylights.com\/wp-content\/uploads\/2023\/05\/brun.svg\" class=\"max-w-full\" alt=\"Brun\" height=\"180\" width=\"306\" title=\"\">\n    \t                  <\/div>\n              <div class=\"gallery__image\">\n          <img decoding=\"async\" src=\"https:\/\/www.columbiaskylights.com\/wp-content\/uploads\/2023\/05\/gris.svg\" class=\"max-w-full\" alt=\"Gris\" height=\"180\" width=\"305\" title=\"\">\n    \t                  <\/div>\n              <div class=\"gallery__image\">\n          <img decoding=\"async\" src=\"https:\/\/www.columbiaskylights.com\/wp-content\/uploads\/2023\/05\/santal.svg\" class=\"max-w-full\" alt=\"Santal\" height=\"180\" width=\"302\" title=\"\">\n    \t                  <\/div>\n              <div class=\"gallery__image\">\n          <img decoding=\"async\" src=\"https:\/\/www.columbiaskylights.com\/wp-content\/uploads\/2023\/05\/blanc.svg\" class=\"max-w-full\" alt=\"Blanc\" height=\"180\" width=\"303\" title=\"\">\n    \t                  <\/div>\n              <div class=\"gallery__image\">\n          <img decoding=\"async\" src=\"https:\/\/www.columbiaskylights.com\/wp-content\/uploads\/2023\/05\/couleur-acier.png\" class=\"max-w-full\" alt=\"Couleur Acier\" height=\"724\" width=\"1232\" title=\"\">\n    \t                  <\/div>\n              <div class=\"gallery__image\">\n          <img decoding=\"async\" src=\"https:\/\/www.columbiaskylights.com\/wp-content\/uploads\/2023\/05\/anodise.png\" class=\"max-w-full\" alt=\"Anodise\" height=\"722\" width=\"1200\" title=\"\">\n    \t                  <\/div>\n              <div class=\"gallery__image\">\n          <img decoding=\"async\" src=\"https:\/\/www.columbiaskylights.com\/wp-content\/uploads\/2023\/05\/personnalise.png\" class=\"max-w-full\" alt=\"Personnalise\" height=\"720\" width=\"1212\" title=\"\">\n    \t                  <\/div>\n          <\/div>\n      <\/div>\n              <\/section>\n\n\n<section id=\"block_e92bca0effeaca46006cdabaf5585176\" class=\" columbia-block relative overflow-hidden wp-block-product-sizing-charts block-w-full text-dark bg-teal bg-top-shadow p-top-default p-bottom-default\" >\n          <div class=\" block-inner relative container mx-auto\"  x-data=\"sizingChart\">\n        <div class=\"block-intro-wrap z-0 relative  pb-11 lg:pb-22 last:pb-0\">\n          <div class=\"title-image-wrap relative flex flex-col-reverse items-center md:flex-row title-icon-spacer spacer-center\">\n                  <div class=\"flex justify-center w-full flex-row gap-6 md:absolute md:top-0 md:left-0 \">\n                  <div class=\"title-image mt-6 md:mt-0 md:absolute left-0\">\n            <img decoding=\"async\" src=\"https:\/\/www.columbiaskylights.com\/wp-content\/uploads\/2023\/05\/pente-minimale-2-12-cropped.svg\" class=\"block-title-image max-w-[33vw] max-h-[165px] w-auto h-auto\" alt=\"Pente Minimale 2 12 Cropped\" height=\"139\" width=\"136\" title=\"\">\n    \t          <\/div>\n                            <\/div>\n            \n        <div class=\"block-title grow  mx-auto max-w-6xl\">\n            <h2 class=\" h3 text-center\">TAILLES POUR GL RAS VINYLe AUTO-\u00c9TANCH\u00c9IFIANT FIXE VITRAGE VELUX<\/h2>\n    <\/div>\n    \n          <\/div>\n    \n          <div class=\"mt-6 lg:mt-12 relative z-0 block-intro  mx-auto max-w-6xl lg:max-w-6xxl text-xl\">Disponible dans les tailles indiqu\u00e9es dans le tableau ci-dessous (Imp\u00e9riales et M\u00e9triques). Vous pouvez \u00e9galement consulter les tailles les plus populaires. Si vous ne trouvez pas la taille dont vous avez besoin ci-dessous, veuillez visiter notre page des tailles personnalis\u00e9es. Vous pouvez \u00e9galement t\u00e9l\u00e9charger un PDF imprimable du tableau.<\/div>\n          <\/div>\n            <hr class=\"mb-12\" \/>\n        <div class=\"grid mb-12 grid-cols-1 md:grid-cols-2 lg:grid-cols-3 text-center max-w-[1140px] gap-12 lg:gap-30 mx-auto\">\n      <div class=\"\">\n                  <a href=\"https:\/\/www.columbiaskylights.com\/fr\/informations-techniques\/commande-de-dimensions-personnalisees\/\" class=\"last:mr-0 btn-blue\">VOIR LES DIMENSIONS PERSONNALIS\u00c9ES<\/a>\n          <p class=\"x-cta-description mt-5 text-sm !w-full\">Si vous ne trouvez pas les dimensions souhait\u00e9es dans nos produits standard, consultez notre page Dimensions personnalis\u00e9es.<\/p>\n              <\/div>\n      <div>\n        <div class=\"flex flex-row justify-center\">\n          <button x-on:click=\"toggleUnits()\" :class=\"isImperial ? 'btn-blue' : 'btn-grey'\">UNIT\u00c9S IMP\u00c9RIALES<\/button>\n          <button x-on:click=\"toggleUnits()\" :class=\"!isImperial ? 'btn-blue' : 'btn-grey'\">UNIT\u00c9S M\u00c9TRIQUES<\/button>\n        <\/div>\n                  <p class=\"x-cta-description mt-5 text-sm\">Les dimensions standard des puits de lumi\u00e8re sont disponibles dans les deux options.<\/p>\n              <\/div>\n            <div class=\"mdd:hidden\">\n        <div class=\"inline-flex flex-row gap-6 items-center uppercase font-semibold mx-auto py-3\">\n          DIMENSIONS<br\/>POPULAIRES          <div><svg xmlns=\"http:\/\/www.w3.org\/2000\/svg\" width=\"50\" height=\"50\" viewBox=\"0 0 50 50\">\n  <g id=\"Group_81285\" data-name=\"Group 81285\" transform=\"translate(-1582 -14978)\">\n    <circle id=\"Ellipse_4034\" data-name=\"Ellipse 4034\" cx=\"25\" cy=\"25\" r=\"25\" transform=\"translate(1582 14978)\" fill=\"#17346c\"\/>\n    <path id=\"Path_49853\" data-name=\"Path 49853\" d=\"M17.062,0l-5.28,10.676L0,12.379l8.52,8.315L6.5,32.429,17.04,26.9l10.535,5.545-2-11.734L34.1,12.4,22.325,10.68Z\" transform=\"translate(1590 14985.118)\" fill=\"#f4c830\"\/>\n  <\/g>\n<\/svg><\/div>\n        <\/div>\n        <p class=\"x-cta-description mt-5 text-sm\">L\u2019\u00e9toile jaune indique les dimensions les plus populaires.<\/p>\n      <\/div>\n          <\/div>\n    \n    \n          <table class=\"hidden font-narrow lg:block sizing-chart w-full mx-auto mt-30 pl-8 xxxl:pl-0\" style=\"max-width: 1157.7435897436px; width: clamp(768, 723.58974358974%, 100%) ;\">\n        <tr>\n                    <th width=\"1%\" class=\"p-3 leading-tight text-left\">Cadre int\u00e9rieur<\/th>\n                                <th data-imperialvalue=\"22&frac12;\" data-metricvalue=\"572\"><span class=\"data-value whitespace-nowrap\">22&frac12;<\/span><\/th>\n                      <th data-imperialvalue=\"30&frac12;\" data-metricvalue=\"775\"><span class=\"data-value whitespace-nowrap\">30&frac12;<\/span><\/th>\n                      <th data-imperialvalue=\"34&frac12;\" data-metricvalue=\"876\"><span class=\"data-value whitespace-nowrap\">34&frac12;<\/span><\/th>\n                      <th data-imperialvalue=\"36&frac12;\" data-metricvalue=\"927\"><span class=\"data-value whitespace-nowrap\">36&frac12;<\/span><\/th>\n                  <\/tr>\n        \n                            <tr>\n            <th data-imperialvalue=\"30&frac12;\" data-metricvalue=\"775\"><span class=\"data-value whitespace-nowrap inline-block\">30&frac12;<\/span><\/th>\n\n                                        <td x-data=\"\" class=\"relative  text-white bg-columbia-dark hover:bg-blue\" width=\"15%\">\n                                  <template x-ref=\"imperial_template\">\n                    <div class=\"h6 mb-2\">Mod\u00e8le 2836<\/div>\n                                                                                            <div class=\"text-lg mt-2\"><strong>Cadre int\u00e9rieur (l x h)<\/strong><br\/>22&frac12;\u00a0\u00bb x 30&frac12;&rdquo;<\/div>\n                                                                                                <div class=\"text-lg mt-2\"><strong>Cadre ext\u00e9rieur (l x h)<\/strong><br\/>25&frac12;\u00a0\u00bb x 33&frac12;&rdquo;<\/div>\n                                                                  \n                                          <div class=\"text-lg mt-2\"><strong>Surface vitr\u00e9e<\/strong><br\/>4.77 sq.ft.<\/div>\n                                      <\/template>\n                  <template x-ref=\"metric_template\">\n                    <div class=\"h6 mb-2\">Mod\u00e8le 2836<\/div>\n                                                                                            <div class=\"text-lg mt-2\"><strong>Cadre int\u00e9rieur (l x h)<\/strong><br\/>572mm x 775mm<\/div>\n                                                                                                <div class=\"text-lg mt-2\"><strong>Cadre ext\u00e9rieur (l x h)<\/strong><br\/>648mm x 851mm<\/div>\n                                                                  \n                                          <div class=\"text-lg mt-2\"><strong>Surface vitr\u00e9e<\/strong><br\/>0.44 m<sup>2<\/sup><\/div>\n                                      <\/template>\n                                    <button class=\"size-md\" style=\"aspect-ratio: 572 \/ 775\"  x-tooltip=\"{\n                      content: (!isImperial ? $refs.metric_template.innerHTML : $refs.imperial_template.innerHTML),\n                      allowHTML: true,\n                      appendTo: $root,\n                  }\">\n                    Mod\u00e8le<br\/>2836\n\n                                          <svg class=\"w-6 h-6 absolute bottom-2 right-2\" xmlns=\"http:\/\/www.w3.org\/2000\/svg\" width=\"50\" height=\"50\" viewBox=\"0 0 50 50\">\n  <g id=\"Group_81285\" data-name=\"Group 81285\" transform=\"translate(-1582 -14978)\">\n    <circle id=\"Ellipse_4034\" data-name=\"Ellipse 4034\" cx=\"25\" cy=\"25\" r=\"25\" transform=\"translate(1582 14978)\" fill=\"#17346c\"\/>\n    <path id=\"Path_49853\" data-name=\"Path 49853\" d=\"M17.062,0l-5.28,10.676L0,12.379l8.52,8.315L6.5,32.429,17.04,26.9l10.535,5.545-2-11.734L34.1,12.4,22.325,10.68Z\" transform=\"translate(1590 14985.118)\" fill=\"#f4c830\"\/>\n  <\/g>\n<\/svg>                                      <\/button>\n                              <\/td>\n                                        <td x-data=\"\" class=\"relative  text-white bg-columbia-dark hover:bg-blue\" width=\"20.333333333333%\">\n                                  <template x-ref=\"imperial_template\">\n                    <div class=\"h6 mb-2\">Mod\u00e8le 3636<\/div>\n                                                                                            <div class=\"text-lg mt-2\"><strong>Cadre int\u00e9rieur (l x h)<\/strong><br\/>30&frac12;\u00a0\u00bb x 30&frac12;&rdquo;<\/div>\n                                                                                                <div class=\"text-lg mt-2\"><strong>Cadre ext\u00e9rieur (l x h)<\/strong><br\/>33&frac12;\u00a0\u00bb x 33&frac12;&rdquo;<\/div>\n                                                                  \n                                          <div class=\"text-lg mt-2\"><strong>Surface vitr\u00e9e<\/strong><br\/>6.46 sq.ft.<\/div>\n                                      <\/template>\n                  <template x-ref=\"metric_template\">\n                    <div class=\"h6 mb-2\">Mod\u00e8le 3636<\/div>\n                                                                                            <div class=\"text-lg mt-2\"><strong>Cadre int\u00e9rieur (l x h)<\/strong><br\/>775mm x 775mm<\/div>\n                                                                                                <div class=\"text-lg mt-2\"><strong>Cadre ext\u00e9rieur (l x h)<\/strong><br\/>851mm x 851mm<\/div>\n                                                                  \n                                          <div class=\"text-lg mt-2\"><strong>Surface vitr\u00e9e<\/strong><br\/>0.60 m<sup>2<\/sup><\/div>\n                                      <\/template>\n                                    <button class=\"size-md\" style=\"aspect-ratio: 775 \/ 775\"  x-tooltip=\"{\n                      content: (!isImperial ? $refs.metric_template.innerHTML : $refs.imperial_template.innerHTML),\n                      allowHTML: true,\n                      appendTo: $root,\n                  }\">\n                    Mod\u00e8le<br\/>3636\n\n                                          <svg class=\"w-6 h-6 absolute bottom-2 right-2\" xmlns=\"http:\/\/www.w3.org\/2000\/svg\" width=\"50\" height=\"50\" viewBox=\"0 0 50 50\">\n  <g id=\"Group_81285\" data-name=\"Group 81285\" transform=\"translate(-1582 -14978)\">\n    <circle id=\"Ellipse_4034\" data-name=\"Ellipse 4034\" cx=\"25\" cy=\"25\" r=\"25\" transform=\"translate(1582 14978)\" fill=\"#17346c\"\/>\n    <path id=\"Path_49853\" data-name=\"Path 49853\" d=\"M17.062,0l-5.28,10.676L0,12.379l8.52,8.315L6.5,32.429,17.04,26.9l10.535,5.545-2-11.734L34.1,12.4,22.325,10.68Z\" transform=\"translate(1590 14985.118)\" fill=\"#f4c830\"\/>\n  <\/g>\n<\/svg>                                      <\/button>\n                              <\/td>\n                                        <td  class=\"relative \" width=\"0%\">\n                              <\/td>\n                                        <td  class=\"relative \" width=\"0%\">\n                              <\/td>\n                      <\/tr>\n                            <tr>\n            <th data-imperialvalue=\"34&frac12;\" data-metricvalue=\"876\"><span class=\"data-value whitespace-nowrap inline-block\">34&frac12;<\/span><\/th>\n\n                                        <td x-data=\"\" class=\"relative  text-white bg-columbia-dark hover:bg-blue\" width=\"15%\">\n                                  <template x-ref=\"imperial_template\">\n                    <div class=\"h6 mb-2\">Mod\u00e8le 2840<\/div>\n                                                                                            <div class=\"text-lg mt-2\"><strong>Cadre int\u00e9rieur (l x h)<\/strong><br\/>22&frac12;\u00a0\u00bb x 34&frac12;&rdquo;<\/div>\n                                                                                                <div class=\"text-lg mt-2\"><strong>Cadre ext\u00e9rieur (l x h)<\/strong><br\/>25&frac12;\u00a0\u00bb x 37&frac12;&rdquo;<\/div>\n                                                                  \n                                          <div class=\"text-lg mt-2\"><strong>Surface vitr\u00e9e<\/strong><br\/>5.39 sq.ft.<\/div>\n                                      <\/template>\n                  <template x-ref=\"metric_template\">\n                    <div class=\"h6 mb-2\">Mod\u00e8le 2840<\/div>\n                                                                                            <div class=\"text-lg mt-2\"><strong>Cadre int\u00e9rieur (l x h)<\/strong><br\/>572mm x 876mm<\/div>\n                                                                                                <div class=\"text-lg mt-2\"><strong>Cadre ext\u00e9rieur (l x h)<\/strong><br\/>648mm x 953mm<\/div>\n                                                                  \n                                          <div class=\"text-lg mt-2\"><strong>Surface vitr\u00e9e<\/strong><br\/>0.50 m<sup>2<\/sup><\/div>\n                                      <\/template>\n                                    <button class=\"size-md\" style=\"aspect-ratio: 572 \/ 876\"  x-tooltip=\"{\n                      content: (!isImperial ? $refs.metric_template.innerHTML : $refs.imperial_template.innerHTML),\n                      allowHTML: true,\n                      appendTo: $root,\n                  }\">\n                    Mod\u00e8le<br\/>2840\n\n                                          <svg class=\"w-6 h-6 absolute bottom-2 right-2\" xmlns=\"http:\/\/www.w3.org\/2000\/svg\" width=\"50\" height=\"50\" viewBox=\"0 0 50 50\">\n  <g id=\"Group_81285\" data-name=\"Group 81285\" transform=\"translate(-1582 -14978)\">\n    <circle id=\"Ellipse_4034\" data-name=\"Ellipse 4034\" cx=\"25\" cy=\"25\" r=\"25\" transform=\"translate(1582 14978)\" fill=\"#17346c\"\/>\n    <path id=\"Path_49853\" data-name=\"Path 49853\" d=\"M17.062,0l-5.28,10.676L0,12.379l8.52,8.315L6.5,32.429,17.04,26.9l10.535,5.545-2-11.734L34.1,12.4,22.325,10.68Z\" transform=\"translate(1590 14985.118)\" fill=\"#f4c830\"\/>\n  <\/g>\n<\/svg>                                      <\/button>\n                              <\/td>\n                                        <td  class=\"relative \" width=\"0%\">\n                              <\/td>\n                                        <td x-data=\"\" class=\"relative  text-white bg-columbia-dark hover:bg-blue\" width=\"23%\">\n                                  <template x-ref=\"imperial_template\">\n                    <div class=\"h6 mb-2\">Mod\u00e8le 4040<\/div>\n                                                                                            <div class=\"text-lg mt-2\"><strong>Cadre int\u00e9rieur (l x h)<\/strong><br\/>34&frac12;\u00a0\u00bb x 34&frac12;&rdquo;<\/div>\n                                                                                                <div class=\"text-lg mt-2\"><strong>Cadre ext\u00e9rieur (l x h)<\/strong><br\/>37&frac12;\u00a0\u00bb x 37&frac12;&rdquo;<\/div>\n                                                                  \n                                          <div class=\"text-lg mt-2\"><strong>Surface vitr\u00e9e<\/strong><br\/>8.27 sq.ft.<\/div>\n                                      <\/template>\n                  <template x-ref=\"metric_template\">\n                    <div class=\"h6 mb-2\">Mod\u00e8le 4040<\/div>\n                                                                                            <div class=\"text-lg mt-2\"><strong>Cadre int\u00e9rieur (l x h)<\/strong><br\/>876mm x 876mm<\/div>\n                                                                                                <div class=\"text-lg mt-2\"><strong>Cadre ext\u00e9rieur (l x h)<\/strong><br\/>953mm x 953mm<\/div>\n                                                                  \n                                          <div class=\"text-lg mt-2\"><strong>Surface vitr\u00e9e<\/strong><br\/>0.77 m<sup>2<\/sup><\/div>\n                                      <\/template>\n                                    <button class=\"size-md\" style=\"aspect-ratio: 876 \/ 876\"  x-tooltip=\"{\n                      content: (!isImperial ? $refs.metric_template.innerHTML : $refs.imperial_template.innerHTML),\n                      allowHTML: true,\n                      appendTo: $root,\n                  }\">\n                    Mod\u00e8le<br\/>4040\n\n                                      <\/button>\n                              <\/td>\n                                        <td  class=\"relative \" width=\"0%\">\n                              <\/td>\n                      <\/tr>\n                            <tr>\n            <th data-imperialvalue=\"36&frac12;\" data-metricvalue=\"927\"><span class=\"data-value whitespace-nowrap inline-block\">36&frac12;<\/span><\/th>\n\n                                        <td  class=\"relative \" width=\"0%\">\n                              <\/td>\n                                        <td  class=\"relative \" width=\"0%\">\n                              <\/td>\n                                        <td  class=\"relative \" width=\"0%\">\n                              <\/td>\n                                        <td x-data=\"\" class=\"relative  text-white bg-columbia-dark hover:bg-blue\" width=\"24.333333333333%\">\n                                  <template x-ref=\"imperial_template\">\n                    <div class=\"h6 mb-2\">Mod\u00e8le 4242<\/div>\n                                                                                            <div class=\"text-lg mt-2\"><strong>Cadre int\u00e9rieur (l x h)<\/strong><br\/>36&frac12;\u00a0\u00bb x 36&frac12;&rdquo;<\/div>\n                                                                                                <div class=\"text-lg mt-2\"><strong>Cadre ext\u00e9rieur (l x h)<\/strong><br\/>39&frac12;\u00a0\u00bb x 39&frac12;&rdquo;<\/div>\n                                                                  \n                                          <div class=\"text-lg mt-2\"><strong>Surface vitr\u00e9e<\/strong><br\/>9.25 sq.ft.<\/div>\n                                      <\/template>\n                  <template x-ref=\"metric_template\">\n                    <div class=\"h6 mb-2\">Mod\u00e8le 4242<\/div>\n                                                                                            <div class=\"text-lg mt-2\"><strong>Cadre int\u00e9rieur (l x h)<\/strong><br\/>927mm x 927mm<\/div>\n                                                                                                <div class=\"text-lg mt-2\"><strong>Cadre ext\u00e9rieur (l x h)<\/strong><br\/>1003mm x 1003mm<\/div>\n                                                                  \n                                          <div class=\"text-lg mt-2\"><strong>Surface vitr\u00e9e<\/strong><br\/>0.86 m<sup>2<\/sup><\/div>\n                                      <\/template>\n                                    <button class=\"size-md\" style=\"aspect-ratio: 927 \/ 927\"  x-tooltip=\"{\n                      content: (!isImperial ? $refs.metric_template.innerHTML : $refs.imperial_template.innerHTML),\n                      allowHTML: true,\n                      appendTo: $root,\n                  }\">\n                    Mod\u00e8le<br\/>4242\n\n                                      <\/button>\n                              <\/td>\n                      <\/tr>\n                            <tr>\n            <th data-imperialvalue=\"46&frac12;\" data-metricvalue=\"1181\"><span class=\"data-value whitespace-nowrap inline-block\">46&frac12;<\/span><\/th>\n\n                                        <td x-data=\"\" class=\"relative  text-white bg-columbia-dark hover:bg-blue\" width=\"15%\">\n                                  <template x-ref=\"imperial_template\">\n                    <div class=\"h6 mb-2\">Mod\u00e8le 2852<\/div>\n                                                                                            <div class=\"text-lg mt-2\"><strong>Cadre int\u00e9rieur (l x h)<\/strong><br\/>22&frac12;\u00a0\u00bb x 46&frac12;&rdquo;<\/div>\n                                                                                                <div class=\"text-lg mt-2\"><strong>Cadre ext\u00e9rieur (l x h)<\/strong><br\/>25&frac12;\u00a0\u00bb x 49&frac12;&rdquo;<\/div>\n                                                                  \n                                          <div class=\"text-lg mt-2\"><strong>Surface vitr\u00e9e<\/strong><br\/>7.27 sq.ft.<\/div>\n                                      <\/template>\n                  <template x-ref=\"metric_template\">\n                    <div class=\"h6 mb-2\">Mod\u00e8le 2852<\/div>\n                                                                                            <div class=\"text-lg mt-2\"><strong>Cadre int\u00e9rieur (l x h)<\/strong><br\/>572mm x 1181mm<\/div>\n                                                                                                <div class=\"text-lg mt-2\"><strong>Cadre ext\u00e9rieur (l x h)<\/strong><br\/>648mm x 1257mm<\/div>\n                                                                  \n                                          <div class=\"text-lg mt-2\"><strong>Surface vitr\u00e9e<\/strong><br\/>0.68 m<sup>2<\/sup><\/div>\n                                      <\/template>\n                                    <button class=\"size-md\" style=\"aspect-ratio: 572 \/ 1181\"  x-tooltip=\"{\n                      content: (!isImperial ? $refs.metric_template.innerHTML : $refs.imperial_template.innerHTML),\n                      allowHTML: true,\n                      appendTo: $root,\n                  }\">\n                    Mod\u00e8le<br\/>2852\n\n                                          <svg class=\"w-6 h-6 absolute bottom-2 right-2\" xmlns=\"http:\/\/www.w3.org\/2000\/svg\" width=\"50\" height=\"50\" viewBox=\"0 0 50 50\">\n  <g id=\"Group_81285\" data-name=\"Group 81285\" transform=\"translate(-1582 -14978)\">\n    <circle id=\"Ellipse_4034\" data-name=\"Ellipse 4034\" cx=\"25\" cy=\"25\" r=\"25\" transform=\"translate(1582 14978)\" fill=\"#17346c\"\/>\n    <path id=\"Path_49853\" data-name=\"Path 49853\" d=\"M17.062,0l-5.28,10.676L0,12.379l8.52,8.315L6.5,32.429,17.04,26.9l10.535,5.545-2-11.734L34.1,12.4,22.325,10.68Z\" transform=\"translate(1590 14985.118)\" fill=\"#f4c830\"\/>\n  <\/g>\n<\/svg>                                      <\/button>\n                              <\/td>\n                                        <td x-data=\"\" class=\"relative  text-white bg-columbia-dark hover:bg-blue\" width=\"20.333333333333%\">\n                                  <template x-ref=\"imperial_template\">\n                    <div class=\"h6 mb-2\">Mod\u00e8le 3652<\/div>\n                                                                                            <div class=\"text-lg mt-2\"><strong>Cadre int\u00e9rieur (l x h)<\/strong><br\/>30&frac12;\u00a0\u00bb x 46&frac12;&rdquo;<\/div>\n                                                                                                <div class=\"text-lg mt-2\"><strong>Cadre ext\u00e9rieur (l x h)<\/strong><br\/>33&frac12;\u00a0\u00bb x 49&frac12;&rdquo;<\/div>\n                                                                  \n                                          <div class=\"text-lg mt-2\"><strong>Surface vitr\u00e9e<\/strong><br\/>9.85 sq.ft.<\/div>\n                                      <\/template>\n                  <template x-ref=\"metric_template\">\n                    <div class=\"h6 mb-2\">Mod\u00e8le 3652<\/div>\n                                                                                            <div class=\"text-lg mt-2\"><strong>Cadre int\u00e9rieur (l x h)<\/strong><br\/>775mm x 1181mm<\/div>\n                                                                                                <div class=\"text-lg mt-2\"><strong>Cadre ext\u00e9rieur (l x h)<\/strong><br\/>851mm x 1257mm<\/div>\n                                                                  \n                                          <div class=\"text-lg mt-2\"><strong>Surface vitr\u00e9e<\/strong><br\/>0.92 m<sup>2<\/sup><\/div>\n                                      <\/template>\n                                    <button class=\"size-md\" style=\"aspect-ratio: 775 \/ 1181\"  x-tooltip=\"{\n                      content: (!isImperial ? $refs.metric_template.innerHTML : $refs.imperial_template.innerHTML),\n                      allowHTML: true,\n                      appendTo: $root,\n                  }\">\n                    Mod\u00e8le<br\/>3652\n\n                                          <svg class=\"w-6 h-6 absolute bottom-2 right-2\" xmlns=\"http:\/\/www.w3.org\/2000\/svg\" width=\"50\" height=\"50\" viewBox=\"0 0 50 50\">\n  <g id=\"Group_81285\" data-name=\"Group 81285\" transform=\"translate(-1582 -14978)\">\n    <circle id=\"Ellipse_4034\" data-name=\"Ellipse 4034\" cx=\"25\" cy=\"25\" r=\"25\" transform=\"translate(1582 14978)\" fill=\"#17346c\"\/>\n    <path id=\"Path_49853\" data-name=\"Path 49853\" d=\"M17.062,0l-5.28,10.676L0,12.379l8.52,8.315L6.5,32.429,17.04,26.9l10.535,5.545-2-11.734L34.1,12.4,22.325,10.68Z\" transform=\"translate(1590 14985.118)\" fill=\"#f4c830\"\/>\n  <\/g>\n<\/svg>                                      <\/button>\n                              <\/td>\n                                        <td x-data=\"\" class=\"relative  text-white bg-columbia-dark hover:bg-blue\" width=\"23%\">\n                                  <template x-ref=\"imperial_template\">\n                    <div class=\"h6 mb-2\">Mod\u00e8le 4052<\/div>\n                                                                                            <div class=\"text-lg mt-2\"><strong>Cadre int\u00e9rieur (l x h)<\/strong><br\/>34&frac12;\u00a0\u00bb x 46&frac12;&rdquo;<\/div>\n                                                                                                <div class=\"text-lg mt-2\"><strong>Cadre ext\u00e9rieur (l x h)<\/strong><br\/>37&frac12;\u00a0\u00bb x 49&frac12;&rdquo;<\/div>\n                                                                  \n                                          <div class=\"text-lg mt-2\"><strong>Surface vitr\u00e9e<\/strong><br\/>11.14 sq.ft.<\/div>\n                                      <\/template>\n                  <template x-ref=\"metric_template\">\n                    <div class=\"h6 mb-2\">Mod\u00e8le 4052<\/div>\n                                                                                            <div class=\"text-lg mt-2\"><strong>Cadre int\u00e9rieur (l x h)<\/strong><br\/>876mm x 1181mm<\/div>\n                                                                                                <div class=\"text-lg mt-2\"><strong>Cadre ext\u00e9rieur (l x h)<\/strong><br\/>953mm x 1257mm<\/div>\n                                                                  \n                                          <div class=\"text-lg mt-2\"><strong>Surface vitr\u00e9e<\/strong><br\/>1.03 m<sup>2<\/sup><\/div>\n                                      <\/template>\n                                    <button class=\"size-md\" style=\"aspect-ratio: 876 \/ 1181\"  x-tooltip=\"{\n                      content: (!isImperial ? $refs.metric_template.innerHTML : $refs.imperial_template.innerHTML),\n                      allowHTML: true,\n                      appendTo: $root,\n                  }\">\n                    Mod\u00e8le<br\/>4052\n\n                                      <\/button>\n                              <\/td>\n                                        <td  class=\"relative \" width=\"0%\">\n                              <\/td>\n                      <\/tr>\n                            <tr>\n            <th data-imperialvalue=\"62&frac12;\" data-metricvalue=\"1588\"><span class=\"data-value whitespace-nowrap inline-block\">62&frac12;<\/span><\/th>\n\n                                        <td x-data=\"\" class=\"relative  text-white bg-columbia-dark hover:bg-blue\" width=\"15%\">\n                                  <template x-ref=\"imperial_template\">\n                    <div class=\"h6 mb-2\">Mod\u00e8le 2868<\/div>\n                                                                                            <div class=\"text-lg mt-2\"><strong>Cadre int\u00e9rieur (l x h)<\/strong><br\/>22&frac12;\u00a0\u00bb x 62&frac12;&rdquo;<\/div>\n                                                                                                <div class=\"text-lg mt-2\"><strong>Cadre ext\u00e9rieur (l x h)<\/strong><br\/>25&frac12;\u00a0\u00bb x 65&frac12;&rdquo;<\/div>\n                                                                  \n                                          <div class=\"text-lg mt-2\"><strong>Surface vitr\u00e9e<\/strong><br\/>9.77 sq.ft.<\/div>\n                                      <\/template>\n                  <template x-ref=\"metric_template\">\n                    <div class=\"h6 mb-2\">Mod\u00e8le 2868<\/div>\n                                                                                            <div class=\"text-lg mt-2\"><strong>Cadre int\u00e9rieur (l x h)<\/strong><br\/>572mm x 1588mm<\/div>\n                                                                                                <div class=\"text-lg mt-2\"><strong>Cadre ext\u00e9rieur (l x h)<\/strong><br\/>648mm x 1664mm<\/div>\n                                                                  \n                                          <div class=\"text-lg mt-2\"><strong>Surface vitr\u00e9e<\/strong><br\/>0.91 m<sup>2<\/sup><\/div>\n                                      <\/template>\n                                    <button class=\"size-md\" style=\"aspect-ratio: 572 \/ 1588\"  x-tooltip=\"{\n                      content: (!isImperial ? $refs.metric_template.innerHTML : $refs.imperial_template.innerHTML),\n                      allowHTML: true,\n                      appendTo: $root,\n                  }\">\n                    Mod\u00e8le<br\/>2868\n\n                                      <\/button>\n                              <\/td>\n                                        <td  class=\"relative \" width=\"0%\">\n                              <\/td>\n                                        <td  class=\"relative \" width=\"0%\">\n                              <\/td>\n                                        <td  class=\"relative \" width=\"0%\">\n                              <\/td>\n                      <\/tr>\n                            <tr>\n            <th data-imperialvalue=\"70&frac12;\" data-metricvalue=\"1791\"><span class=\"data-value whitespace-nowrap inline-block\">70&frac12;<\/span><\/th>\n\n                                        <td x-data=\"\" class=\"relative  text-white bg-columbia-dark hover:bg-blue\" width=\"15%\">\n                                  <template x-ref=\"imperial_template\">\n                    <div class=\"h6 mb-2\">Mod\u00e8le 2876<\/div>\n                                                                                            <div class=\"text-lg mt-2\"><strong>Cadre int\u00e9rieur (l x h)<\/strong><br\/>22&frac12;\u00a0\u00bb x 70&frac12;&rdquo;<\/div>\n                                                                                                <div class=\"text-lg mt-2\"><strong>Cadre ext\u00e9rieur (l x h)<\/strong><br\/>25&frac12;\u00a0\u00bb x 73&frac12;&rdquo;<\/div>\n                                                                  \n                                          <div class=\"text-lg mt-2\"><strong>Surface vitr\u00e9e<\/strong><br\/>11.02 sq.ft.<\/div>\n                                      <\/template>\n                  <template x-ref=\"metric_template\">\n                    <div class=\"h6 mb-2\">Mod\u00e8le 2876<\/div>\n                                                                                            <div class=\"text-lg mt-2\"><strong>Cadre int\u00e9rieur (l x h)<\/strong><br\/>572mm x 1791mm<\/div>\n                                                                                                <div class=\"text-lg mt-2\"><strong>Cadre ext\u00e9rieur (l x h)<\/strong><br\/>648mm x 1867mm<\/div>\n                                                                  \n                                          <div class=\"text-lg mt-2\"><strong>Surface vitr\u00e9e<\/strong><br\/>1.02 m<sup>2<\/sup><\/div>\n                                      <\/template>\n                                    <button class=\"size-md\" style=\"aspect-ratio: 572 \/ 1791\"  x-tooltip=\"{\n                      content: (!isImperial ? $refs.metric_template.innerHTML : $refs.imperial_template.innerHTML),\n                      allowHTML: true,\n                      appendTo: $root,\n                  }\">\n                    Mod\u00e8le<br\/>2876\n\n                                          <svg class=\"w-6 h-6 absolute bottom-2 right-2\" xmlns=\"http:\/\/www.w3.org\/2000\/svg\" width=\"50\" height=\"50\" viewBox=\"0 0 50 50\">\n  <g id=\"Group_81285\" data-name=\"Group 81285\" transform=\"translate(-1582 -14978)\">\n    <circle id=\"Ellipse_4034\" data-name=\"Ellipse 4034\" cx=\"25\" cy=\"25\" r=\"25\" transform=\"translate(1582 14978)\" fill=\"#17346c\"\/>\n    <path id=\"Path_49853\" data-name=\"Path 49853\" d=\"M17.062,0l-5.28,10.676L0,12.379l8.52,8.315L6.5,32.429,17.04,26.9l10.535,5.545-2-11.734L34.1,12.4,22.325,10.68Z\" transform=\"translate(1590 14985.118)\" fill=\"#f4c830\"\/>\n  <\/g>\n<\/svg>                                      <\/button>\n                              <\/td>\n                                        <td  class=\"relative \" width=\"0%\">\n                              <\/td>\n                                        <td  class=\"relative \" width=\"0%\">\n                              <\/td>\n                                        <td  class=\"relative \" width=\"0%\">\n                              <\/td>\n                      <\/tr>\n                          <tr class=\"chart-footer\">\n            <td colspan=\"99\" class=\"!border-0 pt-6 px-0 pb-0\">\n              <div class=\"mt-2 grid grid-cols-1 sm:grid-cols-2 items-center font-semibold max-w-5xl gap-6 md:gap-12 lg:gap-20 font-sans text-sm\"><div class=\"flex flex-row items-center gap-5\"><div><img decoding=\"async\" src=\"https:\/\/www.columbiaskylights.com\/wp-content\/themes\/columbiawp\/public\/images\/reversible-skylight.ff4872.svg\" height=\"64\" width=\"64\" class=\"min-w-[64px] mr-4\" alt=\"\" title=\"\"><\/div><div>REMARQUE : Toutes les dimensions sont r\u00e9versibles, c\u2019est-\u00e0-dire que le mod\u00e8le 3676 peut \u00eatre command\u00e9 en version 7636.<\/div><\/div><\/div>\n            <\/td>\n          <\/tr>\n              <\/table>\n              <hr class=\"mdd:hidden mt-12 lg:mt-28 pb-12\" \/>\n      \n      <div class=\"summary-sizing-charts mb-4 md:mb-8 lg:mb-12 xl:mb-16\">\n                      <div class=\"block-intro-wrap z-0 relative mdd:hidden pb-11 lg:pb-22 last:pb-0\">\n          <div class=\"title-image-wrap relative flex flex-col-reverse items-center md:flex-row title-icon-spacer spacer-center\">\n                  <div class=\"flex justify-center w-full flex-row gap-6 md:absolute md:top-0 md:left-0 \">\n                  <div class=\"title-image mt-6 md:mt-0 md:absolute left-0\">\n            <img decoding=\"async\" src=\"https:\/\/www.columbiaskylights.com\/wp-content\/uploads\/2023\/05\/pente-minimale-2-12-cropped.svg\" class=\"block-title-image max-w-[33vw] max-h-[165px] w-auto h-auto\" alt=\"Pente Minimale 2 12 Cropped\" height=\"139\" width=\"136\" title=\"\">\n    \t          <\/div>\n                            <\/div>\n            \n        <div class=\"block-title grow self-center mx-auto max-w-6xl\">\n            <h5 class=\"md:pt-8 lg:pt-0 h5 text-center\">Tableau des dimensions \u2013 R\u00e9capitulatif<\/h5>\n    <\/div>\n    \n          <\/div>\n    \n          <\/div>\n        <div class=\"chart-images mb-8\" style=\"max-width: 1442.929148835px;\">\n          <div x-show=\"!isImperial\">\n            <img decoding=\"async\" src=\"https:\/\/www.columbiaskylights.com\/wp-content\/uploads\/2023\/05\/gl-ras-size-chart-summary-metric-fr.png\" class=\"\" alt=\"Gl Ras Size Chart Summary Metric Fr\" height=\"1677\" width=\"3656\" title=\"\">\n    \t          <\/div>\n          <div x-show=\"isImperial\">\n            <img decoding=\"async\" src=\"https:\/\/www.columbiaskylights.com\/wp-content\/uploads\/2023\/05\/gl-ras-size-chart-summary-imperial-fr.png\" class=\"\" alt=\"Gl Ras Size Chart Summary Imperial Fr\" height=\"1677\" width=\"3656\" title=\"\">\n    \t          <\/div>\n          <div class=\"chart-footer mt-2 text-left\">\n          <\/div>\n        <\/div>\n            <p class=\"text-sm md:hidden mt-4 mb-8\">Pincer pour agrandir.<\/p>\n              <div class=\"mt-2 grid grid-cols-1 sm:grid-cols-2 items-center font-semibold max-w-5xl gap-6 md:gap-12 lg:gap-20 font-sans text-sm\"><div class=\"flex flex-row items-center gap-5\"><div><img decoding=\"async\" src=\"https:\/\/www.columbiaskylights.com\/wp-content\/themes\/columbiawp\/public\/images\/reversible-skylight.ff4872.svg\" height=\"64\" width=\"64\" class=\"min-w-[64px] mr-4\" alt=\"\" title=\"\"><\/div><div>REMARQUE : Toutes les dimensions sont r\u00e9versibles, c\u2019est-\u00e0-dire que le mod\u00e8le 3676 peut \u00eatre command\u00e9 en version 7636.<\/div><\/div><\/div>\n                <\/div>\n    <hr class=\"mb-20\" \/>\n<div class=\"mx-auto max-w-7xl\">\n  <div class=\"text-center mb-11 mx-auto max-w-5xl\">\n    <h3 class=\"mb-11\">Informations techniques<\/h3>\n    <p>Chaque mod\u00e8le est accompagn\u00e9 d\u2019un ensemble d\u2019informations t\u00e9l\u00e9chargeables pour vous guider dans le choix, les caract\u00e9ristiques et l\u2019installation de notre produit. Si vous ne trouvez pas ce dont vous avez besoin, n\u2019h\u00e9sitez pas \u00e0 contacter l\u2019\u00e9quipe du service client de Columbia au <span class=\"whitespace-nowrap\">604-437-3377<\/span> (sans frais : <span class=\"whitespace-nowrap\">1-888-437-5557<\/span>) ou par courriel \u00e0 <a href=\"mailto:info@columbiaskylights.com\">info@columbiaskylights.com<\/a>.<\/p>\n\n  <\/div>\n  <div class=\"flex flex-col md:flex-row justify-center gap-6 md:grid-cols-2 lg:gap-8\">\n                <div class=\"match-col-height product-cta-wrapper h-full card flex flex-col bg-white basis-1\/2 xl:basis-1\/3\">\n        <div class=\"match-height h6 text-white text-center !uppercase py-3 md:py-5 px-4 bg-blue\">T\u00c9L\u00c9CHARGER LE TABLEAU DES DIMENSIONS<\/div>\n        <img decoding=\"async\" src=\"https:\/\/www.columbiaskylights.com\/wp-content\/uploads\/2023\/05\/download-size-chart-cta.jpg\" class=\"w-full h-auto\" alt=\"Download size chart cta\" height=\"684\" width=\"832\" title=\"\">\n    \t        <div class=\"flex flex-col grow p-6 lg:pt-6 lg:pb-12\">\n          <div class=\"grow mb-8 lg:mb-12\">\n            T\u00e9l\u00e9chargez une version PDF du tableau des dimensions pour ce mod\u00e8le \u00e0 conserver comme r\u00e9f\u00e9rence.<br \/>\r\n<br \/>\r\nLe tableau des dimensions est disponible en unit\u00e9s imp\u00e9riales et m\u00e9triques.\n          <\/div>\n          <div class=\"text-center\" x-show=\"!isImperial\"><a href=\"https:\/\/www.columbiaskylights.com\/wp-content\/uploads\/2023\/05\/gl-ras-size-chart-summary-print-metric-fr.pdf\" class=\" btn-blue\"  rel=\"noreferer noopener nofollow\" target=\"_blank\">T\u00e9l\u00e9charger<\/a>\n<\/div>\n          <div class=\"text-center\" x-show=\"isImperial\"><a href=\"https:\/\/www.columbiaskylights.com\/wp-content\/uploads\/2023\/05\/gl-ras-size-chart-summary-print-imperial-fr.pdf\" class=\" btn-blue\"  rel=\"noreferer noopener nofollow\" target=\"_blank\">T\u00e9l\u00e9charger<\/a>\n<\/div>\n        <\/div>\n      <\/div>\n                        <div class=\"match-col-height product-cta-wrapper h-full card flex flex-col bg-white basis-1\/2 xl:basis-1\/3\" x-data=\"ajaxModal('https:\/\/www.columbiaskylights.com\/fr\/produits\/gl-ras-porte-dacces-au-toit-verre\/specifications')\" x-on:keydown.escape=\"showModal = false\" class=\"cta-has-modal\">\n        <div class=\"match-height h6 text-white text-center !uppercase py-3 md:py-5 px-4 bg-blue\">DESSINS ET <br\/>CARACT\u00c9RISTIQUES<\/div>\n        <img decoding=\"async\" src=\"https:\/\/www.columbiaskylights.com\/wp-content\/uploads\/2023\/05\/drawings-and-specs-cta.jpg\" class=\"w-full h-auto\" alt=\"Drawings and specs cta\" height=\"684\" width=\"832\" title=\"\">\n    \t        <div class=\"flex flex-col grow p-6 lg:pt-6 lg:pb-12\">\n          <div class=\"grow mb-8 lg:mb-12\">\n            T\u00e9l\u00e9chargez deux formats des dessins techniques de ce mod\u00e8le \u2013 (1) Dessin d\u00e9taill\u00e9 ou (2) Donn\u00e9es du produit. Sont \u00e9galement disponibles une version .dwg (fichier CAO) et les caract\u00e9ristiques du produit sous forme de document Word, PDF ou fichier texte.<br \/>\r\n<br \/>\r\nPour plusieurs mod\u00e8les, acc\u00e9dez \u00e0 la page <a href=\"https:\/\/www.columbiaskylights.com\/fr\/informations-techniques\/dessins-et-caracteristiques\/\">Biblioth\u00e8que des dessins et des caract\u00e9ristiques<\/a>.\n          <\/div>\n          <div class=\"text-center\"><button class=\"btn-blue\" x-on:click=\"loadModal('wide')\">VOIR LES FICHIERS<\/button><\/div>\n                      <div\n  x-show=\"showModal\"\n  x.transition\n  tabindex=\"-1\"\n  aria-hidden=\"true\"\n  @click.self=\"showModal = false\"\n  @keyup.escape.window=\"showModal = false\"\n  class=\"w-full h-full fixed top-[60px] right-0 bottom-[60px] left-0 pb-16 overflow-x-hidden overflow-y-auto z-50 bg-white\/50\">\n  <div :class=\"modalWidth == 'wide' ? 'lg:max-w-8xl' : ''\" class=\"relative w-full h-full max-w-2xl md:h-auto mx-auto p-4 md:py-8 lg:py-12 xl:py-16 flex flex-col justify-center items-center\">\n    <div class=\"w-full relative bg-teal rounded-md overflow-hidden p-4 md:p-8 xl:p-18 shadow\">\n      <button x-on:click=\"showModal = false\" class=\"w-4 h-4 md:w-5 md:h-5 absolute top-4 md:top-8 right-4 md:right-8\">\n        <img decoding=\"async\" src=\"https:\/\/www.columbiaskylights.com\/wp-content\/themes\/columbiawp\/public\/images\/icon-close-modal.669df4.svg\" alt=\"Close modal\" class=\"w-full max-w-full h-auto\" title=\"\">\n      <\/button>\n      <div\n        x-show=\"showLoading\"\n        x-transition:leave=\"transition ease-out duration-200\"\n        x-transition:leave-start=\"opacity-100\"\n        x-transition:leave-end=\"opacity-0\"\n        class=\"absolute h-full w-full inset-0 z-20 flex flex-col justify-center items-center text-gray-600 bg-white\"\n      >\n        <svg version=\"1.1\" id=\"L9\" xmlns=\"http:\/\/www.w3.org\/2000\/svg\" xmlns:xlink=\"http:\/\/www.w3.org\/1999\/xlink\" x=\"0px\" y=\"0px\"\n          viewBox=\"0 0 100 100\" enable-background=\"new 0 0 0 0\" xml:space=\"preserve\" class=\"w-16 h-16 fill-current\">\n            <path d=\"M73,50c0-12.7-10.3-23-23-23S27,37.3,27,50 M30.9,50c0-10.5,8.5-19.1,19.1-19.1S69.1,39.5,69.1,50\">\n            <animateTransform attributeName=\"transform\" attributeType=\"XML\" type=\"rotate\" dur=\"1s\" from=\"0 50 50\" to=\"360 50 50\" repeatCount=\"indefinite\" \/>\n          <\/path>\n        <\/svg>\n        Loading&hellip;\n      <\/div>\n      <div x-html=\"html\" class=\"max-h-full overflow-y-auto\"><\/div>\n    <\/div>\n  <\/div>\n<\/div>\n                  <\/div>\n      <\/div>\n          <\/div>\n<\/div>\n      <\/div>\n              <\/section>\n\n\n<section id=\"block_c4e0219b3efbac77da59e81add0dd34a\" class=\" columbia-block relative overflow-hidden wp-block-divider text-dark bg-teal \" >\n          <div class=\" block-inner relative container mx-auto\" >\n        <hr class=\"border-t md:w-12\/12 mx-auto\" \/>\n      <\/div>\n              <\/section>\n\n\n<section id=\"block_42b9e52bd47bd44be896ba5ada1001ff\" class=\" columbia-block relative overflow-hidden wp-block-multi-column block-w-full text-dark bg-teal  p-top-default p-bottom-default\" >\n          <div class=\" block-inner relative container mx-auto\" >\n        <div class=\"block-intro-wrap z-0 relative  pb-12 lg:pb-16 last:pb-0\">\n    \n        <div class=\"block-title grow  mx-auto max-w-6xl\">\n            <h2 class=\" h3 text-center\">ACCESSOIRES<\/h2>\n    <\/div>\n    \n    \n          <\/div>\n        <div class=\"col-wrapper col-gutter-lg row-gutter-sm \">\n      <div class=\"col-wrapper-inner flex flex-wrap   justify-center\">\n                            <div class=\"column w-full corners- md:w-3\/12  1 tab-group\">\n                                                            <div class=\"column-inner      \">\n              <div class=\"column-content match-col-height wp-editor \">\n                                                  <p><img decoding=\"async\" class=\"wp-image-4443 alignnone\" src=\"https:\/\/www.columbiaskylights.com\/wp-content\/uploads\/2023\/05\/accessories-IWS.jpg\" alt=\"\" width=\"364\" height=\"338\" srcset=\"https:\/\/www.columbiaskylights.com\/wp-content\/uploads\/2023\/05\/accessories-IWS.jpg 732w, https:\/\/www.columbiaskylights.com\/wp-content\/uploads\/2023\/05\/accessories-IWS-300x279.jpg 300w\" sizes=\"(max-width: 364px) 100vw, 364px\" title=\"\"><\/p>\n<p class=\"!text-grey font-semibold\">IWS \u2013 Membrane de toit<\/p>\n\n                                \n                \n                \n                              <\/div>\n            <\/div>\n                      <\/div>\n              <\/div>\n    <\/div>\n      <\/div>\n              <\/section>\n\n\n<section id=\"block_c54e0f5493d6415cfd5e786574bd2c31\" class=\" columbia-block relative overflow-hidden wp-block-multi-column block-w-full text-dark bg-white  p-top-default p-bottom-default\" >\n          <div class=\" block-inner relative container mx-auto\" >\n        <div class=\"block-intro-wrap z-0 relative  pb-12 lg:pb-16 last:pb-0\">\n    \n        <div class=\"block-title grow  mx-auto max-w-6xl\">\n            <h2 class=\" h3 text-center\">POURQUOI COLUMBIA?<\/h2>\n    <\/div>\n    \n    \n          <\/div>\n        <div class=\"col-wrapper col-gutter-lg row-gutter-sm \">\n      <div class=\"col-wrapper-inner flex flex-wrap   \">\n                            <div class=\"column w-full corners- md:w-6\/12  1 tab-group\">\n                                                            <div class=\"column-inner      \">\n              <div class=\"column-content match-col-height wp-editor \">\n                                                  <p><img decoding=\"async\" class=\"alignnone size-full wp-image-7018\" src=\"https:\/\/www.columbiaskylights.com\/wp-content\/uploads\/2023\/06\/no-leaks-no-flashing.jpg\" alt=\"No Leaks No Flashing\" width=\"1588\" height=\"940\" srcset=\"https:\/\/www.columbiaskylights.com\/wp-content\/uploads\/2023\/06\/no-leaks-no-flashing.jpg 1588w, https:\/\/www.columbiaskylights.com\/wp-content\/uploads\/2023\/06\/no-leaks-no-flashing-300x178.jpg 300w, https:\/\/www.columbiaskylights.com\/wp-content\/uploads\/2023\/06\/no-leaks-no-flashing-1024x606.jpg 1024w, https:\/\/www.columbiaskylights.com\/wp-content\/uploads\/2023\/06\/no-leaks-no-flashing-768x455.jpg 768w, https:\/\/www.columbiaskylights.com\/wp-content\/uploads\/2023\/06\/no-leaks-no-flashing-1536x909.jpg 1536w\" sizes=\"(max-width: 1588px) 100vw, 1588px\" title=\"\"><\/p>\n<h4>D\u00e9couvrez pourquoi les puits de lumi\u00e8re Columbia ne fuient pas<\/h4>\n<p>Les puits de lumi\u00e8re fabriqu\u00e9s au Canada par Columbia sont con\u00e7us et fabriqu\u00e9s avec des mat\u00e9riaux et des composants innovants et de qualit\u00e9 sup\u00e9rieure, associ\u00e9s \u00e0 plus de cinquante ans d\u2019exp\u00e9rience. Nous sommes fiers d\u2019avoir fourni plus d\u2019un million de puits de lumi\u00e8re pour les toits nord-am\u00e9ricains.<\/p>\n<p>La conception du cadre de nos produits a fait ses preuves en r\u00e9sistant aux pires intemp\u00e9ries canadiennes. Le cadre en aluminium extrud\u00e9 robuste, associ\u00e9 au ch\u00e2ssis de montage int\u00e9rieur en vinyle \u00e0 barri\u00e8re thermique et au syst\u00e8me de contr\u00f4le de la condensation de Columbia, constituent une combinaison unique dans l\u2019industrie des puits de lumi\u00e8re. Nous utilisons des vitrages haute performance de l\u2019un des plus grands fabricants au monde, Cardinal Glass Industries, bas\u00e9 en Am\u00e9rique du Nord. Nos puits de lumi\u00e8re combinent un cadre ext\u00e9rieur en aluminium extrud\u00e9 durable avec une finition en peinture-\u00e9mail cuite au four et un cadre int\u00e9rieur en vinyle PVC robuste.<\/p>\n<p>Le cadre int\u00e9rieur en vinyle PVC \u00e0 solin int\u00e9gr\u00e9 de Columbia, associ\u00e9 \u00e0 une bride en vinyle extra large, constitue un syst\u00e8me de protection int\u00e9gr\u00e9 contre les intemp\u00e9ries, en tandem avec le cadre ext\u00e9rieur en aluminium extrud\u00e9 r\u00e9sistant. Notre goutti\u00e8re de condensation rigide \u00e0 quatre c\u00f4t\u00e9s a \u00e9t\u00e9 con\u00e7ue avec une largeur suppl\u00e9mentaire pour permettre une accumulation maximale de la condensation et un drainage efficace.<\/p>\n<p>Toutes les mati\u00e8res premi\u00e8res sont fabriqu\u00e9es en Am\u00e9rique du Nord par des fournisseurs avec lesquels nous travaillons depuis des d\u00e9cennies.<\/p>\n<p><a class=\"btn-arrow btn-arrow--left\" href=\"https:\/\/www.columbiaskylights.com\/fr\/aide\/puits-de-lumiere-sans-fuites\/\">En savoir plus<\/a><\/p>\n\n                                \n                \n                \n                              <\/div>\n            <\/div>\n                      <\/div>\n                            <div class=\"column w-full corners- md:w-6\/12  2 tab-group\">\n                                                            <div class=\"column-inner      \">\n              <div class=\"column-content match-col-height wp-editor \">\n                                                  <p><img decoding=\"async\" class=\"size-full wp-image-4385 alignnone\" src=\"https:\/\/www.columbiaskylights.com\/wp-content\/uploads\/2023\/03\/why-columbia-2.jpg\" alt=\"\" width=\"1572\" height=\"940\" srcset=\"https:\/\/www.columbiaskylights.com\/wp-content\/uploads\/2023\/03\/why-columbia-2.jpg 1572w, https:\/\/www.columbiaskylights.com\/wp-content\/uploads\/2023\/03\/why-columbia-2-300x179.jpg 300w, https:\/\/www.columbiaskylights.com\/wp-content\/uploads\/2023\/03\/why-columbia-2-1024x612.jpg 1024w, https:\/\/www.columbiaskylights.com\/wp-content\/uploads\/2023\/03\/why-columbia-2-768x459.jpg 768w, https:\/\/www.columbiaskylights.com\/wp-content\/uploads\/2023\/03\/why-columbia-2-1536x918.jpg 1536w\" sizes=\"(max-width: 1572px) 100vw, 1572px\" title=\"\"><\/p>\n<h4>Un nouvel entrep\u00f4t de distribution \u00e0 Mississauga, pour mieux servir l\u2019Ontario, le Qu\u00e9bec et les Maritimes<\/h4>\n<p>Nous avons d\u00e9m\u00e9nag\u00e9 notre entrep\u00f4t de distribution de l\u2019Est dans une toute nouvelle installation construite \u00e0 Mississauga, en Ontario. Le nouvel entrep\u00f4t de distribution de Columbia est plus grand et capable de stocker une gamme compl\u00e8te de produits Columbia, Slimlite et FAKRO pr\u00eats \u00e0 livrer.<\/p>\n<p>L\u2019entrep\u00f4t nous permet de desservir l\u2019Est du Canada avec une plus grande efficacit\u00e9 et des d\u00e9lais de livraison r\u00e9duits.<\/p>\n\n                                \n                \n                \n                              <\/div>\n            <\/div>\n                      <\/div>\n              <\/div>\n    <\/div>\n      <\/div>\n              <\/section>\n\n\n<section id=\"block_be0303c7c53e23f4992263a257a64588\" class=\" columbia-block relative overflow-hidden wp-block-divider text-dark bg-white \" >\n          <div class=\" block-inner relative container mx-auto\" >\n        <hr class=\"border-t md:w-12\/12 mx-auto\" \/>\n      <\/div>\n              <\/section>\n\n\n<section id=\"block_37224d8b0d0d2f31fa35fd07ae10ff45\" class=\" columbia-block relative overflow-hidden wp-block-related-products text-dark bg-white  p-top-default p-bottom-default\" >\n          <div class=\" block-inner relative container mx-auto\" >\n        <div class=\"block-intro-wrap z-0 relative  pb-11 lg:pb-22 last:pb-0\">\n      <div class=\"block-title grow  mx-auto max-w-6xl\">\n        <h2 class=\"!text-blue h4 text-center\">Vous pourriez aussi \u00eatre int\u00e9ress\u00e9 par\u2026<\/h2>\n      <\/div>\n    <\/div>\n    <div class=\"product-grid grid grid-cols-2 lg:grid-cols-4 gap-6 lg:gap-8 xl:gap-20\">\n            <div class=\"product-grid__product mb-12\">\n        <a href=\"https:\/\/www.columbiaskylights.com\/fr\/produits\/fpp-v-preselect-max-fenetre-pivotante-a-ouverture-superieure-avec-cadre-integre\/\"  class=\" link-no-underline no-hover \">          <img decoding=\"async\" src=\"https:\/\/www.columbiaskylights.com\/wp-content\/uploads\/2023\/05\/fakro-fpp-v-preselect-max-skylight.jpg\" class=\"w-full h-auto mb-4 md:mb-8\" alt=\"Fakro fpp v preselect max skylight\" title=\"\">\n    \t<\/a>        <h5 class=\"font-semibold !text-blue mb-4\"><a href=\"https:\/\/www.columbiaskylights.com\/fr\/produits\/fpp-v-preselect-max-fenetre-pivotante-a-ouverture-superieure-avec-cadre-integre\/\">FAKRO FPP-V Preselect Max \u2013 Fen\u00eatre Pivotante \u00c0 Ouverture Sup\u00e9rieure Avec Cadre Int\u00e9gr\u00e9<\/a><\/h5>\n                  <p class=\"smd:text-sm\">La fen\u00eatre pivotante \u00e0 ouverture sup\u00e9rieureFPP-V preSelect MAX est notre derni\u00e8re innovation, permettant \u00e0 la fen\u00eatre de s\u2019ouvrir par le haut et par le centre.<\/p>\n                <a href=\"https:\/\/www.columbiaskylights.com\/fr\/produits\/fpp-v-preselect-max-fenetre-pivotante-a-ouverture-superieure-avec-cadre-integre\/\" class=\"!font-normal !pl-0 uppercase btn-arrow mt-4 lg:mt-6\">En savoir plus<\/a>\n      <\/div>\n            <div class=\"product-grid__product mb-12\">\n        <a href=\"https:\/\/www.columbiaskylights.com\/fr\/produits\/fakro-fwu-fenetre-dacces-au-toit-avec-cadre-integre\/\"  class=\" link-no-underline no-hover \">          <img decoding=\"async\" src=\"https:\/\/www.columbiaskylights.com\/wp-content\/uploads\/2023\/05\/fwu-skylight-thumb.jpg\" class=\"w-full h-auto mb-4 md:mb-8\" alt=\"Fwu skylight thumb\" title=\"\">\n    \t<\/a>        <h5 class=\"font-semibold !text-blue mb-4\"><a href=\"https:\/\/www.columbiaskylights.com\/fr\/produits\/fakro-fwu-fenetre-dacces-au-toit-avec-cadre-integre\/\">FAKRO FWU \u2013 Fen\u00eatre d\u2019acc\u00e8s au toit avec cadre int\u00e9gr\u00e9<\/a><\/h5>\n                  <p class=\"smd:text-sm\">Les fen\u00eatres de sortie d\u2019urgence FWU \u00e9claireront non seulement une pi\u00e8ce, mais fourniront \u00e9galement un acc\u00e8s facile au toit, et un moyen d\u2019\u00e9vacuation en cas d\u2019urgence.<\/p>\n                <a href=\"https:\/\/www.columbiaskylights.com\/fr\/produits\/fakro-fwu-fenetre-dacces-au-toit-avec-cadre-integre\/\" class=\"!font-normal !pl-0 uppercase btn-arrow mt-4 lg:mt-6\">En savoir plus<\/a>\n      <\/div>\n            <div class=\"product-grid__product mb-12\">\n        <a href=\"https:\/\/www.columbiaskylights.com\/fr\/produits\/fakro-drf-puits-de-lumiere-dacces-au-toit-plat\/\"  class=\" link-no-underline no-hover \">          <img decoding=\"async\" src=\"https:\/\/www.columbiaskylights.com\/wp-content\/uploads\/2023\/06\/fakro-drf-flat-roof-skylight-thumb.jpg\" class=\"w-full h-auto mb-4 md:mb-8\" alt=\"Fakro drf flat roof skylight thumb\" title=\"\">\n    \t<\/a>        <h5 class=\"font-semibold !text-blue mb-4\"><a href=\"https:\/\/www.columbiaskylights.com\/fr\/produits\/fakro-drf-puits-de-lumiere-dacces-au-toit-plat\/\">FAKRO DRF \u2013 Puits De Lumi\u00e8re D\u2019acc\u00e8s Au Toit Plat<\/a><\/h5>\n                  <p class=\"smd:text-sm\">Un nouveau produit innovant, le puits de lumi\u00e8re isol\u00e9 d\u2019acc\u00e8s au toit DRF s\u2019ajoute \u00e0 la gamme existante de produits FAKRO pour toit plat. En plus d\u2019\u00eatre un puits de\u2026<\/p>\n                <a href=\"https:\/\/www.columbiaskylights.com\/fr\/produits\/fakro-drf-puits-de-lumiere-dacces-au-toit-plat\/\" class=\"!font-normal !pl-0 uppercase btn-arrow mt-4 lg:mt-6\">En savoir plus<\/a>\n      <\/div>\n            <div class=\"product-grid__product mb-12\">\n        <a href=\"https:\/\/www.columbiaskylights.com\/fr\/produits\/dmf-puits-de-lumiere-avec-cadre-integre-pour-toit-plat-a-ouverture-manuelle\/\"  class=\" link-no-underline no-hover \">          <img decoding=\"async\" src=\"https:\/\/www.columbiaskylights.com\/wp-content\/uploads\/2023\/06\/fakro-dmf-skylight-feature-image.jpg\" class=\"w-full h-auto mb-4 md:mb-8\" alt=\"Fakro dmf skylight feature image\" title=\"\">\n    \t<\/a>        <h5 class=\"font-semibold !text-blue mb-4\"><a href=\"https:\/\/www.columbiaskylights.com\/fr\/produits\/dmf-puits-de-lumiere-avec-cadre-integre-pour-toit-plat-a-ouverture-manuelle\/\">DMF \u2013 Puits De Lumi\u00e8re Avec Cadre Int\u00e9gr\u00e9 Pour Toit Plat \u00c0 Ouverture Manuelle<\/a><\/h5>\n                  <p class=\"smd:text-sm\">Le puits de lumi\u00e8re pour toit plat DMF exceptionnel apporte lumi\u00e8re naturelle et ventilation \u00e0 l\u2019air frais. Con\u00e7u pour les emplacements faciles d\u2019acc\u00e8s \u2013 \u00e0 commande manuelle.<\/p>\n                <a href=\"https:\/\/www.columbiaskylights.com\/fr\/produits\/dmf-puits-de-lumiere-avec-cadre-integre-pour-toit-plat-a-ouverture-manuelle\/\" class=\"!font-normal !pl-0 uppercase btn-arrow mt-4 lg:mt-6\">En savoir plus<\/a>\n      <\/div>\n          <\/div>\n      <\/div>\n              <\/section>\n","protected":false},"excerpt":{"rendered":"Id\u00e9ale pour transformer un toit en terrasse ou toute autre application n\u00e9cessitant une \u00e9vacuation, tout en laissant p\u00e9n\u00e9trer une abondante lumi\u00e8re naturelle.","protected":false},"featured_media":6950,"parent":0,"menu_order":24,"template":"","product_line":[165],"product_tags":[],"product_model":[182],"dimension_type":[],"class_list":["post-19453","products","type-products","status-publish","has-post-thumbnail","hentry"],"acf":[],"_links":{"self":[{"href":"https:\/\/www.columbiaskylights.com\/fr\/wp-json\/wp\/v2\/products\/19453","targetHints":{"allow":["GET"]}}],"collection":[{"href":"https:\/\/www.columbiaskylights.com\/fr\/wp-json\/wp\/v2\/products"}],"about":[{"href":"https:\/\/www.columbiaskylights.com\/fr\/wp-json\/wp\/v2\/types\/products"}],"wp:featuredmedia":[{"embeddable":true,"href":"https:\/\/www.columbiaskylights.com\/fr\/wp-json\/wp\/v2\/media\/6950"}],"wp:attachment":[{"href":"https:\/\/www.columbiaskylights.com\/fr\/wp-json\/wp\/v2\/media?parent=19453"}],"wp:term":[{"taxonomy":"product_line","embeddable":true,"href":"https:\/\/www.columbiaskylights.com\/fr\/wp-json\/wp\/v2\/product_line?post=19453"},{"taxonomy":"product_tags","embeddable":true,"href":"https:\/\/www.columbiaskylights.com\/fr\/wp-json\/wp\/v2\/product_tags?post=19453"},{"taxonomy":"product_model","embeddable":true,"href":"https:\/\/www.columbiaskylights.com\/fr\/wp-json\/wp\/v2\/product_model?post=19453"},{"taxonomy":"dimension_type","embeddable":true,"href":"https:\/\/www.columbiaskylights.com\/fr\/wp-json\/wp\/v2\/dimension_type?post=19453"}],"curies":[{"name":"wp","href":"https:\/\/api.w.org\/{rel}","templated":true}]}}