{"id":19442,"date":"2023-05-11T16:39:31","date_gmt":"2023-05-11T23:39:31","guid":{"rendered":"https:\/\/www.columbiaskylights.com\/products\/ftp-v-deck-mounted-pivot-window\/"},"modified":"2024-03-29T11:00:48","modified_gmt":"2024-03-29T18:00:48","slug":"ftp-v-de-fakro-fenetre-de-toit-pivotante-avec-cadre-integre","status":"publish","type":"products","link":"https:\/\/www.columbiaskylights.com\/fr\/produits\/ftp-v-de-fakro-fenetre-de-toit-pivotante-avec-cadre-integre\/","title":{"rendered":"FAKRO FTP-V \u2013 fen\u00eatre de toit pivotante avec cadre int\u00e9gr\u00e9"},"content":{"rendered":"<section id=\"block_411bc339e254ff29ed7d242abeb4bd07\" class=\" columbia-block relative overflow-hidden wp-block-page-hero block-w-full text-dark bg-white  p-top-default p-bottom-default\" >\n          <div class=\" carousel carousel--hero  carousel--hero--dots--\">\n                      <div class=\"hero-slide w-full flex relative  is-selected \">\n          <div class=\"hero-slide__content text-black w-full z-10 pt-22 md:pt-32 lg:pt-40 pb-12 md:pb-20 xl:pt-[180px]\">\n            <div class=\"inner container h-full grid grid-cols-1 lg:grid-cols-2 gap-6 lg:gap-x-22 xxl:gap-x-60 w-full\">\n                              <text class=\"block hero-slide__content__wysiwyg position-left   font-semibold col-span-2 lg:col-span-1  wp-editor spaced\">\n                  <div class=\"inner \">\n                    <p><img decoding=\"async\" class=\"size-full wp-image-4249 alignnone\" src=\"https:\/\/www.columbiaskylights.com\/wp-content\/uploads\/2023\/05\/fakro-logo.svg\" alt=\"\" width=\"308\" height=\"48\" title=\"\"><\/p>\n<h1 class=\"!text-black\">Ventilation<br \/>\net nettoyage<br \/>\nfacile<\/h1>\n<p>FTP-V \u2013 fen\u00eatre de toit pivotante avec cadre int\u00e9gr\u00e9.<\/p>\n\n                  <\/div>\n                <\/text>\n                                        <\/div>\n          <\/div>\n          <div class=\"hero-slide-bg absolute h-full w-full inset-0  hero-slide-bg--left hero-slide-bg-color--white \">\n            <img decoding=\"async\" src=\"https:\/\/www.columbiaskylights.com\/wp-content\/uploads\/2023\/05\/ftp_v_hero-1-scaled.jpg\" class=\"hero-slide__image absolute z-0 inset-0 w-full h-full object-cover\" alt=\"ftp_v_hero-1\" height=\"1440\" width=\"2560\" title=\"\">\n    \t          <\/div>\n        <\/div>\n                              <div class=\"hero-slide w-full flex relative \">\n          <div class=\"hero-slide__content text-black w-full z-10 pt-22 md:pt-32 lg:pt-40 pb-12 md:pb-20 xl:pt-[180px]\">\n            <div class=\"inner container h-full grid grid-cols-1 lg:grid-cols-2 gap-6 lg:gap-x-22 xxl:gap-x-60 w-full\">\n                                        <\/div>\n          <\/div>\n          <div class=\"hero-slide-bg absolute h-full w-full inset-0 \">\n            <img decoding=\"async\" src=\"https:\/\/www.columbiaskylights.com\/wp-content\/uploads\/2023\/05\/ftp_v_hero-4-scaled.jpg\" class=\"hero-slide__image absolute z-0 inset-0 w-full h-full object-cover\" alt=\"ftp_v_hero-4\" height=\"1440\" width=\"2560\" title=\"\">\n    \t          <\/div>\n        <\/div>\n                  <\/div>\n              <\/section>\n  <div class=\"block-breadcrumbs text-breadcrumb text-black-500 pt-7 mdd:hidden \">\n    <div class=\"container\">\n              \n                  <a href=\"https:\/\/www.columbiaskylights.com\/fr\/\" class=\"text-black-700 !no-underline hover:!underline\">Accueil<\/a>\n                       \/ \n                  FAKRO FTP-V \u2013 fen\u00eatre de toit pivotante avec cadre int\u00e9gr\u00e9\n                  <\/div>\n  <\/div>\n\n\n<section id=\"block_48dfa950c93df76c029bba56ec3efde0\" class=\" columbia-block relative overflow-hidden wp-block-product-intro-gallery block-w-full text-dark bg-white  p-top-default p-bottom-default\" >\n          <div class=\"container--disable-mobile block-inner relative container mx-auto\" >\n        <div class=\"block-intro-wrap z-0 relative  pb-11 lg:pb-22 last:pb-0\">\n    \n        <div class=\"block-title grow  mx-auto max-w-6xl\">\n            <h2 class=\" text-center\">FTP-V \u2013 fen\u00eatre de toit pivotante avec cadre int\u00e9gr\u00e9<\/h2>\n    <\/div>\n    \n    \n          <\/div>\n    <div class=\"row lg:flex lg:flex-row\">\n\n              <div class=\"product-grid w-full mdd:mb-12 lg:w-1\/2 lg:pr-8 xl:pr-10\">\n          <div\n    id=\"carousel--69f25f2baf93a\"\n    style=\"--productcode: 'FTP-V';\"\n    class=\"relative  carousel--has-overlay-text   carousel carousel--no-dots carousel--no-arrows   lightbox-gallery   equal-height  lg:overflow-hidden\" data-slides-to-show=\"1\">\n                      <div class=\"carousel__slide\">\n        <div class=\"carousel__slide__inner\">\n                      <a href=\"https:\/\/www.columbiaskylights.com\/wp-content\/uploads\/2023\/05\/ftp-v-thumb-fr.jpg\" data-lightbox=\"carousel--69f25f2baf93a_gallery\" data-title=\"FTP-V\">\n              <img decoding=\"async\" src=\"https:\/\/www.columbiaskylights.com\/wp-content\/uploads\/2023\/05\/ftp-v-thumb-fr.jpg\" alt=\"Ftp V Thumb Fr\" title=\"\">\n            <\/a>\n                  <\/div>\n      <\/div>\n                            <div class=\"carousel__slide\">\n        <div class=\"carousel__slide__inner\">\n                      <a href=\"https:\/\/www.columbiaskylights.com\/wp-content\/uploads\/2023\/05\/ftp_v_intro-2.jpg\" data-lightbox=\"carousel--69f25f2baf93a_gallery\" data-title=\"FTP-V\">\n              <img decoding=\"async\" src=\"https:\/\/www.columbiaskylights.com\/wp-content\/uploads\/2023\/05\/ftp_v_intro-2.jpg\" alt=\"\" title=\"\">\n            <\/a>\n                  <\/div>\n      <\/div>\n                            <div class=\"carousel__slide\">\n        <div class=\"carousel__slide__inner\">\n                      <a href=\"https:\/\/www.columbiaskylights.com\/wp-content\/uploads\/2023\/05\/ftp_v_intro-3.jpg\" data-lightbox=\"carousel--69f25f2baf93a_gallery\" data-title=\"FTP-V\">\n              <img decoding=\"async\" src=\"https:\/\/www.columbiaskylights.com\/wp-content\/uploads\/2023\/05\/ftp_v_intro-3.jpg\" alt=\"\" title=\"\">\n            <\/a>\n                  <\/div>\n      <\/div>\n                            <div class=\"carousel__slide\">\n        <div class=\"carousel__slide__inner\">\n                      <a href=\"https:\/\/www.columbiaskylights.com\/wp-content\/uploads\/2023\/05\/ftp_v_intro-4.jpg\" data-lightbox=\"carousel--69f25f2baf93a_gallery\" data-title=\"FTP-V\">\n              <img decoding=\"async\" src=\"https:\/\/www.columbiaskylights.com\/wp-content\/uploads\/2023\/05\/ftp_v_intro-4.jpg\" alt=\"\" title=\"\">\n            <\/a>\n                  <\/div>\n      <\/div>\n                            <div class=\"carousel__slide\">\n        <div class=\"carousel__slide__inner\">\n                      <a href=\"https:\/\/www.columbiaskylights.com\/wp-content\/uploads\/2023\/05\/ftp_v_intro-5.jpg\" data-lightbox=\"carousel--69f25f2baf93a_gallery\" data-title=\"FTP-V\">\n              <img decoding=\"async\" src=\"https:\/\/www.columbiaskylights.com\/wp-content\/uploads\/2023\/05\/ftp_v_intro-5.jpg\" alt=\"\" title=\"\">\n            <\/a>\n                  <\/div>\n      <\/div>\n            <\/div>\n\n          <div id=\"carousel--69f25f2baf93a-nav\" class=\"carousel-nav relative overflow-hidden\" data-asnavfor=\"#carousel--69f25f2baf93a\">\n                        <button data-slide=\"0\">\n                      <img decoding=\"async\" src=\"https:\/\/www.columbiaskylights.com\/wp-content\/uploads\/2023\/05\/ftp-v-thumb-fr.jpg\" class=\"\" alt=\"Ftp V Thumb Fr\" height=\"1156\" width=\"1572\" title=\"\">\n    \t                    <\/button>\n                                <button data-slide=\"1\">\n                      <img decoding=\"async\" src=\"https:\/\/www.columbiaskylights.com\/wp-content\/uploads\/2023\/05\/ftp_v_intro-2.jpg\" class=\"\" alt=\"ftp_v_intro-2\" height=\"1156\" width=\"1572\" title=\"\">\n    \t                    <\/button>\n                                <button data-slide=\"2\">\n                      <img decoding=\"async\" src=\"https:\/\/www.columbiaskylights.com\/wp-content\/uploads\/2023\/05\/ftp_v_intro-3.jpg\" class=\"\" alt=\"ftp_v_intro-3\" height=\"1156\" width=\"1572\" title=\"\">\n    \t                    <\/button>\n                                <button data-slide=\"3\">\n                      <img decoding=\"async\" src=\"https:\/\/www.columbiaskylights.com\/wp-content\/uploads\/2023\/05\/ftp_v_intro-4.jpg\" class=\"\" alt=\"ftp_v_intro-4\" height=\"1156\" width=\"1572\" title=\"\">\n    \t                    <\/button>\n                                <button data-slide=\"4\">\n                      <img decoding=\"async\" src=\"https:\/\/www.columbiaskylights.com\/wp-content\/uploads\/2023\/05\/ftp_v_intro-5.jpg\" class=\"\" alt=\"ftp_v_intro-5\" height=\"1156\" width=\"1572\" title=\"\">\n    \t                    <\/button>\n                  <\/div>\n              <\/div>\n      \n      <div class=\"product-intro_content flex flex-col-reverse px-4 lg:px-0 lg:flex-col w-full lg:w-1\/2 lg:pl-8 xl:pl-10\">\n        <text class=\"wp-editor block\">\n          <ul>\n<li>La fen\u00eatre de toit pivotante \u00e0 ouverture centrale FTP-V est le mod\u00e8le de fen\u00eatre de toit de FAKRO le plus vendu en Europe.<\/li>\n<li>Le pivot central, d\u2019une conception innovante, permet au battant de s\u2019ouvrir dans plusieurs positions, augmentant ainsi la quantit\u00e9 d\u2019air frais circulant dans la pi\u00e8ce. Il est possible de faire pivoter le battant \u00e0 180 degr\u00e9s et de le verrouiller afin de pouvoir facilement nettoyer la vitre ext\u00e9rieure de fa\u00e7on s\u00e9curitaire.<\/li>\n<li>B\u00e9n\u00e9ficiez d\u2019une circulation d\u2019air am\u00e9lior\u00e9e, m\u00eame lorsque la fen\u00eatre est ferm\u00e9e, gr\u00e2ce \u00e0 l\u2019entr\u00e9e d\u2019air automatique V40P situ\u00e9e sur le haut du cadre de la fen\u00eatre. Lorsqu\u2019elle est ouverte, l\u2019entr\u00e9e ajuste automatiquement la taille du canal de circulation d\u2019air pour fournir une quantit\u00e9 optimale d\u2019air dans la pi\u00e8ce, garantissant un environnement sain et des \u00e9conomies d\u2019\u00e9nergie.<\/li>\n<\/ul>\n<div class=\"icon-feature my-8 mb-12 flex flex-col text-lg font-semibold mdd:text-center lg:flex-row justify-center\">\n      <div class=\"icon-feature-image mdd:pb-8  flex-shrink-0\">\n              <img decoding=\"async\" src=\"\/wp-content\/uploads\/2023\/05\/fakro-20-ans-garantie.png\" class=\"inline-block w-[142px] min-w-[142px]\" alt=\"20 Year Warranty\" title=\"\">\n    \t          <\/div>\n        <div class=\"image-feature-content  lg:pl-8 xl:pl-11  mdd:leading-tight\">\n      Le puits de lumi\u00e8re haut de gamme de FAKRO avec cadre int\u00e9gr\u00e9 est couvert par une garantie de 20 ans en cas de d\u00e9faillance de l\u2019unit\u00e9. 10 ans sur les pi\u00e8ces, et 5 ans sur les stores et les commandes.\n    <\/div>\n  <\/div>\n\n<p><img decoding=\"async\" class=\"alignnone size-full wp-image-21790\" src=\"https:\/\/www.columbiaskylights.com\/wp-content\/uploads\/2023\/05\/fpp-v-icons-fr.svg\" alt=\"Fpp V Icons Fr\" width=\"680\" height=\"138\" title=\"\"><\/p>\n\n        <\/text>\n              <\/div>\n\n    <\/div>\n      <\/div>\n              <\/section>\n\n\n<section id=\"block_d19739afe6047eadf9337327a121ff09\" class=\" columbia-block relative overflow-hidden wp-block-multi-column block-w-full text-dark bg-teal bg-top-shadow p-top-default p-bottom-default\" >\n          <div class=\" block-inner relative container mx-auto\" >\n        <div class=\"block-intro-wrap z-0 relative  pb-12 lg:pb-16 last:pb-0\">\n    \n        <div class=\"block-title grow  mx-auto\">\n            <h3 class=\" h5 text-center border-heading\"><span>CARACT\u00c9RISTIQUES<\/span><\/h3>\n    <\/div>\n    \n    \n          <\/div>\n        <div class=\"col-wrapper col-gutter-lg row-gutter-sm  mx-auto w-wide\">\n      <div class=\"col-wrapper-inner flex flex-wrap   justify-center\">\n                            <div class=\"column w-full corners- md:w-6\/12  1 tab-group\">\n                                                            <div class=\"column-inner      \">\n              <div class=\"column-content match-col-height wp-editor \">\n                                                  <ul>\n<li>La fen\u00eatre est \u00e0 double vitrage en standard et utilise une construction \u00e0 cavit\u00e9 simple avec \u00e9conomie d\u2019\u00e9nergie. Chaque \u00e9l\u00e9ment vitr\u00e9 atteint un facteur-U de 0,19 BTU\/h pi\u00b2 \u00b0F.<\/li>\n<li>Fabriqu\u00e9 en bois de pin europ\u00e9en de haute qualit\u00e9 d\u00e9bit\u00e9 sur mailles, impr\u00e9gn\u00e9 et fini avec deux couches de laque acrylique.<\/li>\n<li>Poign\u00e9e situ\u00e9e sur la partie inf\u00e9rieure du battant pour une utilisation facile.<\/li>\n<li>Possibilit\u00e9 de deux positions d\u2019ouverture, permettant une meilleure circulation de l\u2019air. Convient aux pentes de toit comprises entre 15 et 85 degr\u00e9s.<\/li>\n<li>Syst\u00e8me de joint interne pour collecter et \u00e9vacuer toute condensation.<\/li>\n<li>Verre \u00e9co\u00e9nerg\u00e9tique P2 \u00e0 faible \u00e9missivit\u00e9 avec argon, vitrage tremp\u00e9\/feuillet\u00e9.<\/li>\n<\/ul>\n\n                                \n                \n                \n                              <\/div>\n            <\/div>\n                      <\/div>\n                            <div class=\"column w-full corners- md:w-6\/12  2 tab-group\">\n                                                            <div class=\"column-inner      \">\n              <div class=\"column-content match-col-height wp-editor \">\n                                                  <ul>\n<li>Solin et membrane de toit vendus s\u00e9par\u00e9ment.<\/li>\n<li>Comprend une entr\u00e9e d\u2019air automatique V40P, assurant le renouvellement optimal de l\u2019air dans la pi\u00e8ce.<\/li>\n<li>Des versions solaires ou \u00e9lectriques filaires Z-Wave sont disponibles sur commande sp\u00e9ciale.<\/li>\n<li>La conception \u00e0 profil discret s\u2019harmonise avec le style de votre toiture.<\/li>\n<li>Cadre en aluminium enduit de peinture polyester r\u00e9sistante aux UV pour une dur\u00e9e utile prolong\u00e9e.<\/li>\n<li>Des stores occultants (ARF) ou filtrants (ARP) sont disponibles. Des moustiquaires (AMS) sont disponibles.<\/li>\n<li><strong>Remarque : Pour que la garantie soit valable, les puits de lumi\u00e8re FAKRO doivent \u00eatre install\u00e9s avec un ensemble de solins FAKRO.<\/strong><\/li>\n<li>Une option P5 (triple vitrage) est \u00e9galement disponible sur commande sp\u00e9ciale.<\/li>\n<\/ul>\n\n                                \n                \n                \n                              <\/div>\n            <\/div>\n                      <\/div>\n              <\/div>\n    <\/div>\n      <\/div>\n              <\/section>\n\n\n<section id=\"block_9780eabfb49e7a6abb4160dd5dd6a06b\" class=\" columbia-block relative overflow-hidden wp-block-cards block-w-full text-dark bg-white  p-top-default p-bottom-default\" >\n          <div class=\" block-inner relative container mx-auto\" >\n        <div class=\"block-intro-wrap z-0 relative narrow pb-11 lg:pb-22 last:pb-0\">\n    \n        <div class=\"block-title grow  mx-auto max-w-6xl\">\n            <h2 class=\" h3 text-center\">Points forts du FTP-V \u2013 FEN\u00caTRE DE TOIT PIVOTANTE AVEC CADRE INT\u00c9GR\u00c9<\/h2>\n    <\/div>\n    \n    \n          <\/div>\n                              <div class=\"grid match-heading-heights lg:grid-cols-2 xl:grid-cols-3 gap-6 lg:gap-8 w-full\">\n                  <div\n                                                            x-data=\"{ open: true }\"\n                                x-on:click=\"open = !open\"\n                x-bind:class=\"{ 'card--open': open, 'card--closed': !open }\"\n                                      class=\"col item flex card--collapsible card--collapsible-standard\">\n            <div class=\"card p-0 match-heading-heights w-full h-100 flex flex-col bg-text-dark bg-teal-100  shadow\">\n                                                        <div class=\"image-wrap !mt-0 relative\">\n                                <img decoding=\"async\" src=\"https:\/\/www.columbiaskylights.com\/wp-content\/uploads\/2023\/05\/ftp_v_highlight-1.jpg\" class=\"w-full h-auto pt-6 md:pt-8 px-6 md:px-8\" alt=\"ftp_v_highlight-1\" height=\"796\" width=\"944\" title=\"\">\n    \t              <\/div>\n                            <div class=\"feature-body-wrap flex flex-col flex-grow px-2 py-5 sm:p-4.5 sm:py-7 sm:pb-8 md:pb-12 md:px-8 \">\n                <div class=\"feature-body flex-grow\">\n                                      <h5 class=\"h6 card-title text-left !font-semibold text-black-700 mb-0\">Pivote Pour Un Nettoyage Facile<\/h5>\n                                    <text class=\"card__content wp-editor block text-dark\">\n                    <div class=\"inner  pt-3 sm:pt-6 \">\n                      <ul>\n<li>En plus de favoriser la circulation d\u2019air frais et sain dans votre maison, le FTP-V vous offre la possibilit\u00e9 de faire pivoter la fen\u00eatre \u00e0 180\u00b0, facilitant ainsi le nettoyage.<\/li>\n<li>Les charni\u00e8res mont\u00e9es au centre sont pr\u00e9install\u00e9es et con\u00e7ues pour assurer un fonctionnement fluide tout au long de leur dur\u00e9e de vie.<\/li>\n<li>Une technologie \u00e9prouv\u00e9e. Gr\u00e2ce \u00e0 sa polyvalence, FTP-V est la fen\u00eatre de toit FAKRO la plus pris\u00e9e vendue en Europe.<\/li>\n<\/ul>\n\n                    <\/div>\n                  <\/text>\n                <\/div>\n                              <\/div>\n            <\/div>\n          <\/div>\n                  <div\n                                                            x-data=\"{ open: false }\"\n                                x-on:click=\"open = !open\"\n                x-bind:class=\"{ 'card--open': open, 'card--closed': !open }\"\n                                      class=\"col item flex card--collapsible card--collapsible-standard\">\n            <div class=\"card p-0 match-heading-heights w-full h-100 flex flex-col bg-text-dark bg-teal-100  shadow\">\n                                                        <div class=\"image-wrap !mt-0 relative\">\n                                <img decoding=\"async\" src=\"https:\/\/www.columbiaskylights.com\/wp-content\/uploads\/2023\/05\/ftp_v_highlight-2.jpg\" class=\"w-full h-auto pt-6 md:pt-8 px-6 md:px-8\" alt=\"ftp_v_highlight-2\" height=\"796\" width=\"944\" title=\"\">\n    \t              <\/div>\n                            <div class=\"feature-body-wrap flex flex-col flex-grow px-2 py-5 sm:p-4.5 sm:py-7 sm:pb-8 md:pb-12 md:px-8 \">\n                <div class=\"feature-body flex-grow\">\n                                      <h5 class=\"h6 card-title text-left !font-semibold text-black-700 mb-0\">Entr\u00e9e D\u2019air Automatique V40P<\/h5>\n                                    <text class=\"card__content wp-editor block text-dark\">\n                    <div class=\"inner  pt-3 sm:pt-6 \">\n                      <ul>\n<li>Cr\u00e9ez automatiquement une atmosph\u00e8re int\u00e9rieure plus saine. Notre syst\u00e8me d\u2019entr\u00e9e d\u2019air innovant V40P utilise un \u00e9vent semi-automatique activ\u00e9 par les variations de pression du vent, pour ajuster en permanence les niveaux de circulation d\u2019air frais.<\/li>\n<li>En hiver, le d\u00e9bit d\u2019air ext\u00e9rieur est limit\u00e9 pour prot\u00e9ger la pi\u00e8ce contre les pertes d\u2019\u00e9nergie et de chaleur.<\/li>\n<li>La conception de l\u2019entr\u00e9e d\u2019air offre une excellente isolation thermique et acoustique, ainsi qu\u2019une filtration de l\u2019air exceptionnelle qui emp\u00eache la poussi\u00e8re de p\u00e9n\u00e9trer dans la pi\u00e8ce.<\/li>\n<\/ul>\n\n                    <\/div>\n                  <\/text>\n                <\/div>\n                              <\/div>\n            <\/div>\n          <\/div>\n                  <div\n                                                            x-data=\"{ open: false }\"\n                                x-on:click=\"open = !open\"\n                x-bind:class=\"{ 'card--open': open, 'card--closed': !open }\"\n                                      class=\"col item flex card--collapsible card--collapsible-standard\">\n            <div class=\"card p-0 match-heading-heights w-full h-100 flex flex-col bg-text-dark bg-teal-100  shadow\">\n                                                        <div class=\"image-wrap !mt-0 relative\">\n                                <img decoding=\"async\" src=\"https:\/\/www.columbiaskylights.com\/wp-content\/uploads\/2023\/05\/ftp_v_highlight-3.jpg\" class=\"w-full h-auto pt-6 md:pt-8 px-6 md:px-8\" alt=\"ftp_v_highlight-3\" height=\"796\" width=\"944\" title=\"\">\n    \t              <\/div>\n                            <div class=\"feature-body-wrap flex flex-col flex-grow px-2 py-5 sm:p-4.5 sm:py-7 sm:pb-8 md:pb-12 md:px-8 \">\n                <div class=\"feature-body flex-grow\">\n                                      <h5 class=\"h6 card-title text-left !font-semibold text-black-700 mb-0\">Qualit\u00e9 Europ\u00e9enne De Classe Mondiale<\/h5>\n                                    <text class=\"card__content wp-editor block text-dark\">\n                    <div class=\"inner  pt-3 sm:pt-6 \">\n                      <ul>\n<li>Les produits FAKRO sont r\u00e9put\u00e9s dans le monde entier pour leur design europ\u00e9en exceptionnel et leur qualit\u00e9 de fabrication.<\/li>\n<li>Les fen\u00eatres de toit et les lucarnes FAKRO sont dot\u00e9es de cadres en bois \u00e9pais en pin \u00e0 grain \u00e9troit, s\u00e9lectionn\u00e9s, s\u00e9ch\u00e9s et trait\u00e9s sous vide. Laqu\u00e9s en usine avant l\u2019assemblage final.<\/li>\n<li>Garantie de 20 ans contre les d\u00e9fauts d\u2019\u00e9tanch\u00e9it\u00e9 de l\u2019unit\u00e9.<\/li>\n<\/ul>\n\n                    <\/div>\n                  <\/text>\n                <\/div>\n                              <\/div>\n            <\/div>\n          <\/div>\n                  <div\n                                                            x-data=\"{ open: false }\"\n                                x-on:click=\"open = !open\"\n                x-bind:class=\"{ 'card--open': open, 'card--closed': !open }\"\n                                      class=\"col item flex card--collapsible card--collapsible-standard\">\n            <div class=\"card p-0 match-heading-heights w-full h-100 flex flex-col bg-text-dark bg-teal-100  shadow\">\n                                                        <div class=\"image-wrap !mt-0 relative\">\n                                <img decoding=\"async\" src=\"https:\/\/www.columbiaskylights.com\/wp-content\/uploads\/2023\/05\/ftp_v_highlight-4.jpg\" class=\"w-full h-auto pt-6 md:pt-8 px-6 md:px-8\" alt=\"ftp_v_highlight-4\" height=\"796\" width=\"944\" title=\"\">\n    \t              <\/div>\n                            <div class=\"feature-body-wrap flex flex-col flex-grow px-2 py-5 sm:p-4.5 sm:py-7 sm:pb-8 md:pb-12 md:px-8 \">\n                <div class=\"feature-body flex-grow\">\n                                      <h5 class=\"h6 card-title text-left !font-semibold text-black-700 mb-0\">Technologie ThermoPro<\/h5>\n                                    <text class=\"card__content wp-editor block text-dark\">\n                    <div class=\"inner  pt-3 sm:pt-6 \">\n                      <ul>\n<li>Cette technologie d\u2019isolation de pointe am\u00e9liore consid\u00e9rablement l\u2019efficacit\u00e9 \u00e9nerg\u00e9tique du puits de lumi\u00e8re en int\u00e9grant les derni\u00e8res avanc\u00e9es en mati\u00e8re d\u2019isolation thermique. Elle prot\u00e8ge le cadre en bois \u00e9pais et r\u00e9duit le transfert d\u2019air froid.<\/li>\n<li>Les coins inf\u00e9rieurs du cadre sont pourvus de canaux de drainage afin de permettre l\u2019\u00e9vacuation de l\u2019eau r\u00e9sultant de toute condensation \u00e9ventuelle. Les profil\u00e9s en bois de la fen\u00eatre sont moins expos\u00e9s \u00e0 l\u2019humidit\u00e9, ce qui renforce leur durabilit\u00e9.<\/li>\n<\/ul>\n<p><img decoding=\"async\" class=\"size-full wp-image-5473 alignnone\" src=\"https:\/\/www.columbiaskylights.com\/wp-content\/uploads\/2023\/05\/thermopro_logo.svg\" alt=\"Thermopro Logo\" width=\"272\" height=\"46\" title=\"\"><\/p>\n\n                    <\/div>\n                  <\/text>\n                <\/div>\n                              <\/div>\n            <\/div>\n          <\/div>\n                  <div\n                                                            x-data=\"{ open: false }\"\n                                x-on:click=\"open = !open\"\n                x-bind:class=\"{ 'card--open': open, 'card--closed': !open }\"\n                                      class=\"col item flex card--collapsible card--collapsible-standard\">\n            <div class=\"card p-0 match-heading-heights w-full h-100 flex flex-col bg-text-dark bg-teal-100  shadow\">\n                                                        <div class=\"image-wrap !mt-0 relative\">\n                                <img decoding=\"async\" src=\"https:\/\/www.columbiaskylights.com\/wp-content\/uploads\/2023\/05\/ftp_v_highlight-5.jpg\" class=\"w-full h-auto pt-6 md:pt-8 px-6 md:px-8\" alt=\"ftp_v_highlight-5\" height=\"796\" width=\"944\" title=\"\">\n    \t              <\/div>\n                            <div class=\"feature-body-wrap flex flex-col flex-grow px-2 py-5 sm:p-4.5 sm:py-7 sm:pb-8 md:pb-12 md:px-8 \">\n                <div class=\"feature-body flex-grow\">\n                                      <h5 class=\"h6 card-title text-left !font-semibold text-black-700 mb-0\">Syst\u00e8me TopSafe<\/h5>\n                                    <text class=\"card__content wp-editor block text-dark\">\n                    <div class=\"inner  pt-3 sm:pt-6 \">\n                      <ul>\n<li>Soyez tranquille, le syst\u00e8me antieffraction TopSafe \u00e9prouv\u00e9 renforce la s\u00e9curit\u00e9 en rendant la fen\u00eatre extr\u00eamement difficile \u00e0 forcer.<\/li>\n<li>Le cadre est viss\u00e9 et verrouill\u00e9 en place \u00e0 plusieurs endroits, offrant une s\u00e9curit\u00e9, une s\u00fbret\u00e9 et une r\u00e9sistance accrues contre les effractions.<\/li>\n<\/ul>\n<p><img decoding=\"async\" class=\"alignnone size-full wp-image-21780\" src=\"https:\/\/www.columbiaskylights.com\/wp-content\/uploads\/2023\/05\/topsafe-fr.svg\" alt=\"Topsafe Fr\" width=\"446\" height=\"138\" title=\"\"><\/p>\n\n                    <\/div>\n                  <\/text>\n                <\/div>\n                              <\/div>\n            <\/div>\n          <\/div>\n                  <div\n                                                            x-data=\"{ open: false }\"\n                                x-on:click=\"open = !open\"\n                x-bind:class=\"{ 'card--open': open, 'card--closed': !open }\"\n                                      class=\"col item flex card--collapsible card--collapsible-standard\">\n            <div class=\"card p-0 match-heading-heights w-full h-100 flex flex-col bg-text-dark bg-teal-100  shadow\">\n                                                        <div class=\"image-wrap !mt-0 relative\">\n                                <img decoding=\"async\" src=\"https:\/\/www.columbiaskylights.com\/wp-content\/uploads\/2023\/05\/ftp_v_highlight-6.jpg\" class=\"w-full h-auto pt-6 md:pt-8 px-6 md:px-8\" alt=\"ftp_v_highlight-6\" height=\"796\" width=\"944\" title=\"\">\n    \t              <\/div>\n                            <div class=\"feature-body-wrap flex flex-col flex-grow px-2 py-5 sm:p-4.5 sm:py-7 sm:pb-8 md:pb-12 md:px-8 \">\n                <div class=\"feature-body flex-grow\">\n                                      <h5 class=\"h6 card-title text-left !font-semibold text-black-700 mb-0\">Am\u00e9liorez Vos Fen\u00eatres De Toit Avec Des Stores Occultants Et Filtrants \u00e0 La Lumi\u00e8re<\/h5>\n                                    <text class=\"card__content wp-editor block text-dark\">\n                    <div class=\"inner  pt-3 sm:pt-6 \">\n                      <ul>\n<li>Les stores occultants peuvent bloquer compl\u00e8tement le soleil.<\/li>\n<li>Les stores filtrants laissent entrer une quantit\u00e9 r\u00e9duite de lumi\u00e8re, adoucissant l\u2019ambiance de votre pi\u00e8ce.<\/li>\n<li>Con\u00e7us pour compl\u00e9ter n\u2019importe quelle pi\u00e8ce &#8211; un large choix de tissus.<\/li>\n<li>Disponibles en versions manuelle, \u00e9lectrique ou solaire.<\/li>\n<\/ul>\n<p><a class=\"btn-arrow\" href=\"https:\/\/www.columbiaskylights.com\/fr\/produits\/stores-de-fakro\/\">EN SAVOIR PLUS<\/a><\/p>\n\n                    <\/div>\n                  <\/text>\n                <\/div>\n                              <\/div>\n            <\/div>\n          <\/div>\n              <\/div>\n      <\/div>\n              <\/section>\n\n\n<section id=\"block_cff1c4d4f15104f33367f449e26f4c1e\" class=\" columbia-block relative overflow-hidden wp-block-multi-column block-w-full text-dark bg-white  p-top-default p-bottom-default\" >\n          <div class=\" block-inner relative container mx-auto\" >\n        <div class=\"block-intro-wrap z-0 relative  pb-12 lg:pb-16 last:pb-0 border-current border-t pt-6 md:pt-16\">\n    \n        <div class=\"block-title grow  mx-auto max-w-6xl\">\n            <h2 class=\" h3 text-center\">Unit\u00e9 de vitrage Premium P2 de FAKRO et sp\u00e9cifications<\/h2>\n    <\/div>\n    \n    \n          <\/div>\n        <div class=\"col-wrapper col-gutter-lg row-gutter-md \">\n      <div class=\"col-wrapper-inner flex flex-wrap   \">\n                            <div class=\"column w-full corners- md:w-6\/12  1 tab-group\">\n                                                            <div class=\"column-inner      \">\n              <div class=\"column-content match-col-height wp-editor \">\n                                                  <p class=\"!text-grey\"><img decoding=\"async\" class=\"alignnone size-full wp-image-21648\" src=\"https:\/\/www.columbiaskylights.com\/wp-content\/uploads\/2023\/10\/p2-specs-fr.png\" alt=\"P2 Specs Fr\" width=\"1526\" height=\"689\" srcset=\"https:\/\/www.columbiaskylights.com\/wp-content\/uploads\/2023\/10\/p2-specs-fr.png 1526w, https:\/\/www.columbiaskylights.com\/wp-content\/uploads\/2023\/10\/p2-specs-fr-300x135.png 300w, https:\/\/www.columbiaskylights.com\/wp-content\/uploads\/2023\/10\/p2-specs-fr-1024x462.png 1024w, https:\/\/www.columbiaskylights.com\/wp-content\/uploads\/2023\/10\/p2-specs-fr-768x347.png 768w\" sizes=\"(max-width: 1526px) 100vw, 1526px\" title=\"\"><\/p>\n<p class=\"!text-grey\"><span class=\"text-sm\">P5 (Triple Vitrage) FTP-V \u00e9galement disponible sur commande sp\u00e9ciale. Appelez pour plus d\u2019informations.<\/span><\/p>\n\n                                \n                \n                \n                              <\/div>\n            <\/div>\n                      <\/div>\n                            <div class=\"column w-full corners- md:w-6\/12  2 tab-group\">\n                                                            <div class=\"column-inner      \">\n              <div class=\"column-content match-col-height wp-editor \">\n                                                  <p><img decoding=\"async\" class=\"alignnone size-full wp-image-21762\" src=\"https:\/\/www.columbiaskylights.com\/wp-content\/uploads\/2023\/05\/ftp-v-specs-fr.png\" alt=\"Ftp V Specs Fr\" width=\"1532\" height=\"691\" srcset=\"https:\/\/www.columbiaskylights.com\/wp-content\/uploads\/2023\/05\/ftp-v-specs-fr.png 1532w, https:\/\/www.columbiaskylights.com\/wp-content\/uploads\/2023\/05\/ftp-v-specs-fr-300x135.png 300w, https:\/\/www.columbiaskylights.com\/wp-content\/uploads\/2023\/05\/ftp-v-specs-fr-1024x462.png 1024w, https:\/\/www.columbiaskylights.com\/wp-content\/uploads\/2023\/05\/ftp-v-specs-fr-768x346.png 768w\" sizes=\"(max-width: 1532px) 100vw, 1532px\" title=\"\"><\/p>\n<p class=\"!text-grey\"><span class=\"text-sm\">Test\u00e9 conform\u00e9ment \u00e0 la norme europ\u00e9enne EN-14351 pour les fen\u00eatres et les portes.<\/span><\/p>\n\n                                \n                \n                \n                              <\/div>\n            <\/div>\n                      <\/div>\n              <\/div>\n    <\/div>\n      <\/div>\n              <\/section>\n\n\n<section id=\"block_e200f85e68f62ac3cd43b239616a0bb0\" class=\" columbia-block relative overflow-hidden wp-block-image-features block-w-full text-dark bg-teal-100  p-top-default p-bottom-default\" >\n          <div class=\" block-inner relative container mx-auto\" >\n        <div class=\"block-intro-wrap z-0 relative narrow pb-11 lg:pb-22 last:pb-0\">\n    \n        <div class=\"block-title grow  mx-auto max-w-6xl\">\n            <h3 class=\" text-center\">LES CARACT\u00c9RISTIQUES DU VERRE FEUILLET\u00c9 DE FAKRO<\/h3>\n    <\/div>\n    \n    \n          <div class=\"mt-6 lg:mt-12 relative z-0 block-intro  mx-auto max-w-6xl lg:max-w-6xxl text-xl\">FAKRO propose du verre feuillet\u00e9 sur tous ses puits de lumi\u00e8re et fen\u00eatres de toit. FAKRO utilise plusieurs configurations de vitrage diff\u00e9rentes en fonction des exigences du puits de lumi\u00e8re ou de la fen\u00eatre de toit. Cela inclut le double vitrage, le triple vitrage et maintenant le premier quadruple vitrage au Canada. Le verre feuillet\u00e9 pr\u00e9sente de nombreux avantages.<\/div>\n          <\/div>\n      <div class=\"image-features grid md:grid-cols-2 xl:grid-cols-4 items-start gap-8 md:gap-11 lg:gap-10 xxl:gap-22\">\n                  <div class=\"image-feature item flex flex-col md:flex-col items-center justify-center md:items-start md:justify-start\">\n                          <div class=\"feature-image flex grow-0 shrink-0 mdd:justify-center align-end match-height max-w-60 sm:max-w-70 md:max-w-80 xl:max-w-full   max-w-full mb-4 md:mb-8 w-[200px] md:w-auto\">\n                                <picture>\n        <source media=\"(max-width: 767.9px)\" srcset=\"https:\/\/www.columbiaskylights.com\/wp-content\/uploads\/2023\/12\/superior-sound-production-mobile-pad.svg\">\n        <source media=\"(min-width: 768px)\" srcset=\"https:\/\/www.columbiaskylights.com\/wp-content\/uploads\/2022\/02\/sound-reduction-airplane-2.svg\">\n        <img decoding=\"async\" src=\"https:\/\/www.columbiaskylights.com\/wp-content\/uploads\/2022\/02\/sound-reduction-airplane-2.svg\" class=\" max-w-full smd:max-w-[160px]\" alt=\"Sound reduction airplane\" title=\"\">\n      <\/picture>\n    \t              <\/div>\n                                      <div class=\"image-feature-content\">\n                                  <h5 class=\"image-feature-title mb-2 md:mb-4 text-black-800 font-semibold text-left tracking-normal normal-case\">R\u00e9duction sonore sup\u00e9rieure<\/h5>\n                                                  <div class=\"image-feature-text wp-editor\"><p>R\u00e9duit les effets du bruit jusqu\u2019\u00e0 30 % par rapport au double vitrage standard, et jusqu\u2019\u00e0 50 % de moins qu\u2019un puits de lumi\u00e8re en plastique. Laissez entrer la lumi\u00e8re naturelle sans les bruits suppl\u00e9mentaires, dus par exemple \u00e0 circulation routi\u00e8re ou a\u00e9rienne.<\/p>\n<\/div>\n                              <\/div>\n                      <\/div>\n                  <div class=\"image-feature item flex flex-col md:flex-col items-center justify-center md:items-start md:justify-start\">\n                          <div class=\"feature-image flex grow-0 shrink-0 mdd:justify-center align-end match-height max-w-60 sm:max-w-70 md:max-w-80 xl:max-w-full   max-w-full mb-4 md:mb-8 w-[200px] md:w-auto\">\n                                <picture>\n        <source media=\"(max-width: 767.9px)\" srcset=\"https:\/\/www.columbiaskylights.com\/wp-content\/uploads\/2023\/12\/additional-security-mobile-pad.svg\">\n        <source media=\"(min-width: 768px)\" srcset=\"https:\/\/www.columbiaskylights.com\/wp-content\/uploads\/2022\/02\/hammer-resistant-security-glass-1.svg\">\n        <img decoding=\"async\" src=\"https:\/\/www.columbiaskylights.com\/wp-content\/uploads\/2022\/02\/hammer-resistant-security-glass-1.svg\" class=\" max-w-full smd:max-w-[160px]\" alt=\"Hammer resistant security glass\" title=\"\">\n      <\/picture>\n    \t              <\/div>\n                                      <div class=\"image-feature-content\">\n                                  <h5 class=\"image-feature-title mb-2 md:mb-4 text-black-800 font-semibold text-left tracking-normal normal-case\">Plus de s\u00e9curit\u00e9<\/h5>\n                                                  <div class=\"image-feature-text wp-editor\"><p>Le verre feuillet\u00e9 est plus difficile \u00e0 briser et \u00e0 p\u00e9n\u00e9trer. D\u00e8s lors, si vous \u00eates pr\u00e9occup\u00e9 par la s\u00e9curit\u00e9, cela vaut la peine d\u2019y r\u00e9fl\u00e9chir. La couche interm\u00e9diaire en vinyle maintient le verre en cas de bris.<\/p>\n<\/div>\n                              <\/div>\n                      <\/div>\n                  <div class=\"image-feature item flex flex-col md:flex-col items-center justify-center md:items-start md:justify-start\">\n                          <div class=\"feature-image flex grow-0 shrink-0 mdd:justify-center align-end match-height max-w-60 sm:max-w-70 md:max-w-80 xl:max-w-full   max-w-full mb-4 md:mb-8 w-[200px] md:w-auto\">\n                                <picture>\n        <source media=\"(max-width: 767.9px)\" srcset=\"https:\/\/www.columbiaskylights.com\/wp-content\/uploads\/2023\/12\/uv-protection-mobile-pad.svg\">\n        <source media=\"(min-width: 768px)\" srcset=\"https:\/\/www.columbiaskylights.com\/wp-content\/uploads\/2022\/02\/uv-protected-glass-1.svg\">\n        <img decoding=\"async\" src=\"https:\/\/www.columbiaskylights.com\/wp-content\/uploads\/2022\/02\/uv-protected-glass-1.svg\" class=\" max-w-full smd:max-w-[160px]\" alt=\"Uv protected glass\" title=\"\">\n      <\/picture>\n    \t              <\/div>\n                                      <div class=\"image-feature-content\">\n                                  <h5 class=\"image-feature-title mb-2 md:mb-4 text-black-800 font-semibold text-left tracking-normal normal-case\">Meilleure protection UV de sa cat\u00e9gorie<\/h5>\n                                                  <div class=\"image-feature-text wp-editor\"><p>Le verre feuillet\u00e9 laisse entrer la lumi\u00e8re, mais prot\u00e8ge votre maison des rayons UV. Le choix id\u00e9al pour \u00e9viter la d\u00e9coloration de vos sols, meubles et \u0153uvres d\u2019art.<\/p>\n<\/div>\n                              <\/div>\n                      <\/div>\n                  <div class=\"image-feature item flex flex-col md:flex-col items-center justify-center md:items-start md:justify-start\">\n                          <div class=\"feature-image flex grow-0 shrink-0 mdd:justify-center align-end match-height max-w-60 sm:max-w-70 md:max-w-80 xl:max-w-full   max-w-full mb-4 md:mb-8 w-[200px] md:w-auto\">\n                                <picture>\n        <source media=\"(max-width: 767.9px)\" srcset=\"https:\/\/www.columbiaskylights.com\/wp-content\/uploads\/2023\/12\/increased-safety-mobile-pad.svg\">\n        <source media=\"(min-width: 768px)\" srcset=\"https:\/\/www.columbiaskylights.com\/wp-content\/uploads\/2023\/11\/increased-safety.svg\">\n        <img decoding=\"async\" src=\"https:\/\/www.columbiaskylights.com\/wp-content\/uploads\/2023\/11\/increased-safety.svg\" class=\" max-w-full smd:max-w-[160px]\" alt=\"increased-safety\" title=\"\">\n      <\/picture>\n    \t              <\/div>\n                                      <div class=\"image-feature-content\">\n                                  <h5 class=\"image-feature-title mb-2 md:mb-4 text-black-800 font-semibold text-left tracking-normal normal-case\">Plus de s\u00e9curit\u00e9<\/h5>\n                                                  <div class=\"image-feature-text wp-editor\"><p>Le verre feuillet\u00e9 offre plus de s\u00e9curit\u00e9. M\u00eame lorsqu\u2019il est cass\u00e9, il ne se disperse pas, car les deux couches int\u00e9rieures de verre sont coll\u00e9es \u00e0 une fine membrane en plastique.<\/p>\n<p>De nombreux codes du b\u00e2timent exigent du verre feuillet\u00e9 pour les endroits difficilement accessibles.<\/p>\n<\/div>\n                              <\/div>\n                      <\/div>\n              <\/div>\n      <\/div>\n              <\/section>\n\n\n<section id=\"block_2572f3f7a247766c4331e14260f43309\" class=\"top-shadow columbia-block relative overflow-hidden wp-block-fakro-frame-features block-w-full text-dark bg-white bg-top-shadow p-top-default p-bottom-default\" >\n          <div class=\" block-inner relative container mx-auto\" >\n        <div class=\"block-intro-wrap z-0 relative  pb-11 lg:pb-22 last:pb-0\">\n    \n        <div class=\"block-title grow  mx-auto max-w-6xl\">\n            <h2 class=\" h4 text-center\">Cadres en bois haut de gamme de FAKRO<\/h2>\n    <\/div>\n    \n    \n          <\/div>\n  <div class=\"flex flex-wrap flex-col smd:items-center justify-center md:flex-row\">\n          <div class=\"w-10\/12 md:w-1\/3 xl:w-3\/12\">\n        <img decoding=\"async\" src=\"https:\/\/www.columbiaskylights.com\/wp-content\/uploads\/2024\/01\/qualite-europpeen.png\" class=\"w-full md:w-[288px] max-w-full h-auto\" alt=\"Qualite Europpeen\" height=\"968\" width=\"1180\" title=\"\">\n    \t      <\/div>\n              <div class=\"flex flex-col smd:items-center md:w-2\/3 md:flex-row w-full xl:w-6\/12 mt-10 md:mt-0 self-center\">\n        <div class=\"w-6\/12 mx-auto md:w-[233px] shrink-0 mb-8 md:mb-0\">\n          <img decoding=\"async\" src=\"https:\/\/www.columbiaskylights.com\/wp-content\/uploads\/2022\/02\/pressure-treated-wood-skylight-cross-section.png\" class=\"w-full h-auto\" alt=\"Pressure treated wood skylight cross section\" height=\"454\" width=\"454\" title=\"\">\n    \t        <\/div>\n        <div class=\"w-full xl:w-auto md:px-4 xl:px-8\">\n          <h6 class=\"text-green\">Les puits de lumi\u00e8re de FAKRO sont fabriqu\u00e9s avec des cadres en bois massif trait\u00e9s sous pression tr\u00e8s \u00e9pais, jusqu\u2019\u00e0 :<\/h6>\n<p><img decoding=\"async\" class=\"alignnone size-full wp-image-4322\" src=\"https:\/\/www.columbiaskylights.com\/wp-content\/uploads\/2024\/01\/30-percent-plus.svg\" alt=\"30% Plus\" width=\"336\" title=\"\"><\/p>\n\n        <\/div>\n      <\/div>\n      <\/div>\n      <\/div>\n              <\/section>\n\n\n<section id=\"block_fc55fcbd7fc1e3cca289414c5c47bd3f\" class=\" columbia-block relative overflow-hidden wp-block-product-sizing-charts block-w-full text-dark bg-teal  p-top-default p-bottom-default\" >\n          <div class=\" block-inner relative container mx-auto\"  x-data=\"sizingChart\">\n        <div class=\"block-intro-wrap z-0 relative  pb-11 lg:pb-22 last:pb-0\">\n          <div class=\"title-image-wrap relative flex flex-col-reverse items-center md:flex-row title-icon-spacer spacer-center\">\n                  <div class=\"flex justify-center w-full flex-row gap-6 md:absolute md:top-0 md:left-0 \">\n                  <div class=\"title-image mt-6 md:mt-0 md:absolute left-0\">\n            <img decoding=\"async\" src=\"https:\/\/www.columbiaskylights.com\/wp-content\/uploads\/2023\/05\/3-12-17-12-slope.svg\" class=\"block-title-image max-w-[33vw] max-h-[165px] w-auto h-auto\" alt=\"3 12 17 12 Slope\" height=\"138\" width=\"135\" title=\"\">\n    \t          <\/div>\n                            <\/div>\n            \n        <div class=\"block-title grow  mx-auto max-w-6xl\">\n            <h2 class=\" h3 text-center\">Tailles pour la fen\u00eatre pivotante FTP-V mont\u00e9e sur le toit<\/h2>\n    <\/div>\n    \n          <\/div>\n    \n          <\/div>\n          <div class=\"grid mb-12 grid-cols-1 md:grid-cols-2 lg:grid-cols-3 text-center max-w-[1140px] gap-12 lg:gap-30 mx-auto\">\n      <div class=\"mdd:hidden\">\n              <\/div>\n      <div>\n        <div class=\"flex flex-row justify-center\">\n          <button x-on:click=\"toggleUnits()\" :class=\"isImperial ? 'btn-green-800' : 'btn-grey'\">UNIT\u00c9S IMP\u00c9RIALES<\/button>\n          <button x-on:click=\"toggleUnits()\" :class=\"!isImperial ? 'btn-green-800' : 'btn-grey'\">UNIT\u00c9S M\u00c9TRIQUES<\/button>\n        <\/div>\n              <\/div>\n          <\/div>\n    \n    \n          <table class=\"hidden font-narrow lg:block sizing-chart w-full mx-auto mt-30 pl-8 xxxl:pl-0\" style=\"max-width: 1930.2820512821px; width: clamp(768, 1206.4262820513%, 100%) ;\">\n        <tr>\n                    <th width=\"1%\" class=\"p-3 leading-tight text-left\">Ouverture brute<\/th>\n                                <th data-imperialvalue=\"22\" data-metricvalue=\"559\"><span class=\"data-value whitespace-nowrap\">22<\/span><\/th>\n                      <th data-imperialvalue=\"26&frac14;\" data-metricvalue=\"667\"><span class=\"data-value whitespace-nowrap\">26&frac14;<\/span><\/th>\n                      <th data-imperialvalue=\"31\" data-metricvalue=\"787\"><span class=\"data-value whitespace-nowrap\">31<\/span><\/th>\n                      <th data-imperialvalue=\"37&frac14;\" data-metricvalue=\"946\"><span class=\"data-value whitespace-nowrap\">37&frac14;<\/span><\/th>\n                      <th data-imperialvalue=\"45&frac14;\" data-metricvalue=\"1149\"><span class=\"data-value whitespace-nowrap\">45&frac14;<\/span><\/th>\n                      <th data-imperialvalue=\"53\" data-metricvalue=\"1346\"><span class=\"data-value whitespace-nowrap\">53<\/span><\/th>\n                  <\/tr>\n        \n                            <tr>\n            <th data-imperialvalue=\"39\" data-metricvalue=\"991\"><span class=\"data-value whitespace-nowrap inline-block\">39<\/span><\/th>\n\n                                        <td x-data=\"\" class=\"relative  text-white bg-fakro-medium hover:bg-green-800\" width=\"9.1381100726895%\">\n                                  <template x-ref=\"imperial_template\">\n                    <div class=\"h6 mb-2\">Mod\u00e8le 02<\/div>\n                                                                                            <div class=\"text-lg mt-2\"><strong>Ouverture brute (l x h)<\/strong><br\/>22&Prime; x 39&rdquo;<\/div>\n                                                                                                <div class=\"text-lg mt-2\"><strong>Ext\u00e9rieur du cadre (l x h)<\/strong><br\/>21&frac12;\u00a0\u00bb x 38&#8541;&rdquo;<\/div>\n                                                                  \n                                          <div class=\"text-lg mt-2\"><strong>Surface vitr\u00e9e<\/strong><br\/>4.41 sq.ft.<\/div>\n                                      <\/template>\n                  <template x-ref=\"metric_template\">\n                    <div class=\"h6 mb-2\">Mod\u00e8le 02<\/div>\n                                                                                            <div class=\"text-lg mt-2\"><strong>Ouverture brute (l x h)<\/strong><br\/>559mm x 991mm<\/div>\n                                                                                                <div class=\"text-lg mt-2\"><strong>Ext\u00e9rieur du cadre (l x h)<\/strong><br\/>547mm x 980mm<\/div>\n                                                                  \n                                          <div class=\"text-lg mt-2\"><strong>Surface vitr\u00e9e<\/strong><br\/>0.41 m<sup>2<\/sup><\/div>\n                                      <\/template>\n                                    <button class=\"size-md\" style=\"aspect-ratio: 559 \/ 991\"  x-tooltip=\"{\n                      content: (!isImperial ? $refs.metric_template.innerHTML : $refs.imperial_template.innerHTML),\n                      allowHTML: true,\n                      appendTo: $root,\n                  }\">\n                    Mod\u00e8le<br\/>02\n\n                                      <\/button>\n                              <\/td>\n                                        <td x-data=\"\" class=\"relative  text-white bg-fakro-medium hover:bg-green-800\" width=\"10.903426791277%\">\n                                  <template x-ref=\"imperial_template\">\n                    <div class=\"h6 mb-2\">Mod\u00e8le 03<\/div>\n                                                                                            <div class=\"text-lg mt-2\"><strong>Ouverture brute (l x h)<\/strong><br\/>26&frac14;\u00a0\u00bb x 39&rdquo;<\/div>\n                                                                                                <div class=\"text-lg mt-2\"><strong>Ext\u00e9rieur du cadre (l x h)<\/strong><br\/>25&#8542;\u00a0\u00bb x 38&#8541;&rdquo;<\/div>\n                                                                  \n                                          <div class=\"text-lg mt-2\"><strong>Surface vitr\u00e9e<\/strong><br\/>5.49 sq.ft.<\/div>\n                                      <\/template>\n                  <template x-ref=\"metric_template\">\n                    <div class=\"h6 mb-2\">Mod\u00e8le 03<\/div>\n                                                                                            <div class=\"text-lg mt-2\"><strong>Ouverture brute (l x h)<\/strong><br\/>667mm x 991mm<\/div>\n                                                                                                <div class=\"text-lg mt-2\"><strong>Ext\u00e9rieur du cadre (l x h)<\/strong><br\/>657mm x 980mm<\/div>\n                                                                  \n                                          <div class=\"text-lg mt-2\"><strong>Surface vitr\u00e9e<\/strong><br\/>0.51 m<sup>2<\/sup><\/div>\n                                      <\/template>\n                                    <button class=\"size-md\" style=\"aspect-ratio: 667 \/ 991\"  x-tooltip=\"{\n                      content: (!isImperial ? $refs.metric_template.innerHTML : $refs.imperial_template.innerHTML),\n                      allowHTML: true,\n                      appendTo: $root,\n                  }\">\n                    Mod\u00e8le<br\/>03\n\n                                      <\/button>\n                              <\/td>\n                                        <td x-data=\"\" class=\"relative  text-white bg-fakro-medium hover:bg-green-800\" width=\"12.876427829699%\">\n                                  <template x-ref=\"imperial_template\">\n                    <div class=\"h6 mb-2\">Mod\u00e8le 05<\/div>\n                                                                                            <div class=\"text-lg mt-2\"><strong>Ouverture brute (l x h)<\/strong><br\/>31&Prime; x 39&rdquo;<\/div>\n                                                                                                <div class=\"text-lg mt-2\"><strong>Ext\u00e9rieur du cadre (l x h)<\/strong><br\/>30&frac14;\u00a0\u00bb x 38&#8541;&rdquo;<\/div>\n                                                                  \n                                          <div class=\"text-lg mt-2\"><strong>Surface vitr\u00e9e<\/strong><br\/>6.67 sq.ft.<\/div>\n                                      <\/template>\n                  <template x-ref=\"metric_template\">\n                    <div class=\"h6 mb-2\">Mod\u00e8le 05<\/div>\n                                                                                            <div class=\"text-lg mt-2\"><strong>Ouverture brute (l x h)<\/strong><br\/>787mm x 991mm<\/div>\n                                                                                                <div class=\"text-lg mt-2\"><strong>Ext\u00e9rieur du cadre (l x h)<\/strong><br\/>777mm x 980mm<\/div>\n                                                                  \n                                          <div class=\"text-lg mt-2\"><strong>Surface vitr\u00e9e<\/strong><br\/>0.62 m<sup>2<\/sup><\/div>\n                                      <\/template>\n                                    <button class=\"size-md\" style=\"aspect-ratio: 787 \/ 991\"  x-tooltip=\"{\n                      content: (!isImperial ? $refs.metric_template.innerHTML : $refs.imperial_template.innerHTML),\n                      allowHTML: true,\n                      appendTo: $root,\n                  }\">\n                    Mod\u00e8le<br\/>05\n\n                                      <\/button>\n                              <\/td>\n                                        <td  class=\"relative \" width=\"0%\">\n                              <\/td>\n                                        <td  class=\"relative \" width=\"0%\">\n                              <\/td>\n                                        <td x-data=\"\" class=\"relative  text-white bg-fakro-medium hover:bg-green-800\" width=\"22.014537902388%\">\n                                  <template x-ref=\"imperial_template\">\n                    <div class=\"h6 mb-2\">Mod\u00e8le 12<\/div>\n                                                                                            <div class=\"text-lg mt-2\"><strong>Ouverture brute (l x h)<\/strong><br\/>53&Prime; x 39&rdquo;<\/div>\n                                                                                                <div class=\"text-lg mt-2\"><strong>Ext\u00e9rieur du cadre (l x h)<\/strong><br\/>52&#8541;\u00a0\u00bb x 38&#8541;&rdquo;<\/div>\n                                                                  \n                                          <div class=\"text-lg mt-2\"><strong>Surface vitr\u00e9e<\/strong><br\/>12.06 sq.ft.<\/div>\n                                      <\/template>\n                  <template x-ref=\"metric_template\">\n                    <div class=\"h6 mb-2\">Mod\u00e8le 12<\/div>\n                                                                                            <div class=\"text-lg mt-2\"><strong>Ouverture brute (l x h)<\/strong><br\/>1346mm x 991mm<\/div>\n                                                                                                <div class=\"text-lg mt-2\"><strong>Ext\u00e9rieur du cadre (l x h)<\/strong><br\/>1337mm x 980mm<\/div>\n                                                                  \n                                          <div class=\"text-lg mt-2\"><strong>Surface vitr\u00e9e<\/strong><br\/>1.12 m<sup>2<\/sup><\/div>\n                                      <\/template>\n                                    <button class=\"size-md\" style=\"aspect-ratio: 1346 \/ 991\"  x-tooltip=\"{\n                      content: (!isImperial ? $refs.metric_template.innerHTML : $refs.imperial_template.innerHTML),\n                      allowHTML: true,\n                      appendTo: $root,\n                  }\">\n                    Mod\u00e8le<br\/>12\n\n                                      <\/button>\n                              <\/td>\n                      <\/tr>\n                            <tr>\n            <th data-imperialvalue=\"46&#8542;\" data-metricvalue=\"1191\"><span class=\"data-value whitespace-nowrap inline-block\">46&#8542;<\/span><\/th>\n\n                                        <td x-data=\"\" class=\"relative  text-white bg-fakro-medium hover:bg-green-800\" width=\"9.1381100726895%\">\n                                  <template x-ref=\"imperial_template\">\n                    <div class=\"h6 mb-2\">Mod\u00e8le 16<\/div>\n                                                                                            <div class=\"text-lg mt-2\"><strong>Ouverture brute (l x h)<\/strong><br\/>22&Prime; x 46&#8542;&rdquo;<\/div>\n                                                                                                <div class=\"text-lg mt-2\"><strong>Ext\u00e9rieur du cadre (l x h)<\/strong><br\/>21&frac12;\u00a0\u00bb x 46&frac12;&rdquo;<\/div>\n                                                                  \n                                          <div class=\"text-lg mt-2\"><strong>Surface vitr\u00e9e<\/strong><br\/>5.38 sq.ft.<\/div>\n                                      <\/template>\n                  <template x-ref=\"metric_template\">\n                    <div class=\"h6 mb-2\">Mod\u00e8le 16<\/div>\n                                                                                            <div class=\"text-lg mt-2\"><strong>Ouverture brute (l x h)<\/strong><br\/>559mm x 1191mm<\/div>\n                                                                                                <div class=\"text-lg mt-2\"><strong>Ext\u00e9rieur du cadre (l x h)<\/strong><br\/>547mm x 1180mm<\/div>\n                                                                  \n                                          <div class=\"text-lg mt-2\"><strong>Surface vitr\u00e9e<\/strong><br\/>0.50 m<sup>2<\/sup><\/div>\n                                      <\/template>\n                                    <button class=\"size-md\" style=\"aspect-ratio: 559 \/ 1191\"  x-tooltip=\"{\n                      content: (!isImperial ? $refs.metric_template.innerHTML : $refs.imperial_template.innerHTML),\n                      allowHTML: true,\n                      appendTo: $root,\n                  }\">\n                    Mod\u00e8le<br\/>16\n\n                                      <\/button>\n                              <\/td>\n                                        <td x-data=\"\" class=\"relative  text-white bg-fakro-medium hover:bg-green-800\" width=\"10.903426791277%\">\n                                  <template x-ref=\"imperial_template\">\n                    <div class=\"h6 mb-2\">Mod\u00e8le 04<\/div>\n                                                                                            <div class=\"text-lg mt-2\"><strong>Ouverture brute (l x h)<\/strong><br\/>26&frac14;\u00a0\u00bb x 46&#8542;&rdquo;<\/div>\n                                                                                                <div class=\"text-lg mt-2\"><strong>Ext\u00e9rieur du cadre (l x h)<\/strong><br\/>25&#8542;\u00a0\u00bb x 46&frac12;&rdquo;<\/div>\n                                                                  \n                                          <div class=\"text-lg mt-2\"><strong>Surface vitr\u00e9e<\/strong><br\/>6.67 sq.ft.<\/div>\n                                      <\/template>\n                  <template x-ref=\"metric_template\">\n                    <div class=\"h6 mb-2\">Mod\u00e8le 04<\/div>\n                                                                                            <div class=\"text-lg mt-2\"><strong>Ouverture brute (l x h)<\/strong><br\/>667mm x 1191mm<\/div>\n                                                                                                <div class=\"text-lg mt-2\"><strong>Ext\u00e9rieur du cadre (l x h)<\/strong><br\/>657mm x 1180mm<\/div>\n                                                                  \n                                          <div class=\"text-lg mt-2\"><strong>Surface vitr\u00e9e<\/strong><br\/>0.62 m<sup>2<\/sup><\/div>\n                                      <\/template>\n                                    <button class=\"size-md\" style=\"aspect-ratio: 667 \/ 1191\"  x-tooltip=\"{\n                      content: (!isImperial ? $refs.metric_template.innerHTML : $refs.imperial_template.innerHTML),\n                      allowHTML: true,\n                      appendTo: $root,\n                  }\">\n                    Mod\u00e8le<br\/>04\n\n                                      <\/button>\n                              <\/td>\n                                        <td x-data=\"\" class=\"relative  text-white bg-fakro-medium hover:bg-green-800\" width=\"12.876427829699%\">\n                                  <template x-ref=\"imperial_template\">\n                    <div class=\"h6 mb-2\">Mod\u00e8le 06<\/div>\n                                                                                            <div class=\"text-lg mt-2\"><strong>Ouverture brute (l x h)<\/strong><br\/>31&Prime; x 46&#8542;&rdquo;<\/div>\n                                                                                                <div class=\"text-lg mt-2\"><strong>Ext\u00e9rieur du cadre (l x h)<\/strong><br\/>30&frac14;\u00a0\u00bb x 46&frac12;&rdquo;<\/div>\n                                                                  \n                                          <div class=\"text-lg mt-2\"><strong>Surface vitr\u00e9e<\/strong><br\/>8.07 sq.ft.<\/div>\n                                      <\/template>\n                  <template x-ref=\"metric_template\">\n                    <div class=\"h6 mb-2\">Mod\u00e8le 06<\/div>\n                                                                                            <div class=\"text-lg mt-2\"><strong>Ouverture brute (l x h)<\/strong><br\/>787mm x 1191mm<\/div>\n                                                                                                <div class=\"text-lg mt-2\"><strong>Ext\u00e9rieur du cadre (l x h)<\/strong><br\/>777mm x 1180mm<\/div>\n                                                                  \n                                          <div class=\"text-lg mt-2\"><strong>Surface vitr\u00e9e<\/strong><br\/>0.75 m<sup>2<\/sup><\/div>\n                                      <\/template>\n                                    <button class=\"size-md\" style=\"aspect-ratio: 787 \/ 1191\"  x-tooltip=\"{\n                      content: (!isImperial ? $refs.metric_template.innerHTML : $refs.imperial_template.innerHTML),\n                      allowHTML: true,\n                      appendTo: $root,\n                  }\">\n                    Mod\u00e8le<br\/>06\n\n                                      <\/button>\n                              <\/td>\n                                        <td x-data=\"\" class=\"relative  text-white bg-fakro-medium hover:bg-green-800\" width=\"15.472481827622%\">\n                                  <template x-ref=\"imperial_template\">\n                    <div class=\"h6 mb-2\">Mod\u00e8le 08<\/div>\n                                                                                            <div class=\"text-lg mt-2\"><strong>Ouverture brute (l x h)<\/strong><br\/>37&frac14;\u00a0\u00bb x 46&#8542;&rdquo;<\/div>\n                                                                                                <div class=\"text-lg mt-2\"><strong>Ext\u00e9rieur du cadre (l x h)<\/strong><br\/>36&#8542;\u00a0\u00bb x 46&frac12;&rdquo;<\/div>\n                                                                  \n                                          <div class=\"text-lg mt-2\"><strong>Surface vitr\u00e9e<\/strong><br\/>8.07 sq.ft.<\/div>\n                                      <\/template>\n                  <template x-ref=\"metric_template\">\n                    <div class=\"h6 mb-2\">Mod\u00e8le 08<\/div>\n                                                                                            <div class=\"text-lg mt-2\"><strong>Ouverture brute (l x h)<\/strong><br\/>946mm x 1191mm<\/div>\n                                                                                                <div class=\"text-lg mt-2\"><strong>Ext\u00e9rieur du cadre (l x h)<\/strong><br\/>937mm x 1180mm<\/div>\n                                                                  \n                                          <div class=\"text-lg mt-2\"><strong>Surface vitr\u00e9e<\/strong><br\/>0.75 m<sup>2<\/sup><\/div>\n                                      <\/template>\n                                    <button class=\"size-md\" style=\"aspect-ratio: 946 \/ 1191\"  x-tooltip=\"{\n                      content: (!isImperial ? $refs.metric_template.innerHTML : $refs.imperial_template.innerHTML),\n                      allowHTML: true,\n                      appendTo: $root,\n                  }\">\n                    Mod\u00e8le<br\/>08\n\n                                      <\/button>\n                              <\/td>\n                                        <td x-data=\"\" class=\"relative  text-white bg-fakro-medium hover:bg-green-800\" width=\"18.795430944964%\">\n                                  <template x-ref=\"imperial_template\">\n                    <div class=\"h6 mb-2\">Mod\u00e8le 10<\/div>\n                                                                                            <div class=\"text-lg mt-2\"><strong>Ouverture brute (l x h)<\/strong><br\/>45&frac14;\u00a0\u00bb x 46&#8542;&rdquo;<\/div>\n                                                                                                <div class=\"text-lg mt-2\"><strong>Ext\u00e9rieur du cadre (l x h)<\/strong><br\/>44&frac34;\u00a0\u00bb x 46&frac12;&rdquo;<\/div>\n                                                                  \n                                          <div class=\"text-lg mt-2\"><strong>Surface vitr\u00e9e<\/strong><br\/>10.06 sq.ft.<\/div>\n                                      <\/template>\n                  <template x-ref=\"metric_template\">\n                    <div class=\"h6 mb-2\">Mod\u00e8le 10<\/div>\n                                                                                            <div class=\"text-lg mt-2\"><strong>Ouverture brute (l x h)<\/strong><br\/>1149mm x 1191mm<\/div>\n                                                                                                <div class=\"text-lg mt-2\"><strong>Ext\u00e9rieur du cadre (l x h)<\/strong><br\/>1137mm x 1180mm<\/div>\n                                                                  \n                                          <div class=\"text-lg mt-2\"><strong>Surface vitr\u00e9e<\/strong><br\/>0.94 m<sup>2<\/sup><\/div>\n                                      <\/template>\n                                    <button class=\"size-md\" style=\"aspect-ratio: 1149 \/ 1191\"  x-tooltip=\"{\n                      content: (!isImperial ? $refs.metric_template.innerHTML : $refs.imperial_template.innerHTML),\n                      allowHTML: true,\n                      appendTo: $root,\n                  }\">\n                    Mod\u00e8le<br\/>10\n\n                                      <\/button>\n                              <\/td>\n                                        <td  class=\"relative \" width=\"0%\">\n                              <\/td>\n                      <\/tr>\n                            <tr>\n            <th data-imperialvalue=\"55&#8539;\" data-metricvalue=\"1400\"><span class=\"data-value whitespace-nowrap inline-block\">55&#8539;<\/span><\/th>\n\n                                        <td  class=\"relative \" width=\"0%\">\n                              <\/td>\n                                        <td  class=\"relative \" width=\"0%\">\n                              <\/td>\n                                        <td  class=\"relative \" width=\"0%\">\n                              <\/td>\n                                        <td x-data=\"\" class=\"relative  text-white bg-fakro-medium hover:bg-green-800\" width=\"15.472481827622%\">\n                                  <template x-ref=\"imperial_template\">\n                    <div class=\"h6 mb-2\">Mod\u00e8le 09<\/div>\n                                                                                            <div class=\"text-lg mt-2\"><strong>Ouverture brute (l x h)<\/strong><br\/>37&frac14;\u00a0\u00bb x 55&#8539;&rdquo;<\/div>\n                                                                                                <div class=\"text-lg mt-2\"><strong>Ext\u00e9rieur du cadre (l x h)<\/strong><br\/>36&#8542;\u00a0\u00bb x 54&frac34;&rdquo;<\/div>\n                                                                  \n                                          <div class=\"text-lg mt-2\"><strong>Surface vitr\u00e9e<\/strong><br\/>9.90 sq.ft.<\/div>\n                                      <\/template>\n                  <template x-ref=\"metric_template\">\n                    <div class=\"h6 mb-2\">Mod\u00e8le 09<\/div>\n                                                                                            <div class=\"text-lg mt-2\"><strong>Ouverture brute (l x h)<\/strong><br\/>946mm x 1400mm<\/div>\n                                                                                                <div class=\"text-lg mt-2\"><strong>Ext\u00e9rieur du cadre (l x h)<\/strong><br\/>937mm x 1391mm<\/div>\n                                                                  \n                                          <div class=\"text-lg mt-2\"><strong>Surface vitr\u00e9e<\/strong><br\/>0.92 m<sup>2<\/sup><\/div>\n                                      <\/template>\n                                    <button class=\"size-md\" style=\"aspect-ratio: 946 \/ 1400\"  x-tooltip=\"{\n                      content: (!isImperial ? $refs.metric_template.innerHTML : $refs.imperial_template.innerHTML),\n                      allowHTML: true,\n                      appendTo: $root,\n                  }\">\n                    Mod\u00e8le<br\/>09\n\n                                      <\/button>\n                              <\/td>\n                                        <td x-data=\"\" class=\"relative  text-white bg-fakro-medium hover:bg-green-800\" width=\"18.795430944964%\">\n                                  <template x-ref=\"imperial_template\">\n                    <div class=\"h6 mb-2\">Mod\u00e8le 11<\/div>\n                                                                                            <div class=\"text-lg mt-2\"><strong>Ouverture brute (l x h)<\/strong><br\/>45&frac14;\u00a0\u00bb x 55&#8539;&rdquo;<\/div>\n                                                                                                <div class=\"text-lg mt-2\"><strong>Ext\u00e9rieur du cadre (l x h)<\/strong><br\/>44&frac34;\u00a0\u00bb x 54&frac34;&rdquo;<\/div>\n                                                                  \n                                          <div class=\"text-lg mt-2\"><strong>Surface vitr\u00e9e<\/strong><br\/>12.34 sq.ft.<\/div>\n                                      <\/template>\n                  <template x-ref=\"metric_template\">\n                    <div class=\"h6 mb-2\">Mod\u00e8le 11<\/div>\n                                                                                            <div class=\"text-lg mt-2\"><strong>Ouverture brute (l x h)<\/strong><br\/>1149mm x 1400mm<\/div>\n                                                                                                <div class=\"text-lg mt-2\"><strong>Ext\u00e9rieur du cadre (l x h)<\/strong><br\/>1137mm x 1391mm<\/div>\n                                                                  \n                                          <div class=\"text-lg mt-2\"><strong>Surface vitr\u00e9e<\/strong><br\/>1.15 m<sup>2<\/sup><\/div>\n                                      <\/template>\n                                    <button class=\"size-md\" style=\"aspect-ratio: 1149 \/ 1400\"  x-tooltip=\"{\n                      content: (!isImperial ? $refs.metric_template.innerHTML : $refs.imperial_template.innerHTML),\n                      allowHTML: true,\n                      appendTo: $root,\n                  }\">\n                    Mod\u00e8le<br\/>11\n\n                                      <\/button>\n                              <\/td>\n                                        <td  class=\"relative \" width=\"0%\">\n                              <\/td>\n                      <\/tr>\n                            <tr>\n            <th data-imperialvalue=\"55&frac12;\" data-metricvalue=\"1410\"><span class=\"data-value whitespace-nowrap inline-block\">55&frac12;<\/span><\/th>\n\n                                        <td  class=\"relative \" width=\"0%\">\n                              <\/td>\n                                        <td  class=\"relative \" width=\"0%\">\n                              <\/td>\n                                        <td x-data=\"\" class=\"relative  text-white bg-fakro-medium hover:bg-green-800\" width=\"12.876427829699%\">\n                                  <template x-ref=\"imperial_template\">\n                    <div class=\"h6 mb-2\">Mod\u00e8le 07<\/div>\n                                                                                            <div class=\"text-lg mt-2\"><strong>Ouverture brute (l x h)<\/strong><br\/>31&Prime; x 55&frac12;&rdquo;<\/div>\n                                                                                                <div class=\"text-lg mt-2\"><strong>Ext\u00e9rieur du cadre (l x h)<\/strong><br\/>30&frac14;\u00a0\u00bb x 55&rdquo;<\/div>\n                                                                  \n                                          <div class=\"text-lg mt-2\"><strong>Surface vitr\u00e9e<\/strong><br\/>9.80 sq.ft.<\/div>\n                                      <\/template>\n                  <template x-ref=\"metric_template\">\n                    <div class=\"h6 mb-2\">Mod\u00e8le 07<\/div>\n                                                                                            <div class=\"text-lg mt-2\"><strong>Ouverture brute (l x h)<\/strong><br\/>787mm x 1410mm<\/div>\n                                                                                                <div class=\"text-lg mt-2\"><strong>Ext\u00e9rieur du cadre (l x h)<\/strong><br\/>777mm x 1401mm<\/div>\n                                                                  \n                                          <div class=\"text-lg mt-2\"><strong>Surface vitr\u00e9e<\/strong><br\/>0.91 m<sup>2<\/sup><\/div>\n                                      <\/template>\n                                    <button class=\"size-md\" style=\"aspect-ratio: 787 \/ 1410\"  x-tooltip=\"{\n                      content: (!isImperial ? $refs.metric_template.innerHTML : $refs.imperial_template.innerHTML),\n                      allowHTML: true,\n                      appendTo: $root,\n                  }\">\n                    Mod\u00e8le<br\/>07\n\n                                      <\/button>\n                              <\/td>\n                                        <td  class=\"relative \" width=\"0%\">\n                              <\/td>\n                                        <td  class=\"relative \" width=\"0%\">\n                              <\/td>\n                                        <td x-data=\"\" class=\"relative  text-white bg-fakro-medium hover:bg-green-800\" width=\"22.014537902388%\">\n                                  <template x-ref=\"imperial_template\">\n                    <div class=\"h6 mb-2\">Mod\u00e8le 17<\/div>\n                                                                                            <div class=\"text-lg mt-2\"><strong>Ouverture brute (l x h)<\/strong><br\/>53&Prime; x 55&frac12;&rdquo;<\/div>\n                                                                                                <div class=\"text-lg mt-2\"><strong>Ext\u00e9rieur du cadre (l x h)<\/strong><br\/>52&#8541;\u00a0\u00bb x 55&#8539;&rdquo;<\/div>\n                                                                  \n                                          <div class=\"text-lg mt-2\"><strong>Surface vitr\u00e9e<\/strong><br\/>17.65 sq.ft.<\/div>\n                                      <\/template>\n                  <template x-ref=\"metric_template\">\n                    <div class=\"h6 mb-2\">Mod\u00e8le 17<\/div>\n                                                                                            <div class=\"text-lg mt-2\"><strong>Ouverture brute (l x h)<\/strong><br\/>1346mm x 1410mm<\/div>\n                                                                                                <div class=\"text-lg mt-2\"><strong>Ext\u00e9rieur du cadre (l x h)<\/strong><br\/>1337mm x 1401mm<\/div>\n                                                                  \n                                          <div class=\"text-lg mt-2\"><strong>Surface vitr\u00e9e<\/strong><br\/>1.64 m<sup>2<\/sup><\/div>\n                                      <\/template>\n                                    <button class=\"size-md\" style=\"aspect-ratio: 1346 \/ 1410\"  x-tooltip=\"{\n                      content: (!isImperial ? $refs.metric_template.innerHTML : $refs.imperial_template.innerHTML),\n                      allowHTML: true,\n                      appendTo: $root,\n                  }\">\n                    Mod\u00e8le<br\/>17\n\n                                      <\/button>\n                              <\/td>\n                      <\/tr>\n                            <tr>\n            <th data-imperialvalue=\"63&frac12;\" data-metricvalue=\"1613\"><span class=\"data-value whitespace-nowrap inline-block\">63&frac12;<\/span><\/th>\n\n                                        <td  class=\"relative \" width=\"0%\">\n                              <\/td>\n                                        <td  class=\"relative \" width=\"0%\">\n                              <\/td>\n                                        <td  class=\"relative \" width=\"0%\">\n                              <\/td>\n                                        <td x-data=\"\" class=\"relative  text-white bg-fakro-medium hover:bg-green-800\" width=\"15.472481827622%\">\n                                  <template x-ref=\"imperial_template\">\n                    <div class=\"h6 mb-2\">Mod\u00e8le 80<\/div>\n                                                                                            <div class=\"text-lg mt-2\"><strong>Ouverture brute (l x h)<\/strong><br\/>37&frac14;\u00a0\u00bb x 63&frac12;&rdquo;<\/div>\n                                                                                                <div class=\"text-lg mt-2\"><strong>Ext\u00e9rieur du cadre (l x h)<\/strong><br\/>36&#8542;\u00a0\u00bb x 63&rdquo;<\/div>\n                                                                  \n                                          <div class=\"text-lg mt-2\"><strong>Surface vitr\u00e9e<\/strong><br\/>13.89 sq.ft.<\/div>\n                                      <\/template>\n                  <template x-ref=\"metric_template\">\n                    <div class=\"h6 mb-2\">Mod\u00e8le 80<\/div>\n                                                                                            <div class=\"text-lg mt-2\"><strong>Ouverture brute (l x h)<\/strong><br\/>946mm x 1613mm<\/div>\n                                                                                                <div class=\"text-lg mt-2\"><strong>Ext\u00e9rieur du cadre (l x h)<\/strong><br\/>937mm x 1601mm<\/div>\n                                                                  \n                                          <div class=\"text-lg mt-2\"><strong>Surface vitr\u00e9e<\/strong><br\/>1.29 m<sup>2<\/sup><\/div>\n                                      <\/template>\n                                    <button class=\"size-md\" style=\"aspect-ratio: 946 \/ 1613\"  x-tooltip=\"{\n                      content: (!isImperial ? $refs.metric_template.innerHTML : $refs.imperial_template.innerHTML),\n                      allowHTML: true,\n                      appendTo: $root,\n                  }\">\n                    Mod\u00e8le<br\/>80\n\n                                      <\/button>\n                              <\/td>\n                                        <td  class=\"relative \" width=\"0%\">\n                              <\/td>\n                                        <td  class=\"relative \" width=\"0%\">\n                              <\/td>\n                      <\/tr>\n                          <tr class=\"chart-footer\">\n            <td colspan=\"99\" class=\"!border-0 pt-6 px-0 pb-0\">\n              <div class=\"mt-2 grid grid-cols-1 sm:grid-cols-2 items-center font-semibold max-w-5xl gap-6 md:gap-12 lg:gap-20 font-sans text-sm\"><div><a href=\"https:\/\/www.columbiaskylights.com\/fr\/produits\/solin-de-puits-de-lumiere-avec-montage-sur-cadre\/solin-de-puits-de-lumiere-avec-cadre-integre\/\">Voir le parement recommand\u00e9.<\/a><\/div><\/div>\n            <\/td>\n          <\/tr>\n              <\/table>\n              <hr class=\"mdd:hidden mt-12 lg:mt-28 pb-12\" \/>\n      \n      <div class=\"summary-sizing-charts mb-4 md:mb-8 lg:mb-12 xl:mb-16\">\n                      <div class=\"block-intro-wrap z-0 relative mdd:hidden pb-11 lg:pb-22 last:pb-0\">\n          <div class=\"title-image-wrap relative flex flex-col-reverse items-center md:flex-row title-icon-spacer spacer-center\">\n                  <div class=\"flex justify-center w-full flex-row gap-6 md:absolute md:top-0 md:left-0 \">\n                  <div class=\"title-image mt-6 md:mt-0 md:absolute left-0\">\n            <img decoding=\"async\" src=\"https:\/\/www.columbiaskylights.com\/wp-content\/uploads\/2023\/05\/3-12-17-12-slope.svg\" class=\"block-title-image max-w-[33vw] max-h-[165px] w-auto h-auto\" alt=\"3 12 17 12 Slope\" height=\"138\" width=\"135\" title=\"\">\n    \t          <\/div>\n                            <\/div>\n            \n        <div class=\"block-title grow self-center mx-auto max-w-6xl\">\n            <h5 class=\"md:pt-8 lg:pt-0 h5 text-center\">Tableau des dimensions \u2013 R\u00e9capitulatif<\/h5>\n    <\/div>\n    \n          <\/div>\n    \n          <\/div>\n        <div class=\"chart-images mb-8\" style=\"max-width: 4982.3680456491px;\">\n          <div x-show=\"!isImperial\">\n            <img decoding=\"async\" src=\"https:\/\/www.columbiaskylights.com\/wp-content\/uploads\/2023\/05\/ftp-v-size-chart-summary-metric-fr.png\" class=\"\" alt=\"Ftp V Size Chart Summary Metric Fr\" height=\"5040\" width=\"12624\" title=\"\">\n    \t          <\/div>\n          <div x-show=\"isImperial\">\n            <img decoding=\"async\" src=\"https:\/\/www.columbiaskylights.com\/wp-content\/uploads\/2023\/05\/ftp-v-size-chart-summary-imperial-fr.png\" class=\"\" alt=\"Ftp V Size Chart Summary Imperial Fr\" height=\"5040\" width=\"12624\" title=\"\">\n    \t          <\/div>\n          <div class=\"chart-footer mt-2 text-left\">\n          <\/div>\n        <\/div>\n            <p class=\"text-sm md:hidden mt-4 mb-8\">Pincer pour agrandir.<\/p>\n              <div class=\"mt-2 grid grid-cols-1 sm:grid-cols-2 items-center font-semibold max-w-5xl gap-6 md:gap-12 lg:gap-20 font-sans text-sm\"><div><a href=\"https:\/\/www.columbiaskylights.com\/fr\/produits\/solin-de-puits-de-lumiere-avec-montage-sur-cadre\/solin-de-puits-de-lumiere-avec-cadre-integre\/\">Voir le parement recommand\u00e9.<\/a><\/div><\/div>\n                <\/div>\n    <hr class=\"mb-20\" \/>\n<div class=\"mx-auto max-w-full\">\n  <div class=\"text-center mb-11 mx-auto max-w-5xl\">\n    <h3 class=\"mb-11\">Informations techniques<\/h3>\n    <p>Chaque mod\u00e8le est accompagn\u00e9 d\u2019un ensemble d\u2019informations t\u00e9l\u00e9chargeables pour vous guider dans le choix, les caract\u00e9ristiques et l\u2019installation de notre produit. Si vous ne trouvez pas ce dont vous avez besoin, n\u2019h\u00e9sitez pas \u00e0 contacter l\u2019\u00e9quipe du service client de Columbia au <span class=\"whitespace-nowrap\">604-437-3377<\/span> (sans frais : <span class=\"whitespace-nowrap\">1-888-437-5557<\/span>) ou par courriel \u00e0 <a href=\"mailto:info@columbiaskylights.com\">info@columbiaskylights.com<\/a>.<\/p>\n\n  <\/div>\n  <div class=\"flex flex-col md:flex-row justify-center gap-6 md:grid-cols-2 lg:gap-8\">\n                <div class=\"match-col-height product-cta-wrapper h-full card flex flex-col bg-white basis-1\/2 xl:basis-1\/5\">\n        <div class=\"match-height h6 text-white text-center !uppercase py-3 md:py-5 px-4 bg-green\">T\u00c9L\u00c9CHARGER LE TABLEAU DES DIMENSIONS<\/div>\n        <img decoding=\"async\" src=\"https:\/\/www.columbiaskylights.com\/wp-content\/uploads\/2023\/05\/download-size-chart-cta.jpg\" class=\"w-full h-auto\" alt=\"Download size chart cta\" height=\"684\" width=\"832\" title=\"\">\n    \t        <div class=\"flex flex-col grow p-6 lg:pt-6 lg:pb-12\">\n          <div class=\"grow mb-8 lg:mb-12\">\n            T\u00e9l\u00e9chargez une version PDF du tableau des dimensions pour ce mod\u00e8le comme r\u00e9f\u00e9rence.<br \/>\r\n<br \/>\r\nLe tableau des dimensions est en unit\u00e9s imp\u00e9riales et m\u00e9triques.\n          <\/div>\n          <div class=\"text-center\" x-show=\"!isImperial\"><a href=\"https:\/\/www.columbiaskylights.com\/wp-content\/uploads\/2023\/05\/ftp-v-size-chart-summary-print-metric-fr.pdf\" class=\" btn-green\"  rel=\"noreferer noopener nofollow\" target=\"_blank\">T\u00e9l\u00e9charger<\/a>\n<\/div>\n          <div class=\"text-center\" x-show=\"isImperial\"><a href=\"https:\/\/www.columbiaskylights.com\/wp-content\/uploads\/2023\/05\/ftp-v-size-chart-summary-print-imperial-fr.pdf\" class=\" btn-green\"  rel=\"noreferer noopener nofollow\" target=\"_blank\">T\u00e9l\u00e9charger<\/a>\n<\/div>\n        <\/div>\n      <\/div>\n                        <div class=\"match-col-height product-cta-wrapper h-full card flex flex-col bg-white basis-1\/2 xl:basis-1\/5\" x-data=\"ajaxModal('https:\/\/www.columbiaskylights.com\/fr\/produits\/ftp-v-de-fakro-fenetre-de-toit-pivotante-avec-cadre-integre\/specifications')\" x-on:keydown.escape=\"showModal = false\" class=\"cta-has-modal\">\n        <div class=\"match-height h6 text-white text-center !uppercase py-3 md:py-5 px-4 bg-green\">DESSINS ET <br\/>CARACT\u00c9RISTIQUES<\/div>\n        <img decoding=\"async\" src=\"https:\/\/www.columbiaskylights.com\/wp-content\/uploads\/2023\/05\/drawings-and-specs-cta.jpg\" class=\"w-full h-auto\" alt=\"Drawings and specs cta\" height=\"684\" width=\"832\" title=\"\">\n    \t        <div class=\"flex flex-col grow p-6 lg:pt-6 lg:pb-12\">\n          <div class=\"grow mb-8 lg:mb-12\">\n            T\u00e9l\u00e9chargez un dessin 3D (fichier CAO .dwg), un mod\u00e8le BIM (.rfa) et des coupes transversales au format .dwg et PDF. <br \/>\r\n<br \/>\r\nCaract\u00e9ristiques du produit sous forme de document Word ou PDF. <br \/>\r\n<br \/>\r\nPour plusieurs mod\u00e8les, acc\u00e9dez \u00e0 <a href=\"\/fr\/informations-techniques\/dessins-et-caracteristiques\/\">la page Biblioth\u00e8que des dessins et des caract\u00e9ristiques<\/a>.\n          <\/div>\n          <div class=\"text-center\"><button class=\"btn-green\" x-on:click=\"loadModal('')\">VOIR LES FICHIERS<\/button><\/div>\n                      <div\n  x-show=\"showModal\"\n  x.transition\n  tabindex=\"-1\"\n  aria-hidden=\"true\"\n  @click.self=\"showModal = false\"\n  @keyup.escape.window=\"showModal = false\"\n  class=\"w-full h-full fixed top-[60px] right-0 bottom-[60px] left-0 pb-16 overflow-x-hidden overflow-y-auto z-50 bg-white\/50\">\n  <div :class=\"modalWidth == 'wide' ? 'lg:max-w-8xl' : ''\" class=\"relative w-full h-full max-w-2xl md:h-auto mx-auto p-4 md:py-8 lg:py-12 xl:py-16 flex flex-col justify-center items-center\">\n    <div class=\"w-full relative bg-teal rounded-md overflow-hidden p-4 md:p-8 xl:p-18 shadow\">\n      <button x-on:click=\"showModal = false\" class=\"w-4 h-4 md:w-5 md:h-5 absolute top-4 md:top-8 right-4 md:right-8\">\n        <img decoding=\"async\" src=\"https:\/\/www.columbiaskylights.com\/wp-content\/themes\/columbiawp\/public\/images\/icon-close-modal.669df4.svg\" alt=\"Close modal\" class=\"w-full max-w-full h-auto\" title=\"\">\n      <\/button>\n      <div\n        x-show=\"showLoading\"\n        x-transition:leave=\"transition ease-out duration-200\"\n        x-transition:leave-start=\"opacity-100\"\n        x-transition:leave-end=\"opacity-0\"\n        class=\"absolute h-full w-full inset-0 z-20 flex flex-col justify-center items-center text-gray-600 bg-white\"\n      >\n        <svg version=\"1.1\" id=\"L9\" xmlns=\"http:\/\/www.w3.org\/2000\/svg\" xmlns:xlink=\"http:\/\/www.w3.org\/1999\/xlink\" x=\"0px\" y=\"0px\"\n          viewBox=\"0 0 100 100\" enable-background=\"new 0 0 0 0\" xml:space=\"preserve\" class=\"w-16 h-16 fill-current\">\n            <path d=\"M73,50c0-12.7-10.3-23-23-23S27,37.3,27,50 M30.9,50c0-10.5,8.5-19.1,19.1-19.1S69.1,39.5,69.1,50\">\n            <animateTransform attributeName=\"transform\" attributeType=\"XML\" type=\"rotate\" dur=\"1s\" from=\"0 50 50\" to=\"360 50 50\" repeatCount=\"indefinite\" \/>\n          <\/path>\n        <\/svg>\n        Loading&hellip;\n      <\/div>\n      <div x-html=\"html\" class=\"max-h-full overflow-y-auto\"><\/div>\n    <\/div>\n  <\/div>\n<\/div>\n                  <\/div>\n      <\/div>\n                              <div class=\"match-col-height product-cta-wrapper h-full card flex flex-col bg-white basis-1\/2 xl:basis-1\/5\">\n          <div class=\"match-height h6 text-white text-center !uppercase py-3 md:py-5 px-4 bg-green\">SYST\u00c8MES DE SOLINS HAUTE PERFORMANCE<\/div>\n          <img decoding=\"async\" src=\"https:\/\/www.columbiaskylights.com\/wp-content\/uploads\/2023\/05\/high-performance-flashing-systems-cta.jpg\" class=\"w-full h-auto\" alt=\"High performance flashing systems cta\" height=\"684\" width=\"832\" title=\"\">\n    \t          <div class=\"flex flex-col grow p-6 lg:pt-6 lg:pb-12\">\n            <div class=\"grow mb-8 lg:mb-12\">\n              FAKRO fabrique une s\u00e9rie de syst\u00e8mes de solins exceptionnels adapt\u00e9s aux besoins de ses produits.<br \/>\r\n<br \/>\r\nComprenant des solins thermiques \u00e9co\u00e9nerg\u00e9tiques.\n            <\/div>\n            <div class=\"text-center\">\n                            <a href=\"https:\/\/www.columbiaskylights.com\/fr\/produits\/solin-de-puits-de-lumiere-avec-montage-sur-cadre\/solin-de-puits-de-lumiere-avec-cadre-integre\/\" class=\"btn-green\">En savoir plus<\/a>\n            <\/div>\n          <\/div>\n        <\/div>\n                  <div class=\"match-col-height product-cta-wrapper h-full card flex flex-col bg-white basis-1\/2 xl:basis-1\/5\">\n        <div class=\"match-height h6 text-white text-center !uppercase py-3 md:py-5 px-4 bg-green\">FILTRE DE LUMI\u00c8RE ET STORES OCCULTANTS<\/div>\n        <img decoding=\"async\" src=\"https:\/\/www.columbiaskylights.com\/wp-content\/uploads\/2023\/05\/light-filtering-and-blackout-blinds-cta.jpg\" class=\"w-full h-auto\" alt=\"Light filtering and blackout blinds cta\" height=\"684\" width=\"832\" title=\"\">\n    \t        <div class=\"flex flex-col grow p-6 lg:pt-6 lg:pb-12\">\n          <div class=\"grow mb-8 lg:mb-12\">\n            FAKRO produit une vaste gamme de filtres de lumi\u00e8re et de stores occultants de haute qualit\u00e9 dans une gamme de tissus et de couleurs de cr\u00e9ateurs.<br \/>\r\n<br \/>\r\nCon\u00e7u pour compl\u00e9ter la vision de votre architecte d\u2019int\u00e9rieur.\n          <\/div>\n          <div class=\"text-center\">\n            <a class=\"btn-green\" href=\"https:\/\/www.columbiaskylights.com\/fr\/produits\/stores-de-fakro\/\">En savoir plus<\/a>          <\/div>\n        <\/div>\n      <\/div>\n      <\/div>\n<\/div>\n      <\/div>\n              <\/section>\n\n\n<section id=\"block_963111951ee46aadcbebb9bc47bb3c15\" class=\" columbia-block relative overflow-hidden wp-block-video-embed aligncenter block-w-full text-dark bg-white  p-top-default p-bottom-default\" >\n          <div class=\" block-inner relative container mx-auto\" >\n        <div class=\"block-intro-wrap z-0 relative  pb-11 lg:pb-22 last:pb-0\">\n    \n        <div class=\"block-title grow  mx-auto max-w-6xl\">\n            <h2 class=\" h4 text-center\">Regardez les vid\u00e9os produit de FAKRO<\/h2>\n    <\/div>\n    \n    \n          <\/div>\n    <div class=\"video-embed__videos grid lg:grid-cols-1 videos-per-row-1 gap-8 lg:gap-22 max-w-7xl mx-auto\">\n              <div class=\"video\">\n          <div id=\"block_963111951ee46aadcbebb9bc47bb3c15--1\" class=\"video-embed-wrapper relative w-full\">\n                          <div class=\"video-poster z-[1] cursor-pointer absolute inset-0 w-full h-full block !bg-cover\" data-id=\"#block_963111951ee46aadcbebb9bc47bb3c15--1\" data-type=\"youtube\" style=\"background-image:url(https:\/\/www.columbiaskylights.com\/wp-content\/uploads\/2023\/05\/ftp-video-du-produit.jpg)\"><\/div>\n              <svg class=\"video-play transition-all -translate-y-1\/2 -translate-x-1\/2 top-1\/2 left-1\/2 absolute z-[2] pointer-events-none w-[12%] h-auto\" xmlns=\"http:\/\/www.w3.org\/2000\/svg\" width=\"170.721\" height=\"170.722\" viewBox=\"0 0 170.721 170.722\">\n  <g id=\"Group_73802\" data-name=\"Group 73802\" transform=\"translate(-874.639 -14479.636)\">\n    <ellipse id=\"Ellipse_81\" data-name=\"Ellipse 81\" cx=\"81.221\" cy=\"81.221\" rx=\"81.221\" ry=\"81.221\" transform=\"translate(874.639 14488.138) rotate(-3)\" fill=\"#fff\"\/>\n    <path id=\"Polygon_32\" data-name=\"Polygon 32\" d=\"M39.63,0l39.63,49.969H0Z\" transform=\"translate(989.806 14525.507) rotate(90)\" fill=\"#012169\"\/>\n  <\/g>\n<\/svg>            \n                          <div class=\"embed-container\">\n                <iframe title=\"FAKRO roof windows - centre pivot window FTP-V\" width=\"640\" height=\"360\" src=\"https:\/\/www.youtube.com\/embed\/mg_h11tg5aQ?feature=oembed\" frameborder=\"0\" allow=\"accelerometer; autoplay; clipboard-write; encrypted-media; gyroscope; picture-in-picture; web-share\" referrerpolicy=\"strict-origin-when-cross-origin\" allowfullscreen><\/iframe>\n              <\/div>\n                      <\/div>\n\n                      <div class=\"mt-4 text-sm font-normal text-dark\">\n              Vid\u00e9o du produit FTP-V\n            <\/div>\n                  <\/div>\n          <\/div>\n      <\/div>\n              <\/section>\n\n\n<section id=\"block_a9a89c9d8968c182a24f6dfa1df849c3\" class=\" columbia-block relative overflow-hidden wp-block-video-embed aligncenter block-w-full text-dark bg-white  p-top-default p-bottom-default\" >\n          <div class=\" block-inner relative container mx-auto\" >\n        <div class=\"block-intro-wrap z-0 relative  pb-11 lg:pb-22 last:pb-0\">\n    \n        <div class=\"block-title grow  mx-auto max-w-6xl\">\n            <h2 class=\" h4 text-center\">Regardez les vid\u00e9os d\u2019installation de FAKRO<\/h2>\n    <\/div>\n    \n    \n          <\/div>\n    <div class=\"video-embed__videos grid lg:grid-cols-1 videos-per-row-1 gap-8 lg:gap-22 max-w-7xl mx-auto\">\n              <div class=\"video\">\n          <div id=\"block_a9a89c9d8968c182a24f6dfa1df849c3--1\" class=\"video-embed-wrapper relative w-full\">\n                          <div class=\"video-poster z-[1] cursor-pointer absolute inset-0 w-full h-full block !bg-cover\" data-id=\"#block_a9a89c9d8968c182a24f6dfa1df849c3--1\" data-type=\"youtube\" style=\"background-image:url(https:\/\/www.columbiaskylights.com\/wp-content\/uploads\/2023\/05\/ftp-v-video-d-installation.jpg)\"><\/div>\n              <svg class=\"video-play transition-all -translate-y-1\/2 -translate-x-1\/2 top-1\/2 left-1\/2 absolute z-[2] pointer-events-none w-[12%] h-auto\" xmlns=\"http:\/\/www.w3.org\/2000\/svg\" width=\"170.721\" height=\"170.722\" viewBox=\"0 0 170.721 170.722\">\n  <g id=\"Group_73802\" data-name=\"Group 73802\" transform=\"translate(-874.639 -14479.636)\">\n    <ellipse id=\"Ellipse_81\" data-name=\"Ellipse 81\" cx=\"81.221\" cy=\"81.221\" rx=\"81.221\" ry=\"81.221\" transform=\"translate(874.639 14488.138) rotate(-3)\" fill=\"#fff\"\/>\n    <path id=\"Polygon_32\" data-name=\"Polygon 32\" d=\"M39.63,0l39.63,49.969H0Z\" transform=\"translate(989.806 14525.507) rotate(90)\" fill=\"#012169\"\/>\n  <\/g>\n<\/svg>            \n                          <div class=\"embed-container\">\n                <iframe title=\"FAKRO roof windows - FTP-V and ESV (shingle)\" width=\"640\" height=\"360\" src=\"https:\/\/www.youtube.com\/embed\/-u_ARni0d2k?feature=oembed\" frameborder=\"0\" allow=\"accelerometer; autoplay; clipboard-write; encrypted-media; gyroscope; picture-in-picture; web-share\" referrerpolicy=\"strict-origin-when-cross-origin\" allowfullscreen><\/iframe>\n              <\/div>\n                      <\/div>\n\n                      <div class=\"mt-4 text-sm font-normal text-dark\">\n              Vid\u00e9o d&rsquo;installation FTP-V\n            <\/div>\n                  <\/div>\n          <\/div>\n      <\/div>\n              <\/section>\n\n\n<section id=\"block_2b8144c46d3457857cdf48edb015c65c\" class=\" columbia-block relative overflow-hidden wp-block-divider text-dark bg-white  p-top-default p-bottom-default\" >\n          <div class=\" block-inner relative container mx-auto\" >\n        <hr class=\"border-t md:w-12\/12 mx-auto\" \/>\n      <\/div>\n              <\/section>\n\n\n<section id=\"block_03d96aa59b572b7757112a25ca976ee6\" class=\" columbia-block relative overflow-hidden wp-block-related-products text-dark bg-white \" >\n          <div class=\" block-inner relative container mx-auto\" >\n        <div class=\"block-intro-wrap z-0 relative  pb-11 lg:pb-22 last:pb-0\">\n      <div class=\"block-title grow  mx-auto max-w-6xl\">\n        <h2 class=\"!text-blue h4 text-center\">Vous pourriez aussi \u00eatre int\u00e9ress\u00e9 par\u2026<\/h2>\n      <\/div>\n    <\/div>\n    <div class=\"product-grid grid grid-cols-2 lg:grid-cols-4 gap-6 lg:gap-8 xl:gap-20\">\n            <div class=\"product-grid__product mb-12\">\n        <a href=\"https:\/\/www.columbiaskylights.com\/fr\/produits\/fv-puits-de-lumiere-avec-cadre-integre-a-ouverture-manuelle\/\"  class=\" link-no-underline no-hover \">          <img decoding=\"async\" src=\"https:\/\/www.columbiaskylights.com\/wp-content\/uploads\/2023\/06\/fakro-fv-deck-mount-manualc-venting-skylight-1.jpg\" class=\"w-full h-auto mb-4 md:mb-8\" alt=\"Fakro fv deck mount manualc venting skylight\" title=\"\">\n    \t<\/a>        <h5 class=\"font-semibold !text-blue mb-4\"><a href=\"https:\/\/www.columbiaskylights.com\/fr\/produits\/fv-puits-de-lumiere-avec-cadre-integre-a-ouverture-manuelle\/\">FAKRO FV \u2013 Puits De Lumi\u00e8re Avec Cadre Int\u00e9gr\u00e9 \u00c0 Ouverture Manuelle<\/a><\/h5>\n                  <p class=\"smd:text-sm\">En transformant magnifiquement n\u2019importe quelle pi\u00e8ce \u00e0 l\u2019\u00e9tage, les puits de lumi\u00e8re \u00e0 ouverture manuelle FV avec cadre int\u00e9gr\u00e9 procurent la chaleur de la lumi\u00e8re naturelle et les bienfaits de\u2026<\/p>\n                <a href=\"https:\/\/www.columbiaskylights.com\/fr\/produits\/fv-puits-de-lumiere-avec-cadre-integre-a-ouverture-manuelle\/\" class=\"!font-normal !pl-0 uppercase btn-arrow mt-4 lg:mt-6\">En savoir plus<\/a>\n      <\/div>\n            <div class=\"product-grid__product mb-12\">\n        <a href=\"https:\/\/www.columbiaskylights.com\/fr\/produits\/fpp-v-preselect-max-fenetre-pivotante-a-ouverture-superieure-avec-cadre-integre\/\"  class=\" link-no-underline no-hover \">          <img decoding=\"async\" src=\"https:\/\/www.columbiaskylights.com\/wp-content\/uploads\/2023\/05\/fakro-fpp-v-preselect-max-skylight.jpg\" class=\"w-full h-auto mb-4 md:mb-8\" alt=\"Fakro fpp v preselect max skylight\" title=\"\">\n    \t<\/a>        <h5 class=\"font-semibold !text-blue mb-4\"><a href=\"https:\/\/www.columbiaskylights.com\/fr\/produits\/fpp-v-preselect-max-fenetre-pivotante-a-ouverture-superieure-avec-cadre-integre\/\">FAKRO FPP-V Preselect Max \u2013 Fen\u00eatre Pivotante \u00c0 Ouverture Sup\u00e9rieure Avec Cadre Int\u00e9gr\u00e9<\/a><\/h5>\n                  <p class=\"smd:text-sm\">La fen\u00eatre pivotante \u00e0 ouverture sup\u00e9rieureFPP-V preSelect MAX est notre derni\u00e8re innovation, permettant \u00e0 la fen\u00eatre de s\u2019ouvrir par le haut et par le centre.<\/p>\n                <a href=\"https:\/\/www.columbiaskylights.com\/fr\/produits\/fpp-v-preselect-max-fenetre-pivotante-a-ouverture-superieure-avec-cadre-integre\/\" class=\"!font-normal !pl-0 uppercase btn-arrow mt-4 lg:mt-6\">En savoir plus<\/a>\n      <\/div>\n            <div class=\"product-grid__product mb-12\">\n        <a href=\"https:\/\/www.columbiaskylights.com\/fr\/produits\/fakro-fenetre-de-toit-pivotante-thermo-aveccadre-integre-ftt-u6-et-ftt-u8-thermo-de-fakro\/\"  class=\" link-no-underline no-hover \">          <img decoding=\"async\" src=\"https:\/\/www.columbiaskylights.com\/wp-content\/uploads\/2023\/05\/fakro-ftt-u6-ftt-u8-thermo-feature.jpg\" class=\"w-full h-auto mb-4 md:mb-8\" alt=\"Fakro ftt u6 ftt u8 thermo feature\" title=\"\">\n    \t<\/a>        <h5 class=\"font-semibold !text-blue mb-4\"><a href=\"https:\/\/www.columbiaskylights.com\/fr\/produits\/fakro-fenetre-de-toit-pivotante-thermo-aveccadre-integre-ftt-u6-et-ftt-u8-thermo-de-fakro\/\">FAKRO Fen\u00eatre de toit pivotante thermo aveccadre int\u00e9gr\u00e9 FTT U6 et FTT U8 thermo de FAKRO<\/a><\/h5>\n                  <p class=\"smd:text-sm\">La fen\u00eatre de toit innovante FTT procure la meilleure isolation en mati\u00e8re d\u2019\u00e9conomie d\u2019\u00e9nergie, offrant une excellente note globale de transfert de chaleur.<\/p>\n                <a href=\"https:\/\/www.columbiaskylights.com\/fr\/produits\/fakro-fenetre-de-toit-pivotante-thermo-aveccadre-integre-ftt-u6-et-ftt-u8-thermo-de-fakro\/\" class=\"!font-normal !pl-0 uppercase btn-arrow mt-4 lg:mt-6\">En savoir plus<\/a>\n      <\/div>\n            <div class=\"product-grid__product mb-12\">\n        <a href=\"https:\/\/www.columbiaskylights.com\/fr\/produits\/stores-de-fakro\/\"  class=\" link-no-underline no-hover \">          <img decoding=\"async\" src=\"https:\/\/www.columbiaskylights.com\/wp-content\/uploads\/2023\/04\/fakro-blinds-feature.jpg\" class=\"w-full h-auto mb-4 md:mb-8\" alt=\"Fakro blinds feature\" title=\"\">\n    \t<\/a>        <h5 class=\"font-semibold !text-blue mb-4\"><a href=\"https:\/\/www.columbiaskylights.com\/fr\/produits\/stores-de-fakro\/\">Stores De FAKRO<\/a><\/h5>\n                  <p class=\"smd:text-sm\">FAKRO propose une vaste s\u00e9lection de stores filtrants ou occultants sp\u00e9cialement con\u00e7us pour \u00eatre utilis\u00e9s exclusivement avec leurs puits de lumi\u00e8re. Ils sont dot\u00e9s de tissus \u00e9l\u00e9gants et de couleurs\u2026<\/p>\n                <a href=\"https:\/\/www.columbiaskylights.com\/fr\/produits\/stores-de-fakro\/\" class=\"!font-normal !pl-0 uppercase btn-arrow mt-4 lg:mt-6\">En savoir plus<\/a>\n      <\/div>\n          <\/div>\n      <\/div>\n              <\/section>\n","protected":false},"excerpt":{"rendered":"La fen\u00eatre de toit pivotante \u00e0 ouverture centraleFTP-V est le mod\u00e8le de fen\u00eatre de toit de FAKRO le plus vendu en Europe.","protected":false},"featured_media":7242,"parent":0,"menu_order":15,"template":"","product_line":[42],"product_tags":[],"product_model":[202],"dimension_type":[],"class_list":["post-19442","products","type-products","status-publish","has-post-thumbnail","hentry"],"acf":[],"_links":{"self":[{"href":"https:\/\/www.columbiaskylights.com\/fr\/wp-json\/wp\/v2\/products\/19442","targetHints":{"allow":["GET"]}}],"collection":[{"href":"https:\/\/www.columbiaskylights.com\/fr\/wp-json\/wp\/v2\/products"}],"about":[{"href":"https:\/\/www.columbiaskylights.com\/fr\/wp-json\/wp\/v2\/types\/products"}],"wp:featuredmedia":[{"embeddable":true,"href":"https:\/\/www.columbiaskylights.com\/fr\/wp-json\/wp\/v2\/media\/7242"}],"wp:attachment":[{"href":"https:\/\/www.columbiaskylights.com\/fr\/wp-json\/wp\/v2\/media?parent=19442"}],"wp:term":[{"taxonomy":"product_line","embeddable":true,"href":"https:\/\/www.columbiaskylights.com\/fr\/wp-json\/wp\/v2\/product_line?post=19442"},{"taxonomy":"product_tags","embeddable":true,"href":"https:\/\/www.columbiaskylights.com\/fr\/wp-json\/wp\/v2\/product_tags?post=19442"},{"taxonomy":"product_model","embeddable":true,"href":"https:\/\/www.columbiaskylights.com\/fr\/wp-json\/wp\/v2\/product_model?post=19442"},{"taxonomy":"dimension_type","embeddable":true,"href":"https:\/\/www.columbiaskylights.com\/fr\/wp-json\/wp\/v2\/dimension_type?post=19442"}],"curies":[{"name":"wp","href":"https:\/\/api.w.org\/{rel}","templated":true}]}}