{"id":17429,"date":"2024-01-11T13:20:12","date_gmt":"2024-01-11T21:20:12","guid":{"rendered":"https:\/\/www.columbiaskylights.com\/?page_id=17429"},"modified":"2024-04-16T16:58:15","modified_gmt":"2024-04-16T23:58:15","slug":"dimensions-standard","status":"publish","type":"page","link":"https:\/\/www.columbiaskylights.com\/fr\/informations-techniques\/dimensions-standard\/","title":{"rendered":"Dimensions Standard"},"content":{"rendered":"<section id=\"block_d2fc5c4ba12203c67676fca4757223d1\" class=\" columbia-block relative overflow-hidden wp-block-page-hero block-w-full text-dark bg-white  p-top-default p-bottom-default\" >\n          <div class=\" carousel carousel--hero  carousel--hero--dots--\">\n                      <div class=\"hero-slide w-full flex relative  is-selected \">\n          <div class=\"hero-slide__content text-blue w-full z-10 pt-22 md:pt-32 lg:pt-40 pb-12 md:pb-20 xl:pt-[180px]\">\n            <div class=\"inner container h-full grid grid-cols-1 lg:grid-cols-2 gap-6 lg:gap-x-22 xxl:gap-x-60 w-full\">\n                              <text class=\"block hero-slide__content__wysiwyg position-right  text-right font-semibold col-span-2 lg:col-span-1 lg:row-start-1 lg:col-start-2 wp-editor spaced\">\n                  <div class=\"inner inline-flex text-left flex-col\">\n                    <h1>PLUS DE DIMENSIONS STANDARD<\/h1>\n<p>Commander des dimensions standard Columbia vous fait gagner du temps et de l\u2019argent.<\/p>\n\n                  <\/div>\n                <\/text>\n                                                              <text class=\"mdd:hidden wp-editor spaced flex font-semibold hero-slide__secondary-content \">\n                    <div class=\"inner w-full\">\n                      <p><a href=\"https:\/\/www.columbiaskylights.com\/wp-content\/uploads\/2024\/03\/83-dimensions-standard.svg\"><img decoding=\"async\" class=\"alignnone size-full wp-image-21011\" src=\"https:\/\/www.columbiaskylights.com\/wp-content\/uploads\/2024\/03\/83-dimensions-standard.svg\" alt=\"83 Dimensions Standard\" width=\"341\" height=\"341\" title=\"\"><\/a><\/p>\n\n                    <\/div>\n                  <\/text>\n                                          <\/div>\n          <\/div>\n          <div class=\"hero-slide-bg absolute h-full w-full inset-0  hero-slide-bg--right hero-slide-bg-color--white \">\n            <img decoding=\"async\" src=\"https:\/\/www.columbiaskylights.com\/wp-content\/uploads\/2023\/11\/standard-sizes-hero.jpg\" class=\"hero-slide__image absolute z-0 inset-0 w-full h-full object-cover\" alt=\"Columbia Skylights are made in Canada, offering the most standard sizes in the industry.\" height=\"2160\" width=\"3840\" title=\"\">\n    \t          <\/div>\n        <\/div>\n                              <div class=\"hero-slide w-full flex relative \">\n          <div class=\"hero-slide__content text-black w-full z-10 pt-22 md:pt-32 lg:pt-40 pb-12 md:pb-20 xl:pt-[180px]\">\n            <div class=\"inner container h-full grid grid-cols-1 lg:grid-cols-2 gap-6 lg:gap-x-22 xxl:gap-x-60 w-full\">\n                                        <\/div>\n          <\/div>\n          <div class=\"hero-slide-bg absolute h-full w-full inset-0 \">\n            <img decoding=\"async\" src=\"https:\/\/www.columbiaskylights.com\/wp-content\/uploads\/2023\/11\/skylights-large-home-hero.jpg\" class=\"hero-slide__image absolute z-0 inset-0 w-full h-full object-cover\" alt=\"More standard sizes than any other skylight manufacturer. Columbia Canadian made skylights. The skylight made in Canada.\" height=\"2160\" width=\"3840\" title=\"\">\n    \t          <\/div>\n        <\/div>\n                              <div class=\"hero-slide w-full flex relative \">\n          <div class=\"hero-slide__content text-black w-full z-10 pt-22 md:pt-32 lg:pt-40 pb-12 md:pb-20 xl:pt-[180px]\">\n            <div class=\"inner container h-full grid grid-cols-1 lg:grid-cols-2 gap-6 lg:gap-x-22 xxl:gap-x-60 w-full\">\n                                        <\/div>\n          <\/div>\n          <div class=\"hero-slide-bg absolute h-full w-full inset-0 \">\n            <img decoding=\"async\" src=\"https:\/\/www.columbiaskylights.com\/wp-content\/uploads\/2023\/11\/skylights-modern-home-hero.jpg\" class=\"hero-slide__image absolute z-0 inset-0 w-full h-full object-cover\" alt=\"Skylights modern home hero\" height=\"2160\" width=\"3840\" title=\"\">\n    \t          <\/div>\n        <\/div>\n                  <\/div>\n              <\/section>\n  <div class=\"block-breadcrumbs text-breadcrumb text-black-500 pt-7 mdd:hidden \">\n    <div class=\"container\">\n              \n                  <a href=\"https:\/\/www.columbiaskylights.com\/fr\/\" class=\"text-black-700 !no-underline hover:!underline\">Accueil<\/a>\n                       \/ \n                  <a href=\"https:\/\/www.columbiaskylights.com\/fr\/informations-techniques\/\" class=\"text-black-700 !no-underline hover:!underline\">Informations techniques<\/a>\n                       \/ \n                  Dimensions Standard\n                  <\/div>\n  <\/div>\n\n\n<section id=\"block_f2c886368ecb7fb02ae3a3f197da8191\" class=\" columbia-block relative overflow-hidden wp-block-w-y-s-i-w-y-g block-w-narrow text-dark bg-white  p-top-default p-bottom-default\" >\n          <div class=\" block-inner relative container mx-auto\" >\n        <div class=\"block-intro-wrap z-0 relative pb-8 lg:pb-16\">\n    \n        <div class=\"block-title grow  mx-auto max-w-6xl\">\n            <h2 class=\" text-center\">COLUMBIA OFFRE LA PLUS GRANDE S\u00c9LECTION DE DIMENSIONS STANDARD DE PUITS DE LUMI\u00c8RE<\/h2>\n    <\/div>\n    \n    \n          <div class=\"mt-6 lg:mt-12 relative z-0 block-intro  mx-auto max-w-6xl lg:max-w-6xxl text-xl\">Chez Columbia, nous offrons \u00e0 nos clients toutes les options disponibles, y compris plus de dimensions standard que toute autre entreprise de puits de lumi\u00e8re. Nous permettons \u00e0 nos clients de choisir ce dont ils ont besoin sans le temps et les d\u00e9penses suppl\u00e9mentaires n\u00e9cessaires pour une commande personnalis\u00e9e.<\/div>\n          <\/div>\n      <div class=\"wp-editor\">\n      <ul class=\"two-col\">\n<li>Les dimensions standard vous donnent toujours la possibilit\u00e9 de choisir parmi toutes nos options de verre ou d\u2019acrylique, ainsi que parmi nos 7 couleurs de cadre standard, ou une correspondance de couleurs illimit\u00e9e.<\/li>\n<li>Augmentez l\u2019efficacit\u00e9 de votre projet. Columbia peut produire des puits de lumi\u00e8re de haute qualit\u00e9 de dimension standard rapidement et \u00e0 moindre co\u00fbt.<\/li>\n<li>Si vous ne trouvez pas la dimension dont vous avez besoin dans nos dimensions standard, visitez notre section de commande personnalis\u00e9e.<\/li>\n<\/ul>\n\n    <\/div>\n      <\/div>\n              <\/section>\n\n\n<section id=\"block_b14e8019965be93c44a971d4198dea74\" class=\" columbia-block relative overflow-hidden wp-block-custom-product-cards block-w-full text-dark bg-teal-500  p-top-default p-bottom-default\" >\n          <div class=\" block-inner relative container mx-auto\" >\n        <h6 class=\"!uppercase block text-center bg-blue text-white p-6 md:p-8 mb-10\">MOD\u00c8LES DE PUITS DE LUMI\u00c8RE DISPONIBLES<\/h6>\n  \n      <div class=\"grid grid-cols-2 gap-4 md:gap-6 lg:gap-10 lg:grid-cols-4\">\n              <div class=\"product bg-white shadow-sm text-center text-blue flex flex-col\">\n          <div class=\"card-content grow p-3 md:p-6 xl:p-8\">\n            <img decoding=\"async\" src=\"https:\/\/www.columbiaskylights.com\/wp-content\/uploads\/2023\/04\/vcm-curb-mounted-fixed-skylight-product.png\" class=\"product-photo mb-3 md:mb-6\" alt=\"Vcm curb mounted fixed skylight product\" height=\"734\" width=\"632\" title=\"\">\n    \t            <div class=\"h2\">GL VCM<\/div>\n            <div class=\"h5 smd:text-sm\">Verre mont\u00e9 sur cadre \u2013 Fixe<\/div>\n                      <\/div>\n                    <div class=\"footer p-3 md:p-6 !pt-0 xl:p-8 h5\">\n            <hr class=\"mb-6\" \/>\n            58 tailles standard\n          <\/div>\n                  <\/div>\n              <div class=\"product bg-white shadow-sm text-center text-blue flex flex-col\">\n          <div class=\"card-content grow p-3 md:p-6 xl:p-8\">\n            <img decoding=\"async\" src=\"https:\/\/www.columbiaskylights.com\/wp-content\/uploads\/2023\/04\/gl-ocm-curb-mount-venting-glass-slope-product.png\" class=\"product-photo mb-3 md:mb-6\" alt=\"Gl ocm curb mount venting glass slope product\" height=\"734\" width=\"632\" title=\"\">\n    \t            <div class=\"h2\">OCM<\/div>\n            <div class=\"h5 smd:text-sm\">Mont\u00e9 sur cadre, verre\/acrylique, ouvrant (manuel ou \u00e9lectrique)<\/div>\n                      <\/div>\n                    <div class=\"footer p-3 md:p-6 !pt-0 xl:p-8 h5\">\n            <hr class=\"mb-6\" \/>\n            22 tailles standard\n          <\/div>\n                  <\/div>\n              <div class=\"product bg-white shadow-sm text-center text-blue flex flex-col\">\n          <div class=\"card-content grow p-3 md:p-6 xl:p-8\">\n            <img decoding=\"async\" src=\"https:\/\/www.columbiaskylights.com\/wp-content\/uploads\/2023\/04\/ac-vcm-aof-curb-mount-fixed-acrylic-dome-product.png\" class=\"product-photo mb-3 md:mb-6\" alt=\"Ac vcm aof curb mount fixed acrylic dome product\" height=\"734\" width=\"632\" title=\"\">\n    \t            <div class=\"h2\">AC VCM<\/div>\n            <div class=\"h5 smd:text-sm\">D\u00f4me en acrylique mont\u00e9 sur cadre \u2013 Fixe<\/div>\n                      <\/div>\n                    <div class=\"footer p-3 md:p-6 !pt-0 xl:p-8 h5\">\n            <hr class=\"mb-6\" \/>\n            63 tailles standard\n          <\/div>\n                  <\/div>\n              <div class=\"product bg-white shadow-sm text-center text-blue flex flex-col\">\n          <div class=\"card-content grow p-3 md:p-6 xl:p-8\">\n            <img decoding=\"async\" src=\"https:\/\/www.columbiaskylights.com\/wp-content\/uploads\/2023\/04\/ac-vcm-aof-curb-mount-fixed-acrylic-dome-product.png\" class=\"product-photo mb-3 md:mb-6\" alt=\"Ac vcm aof curb mount fixed acrylic dome product\" height=\"734\" width=\"632\" title=\"\">\n    \t            <div class=\"h2\">AOF<\/div>\n            <div class=\"h5 smd:text-sm\">Mont\u00e9 sur cadre avec fixation ext\u00e9rieure en aluminium \u2013 Fixe<\/div>\n                      <\/div>\n                    <div class=\"footer p-3 md:p-6 !pt-0 xl:p-8 h5\">\n            <hr class=\"mb-6\" \/>\n            84 tailles standard\n          <\/div>\n                  <\/div>\n              <div class=\"product bg-white shadow-sm text-center text-blue flex flex-col\">\n          <div class=\"card-content grow p-3 md:p-6 xl:p-8\">\n            <img decoding=\"async\" src=\"https:\/\/www.columbiaskylights.com\/wp-content\/uploads\/2023\/04\/vsf-vinyl-self-flashing-fixed-skylight-product.png\" class=\"product-photo mb-3 md:mb-6\" alt=\"Vsf vinyl self flashing fixed skylight product\" height=\"734\" width=\"632\" title=\"\">\n    \t            <div class=\"h2\">VSF<\/div>\n            <div class=\"h5 smd:text-sm\">Verre avec solin int\u00e9gr\u00e9 \u2013 Fixe<\/div>\n                      <\/div>\n                    <div class=\"footer p-3 md:p-6 !pt-0 xl:p-8 h5\">\n            <hr class=\"mb-6\" \/>\n            34 tailles standard\n          <\/div>\n                  <\/div>\n              <div class=\"product bg-white shadow-sm text-center text-blue flex flex-col\">\n          <div class=\"card-content grow p-3 md:p-6 xl:p-8\">\n            <img decoding=\"async\" src=\"https:\/\/www.columbiaskylights.com\/wp-content\/uploads\/2023\/04\/osf-vinyl-self-flashing-manual-venting-skylight-product.png\" class=\"product-photo mb-3 md:mb-6\" alt=\"Osf vinyl self flashing manual venting skylight product\" height=\"734\" width=\"632\" title=\"\">\n    \t            <div class=\"h2\">OSF<\/div>\n            <div class=\"h5 smd:text-sm\">Solin Int\u00e9gr\u00e9 ouvrant (manuel ou \u00e9lectrique)<\/div>\n                      <\/div>\n                    <div class=\"footer p-3 md:p-6 !pt-0 xl:p-8 h5\">\n            <hr class=\"mb-6\" \/>\n            22 tailles standard\n          <\/div>\n                  <\/div>\n              <div class=\"product bg-white shadow-sm text-center text-blue flex flex-col\">\n          <div class=\"card-content grow p-3 md:p-6 xl:p-8\">\n            <img decoding=\"async\" src=\"https:\/\/www.columbiaskylights.com\/wp-content\/uploads\/2023\/04\/ras-roof-access-door-glass-acrylic-product.png\" class=\"product-photo mb-3 md:mb-6\" alt=\"Ras roof access door glass acrylic product\" height=\"734\" width=\"632\" title=\"\">\n    \t            <div class=\"h2\">RAS<\/div>\n            <div class=\"h5 smd:text-sm\">Portes d\u2019acc\u00e8s au toit<\/div>\n                      <\/div>\n                    <div class=\"footer p-3 md:p-6 !pt-0 xl:p-8 h5\">\n            <hr class=\"mb-6\" \/>\n            26 tailles standard\n          <\/div>\n                  <\/div>\n              <div class=\"product bg-white shadow-sm text-center text-blue flex flex-col\">\n          <div class=\"card-content grow p-3 md:p-6 xl:p-8\">\n            <img decoding=\"async\" src=\"https:\/\/www.columbiaskylights.com\/wp-content\/uploads\/2023\/04\/vcm-aof-p-curb-mount-pyramid-product.png\" class=\"product-photo mb-3 md:mb-6\" alt=\"Vcm aof p curb mount pyramid product\" height=\"734\" width=\"632\" title=\"\">\n    \t            <div class=\"h2\">VCM P<\/div>\n            <div class=\"h5 smd:text-sm\">Pyramide en acrylique mont\u00e9e sur cadre \u2013 Fixe<\/div>\n                      <\/div>\n                    <div class=\"footer p-3 md:p-6 !pt-0 xl:p-8 h5\">\n            <hr class=\"mb-6\" \/>\n            11 tailles standard\n          <\/div>\n                  <\/div>\n          <\/div>\n      <\/div>\n              <\/section>\n\n\n\n<section id=\"block_f77a0971af5c75403d1ded958b1381c8\" class=\" columbia-block relative overflow-hidden wp-block-standard-sizes-chart-switcher block-w-full text-dark bg-white  p-top-default p-bottom-default\" >\n          <div class=\" block-inner relative container mx-auto\"  x-data=\"{ isImperial: true }\">\n        <div class=\"block-intro-wrap z-0 relative bg-blue text-white text-center !py-10 pb-11 lg:pb-22 last:pb-0\">\n    \n        <div class=\"block-title grow  mx-auto max-w-6xl\">\n            <h2 class=\" text-center\">DIMENSIONS STANDARD COLUMBIA<\/h2>\n    <\/div>\n    \n    \n          <\/div>\n    <div class=\"bg-teal p-10 md:py-12 lg:px-30 flex flex-col md:flex-row justify-center lg:justify-between items-center\">\n      <div class=\"switcher flex flex-row justify-center smd:mb-8 md:order-2\">\n        <button x-on:click=\"isImperial = true\" :class=\"isImperial ? 'btn-blue' : 'btn-grey'\">UNIT\u00c9S IMP\u00c9RIALES<\/button>\n        <button x-on:click=\"isImperial = false\" :class=\"!isImperial ? 'btn-blue' : 'btn-grey'\">UNIT\u00c9S M\u00c9TRIQUES<\/button>\n      <\/div>\n      <div class=\"legend text-blue flex flex-col md:flex-row gap-6 md:gap-20 md:order-1\">\n        <div class=\"h6 !uppercase glass flex items-center\"><div class=\"h-10 aspect-square md:h-14 w-10 md:w-14 mr-6 rounded-full bg-blue-850\"><\/div>Verre<\/div>\n        <div class=\"h6 !uppercase acrylic flex items-center\"><div class=\"h-10 aspect-square md:h-14 w-10 md:w-14 mr-6 rounded-full bg-blue\"><\/div>D\u00f4me en acrylique et polycarbonate<\/div>\n      <\/div>\n    <\/div>\n    <div class=\"chart-images\">\n      <img decoding=\"async\" src=\"https:\/\/www.columbiaskylights.com\/wp-content\/uploads\/2024\/03\/tailles-standards-imperial.png\" class=\"imperial-chart-image\" alt=\"Tailles Standards Imperial\" x-show=\"isImperial\" height=\"6307\" width=\"3212\" title=\"\">\n    \t      <img decoding=\"async\" src=\"https:\/\/www.columbiaskylights.com\/wp-content\/uploads\/2024\/03\/standard-dimensions-columbia-metric.png\" class=\"metric-chart-image\" alt=\"Standard Dimensions Columbia Metric\" x-show=\"!isImperial\" height=\"6307\" width=\"3212\" title=\"\">\n    \t    <\/div>\n      <\/div>\n              <\/section>\n\n\n<section id=\"block_6f580e74e2cb297c5de37e80490192bd\" class=\" columbia-block relative overflow-hidden wp-block-multi-column block-w-full text-dark bg-white  p-top-default p-bottom-default\" >\n          <div class=\" block-inner relative container mx-auto\" >\n        <div class=\"block-intro-wrap z-0 relative  pb-12 lg:pb-16 last:pb-0\">\n    \n        <div class=\"block-title grow  mx-auto max-w-6xl\">\n            <h3 class=\" text-center\">COMMENT MESURER LA DIMENSION DE VOTRE PUITS DE LUMI\u00c8RE<\/h3>\n    <\/div>\n    \n    \n          <\/div>\n        <div class=\"col-wrapper col-gutter-lg row-gutter-md \">\n      <div class=\"col-wrapper-inner flex flex-wrap   \">\n                            <div class=\"column w-full corners- md:w-6\/12  has-header-bar 1 tab-group\">\n                                                                <div class=\"column-heading flex flex-col justify-center bg-blue text-center px-5 h5 !uppercase py-3 md:py-6\"><span class=\"text-white\">MONT\u00c9 SUR CADRE<\/span><\/div>\n                                      <img decoding=\"async\" src=\"https:\/\/www.columbiaskylights.com\/wp-content\/uploads\/2024\/02\/monte-sur-cadre.jpg\" class=\"column-header-image\" alt=\"Monte Sur Cadre\" height=\"1186\" width=\"1580\" title=\"\">\n    \t                        <div class=\"column-inner      \">\n              <div class=\"column-content match-col-height wp-editor \">\n                                                  <p style=\"text-align: center;\">Pour les puits de lumi\u00e8re mont\u00e9s sur cadre, mesurez soigneusement les dimensions int\u00e9rieures et ext\u00e9rieures du cadre.<br \/>\nLargeur x hauteur. Exclure tous les mat\u00e9riaux de finition int\u00e9rieure.<\/p>\n\n                                \n                \n                \n                              <\/div>\n            <\/div>\n                      <\/div>\n                            <div class=\"column w-full corners- md:w-6\/12  has-header-bar has-header-bar 2 tab-group\">\n                                                                <div class=\"column-heading flex flex-col justify-center bg-blue text-center px-5 h5 !uppercase py-3 md:py-6\"><span class=\"text-white\">SOLIN INT\u00c9GR\u00c9<\/span><\/div>\n                                      <img decoding=\"async\" src=\"https:\/\/www.columbiaskylights.com\/wp-content\/uploads\/2024\/02\/solin-integre.jpg\" class=\"column-header-image\" alt=\"Solin Integre\" height=\"1186\" width=\"1580\" title=\"\">\n    \t                        <div class=\"column-inner      \">\n              <div class=\"column-content match-col-height wp-editor \">\n                                                  <p style=\"text-align: center;\">Pour les puits de lumi\u00e8re \u00e0 solin int\u00e9gr\u00e9, mesurez l\u2019int\u00e9rieur de l\u2019ouverture du toit. Largeur x hauteur. Exclure tous les mat\u00e9riaux de finition int\u00e9rieure.<\/p>\n\n                                \n                \n                \n                              <\/div>\n            <\/div>\n                      <\/div>\n              <\/div>\n    <\/div>\n      <\/div>\n              <\/section>\n\n\n<section id=\"block_1dc4c1e616236159f49894cf0997938f\" class=\"overflow-hidden columbia-block relative overflow-hidden wp-block-block-container block-w-wide text-dark bg-white  p-top-default p-bottom-default\" >\n          <div class=\"max-w-7xl overflow-visible block-inner relative container mx-auto\" >\n        <div class=\"content-box relative   rounded px-2 sm:px-5 py-8 md:p-8 lg:p-10 xxl:p-22 text-dark bg-teal\">\n      \n<section id=\"block_89c105f7f8e5cc14f818dc0586ccad72\" class=\" columbia-block relative overflow-hidden wp-block-w-y-s-i-w-y-g block-w-full text-dark bg-white  p-top-default p-bottom-default\" >\n          <div class=\" block-inner relative container mx-auto\" >\n        <div class=\"block-intro-wrap z-0 relative pb-8 lg:pb-16\">\n    \n        <div class=\"block-title grow  mx-auto max-w-6xl\">\n            <h3 class=\" text-center\">SI VOUS NE TROUVEZ PAS CE DONT VOUS AVEZ BESOIN, COLUMBIA PROPOSE TOUJOURS L\u2019OPTION DE DIMENSIONS PERSONNALIS\u00c9ES<\/h3>\n    <\/div>\n    \n    \n          <\/div>\n      <div class=\"wp-editor\">\n      <ul class=\"two-col\">\n<li>Le programme de puits de lumi\u00e8res personnalis\u00e9es de Columbia vous permet de r\u00e9pondre aux besoins sp\u00e9cifiques de votre client, qu\u2019il s\u2019agisse de remplacer d\u2019anciens puits de lumi\u00e8re ou de faire face \u00e0 un probl\u00e8me structurel.<\/li>\n<li>Notre programme personnalis\u00e9 propose n\u2019importe quelle dimension, n\u2019importe quel mod\u00e8le, n\u2019importe quel vitrage, dans n\u2019importe quel cadre de couleur, qu\u2019il soit fixe ou ouvrant.<\/li>\n<li>Si vous remplacez un ancien puits de lumi\u00e8re existant, ne vous exposez pas \u00e0 des frais suppl\u00e9mentaires en essayant de modifier l\u2019ouverture du toit pour l\u2019adapter aux dimensions standard disponibles. Nous pouvons fabriquer le nouveau puits de lumi\u00e8re aux dimensions exactes de l\u2019ancien.<\/li>\n<li>Nous vous offrons un support client in\u00e9gal\u00e9 en vous fournissant les conseils n\u00e9cessaires, ainsi que les meilleurs services et d\u00e9lais de livraison de l\u2019industrie.<\/li>\n<\/ul>\n<p>&nbsp;<\/p>\n<p style=\"text-align: center;\"><a class=\"btn-blue\" href=\"https:\/\/www.columbiaskylights.com\/fr\/informations-techniques\/commande-de-dimensions-personnalisees\/\">DIMENSIONS PERSONNALIS\u00c9ES<\/a><\/p>\n\n    <\/div>\n      <\/div>\n              <\/section>\n\n\n          <\/div>\n      <\/div>\n              <\/section>\n","protected":false},"excerpt":{"rendered":"","protected":false},"author":1,"featured_media":0,"parent":16807,"menu_order":0,"comment_status":"closed","ping_status":"closed","template":"","meta":{"_acf_changed":false,"inline_featured_image":false,"footnotes":""},"class_list":["post-17429","page","type-page","status-publish","hentry"],"acf":[],"_links":{"self":[{"href":"https:\/\/www.columbiaskylights.com\/fr\/wp-json\/wp\/v2\/pages\/17429","targetHints":{"allow":["GET"]}}],"collection":[{"href":"https:\/\/www.columbiaskylights.com\/fr\/wp-json\/wp\/v2\/pages"}],"about":[{"href":"https:\/\/www.columbiaskylights.com\/fr\/wp-json\/wp\/v2\/types\/page"}],"author":[{"embeddable":true,"href":"https:\/\/www.columbiaskylights.com\/fr\/wp-json\/wp\/v2\/users\/1"}],"replies":[{"embeddable":true,"href":"https:\/\/www.columbiaskylights.com\/fr\/wp-json\/wp\/v2\/comments?post=17429"}],"version-history":[{"count":10,"href":"https:\/\/www.columbiaskylights.com\/fr\/wp-json\/wp\/v2\/pages\/17429\/revisions"}],"predecessor-version":[{"id":22147,"href":"https:\/\/www.columbiaskylights.com\/fr\/wp-json\/wp\/v2\/pages\/17429\/revisions\/22147"}],"up":[{"embeddable":true,"href":"https:\/\/www.columbiaskylights.com\/fr\/wp-json\/wp\/v2\/pages\/16807"}],"wp:attachment":[{"href":"https:\/\/www.columbiaskylights.com\/fr\/wp-json\/wp\/v2\/media?parent=17429"}],"curies":[{"name":"wp","href":"https:\/\/api.w.org\/{rel}","templated":true}]}}