{"id":16724,"date":"2024-01-09T21:37:04","date_gmt":"2024-01-10T05:37:04","guid":{"rendered":"https:\/\/www.columbiaskylights.com\/?page_id=16724"},"modified":"2024-01-10T16:45:20","modified_gmt":"2024-01-11T00:45:20","slug":"columbia-dans-la-communaute","status":"publish","type":"page","link":"https:\/\/www.columbiaskylights.com\/fr\/a-propos\/columbia-dans-la-communaute\/","title":{"rendered":"Columbia dans la communaut\u00e9"},"content":{"rendered":"<section id=\"block_321addc586d4ec91d5767ef6fdf1a9c9\" class=\" columbia-block relative overflow-hidden wp-block-page-hero block-w-full text-dark bg-white  p-top-default p-bottom-default\" >\n          <div class=\" carousel--hero--dots--\">\n                      <div class=\"hero-slide w-full flex relative  is-selected \">\n          <div class=\"hero-slide__content text-blue w-full z-10 pt-22 md:pt-32 lg:pt-40 pb-12 md:pb-20 xl:pt-[180px]\">\n            <div class=\"inner container h-full grid grid-cols-1 lg:grid-cols-2 gap-6 lg:gap-x-22 xxl:gap-x-60 w-full\">\n                              <text class=\"block hero-slide__content__wysiwyg position-left   font-semibold col-span-2 lg:col-span-1  wp-editor spaced\">\n                  <div class=\"inner \">\n                    <h1>PARTAGER FAIT PARTIE DE NOTRE CULTURE<\/h1>\n<p>Columbia est fi\u00e8re de faire sa part pour soutenir nos communaut\u00e9s locales.<\/p>\n\n                  <\/div>\n                <\/text>\n                                        <\/div>\n          <\/div>\n          <div class=\"hero-slide-bg absolute h-full w-full inset-0  hero-slide-bg--left hero-slide-bg-color--white \">\n            <picture>\n        <source media=\"(max-width: 767.9px)\" srcset=\"https:\/\/www.columbiaskylights.com\/wp-content\/uploads\/2023\/12\/columbia-cares-mobile-hero.jpg\">\n        <source media=\"(min-width: 768px)\" srcset=\"https:\/\/www.columbiaskylights.com\/wp-content\/uploads\/2023\/11\/columbia-cares-smiling-child-hero.jpg\">\n        <img decoding=\"async\" src=\"https:\/\/www.columbiaskylights.com\/wp-content\/uploads\/2023\/11\/columbia-cares-smiling-child-hero.jpg\" class=\"hero-slide__image absolute z-0 inset-0 w-full h-full object-cover\" alt=\"Columbia Cares. Columbia Skylights, the Canadian made skylight.\" height=\"2156\" width=\"3850\" title=\"\">\n      <\/picture>\n    \t          <\/div>\n        <\/div>\n                  <\/div>\n              <\/section>\n  <div class=\"block-breadcrumbs text-breadcrumb text-black-500 pt-7 mdd:hidden \">\n    <div class=\"container\">\n              \n                  <a href=\"https:\/\/www.columbiaskylights.com\/fr\/\" class=\"text-black-700 !no-underline hover:!underline\">Accueil<\/a>\n                       \/ \n                  <a href=\"https:\/\/www.columbiaskylights.com\/fr\/a-propos\/\" class=\"text-black-700 !no-underline hover:!underline\">\u00c0 propos<\/a>\n                       \/ \n                  Columbia dans la communaut\u00e9\n                  <\/div>\n  <\/div>\n\n\n<section id=\"block_5c5948e1a690eb20a2b6fe03ecf5e86c\" class=\" columbia-block relative overflow-hidden wp-block-w-y-s-i-w-y-g block-w-narrow text-dark bg-white  p-top-default p-bottom-default\" >\n          <div class=\" block-inner relative container mx-auto\" >\n        <div class=\"block-intro-wrap z-0 relative pb-8 lg:pb-16\">\n    \n        <div class=\"block-title grow  mx-auto max-w-6xl\">\n            <h2 class=\" text-center\">NOTRE COMMUNAUT\u00c9 NOUS TIENT \u00c0 C\u0152UR<\/h2>\n    <\/div>\n    \n    \n          <div class=\"mt-6 lg:mt-12 relative z-0 block-intro  mx-auto max-w-6xl lg:max-w-6xxl text-xl\">Nous sommes une entreprise canadienne qui a des liens \u00e9troits avec les communaut\u00e9s qui nous entourent. Travailler et \u00e9voluer dans la m\u00eame communaut\u00e9 a forg\u00e9 des liens solides et un sentiment de responsabilit\u00e9. Pour nous, il est primordial de redonner en soutenant des causes et des organisations caritatives locales.<\/div>\n          <\/div>\n      <div class=\"wp-editor\">\n      <ul class=\"two-col\">\n<li>Depuis 1955, le partage est ancr\u00e9 dans notre culture d\u2019entreprise. Chaque ann\u00e9e, nous apportons notre soutien \u00e0 plusieurs \u0153uvres caritatives reconnues.<\/li>\n<li>Nous sommes convaincus qu\u2019en renfor\u00e7ant notre communaut\u00e9, cela profitera indirectement \u00e0 notre entreprise, car nos employ\u00e9s jouent un r\u00f4le crucial dans la croissance et la prosp\u00e9rit\u00e9 de notre activit\u00e9.<\/li>\n<\/ul>\n\n    <\/div>\n      <\/div>\n              <\/section>\n\n\n<section id=\"block_ce044627bc248ab09c7736eaff5381cc\" class=\" columbia-block relative overflow-hidden wp-block-multi-column block-w-narrow text-dark bg-teal-100  p-top-default p-bottom-default\" >\n          <div class=\" block-inner relative container mx-auto\" >\n        <div class=\"block-intro-wrap z-0 relative  pb-12 lg:pb-16 last:pb-0\">\n    \n        <div class=\"block-title grow  mx-auto max-w-6xl\">\n            <h2 class=\" h3 text-center\">BGC CANADA<\/h2>\n    <\/div>\n    \n    \n          <\/div>\n        <div class=\"col-wrapper col-gutter-md row-gutter-md \">\n      <div class=\"col-wrapper-inner flex flex-wrap  items-center justify-center\">\n                            <div class=\"column w-full corners- md:w-5\/12 xl:w-4\/12  1 tab-group\">\n                                                            <div class=\"column-inner      \">\n              <div class=\"column-content match-col-height wp-editor \">\n                                                  <p><img decoding=\"async\" class=\"alignnone wp-image-10064 smd:max-w-70 aligncenter-md\" src=\"https:\/\/www.columbiaskylights.com\/wp-content\/uploads\/2023\/10\/bgc-canada-logo.png\" alt=\"Bgc Canada Logo\" width=\"309\" height=\"126\" srcset=\"https:\/\/www.columbiaskylights.com\/wp-content\/uploads\/2023\/10\/bgc-canada-logo.png 618w, https:\/\/www.columbiaskylights.com\/wp-content\/uploads\/2023\/10\/bgc-canada-logo-300x122.png 300w\" sizes=\"(max-width: 309px) 100vw, 309px\" title=\"\"><\/p>\n\n                                \n                \n                \n                              <\/div>\n            <\/div>\n                      <\/div>\n                            <div class=\"column w-full corners- md:w-7\/12 xl:w-6\/12  2 tab-group\">\n                                                            <div class=\"column-inner      \">\n              <div class=\"column-content match-col-height wp-editor \">\n                                                  <p>Columbia Manufacturing Co. Ltd est fi\u00e8re de soutenir BGC Canada depuis plusieurs d\u00e9cennies.<\/p>\n\n                                \n                \n                \n                              <\/div>\n            <\/div>\n                      <\/div>\n              <\/div>\n    <\/div>\n      <\/div>\n              <\/section>\n\n\n<section id=\"block_07c4349bf934eaf7036b029862f80ab5\" class=\" columbia-block relative overflow-hidden wp-block-w-y-s-i-w-y-g block-w-full text-dark bg-teal-100  p-top-default p-bottom-default\" >\n          <div class=\" block-inner relative container mx-auto\" >\n        <div class=\"wp-editor\">\n      <p><img decoding=\"async\" class=\"alignnone size-full wp-image-10062\" src=\"https:\/\/www.columbiaskylights.com\/wp-content\/uploads\/2023\/10\/bgc-canada-happy-kids.jpg\" alt=\"Bgc Canada Happy Kids\" width=\"3488\" height=\"1180\" srcset=\"https:\/\/www.columbiaskylights.com\/wp-content\/uploads\/2023\/10\/bgc-canada-happy-kids.jpg 3488w, https:\/\/www.columbiaskylights.com\/wp-content\/uploads\/2023\/10\/bgc-canada-happy-kids-300x101.jpg 300w, https:\/\/www.columbiaskylights.com\/wp-content\/uploads\/2023\/10\/bgc-canada-happy-kids-1024x346.jpg 1024w, https:\/\/www.columbiaskylights.com\/wp-content\/uploads\/2023\/10\/bgc-canada-happy-kids-768x260.jpg 768w, https:\/\/www.columbiaskylights.com\/wp-content\/uploads\/2023\/10\/bgc-canada-happy-kids-1536x520.jpg 1536w, https:\/\/www.columbiaskylights.com\/wp-content\/uploads\/2023\/10\/bgc-canada-happy-kids-2048x693.jpg 2048w\" sizes=\"(max-width: 3488px) 100vw, 3488px\" title=\"\"><\/p>\n\n    <\/div>\n      <\/div>\n              <\/section>\n\n\n<section id=\"block_fe4fdb45ec06ff727aa7ae73a70e65c8\" class=\" columbia-block relative overflow-hidden wp-block-w-y-s-i-w-y-g block-w-narrow text-dark bg-teal-100  p-top-default p-bottom-default\" >\n          <div class=\" block-inner relative container mx-auto\" >\n        <div class=\"wp-editor\">\n      <ul class=\"two-col\">\n<li>BGC Canada est une organisation nationale \u00e0 but non lucratif qui propose des programmes et des services visant \u00e0 promouvoir et \u00e0 renforcer le d\u00e9veloppement des gar\u00e7ons et des filles, en cultivant un sentiment de comp\u00e9tence, d\u2019utilit\u00e9, d\u2019appartenance et d\u2019influence.<\/li>\n<li>BGC Canada permet aux jeunes, en particulier ceux qui ont le plus besoin de nous, d\u2019atteindre leur plein potentiel en tant que citoyens productifs, attentionn\u00e9s et responsables.<\/li>\n<li>L\u2019organisation traite de probl\u00e8mes importants tels que\u00a0:<br \/>\n\u2013 R\u00e9duire la pauvret\u00e9 chez les enfants et les jeunes<br \/>\n\u2013 Encourager l\u2019emploi et la formation des jeunes<br \/>\n\u2013 La sant\u00e9 mentale des enfants et des jeunes<\/p>\n<p><a href=\"https:\/\/www.bgcbc.ca\" target=\"_blank\" rel=\"noopener\"><strong>bgcbc.ca<\/strong><\/a><\/li>\n<\/ul>\n\n    <\/div>\n      <\/div>\n              <\/section>\n\n\n<section id=\"block_851d38e9fbdc2d2f8a6542e19f95c3f8\" class=\" columbia-block relative overflow-hidden wp-block-cards block-w-full text-dark bg-white  p-top-default p-bottom-default\" >\n          <div class=\" block-inner relative container mx-auto\" >\n        <div class=\"block-intro-wrap z-0 relative narrow pb-11 lg:pb-22 last:pb-0\">\n    \n        <div class=\"block-title grow  mx-auto max-w-6xl\">\n            <h2 class=\" text-center\">AUTRES EXEMPLES D\u2019ACTIONS COMMUNAUTAIRES DE COLUMBIA<\/h2>\n    <\/div>\n    \n    \n          <\/div>\n                              <div class=\"grid match-heading-heights lg:grid-cols-2 xl:grid-cols-2 gap-6 lg:gap-8 w-full\">\n                  <div\n                        class=\"col item flex card--static card--collapsible-standard\">\n            <div class=\"card p-0 match-heading-heights w-full h-100 flex flex-col bg-text-dark bg-teal-100  shadow\">\n                                                        <div class=\"image-wrap !mt-0 relative\">\n                                <img decoding=\"async\" src=\"https:\/\/www.columbiaskylights.com\/wp-content\/uploads\/2023\/10\/herowork-canada-team-photo.jpg\" class=\"w-full h-auto card-image\" alt=\"Herowork canada team photo\" height=\"1513\" width=\"1566\" title=\"\">\n    \t              <\/div>\n                            <div class=\"feature-body-wrap flex flex-col flex-grow px-2 py-5 sm:p-4.5 sm:py-7 sm:pb-8 md:pb-12 md:px-8 xl:px-20 xl:pb-16 xl:pt-16\">\n                <div class=\"feature-body flex-grow\">\n                                    <text class=\"card__content wp-editor block text-dark\">\n                    <div class=\"inner \">\n                      <p><img decoding=\"async\" class=\"wp-image-10038 aligncenter\" src=\"https:\/\/www.columbiaskylights.com\/wp-content\/uploads\/2023\/10\/herowork-logo.png\" alt=\"Herowork Logo\" width=\"504\" height=\"148\" srcset=\"https:\/\/www.columbiaskylights.com\/wp-content\/uploads\/2023\/10\/herowork-logo.png 1008w, https:\/\/www.columbiaskylights.com\/wp-content\/uploads\/2023\/10\/herowork-logo-300x88.png 300w, https:\/\/www.columbiaskylights.com\/wp-content\/uploads\/2023\/10\/herowork-logo-768x226.png 768w\" sizes=\"(max-width: 504px) 100vw, 504px\" title=\"\"><\/p>\n<ul>\n<li>Columbia est fi\u00e8re d\u2019\u00eatre partenaire de HeroWork Canada, une organisation caritative qui r\u00e9nove des b\u00e2timents au service de notre soci\u00e9t\u00e9, en mettant particuli\u00e8rement l\u2019accent sur les installations soutenant les personnes les plus n\u00e9cessiteuses. Apporter un peu de lumi\u00e8re dans la journ\u00e9e de quelqu\u2019un la rendra toujours plus lumineuse.<\/li>\n<li>HeroWork Victoria a r\u00e9alis\u00e9 plus de quinze r\u00e9novations radicales pour des organisations caritatives du sud de l\u2019\u00cele de Vancouver, fournissant des millions de dollars en am\u00e9liorations et transformations.<\/li>\n<li>De nombreux b\u00e2timents et infrastructures d\u2019associations caritatives sont dans un \u00e9tat pr\u00e9occupant, limitant la capacit\u00e9 des organisations \u00e0 but non lucratif \u00e0 offrir des services sociaux essentiels, \u00e0 innover et \u00e0 s\u2019adapter aux besoins changeants.<\/li>\n<li>Cependant, pendant des d\u00e9cennies, l\u2019importance des b\u00e2timents caritatifs a \u00e9t\u00e9 largement ignor\u00e9e, m\u00eame si ces lieux sont l\u2019endroit o\u00f9 bon nombre de nos services sociaux les plus importants sont fournis. Ce sont nos banques alimentaires, nos salles communautaires, nos refuges, nos centres de conseil, nos cuisines communautaires.<\/li>\n<\/ul>\n<p style=\"text-align: right;\"><a href=\"https:\/\/www.herowork.com\" rel=\"noopener\"><strong>herowork.com<\/strong><\/a><\/p>\n\n                    <\/div>\n                  <\/text>\n                <\/div>\n                                  <div class=\"w-full feature-footer pt-4 lg:pt-8 self-end\"  x-bind:class=\"{ '!pt-0 !-mt-3': !open }\" >\n                    <p><img decoding=\"async\" class=\"alignnone size-full wp-image-10058\" src=\"https:\/\/www.columbiaskylights.com\/wp-content\/uploads\/2023\/10\/herowork-office.jpg\" alt=\"Herowork Office\" width=\"1258\" height=\"512\" srcset=\"https:\/\/www.columbiaskylights.com\/wp-content\/uploads\/2023\/10\/herowork-office.jpg 1258w, https:\/\/www.columbiaskylights.com\/wp-content\/uploads\/2023\/10\/herowork-office-300x122.jpg 300w, https:\/\/www.columbiaskylights.com\/wp-content\/uploads\/2023\/10\/herowork-office-1024x417.jpg 1024w, https:\/\/www.columbiaskylights.com\/wp-content\/uploads\/2023\/10\/herowork-office-768x313.jpg 768w\" sizes=\"(max-width: 1258px) 100vw, 1258px\" title=\"\"><\/p>\n\n                  <\/div>\n                              <\/div>\n            <\/div>\n          <\/div>\n                  <div\n                        class=\"col item flex card--static card--collapsible-standard\">\n            <div class=\"card p-0 match-heading-heights w-full h-100 flex flex-col bg-text-dark bg-teal-100  shadow\">\n                                                        <div class=\"image-wrap !mt-0 relative\">\n                                <img decoding=\"async\" src=\"https:\/\/www.columbiaskylights.com\/wp-content\/uploads\/2023\/10\/third-quadrant-design-building-rendering.jpg\" class=\"w-full h-auto card-image\" alt=\"Third quadrant design building rendering\" height=\"1520\" width=\"1570\" title=\"\">\n    \t              <\/div>\n                            <div class=\"feature-body-wrap flex flex-col flex-grow px-2 py-5 sm:p-4.5 sm:py-7 sm:pb-8 md:pb-12 md:px-8 xl:px-20 xl:pb-16 xl:pt-16\">\n                <div class=\"feature-body flex-grow\">\n                                    <text class=\"card__content wp-editor block text-dark\">\n                    <div class=\"inner \">\n                      <p><img decoding=\"async\" class=\"wp-image-10036 aligncenter\" src=\"https:\/\/www.columbiaskylights.com\/wp-content\/uploads\/2023\/10\/third-quadrant-design-logo.png\" alt=\"Third Quadrant Design Logo\" width=\"504\" height=\"148\" srcset=\"https:\/\/www.columbiaskylights.com\/wp-content\/uploads\/2023\/10\/third-quadrant-design-logo.png 1008w, https:\/\/www.columbiaskylights.com\/wp-content\/uploads\/2023\/10\/third-quadrant-design-logo-300x88.png 300w, https:\/\/www.columbiaskylights.com\/wp-content\/uploads\/2023\/10\/third-quadrant-design-logo-768x226.png 768w\" sizes=\"(max-width: 504px) 100vw, 504px\" title=\"\"><\/p>\n<ul>\n<li>Columbia est ravie de participer \u00e0 l\u2019initiative de conception de Third Quadrant Design de l\u2019Universit\u00e9 de la Colombie-Britannique, pionni\u00e8re dans l\u2019utilisation de la technologie de construction des maisons passives. Nous avons fourni des puits de lumi\u00e8re ouvrants certifi\u00e9s ENERGY STAR<sup>&reg;<\/sup>, \u00e0 commande \u00e9lectrique, avec du triple vitrage en verre tremp\u00e9\/verre feuillet\u00e9. R\u00e9duire l\u2019utilisation de l\u2019\u00e9nergie \u00e9lectrique en fournissant une lumi\u00e8re naturelle abondante. Les puits de lumi\u00e8re ouvrants permettent de rafra\u00eechir l\u2019atmosph\u00e8re int\u00e9rieure pendant l\u2019\u00e9t\u00e9 et d\u2019\u00e9vacuer les contaminants en suspension dans l\u2019air, tels que la poussi\u00e8re et les odeurs.<\/li>\n<li>Third Quadrant Design est la premi\u00e8re \u00e9quipe de conception de b\u00e2timents \u00e9cologiques de l\u2019Universit\u00e9 de la Colombie-Britannique, fond\u00e9e par 3 \u00e9tudiantes en ing\u00e9nierie.<\/li>\n<li>Mission de Third Quadrant Design : Promouvoir les pratiques de conception r\u00e9g\u00e9n\u00e9rative et partager les connaissances en mati\u00e8re de b\u00e2timents \u00e9cologiques sur le campus gr\u00e2ce \u00e0 la formation d\u2019un groupe d\u2019\u00e9tudiants interdisciplinaires.<\/li>\n<\/ul>\n<p style=\"text-align: right;\"><a href=\"http:\/\/thirdquadrantdesign.com\" rel=\"noopener\"><strong>thirdquadrantdesign.com<\/strong><\/a><\/p>\n\n                    <\/div>\n                  <\/text>\n                <\/div>\n                                  <div class=\"w-full feature-footer pt-4 lg:pt-8 self-end\"  x-bind:class=\"{ '!pt-0 !-mt-3': !open }\" >\n                    <p><img decoding=\"async\" class=\"alignnone size-full wp-image-10056\" src=\"https:\/\/www.columbiaskylights.com\/wp-content\/uploads\/2023\/10\/third-quadrant-design-team.jpg\" alt=\"Third Quadrant Design Team\" width=\"1274\" height=\"814\" srcset=\"https:\/\/www.columbiaskylights.com\/wp-content\/uploads\/2023\/10\/third-quadrant-design-team.jpg 1274w, https:\/\/www.columbiaskylights.com\/wp-content\/uploads\/2023\/10\/third-quadrant-design-team-300x192.jpg 300w, https:\/\/www.columbiaskylights.com\/wp-content\/uploads\/2023\/10\/third-quadrant-design-team-1024x654.jpg 1024w, https:\/\/www.columbiaskylights.com\/wp-content\/uploads\/2023\/10\/third-quadrant-design-team-768x491.jpg 768w\" sizes=\"(max-width: 1274px) 100vw, 1274px\" title=\"\"><\/p>\n\n                  <\/div>\n                              <\/div>\n            <\/div>\n          <\/div>\n                  <div\n                        class=\"col item flex card--static card--collapsible-standard\">\n            <div class=\"card p-0 match-heading-heights w-full h-100 flex flex-col bg-text-dark bg-teal-100  shadow\">\n                                                        <div class=\"image-wrap !mt-0 relative\">\n                                <img decoding=\"async\" src=\"https:\/\/www.columbiaskylights.com\/wp-content\/uploads\/2023\/10\/greater-vancouver-food-bank-crew-photo.jpg\" class=\"w-full h-auto card-image\" alt=\"Greater vancouver food bank crew photo\" height=\"1252\" width=\"1572\" title=\"\">\n    \t              <\/div>\n                            <div class=\"feature-body-wrap flex flex-col flex-grow px-2 py-5 sm:p-4.5 sm:py-7 sm:pb-8 md:pb-12 md:px-8 xl:px-20 xl:pb-16 xl:pt-16\">\n                <div class=\"feature-body flex-grow\">\n                                    <text class=\"card__content wp-editor block text-dark\">\n                    <div class=\"inner \">\n                      <p><img decoding=\"async\" class=\"wp-image-10034 aligncenter\" src=\"https:\/\/www.columbiaskylights.com\/wp-content\/uploads\/2023\/10\/gvfb-logo.png\" alt=\"Gvfb Logo\" width=\"504\" height=\"148\" srcset=\"https:\/\/www.columbiaskylights.com\/wp-content\/uploads\/2023\/10\/gvfb-logo.png 1008w, https:\/\/www.columbiaskylights.com\/wp-content\/uploads\/2023\/10\/gvfb-logo-300x88.png 300w, https:\/\/www.columbiaskylights.com\/wp-content\/uploads\/2023\/10\/gvfb-logo-768x226.png 768w\" sizes=\"(max-width: 504px) 100vw, 504px\" title=\"\"><\/p>\n<ul>\n<li>Columbia soutient depuis longtemps la Greater Vancouver Food Bank. Ann\u00e9e apr\u00e8s ann\u00e9e, nous soutenons cette organisation essentielle sur laquelle tant de personnes comptent dans la r\u00e9gion de la vall\u00e9e du bas Fraser. Elle contribue \u00e0 s\u2019assurer que tous les membres de notre communaut\u00e9 peuvent nourrir leur famille correctement.<\/li>\n<li>La banque d\u2019alimentation Greater Vancouver Food Bank est un organisme \u00e0 but non lucratif dont la mission est de fournir des aliments sains \u00e0 ceux qui en ont besoin. La GVFB apporte son aide \u00e0 plus de 15 000 personnes par mois \u00e0 Vancouver, Burnaby, New Westminster et sur la c\u00f4te Nord. 26 % de ses clients sont des enfants et 14 % sont des personnes du troisi\u00e8me \u00e2ge.<\/li>\n<li>La GVFB apporte \u00e9galement un soutien alimentaire \u00e0 140 agences dans ces communaut\u00e9s, telles que des agences de logement, des refuges pour femmes et enfants, des maisons de transition et des programmes parascolaires, qui \u00e0 leur tour fournissent des repas et des collations \u00e0 des milliers de personnes chaque semaine.<\/li>\n<\/ul>\n<p style=\"text-align: right;\"><a href=\"https:\/\/foodbank.bc.ca\" rel=\"noopener\"><strong>foodbank.bc.ca<\/strong><\/a><\/p>\n\n                    <\/div>\n                  <\/text>\n                <\/div>\n                                  <div class=\"w-full feature-footer pt-4 lg:pt-8 self-end\"  x-bind:class=\"{ '!pt-0 !-mt-3': !open }\" >\n                    <p><img decoding=\"async\" class=\"alignnone size-full wp-image-10050\" src=\"https:\/\/www.columbiaskylights.com\/wp-content\/uploads\/2023\/10\/gvfb-grociers-photo.jpg\" alt=\"Gvfb Grociers Photo\" width=\"1274\" height=\"848\" srcset=\"https:\/\/www.columbiaskylights.com\/wp-content\/uploads\/2023\/10\/gvfb-grociers-photo.jpg 1274w, https:\/\/www.columbiaskylights.com\/wp-content\/uploads\/2023\/10\/gvfb-grociers-photo-300x200.jpg 300w, https:\/\/www.columbiaskylights.com\/wp-content\/uploads\/2023\/10\/gvfb-grociers-photo-1024x682.jpg 1024w, https:\/\/www.columbiaskylights.com\/wp-content\/uploads\/2023\/10\/gvfb-grociers-photo-768x511.jpg 768w\" sizes=\"(max-width: 1274px) 100vw, 1274px\" title=\"\"><\/p>\n\n                  <\/div>\n                              <\/div>\n            <\/div>\n          <\/div>\n                  <div\n                        class=\"col item flex card--static card--collapsible-standard\">\n            <div class=\"card p-0 match-heading-heights w-full h-100 flex flex-col bg-text-dark bg-teal-100  shadow\">\n                                                        <div class=\"image-wrap !mt-0 relative\">\n                                <img decoding=\"async\" src=\"https:\/\/www.columbiaskylights.com\/wp-content\/uploads\/2023\/10\/union-gospel-missiong-food-photo.jpg\" class=\"w-full h-auto card-image\" alt=\"Union gospel missiong food photo\" height=\"1252\" width=\"1572\" title=\"\">\n    \t              <\/div>\n                            <div class=\"feature-body-wrap flex flex-col flex-grow px-2 py-5 sm:p-4.5 sm:py-7 sm:pb-8 md:pb-12 md:px-8 xl:px-20 xl:pb-16 xl:pt-16\">\n                <div class=\"feature-body flex-grow\">\n                                    <text class=\"card__content wp-editor block text-dark\">\n                    <div class=\"inner \">\n                      <p><img decoding=\"async\" class=\"wp-image-10032 aligncenter\" src=\"https:\/\/www.columbiaskylights.com\/wp-content\/uploads\/2023\/10\/union-gospel-missiong-logo.png\" alt=\"Union Gospel Missiong Logo\" width=\"504\" height=\"148\" srcset=\"https:\/\/www.columbiaskylights.com\/wp-content\/uploads\/2023\/10\/union-gospel-missiong-logo.png 1008w, https:\/\/www.columbiaskylights.com\/wp-content\/uploads\/2023\/10\/union-gospel-missiong-logo-300x88.png 300w, https:\/\/www.columbiaskylights.com\/wp-content\/uploads\/2023\/10\/union-gospel-missiong-logo-768x226.png 768w\" sizes=\"(max-width: 504px) 100vw, 504px\" title=\"\"><\/p>\n<ul>\n<li>Columbia contribue \u00e0 l\u2019Union Gospel Mission, une organisation qui prend des mesures directes contre la toxicomanie et l\u2019itin\u00e9rance dans toute la r\u00e9gion de la vall\u00e9e du bas Fraser. L\u2019UGM offre un repas chaud et un refuge o\u00f9 peut d\u00e9buter la conversation menant vers la gu\u00e9rison.<\/li>\n<li>Le besoin de soutenir des organisations comme l\u2019UGM n\u2019a jamais \u00e9t\u00e9 aussi pressant, alors que la crise des opio\u00efdes d\u00e9vaste des communaut\u00e9s \u00e0 travers le Canada, et Columbia est fi\u00e8re d\u2019apporter sa contribution.<\/li>\n<li>L\u2019Union Gospel Mission est une organisation caritative qui fournit des repas, des programmes \u00e9ducatifs, un abri, des logements s\u00fbrs et abordables, des programmes de d\u00e9sintoxication et de r\u00e9tablissement de la toxicomanie, ainsi que des services de soutien aux personnes en difficult\u00e9 avec l\u2019itin\u00e9rance et la d\u00e9pendance au Canada.<\/li>\n<\/ul>\n<p style=\"text-align: right;\"><a href=\"http:\/\/ugm.ca\" rel=\"noopener\"><strong>ugm.ca<\/strong><\/a><\/p>\n\n                    <\/div>\n                  <\/text>\n                <\/div>\n                                  <div class=\"w-full feature-footer pt-4 lg:pt-8 self-end\"  x-bind:class=\"{ '!pt-0 !-mt-3': !open }\" >\n                    <p><img decoding=\"async\" class=\"alignnone size-full wp-image-10048\" src=\"https:\/\/www.columbiaskylights.com\/wp-content\/uploads\/2023\/10\/union-gospel-missiong-smiling-help-photo.jpg\" alt=\"Union Gospel Missiong Smiling Help Photo\" width=\"1274\" height=\"848\" srcset=\"https:\/\/www.columbiaskylights.com\/wp-content\/uploads\/2023\/10\/union-gospel-missiong-smiling-help-photo.jpg 1274w, https:\/\/www.columbiaskylights.com\/wp-content\/uploads\/2023\/10\/union-gospel-missiong-smiling-help-photo-300x200.jpg 300w, https:\/\/www.columbiaskylights.com\/wp-content\/uploads\/2023\/10\/union-gospel-missiong-smiling-help-photo-1024x682.jpg 1024w, https:\/\/www.columbiaskylights.com\/wp-content\/uploads\/2023\/10\/union-gospel-missiong-smiling-help-photo-768x511.jpg 768w\" sizes=\"(max-width: 1274px) 100vw, 1274px\" title=\"\"><\/p>\n\n                  <\/div>\n                              <\/div>\n            <\/div>\n          <\/div>\n                  <div\n                        class=\"col item flex card--static card--collapsible-standard\">\n            <div class=\"card p-0 match-heading-heights w-full h-100 flex flex-col bg-text-dark bg-teal-100  shadow\">\n                                                        <div class=\"image-wrap !mt-0 relative\">\n                                <img decoding=\"async\" src=\"https:\/\/www.columbiaskylights.com\/wp-content\/uploads\/2023\/10\/united-way-team-photo.jpg\" class=\"w-full h-auto card-image\" alt=\"United way team photo\" height=\"1254\" width=\"1574\" title=\"\">\n    \t              <\/div>\n                            <div class=\"feature-body-wrap flex flex-col flex-grow px-2 py-5 sm:p-4.5 sm:py-7 sm:pb-8 md:pb-12 md:px-8 xl:px-20 xl:pb-16 xl:pt-16\">\n                <div class=\"feature-body flex-grow\">\n                                    <text class=\"card__content wp-editor block text-dark\">\n                    <div class=\"inner \">\n                      <p><img decoding=\"async\" class=\"wp-image-10030 aligncenter\" src=\"https:\/\/www.columbiaskylights.com\/wp-content\/uploads\/2023\/10\/united-way-logo.png\" alt=\"United Way Logo\" width=\"504\" height=\"148\" srcset=\"https:\/\/www.columbiaskylights.com\/wp-content\/uploads\/2023\/10\/united-way-logo.png 1008w, https:\/\/www.columbiaskylights.com\/wp-content\/uploads\/2023\/10\/united-way-logo-300x88.png 300w, https:\/\/www.columbiaskylights.com\/wp-content\/uploads\/2023\/10\/united-way-logo-768x226.png 768w\" sizes=\"(max-width: 504px) 100vw, 504px\" title=\"\"><\/p>\n<ul>\n<li>Columbia comprend qu\u2019il est essentiel de soutenir Centraide pour b\u00e2tir une communaut\u00e9 forte et dynamique. Centraide est l\u00e0 quand les individus et les familles ont besoin d\u2019un endroit s\u00fbr \u2013 elle offre une communaut\u00e9 de soutien et un sentiment d\u2019appartenance. Elle offre un soutien et des conseils pendant les p\u00e9riodes difficiles et aide les gens \u00e0 remettre leur vie sur les rails.<\/li>\n<li>Centraide soutient le d\u00e9veloppement de communaut\u00e9s saines, bienveillantes et inclusives en renfor\u00e7ant les liens vitaux qui soutiennent les personnes dans le besoin. Elle est centr\u00e9e sur les interventions d\u2019urgence, les enfants et les jeunes, les personnes \u00e2g\u00e9es, la lutte contre la pauvret\u00e9, la sant\u00e9 mentale et la s\u00e9curit\u00e9 alimentaire.<\/li>\n<li>Chez Columbia, nous croyons qu\u2019une communaut\u00e9 forte est essentielle au d\u00e9veloppement d\u2019une soci\u00e9t\u00e9 et d\u2019une \u00e9conomie saines, o\u00f9 les gens peuvent vivre et s\u2019\u00e9panouir.<\/li>\n<\/ul>\n<p style=\"text-align: right;\"><a href=\"https:\/\/uwbc.ca\/\" rel=\"noopener\"><strong>uwbc.ca<\/strong><\/a><\/p>\n\n                    <\/div>\n                  <\/text>\n                <\/div>\n                                  <div class=\"w-full feature-footer pt-4 lg:pt-8 self-end\"  x-bind:class=\"{ '!pt-0 !-mt-3': !open }\" >\n                    <p><img decoding=\"async\" class=\"alignnone size-full wp-image-10042\" src=\"https:\/\/www.columbiaskylights.com\/wp-content\/uploads\/2023\/10\/united-way-balloons.jpg\" alt=\"United Way Balloons\" width=\"1274\" height=\"848\" srcset=\"https:\/\/www.columbiaskylights.com\/wp-content\/uploads\/2023\/10\/united-way-balloons.jpg 1274w, https:\/\/www.columbiaskylights.com\/wp-content\/uploads\/2023\/10\/united-way-balloons-300x200.jpg 300w, https:\/\/www.columbiaskylights.com\/wp-content\/uploads\/2023\/10\/united-way-balloons-1024x682.jpg 1024w, https:\/\/www.columbiaskylights.com\/wp-content\/uploads\/2023\/10\/united-way-balloons-768x511.jpg 768w\" sizes=\"(max-width: 1274px) 100vw, 1274px\" title=\"\"><\/p>\n\n                  <\/div>\n                              <\/div>\n            <\/div>\n          <\/div>\n                  <div\n                        class=\"col item flex card--static card--collapsible-standard\">\n            <div class=\"card p-0 match-heading-heights w-full h-100 flex flex-col bg-text-dark bg-teal-100  shadow\">\n                                                        <div class=\"image-wrap !mt-0 relative\">\n                                <img decoding=\"async\" src=\"https:\/\/www.columbiaskylights.com\/wp-content\/uploads\/2023\/10\/bc-cancer-foundation-building-photo.jpg\" class=\"w-full h-auto card-image\" alt=\"Bc cancer foundation building photo\" height=\"1252\" width=\"1572\" title=\"\">\n    \t              <\/div>\n                            <div class=\"feature-body-wrap flex flex-col flex-grow px-2 py-5 sm:p-4.5 sm:py-7 sm:pb-8 md:pb-12 md:px-8 xl:px-20 xl:pb-16 xl:pt-16\">\n                <div class=\"feature-body flex-grow\">\n                                    <text class=\"card__content wp-editor block text-dark\">\n                    <div class=\"inner \">\n                      <p><img decoding=\"async\" class=\"wp-image-10028 aligncenter\" src=\"https:\/\/www.columbiaskylights.com\/wp-content\/uploads\/2023\/10\/bc-cancer-foundation-logo.png\" alt=\"Bc Cancer Foundation Logo\" width=\"504\" height=\"148\" srcset=\"https:\/\/www.columbiaskylights.com\/wp-content\/uploads\/2023\/10\/bc-cancer-foundation-logo.png 1008w, https:\/\/www.columbiaskylights.com\/wp-content\/uploads\/2023\/10\/bc-cancer-foundation-logo-300x88.png 300w, https:\/\/www.columbiaskylights.com\/wp-content\/uploads\/2023\/10\/bc-cancer-foundation-logo-768x226.png 768w\" sizes=\"(max-width: 504px) 100vw, 504px\" title=\"\"><\/p>\n<ul>\n<li>Columbia croit en un rem\u00e8de. Au nom de nos employ\u00e9s et de leurs familles, nous faisons un don annuel \u00e0 la BC Cancer Foundation.<\/li>\n<li>La BC Cancer Foundation soutient le syst\u00e8me de sant\u00e9 afin de fournir des traitements contre le cancer de classe mondiale \u00e0 la population de la Colombie-Britannique. Elle aide \u00e0 fournir les fonds, l\u2019\u00e9quipement et les installations n\u00e9cessaires aux scientifiques et cliniciens de premier plan pour traiter les patients et mener les recherches n\u00e9cessaires \u00e0 la d\u00e9couverte d\u2019un rem\u00e8de.<\/li>\n<li>La fondation aide le syst\u00e8me m\u00e9dical \u00e0 accomplir des miracles chaque jour. Columbia reconna\u00eet l\u2019importance d\u2019apporter son soutien \u00e0 la BC Cancer Foundation pour faire progresser les soins contre le cancer dans notre province, au b\u00e9n\u00e9fice de tous les habitants de la Colombie-Britannique.<\/li>\n<\/ul>\n<p style=\"text-align: right;\"><a href=\"http:\/\/bccancerfoundation.com\" rel=\"noopener\"><strong>bccancerfoundation.com<\/strong><\/a><\/p>\n\n                    <\/div>\n                  <\/text>\n                <\/div>\n                                  <div class=\"w-full feature-footer pt-4 lg:pt-8 self-end\"  x-bind:class=\"{ '!pt-0 !-mt-3': !open }\" >\n                    <p><img decoding=\"async\" class=\"alignnone size-full wp-image-10040\" src=\"https:\/\/www.columbiaskylights.com\/wp-content\/uploads\/2023\/10\/bc-cancer-foundation-scientist.jpg\" alt=\"Bc Cancer Foundation Scientist\" width=\"1252\" height=\"848\" srcset=\"https:\/\/www.columbiaskylights.com\/wp-content\/uploads\/2023\/10\/bc-cancer-foundation-scientist.jpg 1252w, https:\/\/www.columbiaskylights.com\/wp-content\/uploads\/2023\/10\/bc-cancer-foundation-scientist-300x203.jpg 300w, https:\/\/www.columbiaskylights.com\/wp-content\/uploads\/2023\/10\/bc-cancer-foundation-scientist-1024x694.jpg 1024w, https:\/\/www.columbiaskylights.com\/wp-content\/uploads\/2023\/10\/bc-cancer-foundation-scientist-768x520.jpg 768w\" sizes=\"(max-width: 1252px) 100vw, 1252px\" title=\"\"><\/p>\n\n                  <\/div>\n                              <\/div>\n            <\/div>\n          <\/div>\n              <\/div>\n      <\/div>\n              <\/section>\n","protected":false},"excerpt":{"rendered":"","protected":false},"author":1,"featured_media":0,"parent":16702,"menu_order":0,"comment_status":"closed","ping_status":"closed","template":"","meta":{"_acf_changed":false,"inline_featured_image":false,"footnotes":""},"class_list":["post-16724","page","type-page","status-publish","hentry"],"acf":[],"_links":{"self":[{"href":"https:\/\/www.columbiaskylights.com\/fr\/wp-json\/wp\/v2\/pages\/16724","targetHints":{"allow":["GET"]}}],"collection":[{"href":"https:\/\/www.columbiaskylights.com\/fr\/wp-json\/wp\/v2\/pages"}],"about":[{"href":"https:\/\/www.columbiaskylights.com\/fr\/wp-json\/wp\/v2\/types\/page"}],"author":[{"embeddable":true,"href":"https:\/\/www.columbiaskylights.com\/fr\/wp-json\/wp\/v2\/users\/1"}],"replies":[{"embeddable":true,"href":"https:\/\/www.columbiaskylights.com\/fr\/wp-json\/wp\/v2\/comments?post=16724"}],"version-history":[{"count":0,"href":"https:\/\/www.columbiaskylights.com\/fr\/wp-json\/wp\/v2\/pages\/16724\/revisions"}],"up":[{"embeddable":true,"href":"https:\/\/www.columbiaskylights.com\/fr\/wp-json\/wp\/v2\/pages\/16702"}],"wp:attachment":[{"href":"https:\/\/www.columbiaskylights.com\/fr\/wp-json\/wp\/v2\/media?parent=16724"}],"curies":[{"name":"wp","href":"https:\/\/api.w.org\/{rel}","templated":true}]}}